{"id":38231,"date":"2024-09-24T20:11:13","date_gmt":"2024-09-25T00:11:13","guid":{"rendered":"https:\/\/www.barreaudemontreal.qc.ca\/?page_id=38231"},"modified":"2025-02-04T15:59:17","modified_gmt":"2025-02-04T20:59:17","slug":"nos-conferencieres","status":"publish","type":"page","link":"https:\/\/www.barreaudemontreal.qc.ca\/en\/public\/les-rendez-vous-visez-droit\/ateliers-et-conferences\/nos-conferencieres\/","title":{"rendered":"\u00c0 propos des conf\u00e9renci\u00e8res"},"content":{"rendered":"\n<h2 class=\"wp-block-heading\">D\u00e9mystifier les situations de harc\u00e8lement psychologique et sexuel au travail<\/h2>\n\n\n\n<div style=\"height:20px\" aria-hidden=\"true\" class=\"wp-block-spacer\"><\/div>\n\n\n\n<div class=\"wp-block-columns has-background is-layout-flex wp-container-core-columns-is-layout-9d6595d7 wp-block-columns-is-layout-flex\" style=\"background-color:#fafafa\">\n<div class=\"wp-block-column is-layout-flow wp-block-column-is-layout-flow\" style=\"flex-basis:33.33%\">\n<figure class=\"wp-block-image size-full is-resized\"><img decoding=\"async\" width=\"548\" height=\"730\" src=\"https:\/\/www.barreaudemontreal.qc.ca\/wp-content\/uploads\/valerie-mcduff-edited.jpg\" alt=\"\" class=\"wp-image-38236\" style=\"width:175px\"\/><figcaption class=\"wp-element-caption\"><strong>Val\u00e9rie McDuff<\/strong><br>directrice, avocate-enqu\u00eatrice et m\u00e9diatrice<\/figcaption><\/figure>\n<\/div>\n\n\n\n<div class=\"wp-block-column is-layout-flow wp-block-column-is-layout-flow\" style=\"flex-basis:90%\">\n<p>Val\u00e9rie est une avocate pratiquant en droit du travail et de l\u2019emploi qui intervient exclusivement \u00e0 titre de tierce partie neutre et impartiale dans des mandats de pr\u00e9vention et de gestion du harc\u00e8lement et des conflits en milieu de travail.<\/p>\n\n\n\n<p>Val\u00e9rie se sp\u00e9cialise dans des mandats d\u2019enqu\u00eate de harc\u00e8lement psychologique ainsi que dans la m\u00e9diation de plaintes de harc\u00e8lement psychologique. Val\u00e9rie intervient dans les situations complexes et sensibles impliquant notamment des membres de la direction ou des conseils d\u2019administration. Elle a par ailleurs d\u00e9velopp\u00e9 une expertise pour les dossiers d\u2019inconduite sexuelle et de plaintes visant des gestionnaires.<\/p>\n\n\n\n<p>Avant de se sp\u00e9cialiser en pr\u00e9vention et gestion du harc\u00e8lement, Val\u00e9rie a pratiqu\u00e9 le droit du travail dans un cabinet d\u2019avocats international. Val\u00e9rie est membre du Barreau du Qu\u00e9bec et est m\u00e9diatrice accr\u00e9dit\u00e9e. Elle est titulaire d\u2019un baccalaur\u00e9at en droit civil (LL.B.) et d\u2019un Juris Doctor (J.D.) de l\u2019Universit\u00e9 de Montr\u00e9al et est conseill\u00e8re en ressources humaines agr\u00e9\u00e9e (CRHA).<\/p>\n<\/div>\n<\/div>\n\n\n\n<div class=\"wp-block-columns has-background is-layout-flex wp-container-core-columns-is-layout-9d6595d7 wp-block-columns-is-layout-flex\" style=\"background-color:#fafafa\">\n<div class=\"wp-block-column is-layout-flow wp-block-column-is-layout-flow\" style=\"flex-basis:33.33%\">\n<figure class=\"wp-block-image size-full is-resized\"><img decoding=\"async\" width=\"548\" height=\"730\" src=\"https:\/\/www.barreaudemontreal.qc.ca\/wp-content\/uploads\/safa-h-edited.jpg\" alt=\"\" class=\"wp-image-39390\" style=\"width:175px\"\/><figcaption class=\"wp-element-caption\"><strong>Safa Hammoud<\/strong><br>conseill\u00e8re, avocate-enqu\u00eatrice<\/figcaption><\/figure>\n<\/div>\n\n\n\n<div class=\"wp-block-column is-layout-flow wp-block-column-is-layout-flow\" style=\"flex-basis:90%\">\n<p>Me Safa Hammoud est conseill\u00e8re et avocate-enqu\u00eatrice chez Latitude. Empathique et soucieuse du respect des droits humains, elle agit \u00e0 titre de tiers neutre et impartial dans le cadre de mandats portant sur le harc\u00e8lement, la violence, la discrimination et les conflits en milieu de travail. Dans le cadre de son travail, Safa est \u00e9galement appel\u00e9e \u00e0 intervenir dans des mandats d\u2019analyse climat et d\u2019\u00e9valuation neutre en organisation.<\/p>\n\n\n\n<p>Avant de se joindre \u00e0 l\u2019\u00e9quipe de Latitude, Safa a pratiqu\u00e9 en droit civil et commercial, et plus particuli\u00e8rement dans le domaine du droit des assurances. Rigoureuse et avide de nouvelles connaissances, Safa m\u00e8ne les enqu\u00eates avec c\u00e9l\u00e9rit\u00e9 et rend un travail exhaustif de qualit\u00e9.<\/p>\n\n\n\n<p>En plus d\u2019\u00eatre membre du Barreau du Qu\u00e9bec depuis 2020, Safa est bacheli\u00e8re en sciences de la communication. Forte de ces deux disciplines, Safa se distingue par sa compr\u00e9hension approfondie de la communication organisationnelle et son professionnalisme.<\/p>\n\n\n\n<p>Ayant toujours accord\u00e9 une grande importance \u00e0 l\u2019implication sociale, Safa si\u00e8ge sur le conseil administratif d\u2019un organisme \u00e0 but non lucratif ayant pour but de tisser des liens entre le Qu\u00e9bec et les communaut\u00e9s immigrantes du Croissant fertile.<\/p>\n<\/div>\n<\/div>\n\n\n\n<div style=\"height:20px\" aria-hidden=\"true\" class=\"wp-block-spacer\"><\/div>\n\n\n\n<div class=\"whiteBox textBoxNew textBoxNew\" id=\"textBoxNew-block_fec7b4b3aad8b6297364ab26f9853421\">\n\n<h4>Ressource \u00e0 joindre pour de l&#8217;aide :&nbsp;<\/h4>\n<p class=\"qrShPb pXs6bb PZPZlf q8U8x aTI8gc hNKfZe\" data-dtype=\"d3ifr\" data-local-attribute=\"d3bn\" data-attrid=\"title\" data-ved=\"2ahUKEwjyhZ7z86qLAxUVvokEHY13My8Q3B0oAHoECEsQAQ\"><strong>Groupe d&#8217;aide et d&#8217;information sur le harc\u00e8lement au travail (GAIHST)<\/strong><\/p>\n<blockquote class=\"wp-embedded-content\" data-secret=\"wwfBNODOGq\"><p><a href=\"https:\/\/gaihst.qc.ca\/nousjoindre\">Nous joindre<\/a><\/p><\/blockquote>\n<p><iframe loading=\"lazy\" class=\"wp-embedded-content\" sandbox=\"allow-scripts\" security=\"restricted\" style=\"position: absolute; visibility: hidden;\" title=\"\u00ab\u00a0Nous joindre\u00a0\u00bb &#8212; Harc\u00e8lement au travail - GAIHST\" src=\"https:\/\/gaihst.qc.ca\/nousjoindre\/embed#?secret=9L5sbVz2OL#?secret=wwfBNODOGq\" data-secret=\"wwfBNODOGq\" width=\"500\" height=\"282\" frameborder=\"0\" marginwidth=\"0\" marginheight=\"0\" scrolling=\"no\"><\/iframe><\/p>\n<\/div>","protected":false},"excerpt":{"rendered":"<p>D\u00e9mystifier les situations de harc\u00e8lement psychologique et sexuel au travail Val\u00e9rie est une avocate pratiquant en droit du travail et de l\u2019emploi qui intervient exclusivement \u00e0 titre de tierce partie [&hellip;]<\/p>\n","protected":false},"author":3,"featured_media":0,"parent":37487,"menu_order":0,"comment_status":"closed","ping_status":"closed","template":"","meta":{"_acf_changed":false,"_editorskit_title_hidden":false,"_editorskit_reading_time":0,"_editorskit_is_block_options_detached":false,"_editorskit_block_options_position":"{}","inline_featured_image":false,"ngg_post_thumbnail":0,"footnotes":""},"class_list":["post-38231","page","type-page","status-publish","hentry"],"acf":[],"yoast_head":"<!-- This site is optimized with the Yoast SEO plugin v27.4 - https:\/\/yoast.com\/product\/yoast-seo-wordpress\/ -->\n<title>\u00c0 propos des conf\u00e9renci\u00e8res - Barreau de Montr&eacute;al<\/title>\n<meta name=\"robots\" content=\"index, follow, max-snippet:-1, max-image-preview:large, max-video-preview:-1\" \/>\n<link rel=\"canonical\" href=\"https:\/\/www.barreaudemontreal.qc.ca\/en\/public\/les-rendez-vous-visez-droit\/ateliers-et-conferences\/nos-conferencieres\/\" \/>\n<meta property=\"og:locale\" content=\"en_US\" \/>\n<meta property=\"og:type\" content=\"article\" \/>\n<meta property=\"og:title\" content=\"\u00c0 propos des conf\u00e9renci\u00e8res - Barreau de Montr&eacute;al\" \/>\n<meta property=\"og:description\" content=\"D\u00e9mystifier les situations de harc\u00e8lement psychologique et sexuel au travail Val\u00e9rie est une avocate pratiquant en droit du travail et de l\u2019emploi qui intervient exclusivement \u00e0 titre de tierce partie [&hellip;]\" \/>\n<meta property=\"og:url\" content=\"https:\/\/www.barreaudemontreal.qc.ca\/en\/public\/les-rendez-vous-visez-droit\/ateliers-et-conferences\/nos-conferencieres\/\" \/>\n<meta property=\"og:site_name\" content=\"Barreau de Montr&eacute;al\" \/>\n<meta property=\"article:modified_time\" content=\"2025-02-04T20:59:17+00:00\" \/>\n<meta property=\"og:image\" content=\"https:\/\/www.barreaudemontreal.qc.ca\/wp-content\/uploads\/valerie-mcduff-edited.jpg\" \/>\n\t<meta property=\"og:image:width\" content=\"548\" \/>\n\t<meta property=\"og:image:height\" content=\"730\" \/>\n\t<meta property=\"og:image:type\" content=\"image\/jpeg\" \/>\n<meta name=\"twitter:card\" content=\"summary_large_image\" \/>\n<meta name=\"twitter:label1\" content=\"Est. reading time\" \/>\n\t<meta name=\"twitter:data1\" content=\"3 minutes\" \/>\n<script type=\"application\/ld+json\" class=\"yoast-schema-graph\">{\"@context\":\"https:\\\/\\\/schema.org\",\"@graph\":[{\"@type\":\"WebPage\",\"@id\":\"https:\\\/\\\/www.barreaudemontreal.qc.ca\\\/en\\\/public\\\/les-rendez-vous-visez-droit\\\/ateliers-et-conferences\\\/nos-conferencieres\\\/\",\"url\":\"https:\\\/\\\/www.barreaudemontreal.qc.ca\\\/en\\\/public\\\/les-rendez-vous-visez-droit\\\/ateliers-et-conferences\\\/nos-conferencieres\\\/\",\"name\":\"\u00c0 propos des conf\u00e9renci\u00e8res - Barreau de Montr&eacute;al\",\"isPartOf\":{\"@id\":\"https:\\\/\\\/www.barreaudemontreal.qc.ca\\\/en\\\/#website\"},\"primaryImageOfPage\":{\"@id\":\"https:\\\/\\\/www.barreaudemontreal.qc.ca\\\/en\\\/public\\\/les-rendez-vous-visez-droit\\\/ateliers-et-conferences\\\/nos-conferencieres\\\/#primaryimage\"},\"image\":{\"@id\":\"https:\\\/\\\/www.barreaudemontreal.qc.ca\\\/en\\\/public\\\/les-rendez-vous-visez-droit\\\/ateliers-et-conferences\\\/nos-conferencieres\\\/#primaryimage\"},\"thumbnailUrl\":\"https:\\\/\\\/www.barreaudemontreal.qc.ca\\\/wp-content\\\/uploads\\\/valerie-mcduff-edited.jpg\",\"datePublished\":\"2024-09-25T00:11:13+00:00\",\"dateModified\":\"2025-02-04T20:59:17+00:00\",\"breadcrumb\":{\"@id\":\"https:\\\/\\\/www.barreaudemontreal.qc.ca\\\/en\\\/public\\\/les-rendez-vous-visez-droit\\\/ateliers-et-conferences\\\/nos-conferencieres\\\/#breadcrumb\"},\"inLanguage\":\"en-US\",\"potentialAction\":[{\"@type\":\"ReadAction\",\"target\":[\"https:\\\/\\\/www.barreaudemontreal.qc.ca\\\/en\\\/public\\\/les-rendez-vous-visez-droit\\\/ateliers-et-conferences\\\/nos-conferencieres\\\/\"]}]},{\"@type\":\"ImageObject\",\"inLanguage\":\"en-US\",\"@id\":\"https:\\\/\\\/www.barreaudemontreal.qc.ca\\\/en\\\/public\\\/les-rendez-vous-visez-droit\\\/ateliers-et-conferences\\\/nos-conferencieres\\\/#primaryimage\",\"url\":\"https:\\\/\\\/www.barreaudemontreal.qc.ca\\\/wp-content\\\/uploads\\\/valerie-mcduff-edited.jpg\",\"contentUrl\":\"https:\\\/\\\/www.barreaudemontreal.qc.ca\\\/wp-content\\\/uploads\\\/valerie-mcduff-edited.jpg\"},{\"@type\":\"BreadcrumbList\",\"@id\":\"https:\\\/\\\/www.barreaudemontreal.qc.ca\\\/en\\\/public\\\/les-rendez-vous-visez-droit\\\/ateliers-et-conferences\\\/nos-conferencieres\\\/#breadcrumb\",\"itemListElement\":[{\"@type\":\"ListItem\",\"position\":1,\"name\":\"Home\",\"item\":\"https:\\\/\\\/www.barreaudemontreal.qc.ca\\\/en\\\/\"},{\"@type\":\"ListItem\",\"position\":2,\"name\":\"Public\",\"item\":\"https:\\\/\\\/www.barreaudemontreal.qc.ca\\\/en\\\/public\\\/\"},{\"@type\":\"ListItem\",\"position\":3,\"name\":\"Les Rendez-vous VISEZ DROIT\",\"item\":\"https:\\\/\\\/www.barreaudemontreal.qc.ca\\\/en\\\/public\\\/les-rendez-vous-visez-droit\\\/\"},{\"@type\":\"ListItem\",\"position\":4,\"name\":\"Ateliers et conf\u00e9rences\",\"item\":\"https:\\\/\\\/www.barreaudemontreal.qc.ca\\\/en\\\/public\\\/les-rendez-vous-visez-droit\\\/ateliers-et-conferences\\\/\"},{\"@type\":\"ListItem\",\"position\":5,\"name\":\"\u00c0 propos des conf\u00e9renci\u00e8res\"}]},{\"@type\":\"WebSite\",\"@id\":\"https:\\\/\\\/www.barreaudemontreal.qc.ca\\\/en\\\/#website\",\"url\":\"https:\\\/\\\/www.barreaudemontreal.qc.ca\\\/en\\\/\",\"name\":\"Barreau de Montr&eacute;al\",\"description\":\"La plus grande section du Barreau du Qu&eacute;bec\",\"potentialAction\":[{\"@type\":\"SearchAction\",\"target\":{\"@type\":\"EntryPoint\",\"urlTemplate\":\"https:\\\/\\\/www.barreaudemontreal.qc.ca\\\/en\\\/?s={search_term_string}\"},\"query-input\":{\"@type\":\"PropertyValueSpecification\",\"valueRequired\":true,\"valueName\":\"search_term_string\"}}],\"inLanguage\":\"en-US\"}]}<\/script>\n<!-- \/ Yoast SEO plugin. -->","yoast_head_json":{"title":"\u00c0 propos des conf\u00e9renci\u00e8res - Barreau de Montr&eacute;al","robots":{"index":"index","follow":"follow","max-snippet":"max-snippet:-1","max-image-preview":"max-image-preview:large","max-video-preview":"max-video-preview:-1"},"canonical":"https:\/\/www.barreaudemontreal.qc.ca\/en\/public\/les-rendez-vous-visez-droit\/ateliers-et-conferences\/nos-conferencieres\/","og_locale":"en_US","og_type":"article","og_title":"\u00c0 propos des conf\u00e9renci\u00e8res - Barreau de Montr&eacute;al","og_description":"D\u00e9mystifier les situations de harc\u00e8lement psychologique et sexuel au travail Val\u00e9rie est une avocate pratiquant en droit du travail et de l\u2019emploi qui intervient exclusivement \u00e0 titre de tierce partie [&hellip;]","og_url":"https:\/\/www.barreaudemontreal.qc.ca\/en\/public\/les-rendez-vous-visez-droit\/ateliers-et-conferences\/nos-conferencieres\/","og_site_name":"Barreau de Montr&eacute;al","article_modified_time":"2025-02-04T20:59:17+00:00","og_image":[{"width":548,"height":730,"url":"https:\/\/www.barreaudemontreal.qc.ca\/wp-content\/uploads\/valerie-mcduff-edited.jpg","type":"image\/jpeg"}],"twitter_card":"summary_large_image","twitter_misc":{"Est. reading time":"3 minutes"},"schema":{"@context":"https:\/\/schema.org","@graph":[{"@type":"WebPage","@id":"https:\/\/www.barreaudemontreal.qc.ca\/en\/public\/les-rendez-vous-visez-droit\/ateliers-et-conferences\/nos-conferencieres\/","url":"https:\/\/www.barreaudemontreal.qc.ca\/en\/public\/les-rendez-vous-visez-droit\/ateliers-et-conferences\/nos-conferencieres\/","name":"\u00c0 propos des conf\u00e9renci\u00e8res - Barreau de Montr&eacute;al","isPartOf":{"@id":"https:\/\/www.barreaudemontreal.qc.ca\/en\/#website"},"primaryImageOfPage":{"@id":"https:\/\/www.barreaudemontreal.qc.ca\/en\/public\/les-rendez-vous-visez-droit\/ateliers-et-conferences\/nos-conferencieres\/#primaryimage"},"image":{"@id":"https:\/\/www.barreaudemontreal.qc.ca\/en\/public\/les-rendez-vous-visez-droit\/ateliers-et-conferences\/nos-conferencieres\/#primaryimage"},"thumbnailUrl":"https:\/\/www.barreaudemontreal.qc.ca\/wp-content\/uploads\/valerie-mcduff-edited.jpg","datePublished":"2024-09-25T00:11:13+00:00","dateModified":"2025-02-04T20:59:17+00:00","breadcrumb":{"@id":"https:\/\/www.barreaudemontreal.qc.ca\/en\/public\/les-rendez-vous-visez-droit\/ateliers-et-conferences\/nos-conferencieres\/#breadcrumb"},"inLanguage":"en-US","potentialAction":[{"@type":"ReadAction","target":["https:\/\/www.barreaudemontreal.qc.ca\/en\/public\/les-rendez-vous-visez-droit\/ateliers-et-conferences\/nos-conferencieres\/"]}]},{"@type":"ImageObject","inLanguage":"en-US","@id":"https:\/\/www.barreaudemontreal.qc.ca\/en\/public\/les-rendez-vous-visez-droit\/ateliers-et-conferences\/nos-conferencieres\/#primaryimage","url":"https:\/\/www.barreaudemontreal.qc.ca\/wp-content\/uploads\/valerie-mcduff-edited.jpg","contentUrl":"https:\/\/www.barreaudemontreal.qc.ca\/wp-content\/uploads\/valerie-mcduff-edited.jpg"},{"@type":"BreadcrumbList","@id":"https:\/\/www.barreaudemontreal.qc.ca\/en\/public\/les-rendez-vous-visez-droit\/ateliers-et-conferences\/nos-conferencieres\/#breadcrumb","itemListElement":[{"@type":"ListItem","position":1,"name":"Home","item":"https:\/\/www.barreaudemontreal.qc.ca\/en\/"},{"@type":"ListItem","position":2,"name":"Public","item":"https:\/\/www.barreaudemontreal.qc.ca\/en\/public\/"},{"@type":"ListItem","position":3,"name":"Les Rendez-vous VISEZ DROIT","item":"https:\/\/www.barreaudemontreal.qc.ca\/en\/public\/les-rendez-vous-visez-droit\/"},{"@type":"ListItem","position":4,"name":"Ateliers et conf\u00e9rences","item":"https:\/\/www.barreaudemontreal.qc.ca\/en\/public\/les-rendez-vous-visez-droit\/ateliers-et-conferences\/"},{"@type":"ListItem","position":5,"name":"\u00c0 propos des conf\u00e9renci\u00e8res"}]},{"@type":"WebSite","@id":"https:\/\/www.barreaudemontreal.qc.ca\/en\/#website","url":"https:\/\/www.barreaudemontreal.qc.ca\/en\/","name":"Barreau de Montr&eacute;al","description":"La plus grande section du Barreau du Qu&eacute;bec","potentialAction":[{"@type":"SearchAction","target":{"@type":"EntryPoint","urlTemplate":"https:\/\/www.barreaudemontreal.qc.ca\/en\/?s={search_term_string}"},"query-input":{"@type":"PropertyValueSpecification","valueRequired":true,"valueName":"search_term_string"}}],"inLanguage":"en-US"}]}},"_links":{"self":[{"href":"https:\/\/www.barreaudemontreal.qc.ca\/en\/wp-json\/wp\/v2\/pages\/38231","targetHints":{"allow":["GET"]}}],"collection":[{"href":"https:\/\/www.barreaudemontreal.qc.ca\/en\/wp-json\/wp\/v2\/pages"}],"about":[{"href":"https:\/\/www.barreaudemontreal.qc.ca\/en\/wp-json\/wp\/v2\/types\/page"}],"author":[{"embeddable":true,"href":"https:\/\/www.barreaudemontreal.qc.ca\/en\/wp-json\/wp\/v2\/users\/3"}],"replies":[{"embeddable":true,"href":"https:\/\/www.barreaudemontreal.qc.ca\/en\/wp-json\/wp\/v2\/comments?post=38231"}],"version-history":[{"count":0,"href":"https:\/\/www.barreaudemontreal.qc.ca\/en\/wp-json\/wp\/v2\/pages\/38231\/revisions"}],"up":[{"embeddable":true,"href":"https:\/\/www.barreaudemontreal.qc.ca\/en\/wp-json\/wp\/v2\/pages\/37487"}],"wp:attachment":[{"href":"https:\/\/www.barreaudemontreal.qc.ca\/en\/wp-json\/wp\/v2\/media?parent=38231"}],"curies":[{"name":"wp","href":"https:\/\/api.w.org\/{rel}","templated":true}]}}