{"id":38011,"date":"2024-09-24T16:06:22","date_gmt":"2024-09-24T20:06:22","guid":{"rendered":"https:\/\/www.barreaudemontreal.qc.ca\/public\/the-aim-for-justice-events\/portes-ouvertes-visez-droit\/"},"modified":"2026-03-20T16:10:27","modified_gmt":"2026-03-20T20:10:27","slug":"visez-droit-open-house","status":"publish","type":"page","link":"https:\/\/www.barreaudemontreal.qc.ca\/en\/public\/the-aim-for-justice-events\/visez-droit-open-house\/","title":{"rendered":"AIM FOR JUSTICE Open House"},"content":{"rendered":"\n<p><a id=\"_msocom_1\"><\/a><a id=\"_msocom_1\"><\/a><br><\/p>\n\n\n\n<div class=\"wp-block-columns is-layout-flex wp-container-core-columns-is-layout-9d6595d7 wp-block-columns-is-layout-flex\">\n<div class=\"wp-block-column is-layout-flow wp-block-column-is-layout-flow\" style=\"flex-basis:60%\">\n<h2 class=\"wp-block-heading\">Come meet us March 28, 2026<\/h2>\n\n\n\n<p class=\"has-text-align-left has-central-palette-1-color has-text-color has-link-color wp-elements-891456544d592a7023daa49ed1a44904\">The Barreau de Montr\u00e9al invites you to explore our judicial institutions during this open house.<\/p>\n\n\n\n<p class=\"has-text-align-left has-central-palette-1-color has-text-color has-link-color wp-elements-6addf633f86b1ec04f873a11c2eb0bf8\"><\/p>\n\n\n\n<p>Numerous activities will take place throughout the day at the <strong>Montreal Courthouse<\/strong> (10 Saint-Antoine Street East) and at the<strong> Quebec Court of Appeal<\/strong> (100 Notre-Dame Street East), which will also welcome the public for the occasion.<\/p>\n\n\n\n<p>\u2139\ufe0f <em>Avoid prohibited items and travel light to quickly pass through the security checkpoints at the Courthouse and Court of Appeal. Plan to arrive 15 minutes early.<\/em><\/p>\n\n\n\n<p class=\"has-central-palette-1-color has-text-color has-link-color wp-elements-7bf902b925df328dd078d6ba6857209b\">Discover the program, <strong>entirely free<\/strong>.<\/p>\n\n\n\n<div class=\"wp-block-buttons is-layout-flex wp-block-buttons-is-layout-flex\">\n<div class=\"wp-block-button is-style-fill\"><a class=\"wp-block-button__link has-vivid-cyan-blue-to-vivid-purple-gradient-background has-text-color has-background has-link-color wp-element-button\" href=\"https:\/\/www.barreaudemontreal.qc.ca\/wp-content\/uploads\/program-openhouse2026_march28_en.pdf\" style=\"color:#fefefe\" target=\"_blank\" rel=\"noreferrer noopener\">Download the program<\/a><\/div>\n<\/div>\n<\/div>\n\n\n\n<div class=\"wp-block-column is-layout-flow wp-block-column-is-layout-flow\" style=\"flex-basis:40%\"><div class=\"wp-block-image is-style-default\">\n<figure class=\"alignright size-large\"><img decoding=\"async\" width=\"1024\" height=\"1024\" src=\"https:\/\/www.barreaudemontreal.qc.ca\/wp-content\/uploads\/visuels-ms-portesouvertesvisezdroit-vf_2026-en-1024x1024.png\" alt=\"\" class=\"wp-image-48545\" style=\"object-fit:cover\"\/><\/figure>\n<\/div><\/div>\n<\/div>\n\n\n\n<div style=\"height:20px\" aria-hidden=\"true\" class=\"wp-block-spacer\"><\/div>\n\n\n\n<h2 class=\"wp-block-heading\">Schedule of the day<\/h2>\n\n\n\n<p><em>Free Legal consultations are offered in French and English while most activities are presented in French.<\/em><\/p>\n\n\n\n<div style=\"height:20px\" aria-hidden=\"true\" class=\"wp-block-spacer\"><\/div>\n\n\n\n<div class=\"wp-block-media-text is-stacked-on-mobile\" style=\"grid-template-columns:36% auto\"><figure class=\"wp-block-media-text__media\"><img decoding=\"async\" width=\"1024\" height=\"1024\" src=\"https:\/\/www.barreaudemontreal.qc.ca\/wp-content\/uploads\/visuels-ms-portesouvertesvisezdroit-vf_2026-en-ca-1024x1024.png\" alt=\"\" class=\"wp-image-48548 size-full\"\/><\/figure><div class=\"wp-block-media-text__content\">\n<h2 class=\"wp-block-heading\">Guided tours of the Courthouse<\/h2>\n\n\n\n<p>Guided tours of the <strong>Montreal Courthouse<\/strong> will be organized throughout the day with regular departures. Registration is available on-site.<\/p>\n\n\n\n<p>Two tours will be offered : the first will allow visitors to explore courtrooms, clerks\u2019 offices, and areas that are usually closed to the public. The second will provide a chance to discover the Victim Assistance Center for Criminal Acts (CAVAC), the JuriP\u00f4le, and the CAIJ law library.<\/p>\n\n\n\n<p>Duration of the visit : approximately 45 minutes.<\/p>\n\n\n\n<p><strong>Schedule:<\/strong> doors open at 9:30 a.m., first tour begins at 10 a.m., and the last tour starts at 3:30 p.m.<br><strong>Meeting place:<\/strong> Montreal Courthouse, 5th floor (10 Saint-Antoine Street E.)<\/p>\n<\/div><\/div>\n\n\n\n<div style=\"height:20px\" aria-hidden=\"true\" class=\"wp-block-spacer\"><\/div>\n\n\n\n<div class=\"wp-block-media-text has-media-on-the-right is-stacked-on-mobile\" style=\"grid-template-columns:auto 36%\"><div class=\"wp-block-media-text__content\">\n<h2 class=\"wp-block-heading\">Guided tours of the Court of Appeal<\/h2>\n\n\n\n<p>Join us to explore the magnificent Ernest-Cormier building, home of the <strong>Quebec Court of Appeal<\/strong> in Montreal.<\/p>\n\n\n\n<p>Guides will take you on a tour of the premises, and you will have the opportunity to meet judges and staff who will share more about the Court&#8217;s operations.<\/p>\n\n\n\n<p>Duration of the visit : approximately 45 minutes.<\/p>\n\n\n\n<p>*<strong>Schedule:<\/strong> first tour begins at 12:30 p.m., and the last tour starts at 2 p.m.<br><strong>Meeting place:<\/strong> Court of Appeal of Quebec (100, Notre-Dame Street E.)<\/p>\n\n\n\n<p><em>*<em><em><em>You will need to go through security. Plan your arrival time accordingly and travel light.<\/em><\/em><\/em><\/em><\/p>\n<\/div><figure class=\"wp-block-media-text__media\"><img decoding=\"async\" width=\"1024\" height=\"1024\" src=\"https:\/\/www.barreaudemontreal.qc.ca\/wp-content\/uploads\/visuels-ms-portesouvertesvisezdroit-vf_2026-en-ca2-1024x1024.png\" alt=\"\" class=\"wp-image-48551 size-full\"\/><\/figure><\/div>\n\n\n\n<div style=\"height:20px\" aria-hidden=\"true\" class=\"wp-block-spacer\"><\/div>\n\n\n\n<div class=\"wp-block-media-text is-stacked-on-mobile\" style=\"grid-template-columns:36% auto\"><figure class=\"wp-block-media-text__media\"><img decoding=\"async\" width=\"1024\" height=\"1024\" src=\"https:\/\/www.barreaudemontreal.qc.ca\/wp-content\/uploads\/visuels-ms-portesouvertesvisezdroit-cj-en_2026-1024x1024.png\" alt=\"\" class=\"wp-image-48339 size-full\"\/><\/figure><div class=\"wp-block-media-text__content\">\n<h2 class=\"wp-block-heading\">Free legal consultations<\/h2>\n\n\n\n<p>The Barreau de Montr\u00e9al, in collaboration with Justice Pro Bono, offers free legal consultations to the public at the Montreal Courthouse. This initiative aims to facilitate access to justice by providing quick and free legal advice.<\/p>\n\n\n\n<p>Volunteer attorneys will be on hand to answer questions from the public, in French and English, as well as in several languages, in a variety of legal fields, including family law, employment law, immigration law, taxation, administrative disputes\u2026<\/p>\n\n\n\n<p><strong>Dont forget to bring your documents !<\/strong><\/p>\n\n\n\n<p><strong>Schedule:<\/strong> 9:30 a.m. to 4:40 p.m.<br><strong>Meeting place:<\/strong> Montreal Courthouse, 5th floor (10 Saint-Antoine Street E.)<\/p>\n\n\n\n<div class=\"wp-block-buttons is-layout-flex wp-block-buttons-is-layout-flex\">\n<div class=\"wp-block-button\"><a class=\"wp-block-button__link has-text-color has-background wp-element-button\" href=\"https:\/\/www.barreaudemontreal.qc.ca\/en\/public\/the-aim-for-justice-events\/free-legal-consultations\/\" style=\"border-radius:0px;color:#ffffff;background:linear-gradient(135deg,rgb(0,157,176) 0%,rgb(0,134,149) 100%)\" target=\"_blank\" rel=\"noreferrer noopener\">Learn more<\/a><\/div>\n<\/div>\n<\/div><\/div>\n\n\n\n<div style=\"height:20px\" aria-hidden=\"true\" class=\"wp-block-spacer\"><\/div>\n\n\n\n<div class=\"wp-block-media-text has-media-on-the-right is-stacked-on-mobile\" style=\"grid-template-columns:auto 36%\"><div class=\"wp-block-media-text__content\">\n<h2 class=\"wp-block-heading\">Mock trial (activity in French)<\/h2>\n\n\n\n<p><strong>Vivez un proc\u00e8s hors du commun inspir\u00e9 de la l\u00e9gende de la <em>Chasse-galerie<\/em><\/strong>&nbsp;<strong>!<\/strong><\/p>\n\n\n\n<p>Assistez \u00e0 un proc\u00e8s simul\u00e9 in\u00e9dit o\u00f9 le diable et les b\u00fbcherons d\u00e9battront de la question juridique portant sur l&#8217;entente intervenue entre eux lors de cette nuit l\u00e9gendaire et ce devant le Tribunal. Ce&nbsp;contrat est-il valide&nbsp;? Est-ce que les b\u00fbcherons seront condamn\u00e9s \u00e0 perdre leur \u00e2me ou auront-ils gain de cause et pourront reprendre une vie normale&nbsp;?<\/p>\n\n\n\n<p>Venez le d\u00e9couvrir en direct, lors de deux repr\u00e9sentations palpitantes qui m\u00ealent justice et imaginaire qu\u00e9b\u00e9cois.<\/p>\n\n\n\n<p>Ne manquez pas cette exp\u00e9rience unique et venez \u00e0 la rencontre de <strong>S\u00e9bastien Delorme<\/strong>, d&#8217;un juge et des avocats du Barreau de Montr\u00e9al&nbsp;!<\/p>\n\n\n\n<p>*<strong>Horaire:<\/strong> les repr\u00e9sentations d\u00e9buteront \u00e0 9 h 45 et \u00e0 13 h 15<br><strong>Lieu:<\/strong> Palais de justice de Montr\u00e9al, 5<sup>e<\/sup> \u00e9tage (10, rue Saint-Antoine Est)<\/p>\n\n\n\n<p><\/p>\n<\/div><figure class=\"wp-block-media-text__media\"><img decoding=\"async\" width=\"1024\" height=\"1024\" src=\"https:\/\/www.barreaudemontreal.qc.ca\/wp-content\/uploads\/visuels-ms-jpovisezdroit_2026-ps-1024x1024.png\" alt=\"\" class=\"wp-image-47606 size-full\"\/><\/figure><\/div>\n\n\n\n<div style=\"height:20px\" aria-hidden=\"true\" class=\"wp-block-spacer\"><\/div>\n\n\n\n<div class=\"wp-block-media-text is-stacked-on-mobile\" style=\"grid-template-columns:36% auto\"><figure class=\"wp-block-media-text__media\"><img decoding=\"async\" width=\"1024\" height=\"1024\" src=\"https:\/\/www.barreaudemontreal.qc.ca\/wp-content\/uploads\/visuels-ms-portesouvertesvisezdroit-vf_2026-jb-1024x1024.png\" alt=\"\" class=\"wp-image-47899 size-full\"\/><\/figure><div class=\"wp-block-media-text__content\">\n<h2 class=\"wp-block-heading\">C\u00e9r\u00e9monie <em>La Justice a bonne mine<\/em> (activity in French)<\/h2>\n\n\n\n<p>Venez applaudir les grands gagnants du concours d\u2019essai litt\u00e9raire, sous le th\u00e8me <em>\u00ab <strong>Doit-on toujours respecter les r\u00e8gles, m\u00eame si on les trouve injustes ? <\/strong>\u00bb<\/em>, \u00e0 l\u2019occasion de la c\u00e9r\u00e9monie de remise des prix, anim\u00e9e par Me Andr\u00e9 d\u2019Orsonnens, co-fondateur de <a href=\"https:\/\/www.druide.com\/fr\/\" target=\"_blank\" rel=\"noreferrer noopener\">Druide informatique<\/a>. Les finalistes des cat\u00e9gories primaire et secondaire y prendront la parole pour lire leurs textes prim\u00e9s.<\/p>\n\n\n\n<p><strong>Horaire:<\/strong> 11 h 45 \u00e0 12 h 45<br><strong>Lieu:<\/strong> Palais de justice de Montr\u00e9al, 5<sup>e<\/sup> \u00e9tage (10, rue Saint-Antoine Est)<\/p>\n<\/div><\/div>\n\n\n\n<div style=\"height:20px\" aria-hidden=\"true\" class=\"wp-block-spacer\"><\/div>\n\n\n\n<div class=\"wp-block-media-text has-media-on-the-right is-stacked-on-mobile\" style=\"grid-template-columns:auto 36%\"><div class=\"wp-block-media-text__content\">\n<h2 class=\"wp-block-heading\">Discussion sur le droit criminel (activity in French)<\/h2>\n\n\n\n<p>Venez assister \u00e0 une discussion captivante sur le droit criminel anim\u00e9e par&nbsp;<strong>Martine St-Victor<\/strong>, strat\u00e8ge en communications. Elle conversera sur le droit criminel avec&nbsp;<strong>l\u2019honorable Myriam Lachance<\/strong>, juge de la Cour d\u2019appel du Qu\u00e9bec, qui poss\u00e8de une vaste exp\u00e9rience dans ce champ de pratique.<\/p>\n\n\n\n<p>Ne manquez pas cette occasion privil\u00e9gi\u00e9e d\u2019en apprendre plus sur ce fascinant domaine de droit.<\/p>\n\n\n\n<p>*<strong>Horaire:<\/strong> 11 h \u00e0 12 h<br><strong>Lieu:<\/strong> Cour d\u2019appel du Qu\u00e9bec (100, rue Notre-Dame Est)<\/p>\n\n\n\n<p><em><em>*<em><em><em><em>You will need to go through security. Plan your arrival time accordingly and travel light.<\/em><\/em><\/em><\/em><\/em><\/em><\/p>\n<\/div><figure class=\"wp-block-media-text__media\"><img decoding=\"async\" width=\"1024\" height=\"1024\" src=\"https:\/\/www.barreaudemontreal.qc.ca\/wp-content\/uploads\/visuels-ms-portesouvertesvisezdroit-vf_2026-djca-1024x1024.png\" alt=\"\" class=\"wp-image-47901 size-full\"\/><\/figure><\/div>\n\n\n\n<div style=\"height:20px\" aria-hidden=\"true\" class=\"wp-block-spacer\"><\/div>\n\n\n\n<div class=\"wp-block-media-text is-stacked-on-mobile\" style=\"grid-template-columns:36% auto\"><figure class=\"wp-block-media-text__media\"><img decoding=\"async\" width=\"1024\" height=\"1024\" src=\"https:\/\/www.barreaudemontreal.qc.ca\/wp-content\/uploads\/visuels-ms-portesouvertesvisezdroit-vf_2026-qrca-1024x1024.png\" alt=\"\" class=\"wp-image-47905 size-full\"\/><\/figure><div class=\"wp-block-media-text__content\">\n<h2 class=\"wp-block-heading\">Questions-r\u00e9ponses avec les juges de la Cour d&#8217;appel (activity in French)<\/h2>\n\n\n\n<p>Vous en apprendrez plus sur la Cour d\u2019appel du Qu\u00e9bec lors de cette activit\u00e9 anim\u00e9e par <strong>Paul Arcand<\/strong>. L&#8217;honorable <strong>Manon Savard<\/strong>, juge en chef du Qu\u00e9bec, et les honorables <strong>Martin Vauclair<\/strong> et <strong>Suzanne Gagn\u00e9<\/strong> r\u00e9pondront aux questions du c\u00e9l\u00e8bre chroniqueur.<\/p>\n\n\n\n<p><strong>*Horaire:<\/strong> 15 h \u00e0 16 h<br><strong>Lieu:<\/strong> Cour d\u2019appel du Qu\u00e9bec (100, rue Notre-Dame Est)<\/p>\n\n\n\n<p><em><em>*<em><em><em><em>You will need to go through security. Plan your arrival time accordingly and travel light.<\/em><\/em><\/em><\/em><\/em><\/em><\/p>\n<\/div><\/div>\n\n\n\n<div style=\"height:20px\" aria-hidden=\"true\" class=\"wp-block-spacer\"><\/div>\n\n\n\n<div class=\"wp-block-media-text has-media-on-the-right is-stacked-on-mobile\" style=\"grid-template-columns:auto 36%\"><div class=\"wp-block-media-text__content\">\n<h2 class=\"wp-block-heading\">Exhibitors<\/h2>\n\n\n\n<p>Many front-line organizations will be at the Montreal Courthouse to showcase their services and to help litigants know their rights and obligations.<\/p>\n\n\n\n<p><strong>Schedule:<\/strong> 9:30 a.m. to 4:30 p.m.<br><strong>Meeting place:<\/strong> Montreal Courthouse, 5th floor (10 Saint-Antoine Street E.)<\/p>\n\n\n\n<div class=\"wp-block-buttons is-layout-flex wp-block-buttons-is-layout-flex\">\n<div class=\"wp-block-button\"><a class=\"wp-block-button__link has-text-color has-background wp-element-button\" href=\"https:\/\/www.barreaudemontreal.qc.ca\/en\/public\/the-aim-for-justice-events\/exhibitors\/\" style=\"border-radius:0px;color:#ffffff;background:linear-gradient(135deg,rgb(0,157,176) 0%,rgb(0,134,149) 100%)\">Discover the list of exhibitors<\/a><\/div>\n<\/div>\n\n\n\n<p><\/p>\n<\/div><figure class=\"wp-block-media-text__media\"><img decoding=\"async\" width=\"1024\" height=\"1024\" src=\"https:\/\/www.barreaudemontreal.qc.ca\/wp-content\/uploads\/visuels-ms-portesouvertesvisezdroit-vf_2026-en-exhibitors-1024x1024.png\" alt=\"\" class=\"wp-image-48554 size-full\"\/><\/figure><\/div>\n\n\n\n<div style=\"height:60px\" aria-hidden=\"true\" class=\"wp-block-spacer\"><\/div>\n\n\n\n<hr class=\"wp-block-separator has-text-color has-central-palette-1-color has-alpha-channel-opacity has-central-palette-1-background-color has-background\"\/>\n\n\n\n<div style=\"height:40px\" aria-hidden=\"true\" class=\"wp-block-spacer\"><\/div>\n\n\n\n<p class=\"has-text-align-center\"><em><em>With the financial participation of<\/em><\/em><\/p>\n\n\n\n<div style=\"height:10px\" aria-hidden=\"true\" class=\"wp-block-spacer\"><\/div>\n\n\n\n<div class=\"wp-block-columns is-layout-flex wp-container-core-columns-is-layout-9d6595d7 wp-block-columns-is-layout-flex\">\n<div class=\"wp-block-column is-layout-flow wp-block-column-is-layout-flow\"><\/div>\n\n\n\n<div class=\"wp-block-column is-layout-flow wp-block-column-is-layout-flow\"><div class=\"wp-block-image\">\n<figure class=\"aligncenter size-full is-resized\"><a href=\"https:\/\/www.quebec.ca\/justice-et-etat-civil\" target=\"_blank\" rel=\" noreferrer noopener\"><img decoding=\"async\" width=\"227\" height=\"53\" src=\"https:\/\/www.barreaudemontreal.qc.ca\/wp-content\/uploads\/mjqfondtrans.gif\" alt=\"\" class=\"wp-image-39338\" style=\"width:175px;height:auto\"\/><\/a><\/figure>\n<\/div><\/div>\n\n\n\n<div class=\"wp-block-column is-layout-flow wp-block-column-is-layout-flow\"><\/div>\n<\/div>\n\n\n\n<div class=\"wp-block-columns is-layout-flex wp-container-core-columns-is-layout-9d6595d7 wp-block-columns-is-layout-flex\">\n<div class=\"wp-block-column is-layout-flow wp-block-column-is-layout-flow\"><\/div>\n\n\n\n<div class=\"wp-block-column is-layout-flow wp-block-column-is-layout-flow\"><\/div>\n\n\n\n<div class=\"wp-block-column is-layout-flow wp-block-column-is-layout-flow\"><\/div>\n\n\n\n<div class=\"wp-block-column is-layout-flow wp-block-column-is-layout-flow\"><\/div>\n\n\n\n<div class=\"wp-block-column is-layout-flow wp-block-column-is-layout-flow\"><\/div>\n\n\n\n<div class=\"wp-block-column is-layout-flow wp-block-column-is-layout-flow\"><\/div>\n<\/div>\n\n\n\n<p><a id=\"_msocom_1\"><\/a><\/p>\n\n\n\n<div style=\"height:40px\" aria-hidden=\"true\" class=\"wp-block-spacer\"><\/div>\n\n\n\n<div style=\"height:40px\" aria-hidden=\"true\" class=\"wp-block-spacer\"><\/div>\n\n\n\n<p><a id=\"_msocom_1\"><\/a><\/p>\n\n\n\n<p><a id=\"_msocom_1\"><\/a><\/p>\n\n\n\n<p><a id=\"_msocom_1\"><\/a><a id=\"_msocom_1\"><\/a><a id=\"_msocom_1\"><\/a><a id=\"_msocom_1\"><\/a><\/p>\n","protected":false},"excerpt":{"rendered":"<p>Come meet us March 28, 2026 The Barreau de Montr\u00e9al invites you to explore our judicial institutions during this open house. Numerous activities will take place throughout the day at [&hellip;]<\/p>\n","protected":false},"author":3,"featured_media":0,"parent":37755,"menu_order":0,"comment_status":"closed","ping_status":"closed","template":"","meta":{"_acf_changed":false,"_editorskit_title_hidden":false,"_editorskit_reading_time":0,"_editorskit_is_block_options_detached":false,"_editorskit_block_options_position":"{}","inline_featured_image":false,"ngg_post_thumbnail":0,"footnotes":""},"class_list":["post-38011","page","type-page","status-publish","hentry"],"acf":[],"yoast_head":"<!-- This site is optimized with the Yoast SEO plugin v27.4 - https:\/\/yoast.com\/product\/yoast-seo-wordpress\/ -->\n<title>AIM FOR JUSTICE Open House - Barreau de Montr&eacute;al<\/title>\n<meta name=\"robots\" content=\"index, follow, max-snippet:-1, max-image-preview:large, max-video-preview:-1\" \/>\n<link rel=\"canonical\" href=\"https:\/\/www.barreaudemontreal.qc.ca\/en\/public\/the-aim-for-justice-events\/visez-droit-open-house\/\" \/>\n<meta property=\"og:locale\" content=\"en_US\" \/>\n<meta property=\"og:type\" content=\"article\" \/>\n<meta property=\"og:title\" content=\"AIM FOR JUSTICE Open House - Barreau de Montr&eacute;al\" \/>\n<meta property=\"og:description\" content=\"Come meet us March 28, 2026 The Barreau de Montr\u00e9al invites you to explore our judicial institutions during this open house. Numerous activities will take place throughout the day at [&hellip;]\" \/>\n<meta property=\"og:url\" content=\"https:\/\/www.barreaudemontreal.qc.ca\/en\/public\/the-aim-for-justice-events\/visez-droit-open-house\/\" \/>\n<meta property=\"og:site_name\" content=\"Barreau de Montr&eacute;al\" \/>\n<meta property=\"article:modified_time\" content=\"2026-03-20T20:10:27+00:00\" \/>\n<meta property=\"og:image\" content=\"https:\/\/www.barreaudemontreal.qc.ca\/wp-content\/uploads\/visuels-ms-portesouvertesvisezdroit-vf_2026-en-scaled.png\" \/>\n\t<meta property=\"og:image:width\" content=\"2560\" \/>\n\t<meta property=\"og:image:height\" content=\"2560\" \/>\n\t<meta property=\"og:image:type\" content=\"image\/png\" \/>\n<meta name=\"twitter:card\" content=\"summary_large_image\" \/>\n<meta name=\"twitter:label1\" content=\"Est. reading time\" \/>\n\t<meta name=\"twitter:data1\" content=\"7 minutes\" \/>\n<script type=\"application\/ld+json\" class=\"yoast-schema-graph\">{\"@context\":\"https:\\\/\\\/schema.org\",\"@graph\":[{\"@type\":\"WebPage\",\"@id\":\"https:\\\/\\\/www.barreaudemontreal.qc.ca\\\/en\\\/public\\\/the-aim-for-justice-events\\\/visez-droit-open-house\\\/\",\"url\":\"https:\\\/\\\/www.barreaudemontreal.qc.ca\\\/en\\\/public\\\/the-aim-for-justice-events\\\/visez-droit-open-house\\\/\",\"name\":\"AIM FOR JUSTICE Open House - Barreau de Montr&eacute;al\",\"isPartOf\":{\"@id\":\"https:\\\/\\\/www.barreaudemontreal.qc.ca\\\/en\\\/#website\"},\"primaryImageOfPage\":{\"@id\":\"https:\\\/\\\/www.barreaudemontreal.qc.ca\\\/en\\\/public\\\/the-aim-for-justice-events\\\/visez-droit-open-house\\\/#primaryimage\"},\"image\":{\"@id\":\"https:\\\/\\\/www.barreaudemontreal.qc.ca\\\/en\\\/public\\\/the-aim-for-justice-events\\\/visez-droit-open-house\\\/#primaryimage\"},\"thumbnailUrl\":\"https:\\\/\\\/www.barreaudemontreal.qc.ca\\\/wp-content\\\/uploads\\\/visuels-ms-portesouvertesvisezdroit-vf_2026-en-1024x1024.png\",\"datePublished\":\"2024-09-24T20:06:22+00:00\",\"dateModified\":\"2026-03-20T20:10:27+00:00\",\"breadcrumb\":{\"@id\":\"https:\\\/\\\/www.barreaudemontreal.qc.ca\\\/en\\\/public\\\/the-aim-for-justice-events\\\/visez-droit-open-house\\\/#breadcrumb\"},\"inLanguage\":\"en-US\",\"potentialAction\":[{\"@type\":\"ReadAction\",\"target\":[\"https:\\\/\\\/www.barreaudemontreal.qc.ca\\\/en\\\/public\\\/the-aim-for-justice-events\\\/visez-droit-open-house\\\/\"]}]},{\"@type\":\"ImageObject\",\"inLanguage\":\"en-US\",\"@id\":\"https:\\\/\\\/www.barreaudemontreal.qc.ca\\\/en\\\/public\\\/the-aim-for-justice-events\\\/visez-droit-open-house\\\/#primaryimage\",\"url\":\"https:\\\/\\\/www.barreaudemontreal.qc.ca\\\/wp-content\\\/uploads\\\/visuels-ms-portesouvertesvisezdroit-vf_2026-en-1024x1024.png\",\"contentUrl\":\"https:\\\/\\\/www.barreaudemontreal.qc.ca\\\/wp-content\\\/uploads\\\/visuels-ms-portesouvertesvisezdroit-vf_2026-en-1024x1024.png\"},{\"@type\":\"BreadcrumbList\",\"@id\":\"https:\\\/\\\/www.barreaudemontreal.qc.ca\\\/en\\\/public\\\/the-aim-for-justice-events\\\/visez-droit-open-house\\\/#breadcrumb\",\"itemListElement\":[{\"@type\":\"ListItem\",\"position\":1,\"name\":\"Home\",\"item\":\"https:\\\/\\\/www.barreaudemontreal.qc.ca\\\/en\\\/\"},{\"@type\":\"ListItem\",\"position\":2,\"name\":\"Public\",\"item\":\"https:\\\/\\\/www.barreaudemontreal.qc.ca\\\/en\\\/public\\\/\"},{\"@type\":\"ListItem\",\"position\":3,\"name\":\"The Aim for Justice Events\",\"item\":\"https:\\\/\\\/www.barreaudemontreal.qc.ca\\\/en\\\/public\\\/the-aim-for-justice-events\\\/\"},{\"@type\":\"ListItem\",\"position\":4,\"name\":\"AIM FOR JUSTICE Open House\"}]},{\"@type\":\"WebSite\",\"@id\":\"https:\\\/\\\/www.barreaudemontreal.qc.ca\\\/en\\\/#website\",\"url\":\"https:\\\/\\\/www.barreaudemontreal.qc.ca\\\/en\\\/\",\"name\":\"Barreau de Montr&eacute;al\",\"description\":\"La plus grande section du Barreau du Qu&eacute;bec\",\"potentialAction\":[{\"@type\":\"SearchAction\",\"target\":{\"@type\":\"EntryPoint\",\"urlTemplate\":\"https:\\\/\\\/www.barreaudemontreal.qc.ca\\\/en\\\/?s={search_term_string}\"},\"query-input\":{\"@type\":\"PropertyValueSpecification\",\"valueRequired\":true,\"valueName\":\"search_term_string\"}}],\"inLanguage\":\"en-US\"}]}<\/script>\n<!-- \/ Yoast SEO plugin. -->","yoast_head_json":{"title":"AIM FOR JUSTICE Open House - Barreau de Montr&eacute;al","robots":{"index":"index","follow":"follow","max-snippet":"max-snippet:-1","max-image-preview":"max-image-preview:large","max-video-preview":"max-video-preview:-1"},"canonical":"https:\/\/www.barreaudemontreal.qc.ca\/en\/public\/the-aim-for-justice-events\/visez-droit-open-house\/","og_locale":"en_US","og_type":"article","og_title":"AIM FOR JUSTICE Open House - Barreau de Montr&eacute;al","og_description":"Come meet us March 28, 2026 The Barreau de Montr\u00e9al invites you to explore our judicial institutions during this open house. Numerous activities will take place throughout the day at [&hellip;]","og_url":"https:\/\/www.barreaudemontreal.qc.ca\/en\/public\/the-aim-for-justice-events\/visez-droit-open-house\/","og_site_name":"Barreau de Montr&eacute;al","article_modified_time":"2026-03-20T20:10:27+00:00","og_image":[{"width":2560,"height":2560,"url":"https:\/\/www.barreaudemontreal.qc.ca\/wp-content\/uploads\/visuels-ms-portesouvertesvisezdroit-vf_2026-en-scaled.png","type":"image\/png"}],"twitter_card":"summary_large_image","twitter_misc":{"Est. reading time":"7 minutes"},"schema":{"@context":"https:\/\/schema.org","@graph":[{"@type":"WebPage","@id":"https:\/\/www.barreaudemontreal.qc.ca\/en\/public\/the-aim-for-justice-events\/visez-droit-open-house\/","url":"https:\/\/www.barreaudemontreal.qc.ca\/en\/public\/the-aim-for-justice-events\/visez-droit-open-house\/","name":"AIM FOR JUSTICE Open House - Barreau de Montr&eacute;al","isPartOf":{"@id":"https:\/\/www.barreaudemontreal.qc.ca\/en\/#website"},"primaryImageOfPage":{"@id":"https:\/\/www.barreaudemontreal.qc.ca\/en\/public\/the-aim-for-justice-events\/visez-droit-open-house\/#primaryimage"},"image":{"@id":"https:\/\/www.barreaudemontreal.qc.ca\/en\/public\/the-aim-for-justice-events\/visez-droit-open-house\/#primaryimage"},"thumbnailUrl":"https:\/\/www.barreaudemontreal.qc.ca\/wp-content\/uploads\/visuels-ms-portesouvertesvisezdroit-vf_2026-en-1024x1024.png","datePublished":"2024-09-24T20:06:22+00:00","dateModified":"2026-03-20T20:10:27+00:00","breadcrumb":{"@id":"https:\/\/www.barreaudemontreal.qc.ca\/en\/public\/the-aim-for-justice-events\/visez-droit-open-house\/#breadcrumb"},"inLanguage":"en-US","potentialAction":[{"@type":"ReadAction","target":["https:\/\/www.barreaudemontreal.qc.ca\/en\/public\/the-aim-for-justice-events\/visez-droit-open-house\/"]}]},{"@type":"ImageObject","inLanguage":"en-US","@id":"https:\/\/www.barreaudemontreal.qc.ca\/en\/public\/the-aim-for-justice-events\/visez-droit-open-house\/#primaryimage","url":"https:\/\/www.barreaudemontreal.qc.ca\/wp-content\/uploads\/visuels-ms-portesouvertesvisezdroit-vf_2026-en-1024x1024.png","contentUrl":"https:\/\/www.barreaudemontreal.qc.ca\/wp-content\/uploads\/visuels-ms-portesouvertesvisezdroit-vf_2026-en-1024x1024.png"},{"@type":"BreadcrumbList","@id":"https:\/\/www.barreaudemontreal.qc.ca\/en\/public\/the-aim-for-justice-events\/visez-droit-open-house\/#breadcrumb","itemListElement":[{"@type":"ListItem","position":1,"name":"Home","item":"https:\/\/www.barreaudemontreal.qc.ca\/en\/"},{"@type":"ListItem","position":2,"name":"Public","item":"https:\/\/www.barreaudemontreal.qc.ca\/en\/public\/"},{"@type":"ListItem","position":3,"name":"The Aim for Justice Events","item":"https:\/\/www.barreaudemontreal.qc.ca\/en\/public\/the-aim-for-justice-events\/"},{"@type":"ListItem","position":4,"name":"AIM FOR JUSTICE Open House"}]},{"@type":"WebSite","@id":"https:\/\/www.barreaudemontreal.qc.ca\/en\/#website","url":"https:\/\/www.barreaudemontreal.qc.ca\/en\/","name":"Barreau de Montr&eacute;al","description":"La plus grande section du Barreau du Qu&eacute;bec","potentialAction":[{"@type":"SearchAction","target":{"@type":"EntryPoint","urlTemplate":"https:\/\/www.barreaudemontreal.qc.ca\/en\/?s={search_term_string}"},"query-input":{"@type":"PropertyValueSpecification","valueRequired":true,"valueName":"search_term_string"}}],"inLanguage":"en-US"}]}},"_links":{"self":[{"href":"https:\/\/www.barreaudemontreal.qc.ca\/en\/wp-json\/wp\/v2\/pages\/38011","targetHints":{"allow":["GET"]}}],"collection":[{"href":"https:\/\/www.barreaudemontreal.qc.ca\/en\/wp-json\/wp\/v2\/pages"}],"about":[{"href":"https:\/\/www.barreaudemontreal.qc.ca\/en\/wp-json\/wp\/v2\/types\/page"}],"author":[{"embeddable":true,"href":"https:\/\/www.barreaudemontreal.qc.ca\/en\/wp-json\/wp\/v2\/users\/3"}],"replies":[{"embeddable":true,"href":"https:\/\/www.barreaudemontreal.qc.ca\/en\/wp-json\/wp\/v2\/comments?post=38011"}],"version-history":[{"count":2,"href":"https:\/\/www.barreaudemontreal.qc.ca\/en\/wp-json\/wp\/v2\/pages\/38011\/revisions"}],"predecessor-version":[{"id":49132,"href":"https:\/\/www.barreaudemontreal.qc.ca\/en\/wp-json\/wp\/v2\/pages\/38011\/revisions\/49132"}],"up":[{"embeddable":true,"href":"https:\/\/www.barreaudemontreal.qc.ca\/en\/wp-json\/wp\/v2\/pages\/37755"}],"wp:attachment":[{"href":"https:\/\/www.barreaudemontreal.qc.ca\/en\/wp-json\/wp\/v2\/media?parent=38011"}],"curies":[{"name":"wp","href":"https:\/\/api.w.org\/{rel}","templated":true}]}}