{"id":3669,"date":"2020-09-17T19:01:28","date_gmt":"2020-09-17T23:01:28","guid":{"rendered":"http:\/\/barreau.stagingminimalmtl.com\/aide-et-ressources\/"},"modified":"2023-02-01T20:50:39","modified_gmt":"2023-02-02T01:50:39","slug":"aide-et-ressources","status":"publish","type":"page","link":"https:\/\/www.barreaudemontreal.qc.ca\/en\/avocats\/outils\/equilibre\/aide-et-ressources\/","title":{"rendered":"Aide et ressources"},"content":{"rendered":"\n<p><em>Ce r\u00e9pertoire contient des hyperliens menant vers des sites op\u00e9r\u00e9s par des tiers. Le Barreau de Montr\u00e9al ne peut en aucun cas \u00eatre tenu responsable du contenu qui y est diffus\u00e9 et des services qui y sont offerts.<\/em><\/p>\n\n\n\n<figure class=\"wp-block-table\"><table><tbody><tr><td><strong style=\"text-align: left;\"><a href=\"https:\/\/www.barreau.qc.ca\/fr\/le-barreau\/organismes-affilies\/\" target=\"_blank\" aria-label=\" (opens in a new tab)\" rel=\"noreferrer noopener\" class=\"ek-link\">PAMBA (Programme d\u2019aide aux membres du Barreau du Qu\u00e9bec)<\/a><\/strong><\/td><td><span style=\"text-align: left;\">Service d\u2019aide et de consultation offert \u00e0 tous les membres du Barreau du Qu\u00e9bec souffrant d\u2019alcoolisme, de toxicomanie, du syndrome d\u2019\u00e9puisement professionnel (burn-out), de stress et d\u2019autres probl\u00e8mes de sant\u00e9 mentale. Disponible 365 jours par ann\u00e9e, jour et nuit.<\/span><\/td><\/tr><tr><td><strong style=\"text-align: left;\"><a href=\"https:\/\/www.barreaudemontreal.qc.ca\/avocats\/entraide-des-avocats\">Association d\u2019entraide des avocats de Montr\u00e9al<\/a><\/strong><\/td><td><span style=\"text-align: left;\">Mandat de secourir les avocats qui exercent ou ont exerc\u00e9 au Barreau de Montr\u00e9al, leur conjoint, veuf ou veuve, et enfants dans le besoin. Le Conseil d\u2019administration est ind\u00e9pendant du Barreau de Montr\u00e9al, bien qu\u2019il b\u00e9n\u00e9ficie de son appui et de la collaboration de son personnel de soutien.<\/span><\/td><\/tr><tr><td><strong style=\"text-align: left;\"><a href=\"http:\/\/www.csbq.ca\/pret\/\" target=\"_blank\" rel=\"noopener\" class=\"ek-link\">Service de d\u00e9pannage financier (pr\u00eat d\u2019urgence)<\/a><\/strong><\/td><td>\n<p><span style=\"text-align: left;\">Service offert par la Corporation de services du Barreau aux membres du Barreau du Qu\u00e9bec qui \u00e9prouvent des difficult\u00e9s \u00e0&nbsp;renouveler leur cotisation annuelle.<\/span><\/p>\n<\/td><\/tr><tr><td><strong style=\"text-align: left;\"><a href=\"https:\/\/www.barreaudemontreal.qc.ca\/avocats\/ethique#harcelement\">Outils sur le harc\u00e8lement et discrimination<\/a><\/strong><\/td><td><span style=\"text-align: left;\">Outils d\u2019information et de sensibilisation sur la question du harc\u00e8lement, \u00e9labor\u00e9s par le comit\u00e9 Avocates dans la profession.<\/span><\/td><\/tr><tr><td><strong>Ressources d&#8217;information et de soutien<\/strong><\/td><td> <p><em>Sant\u00e9 mentale<\/em><\/p><ul> <li>Suicide-action : 1 866 APPELLE ou 1 866 277-3553<\/li> <li><a href=\"https:\/\/cmha.ca\/fr\" target=\"_blank\" rel=\"noopener\">Association canadienne pour la sant\u00e9 mentale<\/a><\/li> <li><a href=\"https:\/\/www.avantdecraquer.com\/\" target=\"_blank\" rel=\"noopener\">R\u00e9seau Avant de craquer &#8211; F\u00e9d\u00e9ration d&#8217;organismes vou\u00e9s au mieux-\u00eatre de l&#8217;entourage d&#8217;une personne atteinte de maladie\u00a0mentale<\/a><\/li> <li><a href=\"https:\/\/www.revivre.org\/anxiete\" target=\"_blank\" rel=\"noopener\">Revivre \u2013 L\u2019Association qu\u00e9b\u00e9coise de soutien aux personnes souffrant de troubles anxieux, d\u00e9pressifs ou bipolaires<\/a><\/li> <li><a href=\"https:\/\/www.mouvementsmq.ca\/\" target=\"_blank\" rel=\"noopener\">Mouvement Sant\u00e9 mentale Qu\u00e9bec<\/a><\/li> <li><a href=\"http:\/\/www.phobies-zero.qc.ca\/\" target=\"_blank\" rel=\"noopener\">Phobies-Z\u00e9ro<\/a>\u00a0(Ligne d\u2019\u00e9coute\u00a0: 1\u00a0866\u00a0922-0002)<\/li> <li><a href=\"http:\/\/santemontreal.qc.ca\/population\/ressources\/ciusss\/\" target=\"_blank\" rel=\"noopener\">Cliniques pour premiers \u00e9pisodes psychotiques<\/a><\/li> <\/ul> <p><em>D\u00e9pendances<\/em><\/p><ul>  <li><a href=\"https:\/\/www.quebec.ca\/sante\/conseils-et-prevention\/alcool-drogues-jeu\/alcochoix\/\" target=\"_blank\" rel=\"noopener\">Programme Alcochoix+<\/a><\/li> <li><a href=\"http:\/\/www.msss.gouv.qc.ca\/repertoires\/dependances\/\" target=\"_blank\" rel=\"noopener\">R\u00e9pertoire des ressources en d\u00e9pendances du MSSS<\/a><\/li> <span style=\"font-family: inherit; font-size: inherit; font-weight: inherit; color: initial;\"> <\/span><\/ul><\/td><\/tr><tr><td><strong>Ressources de soins et de services<\/strong><\/td><td>\n<ul>\n<li style=\"text-align: left;\">Votre m\u00e9decin de famille<\/li>\n<li><a href=\"https:\/\/santemontreal.qc.ca\/population\/ressources\/ciusss\/\" target=\"_blank\" rel=\"noopener\">Votre centre int\u00e9gr\u00e9 de sant\u00e9 et de services sociaux (CISSS) ou votre centre int\u00e9gr\u00e9 universitaire de sant\u00e9 et de services sociaux (CIUSSS)<\/a><\/li>\n<li><a href=\"http:\/\/www.ordrepsy.qc.ca\/\" target=\"_blank\" rel=\"noopener\">Ordre des psychologues du Qu\u00e9bec<\/a><\/li>\n<li><a href=\"http:\/\/ampq.org\/\" target=\"_blank\" rel=\"noopener\">Association des m\u00e9decins psychiatres du Qu\u00e9bec<\/a><\/li>\n<li><a href=\"https:\/\/santemontreal.qc.ca\/population\/services\/besoin-daide-ou-situation-de-crise-centres-de-crise\/\" target=\"_blank\" rel=\"noopener\">Centres de crises de Montr\u00e9al<\/a><\/li>\n<\/ul>\n<\/td><\/tr><\/tbody><\/table><\/figure>\n","protected":false},"excerpt":{"rendered":"<p><em>Ce r\u00e9pertoire contient des hyperliens menant vers des sites op\u00e9r\u00e9s par des tiers. Le Barreau de Montr\u00e9al ne peut en aucun cas \u00eatre tenu responsable du contenu qui y est diffus\u00e9 et des services qui y sont offerts.<\/em><\/p>\n","protected":false},"author":3,"featured_media":0,"parent":2686,"menu_order":2,"comment_status":"closed","ping_status":"closed","template":"","meta":{"_acf_changed":false,"_editorskit_title_hidden":false,"_editorskit_reading_time":0,"_editorskit_is_block_options_detached":false,"_editorskit_block_options_position":"{}","inline_featured_image":false,"ngg_post_thumbnail":0,"footnotes":""},"class_list":["post-3669","page","type-page","status-publish","hentry"],"acf":[],"yoast_head":"<!-- This site is optimized with the Yoast SEO plugin v27.4 - https:\/\/yoast.com\/product\/yoast-seo-wordpress\/ -->\n<title>Aide et ressources - Barreau de Montr&eacute;al<\/title>\n<meta name=\"robots\" content=\"index, follow, max-snippet:-1, max-image-preview:large, max-video-preview:-1\" \/>\n<link rel=\"canonical\" href=\"https:\/\/www.barreaudemontreal.qc.ca\/en\/avocats\/outils\/equilibre\/aide-et-ressources\/\" \/>\n<meta property=\"og:locale\" content=\"en_US\" \/>\n<meta property=\"og:type\" content=\"article\" \/>\n<meta property=\"og:title\" content=\"Aide et ressources - Barreau de Montr&eacute;al\" \/>\n<meta property=\"og:description\" content=\"Ce r\u00e9pertoire contient des hyperliens menant vers des sites op\u00e9r\u00e9s par des tiers. Le Barreau de Montr\u00e9al ne peut en aucun cas \u00eatre tenu responsable du contenu qui y est diffus\u00e9 et des services qui y sont offerts.\" \/>\n<meta property=\"og:url\" content=\"https:\/\/www.barreaudemontreal.qc.ca\/en\/avocats\/outils\/equilibre\/aide-et-ressources\/\" \/>\n<meta property=\"og:site_name\" content=\"Barreau de Montr&eacute;al\" \/>\n<meta property=\"article:modified_time\" content=\"2023-02-02T01:50:39+00:00\" \/>\n<meta name=\"twitter:card\" content=\"summary_large_image\" \/>\n<meta name=\"twitter:label1\" content=\"Est. reading time\" \/>\n\t<meta name=\"twitter:data1\" content=\"2 minutes\" \/>\n<script type=\"application\/ld+json\" class=\"yoast-schema-graph\">{\"@context\":\"https:\\\/\\\/schema.org\",\"@graph\":[{\"@type\":\"WebPage\",\"@id\":\"https:\\\/\\\/www.barreaudemontreal.qc.ca\\\/en\\\/avocats\\\/outils\\\/equilibre\\\/aide-et-ressources\\\/\",\"url\":\"https:\\\/\\\/www.barreaudemontreal.qc.ca\\\/en\\\/avocats\\\/outils\\\/equilibre\\\/aide-et-ressources\\\/\",\"name\":\"Aide et ressources - Barreau de Montr&eacute;al\",\"isPartOf\":{\"@id\":\"https:\\\/\\\/www.barreaudemontreal.qc.ca\\\/en\\\/#website\"},\"datePublished\":\"2020-09-17T23:01:28+00:00\",\"dateModified\":\"2023-02-02T01:50:39+00:00\",\"breadcrumb\":{\"@id\":\"https:\\\/\\\/www.barreaudemontreal.qc.ca\\\/en\\\/avocats\\\/outils\\\/equilibre\\\/aide-et-ressources\\\/#breadcrumb\"},\"inLanguage\":\"en-US\",\"potentialAction\":[{\"@type\":\"ReadAction\",\"target\":[\"https:\\\/\\\/www.barreaudemontreal.qc.ca\\\/en\\\/avocats\\\/outils\\\/equilibre\\\/aide-et-ressources\\\/\"]}]},{\"@type\":\"BreadcrumbList\",\"@id\":\"https:\\\/\\\/www.barreaudemontreal.qc.ca\\\/en\\\/avocats\\\/outils\\\/equilibre\\\/aide-et-ressources\\\/#breadcrumb\",\"itemListElement\":[{\"@type\":\"ListItem\",\"position\":1,\"name\":\"Home\",\"item\":\"https:\\\/\\\/www.barreaudemontreal.qc.ca\\\/en\\\/\"},{\"@type\":\"ListItem\",\"position\":2,\"name\":\"Avocats\",\"item\":\"https:\\\/\\\/www.barreaudemontreal.qc.ca\\\/en\\\/avocats\\\/\"},{\"@type\":\"ListItem\",\"position\":3,\"name\":\"Outils\",\"item\":\"https:\\\/\\\/www.barreaudemontreal.qc.ca\\\/en\\\/avocats\\\/outils\\\/\"},{\"@type\":\"ListItem\",\"position\":4,\"name\":\"\u00c9quilibre de vie\",\"item\":\"https:\\\/\\\/www.barreaudemontreal.qc.ca\\\/en\\\/avocats\\\/outils\\\/equilibre\\\/\"},{\"@type\":\"ListItem\",\"position\":5,\"name\":\"Aide et ressources\"}]},{\"@type\":\"WebSite\",\"@id\":\"https:\\\/\\\/www.barreaudemontreal.qc.ca\\\/en\\\/#website\",\"url\":\"https:\\\/\\\/www.barreaudemontreal.qc.ca\\\/en\\\/\",\"name\":\"Barreau de Montr&eacute;al\",\"description\":\"La plus grande section du Barreau du Qu&eacute;bec\",\"potentialAction\":[{\"@type\":\"SearchAction\",\"target\":{\"@type\":\"EntryPoint\",\"urlTemplate\":\"https:\\\/\\\/www.barreaudemontreal.qc.ca\\\/en\\\/?s={search_term_string}\"},\"query-input\":{\"@type\":\"PropertyValueSpecification\",\"valueRequired\":true,\"valueName\":\"search_term_string\"}}],\"inLanguage\":\"en-US\"}]}<\/script>\n<!-- \/ Yoast SEO plugin. -->","yoast_head_json":{"title":"Aide et ressources - Barreau de Montr&eacute;al","robots":{"index":"index","follow":"follow","max-snippet":"max-snippet:-1","max-image-preview":"max-image-preview:large","max-video-preview":"max-video-preview:-1"},"canonical":"https:\/\/www.barreaudemontreal.qc.ca\/en\/avocats\/outils\/equilibre\/aide-et-ressources\/","og_locale":"en_US","og_type":"article","og_title":"Aide et ressources - Barreau de Montr&eacute;al","og_description":"Ce r\u00e9pertoire contient des hyperliens menant vers des sites op\u00e9r\u00e9s par des tiers. Le Barreau de Montr\u00e9al ne peut en aucun cas \u00eatre tenu responsable du contenu qui y est diffus\u00e9 et des services qui y sont offerts.","og_url":"https:\/\/www.barreaudemontreal.qc.ca\/en\/avocats\/outils\/equilibre\/aide-et-ressources\/","og_site_name":"Barreau de Montr&eacute;al","article_modified_time":"2023-02-02T01:50:39+00:00","twitter_card":"summary_large_image","twitter_misc":{"Est. reading time":"2 minutes"},"schema":{"@context":"https:\/\/schema.org","@graph":[{"@type":"WebPage","@id":"https:\/\/www.barreaudemontreal.qc.ca\/en\/avocats\/outils\/equilibre\/aide-et-ressources\/","url":"https:\/\/www.barreaudemontreal.qc.ca\/en\/avocats\/outils\/equilibre\/aide-et-ressources\/","name":"Aide et ressources - Barreau de Montr&eacute;al","isPartOf":{"@id":"https:\/\/www.barreaudemontreal.qc.ca\/en\/#website"},"datePublished":"2020-09-17T23:01:28+00:00","dateModified":"2023-02-02T01:50:39+00:00","breadcrumb":{"@id":"https:\/\/www.barreaudemontreal.qc.ca\/en\/avocats\/outils\/equilibre\/aide-et-ressources\/#breadcrumb"},"inLanguage":"en-US","potentialAction":[{"@type":"ReadAction","target":["https:\/\/www.barreaudemontreal.qc.ca\/en\/avocats\/outils\/equilibre\/aide-et-ressources\/"]}]},{"@type":"BreadcrumbList","@id":"https:\/\/www.barreaudemontreal.qc.ca\/en\/avocats\/outils\/equilibre\/aide-et-ressources\/#breadcrumb","itemListElement":[{"@type":"ListItem","position":1,"name":"Home","item":"https:\/\/www.barreaudemontreal.qc.ca\/en\/"},{"@type":"ListItem","position":2,"name":"Avocats","item":"https:\/\/www.barreaudemontreal.qc.ca\/en\/avocats\/"},{"@type":"ListItem","position":3,"name":"Outils","item":"https:\/\/www.barreaudemontreal.qc.ca\/en\/avocats\/outils\/"},{"@type":"ListItem","position":4,"name":"\u00c9quilibre de vie","item":"https:\/\/www.barreaudemontreal.qc.ca\/en\/avocats\/outils\/equilibre\/"},{"@type":"ListItem","position":5,"name":"Aide et ressources"}]},{"@type":"WebSite","@id":"https:\/\/www.barreaudemontreal.qc.ca\/en\/#website","url":"https:\/\/www.barreaudemontreal.qc.ca\/en\/","name":"Barreau de Montr&eacute;al","description":"La plus grande section du Barreau du Qu&eacute;bec","potentialAction":[{"@type":"SearchAction","target":{"@type":"EntryPoint","urlTemplate":"https:\/\/www.barreaudemontreal.qc.ca\/en\/?s={search_term_string}"},"query-input":{"@type":"PropertyValueSpecification","valueRequired":true,"valueName":"search_term_string"}}],"inLanguage":"en-US"}]}},"_links":{"self":[{"href":"https:\/\/www.barreaudemontreal.qc.ca\/en\/wp-json\/wp\/v2\/pages\/3669","targetHints":{"allow":["GET"]}}],"collection":[{"href":"https:\/\/www.barreaudemontreal.qc.ca\/en\/wp-json\/wp\/v2\/pages"}],"about":[{"href":"https:\/\/www.barreaudemontreal.qc.ca\/en\/wp-json\/wp\/v2\/types\/page"}],"author":[{"embeddable":true,"href":"https:\/\/www.barreaudemontreal.qc.ca\/en\/wp-json\/wp\/v2\/users\/3"}],"replies":[{"embeddable":true,"href":"https:\/\/www.barreaudemontreal.qc.ca\/en\/wp-json\/wp\/v2\/comments?post=3669"}],"version-history":[{"count":0,"href":"https:\/\/www.barreaudemontreal.qc.ca\/en\/wp-json\/wp\/v2\/pages\/3669\/revisions"}],"up":[{"embeddable":true,"href":"https:\/\/www.barreaudemontreal.qc.ca\/en\/wp-json\/wp\/v2\/pages\/2686"}],"wp:attachment":[{"href":"https:\/\/www.barreaudemontreal.qc.ca\/en\/wp-json\/wp\/v2\/media?parent=3669"}],"curies":[{"name":"wp","href":"https:\/\/api.w.org\/{rel}","templated":true}]}}