{"id":3461,"date":"2020-01-30T21:21:23","date_gmt":"2020-01-30T21:21:23","guid":{"rendered":"http:\/\/barreau.stagingminimalmtl.com\/mtre-kim-thomassin\/"},"modified":"2022-03-01T14:25:21","modified_gmt":"2022-03-01T19:25:21","slug":"mtre-kim-thomassin","status":"publish","type":"page","link":"https:\/\/www.barreaudemontreal.qc.ca\/en\/mtre-kim-thomassin\/","title":{"rendered":"Mtre Kim Thomassin"},"content":{"rendered":"<p><img decoding=\"async\" src=\"https:\/\/www.barreaudemontreal.qc.ca\/wp-content\/uploads\/sites\/default\/files\/sites\/default\/files\/bann_figuredemaitre_500.jpg\" style=\"vertical-align: top; width: 475px; height: 133px;\"><\/p>\n<p><span style=\"font-size: 10.0pt; font-family: Arial,sans-serif\"><font color=\"#780032\" face=\"Arial\" size=\"4\">Mtre Kim Thomassin : People First<\/font><br \/><span style=\"font-size: 10.0pt; font-family: Arial,sans-serif\"><em><img decoding=\"async\" alt=\"\" height=\"6\" src=\"https:\/\/www.barreaudemontreal.qc.ca\/images\/Space_6x6px.png\" width=\"6\"><br \/><span style=\"font-size: 10.0pt; font-family: Arial,sans-serif\"><em>By M\u00e9lanie Dugr\u00e9, lawyer and Chair of the Member Relations Committee<\/em><\/span><\/em><\/span><br \/><span style=\"font-size: 10.0pt; font-family: Arial,sans-serif\"><span style=\"font-size: 10.0pt; font-family: Arial,sans-serif\"><span style=\"font-size: 10.0pt; font-family: Arial,sans-serif\"><span style=\"font-size: 10.0pt; font-family: Arial,sans-serif\"><span style=\"color:#696969;\"><span style=\"font-size: 11px;\">(Article published on January 28, 2020)<\/span><\/span><\/span><\/span><\/span><\/span><\/span><\/p>\n<p><span style=\"font-size: 10.0pt; font-family: Arial,sans-serif\"><span style=\"font-size: 10.0pt; font-family: Arial, sans-serif\"><span style=\"font-size: 10.0pt; font-family: Arial,sans-serif\"><span style=\"font-size: 10.0pt; font-family: Arial,sans-serif\"><img decoding=\"async\" align=\"left\" src=\"https:\/\/www.barreaudemontreal.qc.ca\/images\/infolettre\/FigureMaitre\/THOMASSIN_Kim.jpg\" width=\"125\"><\/span><\/span><\/span>Kim Thomassin est n\u00e9e \u00e0 Montr\u00e9al et a grandi \u00e0 Qu\u00e9bec, o\u00f9 elle est demeur\u00e9e jusqu\u2019\u00e0 son d\u00e9part vers l\u2019Universit\u00e9 McGill pour y \u00e9tudier la psychologie, en 1989.<\/span><\/p>\n<p><span style=\"font-size: 10.0pt; font-family: Arial,sans-serif\">C\u2019est que le c\u0153ur de Kim a longtemps balanc\u00e9 entre des \u00e9tudes en droit ou en m\u00e9decine. Passionn\u00e9e par l\u2019\u00eatre humain dans toute sa complexit\u00e9, Kim a conserv\u00e9 de ses \u00e9tudes en psychologie de pr\u00e9cieux outils qu\u2019elle utilise quotidiennement dans toutes les sph\u00e8res de sa vie. Cependant, apr\u00e8s deux ans, son choix se pr\u00e9cise et elle traverse en droit \u00e0 l\u2019Universit\u00e9 de Montr\u00e9al, avant de rentrer \u00e0 la maison pour y terminer son baccalaur\u00e9at \u00e0 l\u2019Universit\u00e9 Laval et compl\u00e9ter la formation du Barreau en&nbsp;1996.<\/span><\/p>\n<p><span style=\"font-size: 10.0pt; font-family: Arial,sans-serif\">Apr\u00e8s un passage comme \u00e9tudiante chez Ogilvy, Kim effectue son stage chez Aubut Chabot. Initialement attir\u00e9e par une pratique en litige, elle travaille aupr\u00e8s de Me&nbsp;Daniel Dumais, qui s\u2019av\u00e8re \u00eatre un mentor exceptionnel. Pourtant, le destin avait un autre plan pour Kim puisqu\u2019elle est rapidement entrain\u00e9e dans le gigantesque dossier de la vente des Nordiques, o\u00f9 son bilinguisme et ses r\u00e9flexes d\u2019affaires sont rapidement remarqu\u00e9s. \u00ab M\u00eame si j\u2019adorais le litige, j\u2019\u00e9tais constamment ramen\u00e9e vers ce dossier fascinant qui m\u2019a permis de d\u00e9couvrir l\u2019univers des transactions \u00bb, explique-t-elle.<\/span><\/p>\n<p><span style=\"font-size: 10.0pt; font-family: Arial,sans-serif\">Apr\u00e8s son stage, Kim rejoint le bureau de Lavery \u00e0 Qu\u00e9bec o\u00f9 elle seconde Feu Louis Rochette, un autre mentor, dans des dossiers de financement. Elle se b\u00e2tit rapidement une solide r\u00e9putation qui ne passe pas inaper\u00e7ue et qui am\u00e8ne le bureau de McCarthy T\u00e9trault \u00e0 la recruter en 1999 afin de garnir les rangs de son \u00e9quipe de financement, fusions et acquisitions.<\/span><\/p>\n<p><span style=\"font-size: 10.0pt; font-family: Arial,sans-serif\">C\u2019est \u00e0 ce moment, \u00e0 l\u2019\u00e9t\u00e9 1999, alors que je travaille moi-m\u00eame comme \u00e9tudiante au bureau de McCarthy \u00e0 Qu\u00e9bec que je fais la connaissance de Kim Thomassin. J\u2019ai le souvenir d\u2019une fille brillante, passionn\u00e9e, fonceuse, une travailleuse acharn\u00e9e dot\u00e9e d\u2019une grande intelligence \u00e9motionnelle, d\u2019un optimisme in\u00e9branlable et d\u2019une grande ouverture aux&nbsp;autres.<\/span><\/p>\n<p><span style=\"font-size: 10.0pt; font-family: Arial,sans-serif\">Pendant plus d\u2019une d\u00e9cennie, Kim travaille sans rel\u00e2che dans des dossiers de financement de projets et de transactions d\u2019acquisitions dans les secteurs de l\u2019\u00e9nergie et des infrastructures, des mandats qui l\u2019am\u00e8nent \u00e0 voyager et \u00e0 se promener d\u2019un continent \u00e0&nbsp;l\u2019autre.<\/span><\/p>\n<p><span style=\"font-size: 10.0pt; font-family: Arial,sans-serif\">Elle se fait aussi connaitre de ses pairs pour ses qualit\u00e9s humaines et plusieurs voient en elle un grand potentiel de gestionnaire. C\u2019est ainsi qu\u2019au moment o\u00f9 un nouvel associ\u00e9-directeur doit \u00eatre nomm\u00e9 pour le bureau de Qu\u00e9bec en 2006, les dirigeants se demandent : \u00ab Qui a \u00e0 c\u0153ur le sort des membres du cabinet? \u00bb et le nom de Kim s\u2019impose comme une&nbsp;\u00e9vidence.<\/span><\/p>\n<p><span style=\"font-size: 10.0pt; font-family: Arial,sans-serif\">Nouvellement maman d\u2019une petite fille, elle accepte le d\u00e9fi, et au cours des quatre ann\u00e9es suivantes, jongle entre sa pratique \u00e0 temps plein, ses responsabilit\u00e9s d\u2019associ\u00e9e-directrice et son r\u00f4le de maman.<\/span><\/p>\n<p><span style=\"font-size: 10.0pt; font-family: Arial,sans-serif\">Puis, en 2010, lorsque son patron-mentor-ami Marc-Andr\u00e9 Blanchard est nomm\u00e9 chef de la direction du cabinet, Kim est m\u00fbre pour le d\u00e9fi et accepte de chausser les souliers d\u2019associ\u00e9e-directrice du bureau de Montr\u00e9al, ce qui l\u2019am\u00e8ne \u00e0 si\u00e9ger \u00e0 de nombreux comit\u00e9s de direction. Questionn\u00e9e sur ce qui la nourrit dans ses fonctions, Kim souligne qu\u2019elle appr\u00e9cie \u00eatre proche des enjeux d\u2019affaires, chercher des solutions et mettre les gens en relation. \u00ab J\u2019ai certains talents \u00ab d\u2019entremetteuse \u00bb et j\u2019adore mettre en lumi\u00e8re le meilleur des individus en cr\u00e9ant des relations et des partenariats o\u00f9 les forces de chacun peuvent briller \u00bb, pr\u00e9cise-t-elle. Quant aux cailloux qu\u2019elle a rencontr\u00e9s sur son chemin, elle n\u2019a aucune h\u00e9sitation : \u00ab R\u00e9unir les employ\u00e9s pour leur annoncer que plusieurs d\u2019entre eux perdaient leur emploi au terme du plan de r\u00e9duction des effectifs devenu n\u00e9cessaire en raison de la transformation de la profession fut un moment extr\u00eamement difficile compte tenu de tous les enjeux humains en cause \u00bb, raconte Kim, encore tr\u00e8s \u00e9motive \u00e0 l\u2019\u00e9vocation de ce souvenir.<\/span><\/p>\n<p><span style=\"font-size: 10.0pt; font-family: Arial,sans-serif\">Les ann\u00e9es de Kim chez McCarthy T\u00e9trault l\u2019ont donc profond\u00e9ment marqu\u00e9e. Elle y compte de nombreux mentors, de pr\u00e9cieux amis et elle esp\u00e8re avoir laiss\u00e9 l\u2019empreinte d\u2019une leader humaine et accessible pour l\u2019\u00e9quipe interne et d\u2019avoir r\u00e9ussi \u00e0 faire rayonner le cabinet \u00e0 l\u2019externe en s\u2019impliquant dans la communaut\u00e9 au sein notamment de Centraide, la Chambre de Commerce et l\u2019Effet A, mouvement pionnier dans la mobilisation des femmes en affaires.<\/span><\/p>\n<p><span style=\"font-size: 10.0pt; font-family: Arial,sans-serif\">C\u2019est d\u2019ailleurs \u00e0 travers son implication sociale et caritative que Kim Thomassin croise le chemin de Michael Sabia, qui lui propose une premi\u00e8re fois de joindre la Caisse de d\u00e9p\u00f4t et placement du Qu\u00e9bec (CDPQ). Kim d\u00e9cline l\u2018offre afin de tenir la promesse faite au cabinet McCarthy d\u2019assurer une transition \u00e0 la suite de la nomination de Marc-Andr\u00e9 Blanchard comme Ambassadeur et repr\u00e9sentant permanent du Canada aupr\u00e8s des Nations Unies \u00e0 New&nbsp;York.<\/span><\/p>\n<p><span style=\"font-size: 10.0pt; font-family: Arial,sans-serif\">Impossible, toutefois, de refuser la deuxi\u00e8me offre qui arrive \u00e0 la fin de 2016. Kim Thomassin devient donc premi\u00e8re vice-pr\u00e9sidente, Affaires juridiques et Secr\u00e9tariat \u00e0 la Caisse de d\u00e9p\u00f4t et placement du Qu\u00e9bec en janvier 2017 et si\u00e8ge \u00e9galement au comit\u00e9 de direction, en plus d\u2019\u00eatre membre du conseil d\u2019administration d\u2019Ivanho\u00e9&nbsp;Cambridge.<\/span><\/p>\n<p><span style=\"font-size: 10.0pt; font-family: Arial,sans-serif\">\u00ab Je travaille toujours autant et avec la m\u00eame passion qu\u2019avant, mais au moins, je dors \u00e0 la maison plut\u00f4t qu\u2019\u00e0 l\u2019h\u00f4tel d\u2019un a\u00e9roport entre deux vols retard\u00e9s \u00bb, r\u00e9sume Kim avec philosophie.<\/span><\/p>\n<p><span style=\"font-size: 10.0pt; font-family: Arial,sans-serif\">Membre de plusieurs conseils d\u2019administration et r\u00e9cipiendaire de nombreux prix et distinctions (M\u00e9daille de l\u2019Assembl\u00e9e nationale du Qu\u00e9bec, M\u00e9rite Christine-Tourigny, Avocat \u00e9m\u00e9rite du Barreau du Qu\u00e9bec, le prix Zenith de Lexpert et GC Influencer du Chambers GC Influencers Global 100), Kim Thomassin a pourtant le don de tourner la lumi\u00e8re vers ses coll\u00e8gues et partenaires. Elle parle avec passion et ferveur de son \u00e9quipe extraordinaire et de ses nombreuses r\u00e9alisations, des transactions effectu\u00e9es \u00e0 travers le monde jusqu\u2019\u00e0 l\u2019investissement durable qui lui tient tant&nbsp;\u00e0&nbsp;c\u0153ur.<\/span><\/p>\n<p><span style=\"font-size: 10.0pt; font-family: Arial,sans-serif\">Aussi lumineuse, confiante et d\u00e9termin\u00e9e que dans mes souvenirs de nos ann\u00e9es chez McCarthy, Kim Thomassin assume son r\u00f4le actuel avec une grande humilit\u00e9, consciente que la mission de la CDPQ consiste \u00e0 g\u00e9rer de fa\u00e7on responsable les avoirs de huit millions d\u2019\u00eatres humains pour qui les d\u00e9cisions de la CDPQ ont des impacts significatifs. Le d\u00e9fi est grand mais il est assur\u00e9ment \u00e0 la hauteur du talent de Kim&nbsp;Thomassin.<\/span><\/p>\n","protected":false},"excerpt":{"rendered":"<p><img decoding=\"async\" src=\"https:\/\/www.barreaudemontreal.qc.ca\/wp-content\/uploads\/sites\/default\/files\/bann_figuredemaitre_500.jpg\" style=\"vertical-align: top; width: 475px; height: 133px;\"><\/p>\n<p><span style=\"font-size: 10.0pt; font-family: Arial,sans-serif\"><font color=\"#780032\" face=\"Arial\" size=\"4\">Mtre Kim Thomassin : People First<\/font><br \/><span style=\"font-size: 10.0pt; font-family: Arial,sans-serif\"><em><img decoding=\"async\" alt=\"\" height=\"6\" src=\"https:\/\/www.barreaudemontreal.qc.ca\/images\/Space_6x6px.png\" width=\"6\"><\/p>\n","protected":false},"author":3,"featured_media":0,"parent":0,"menu_order":145,"comment_status":"closed","ping_status":"closed","template":"","meta":{"_acf_changed":false,"_editorskit_title_hidden":false,"_editorskit_reading_time":0,"_editorskit_is_block_options_detached":false,"_editorskit_block_options_position":"{}","inline_featured_image":false,"ngg_post_thumbnail":0,"footnotes":""},"class_list":["post-3461","page","type-page","status-publish","hentry"],"acf":[],"yoast_head":"<!-- This site is optimized with the Yoast SEO plugin v27.4 - https:\/\/yoast.com\/product\/yoast-seo-wordpress\/ -->\n<title>Mtre Kim Thomassin - Barreau de Montr&eacute;al<\/title>\n<meta name=\"robots\" content=\"index, follow, max-snippet:-1, max-image-preview:large, max-video-preview:-1\" \/>\n<link rel=\"canonical\" href=\"https:\/\/www.barreaudemontreal.qc.ca\/en\/mtre-kim-thomassin\/\" \/>\n<meta property=\"og:locale\" content=\"en_US\" \/>\n<meta property=\"og:type\" content=\"article\" \/>\n<meta property=\"og:title\" content=\"Mtre Kim Thomassin - Barreau de Montr&eacute;al\" \/>\n<meta property=\"og:description\" content=\"Mtre Kim Thomassin : People First\" \/>\n<meta property=\"og:url\" content=\"https:\/\/www.barreaudemontreal.qc.ca\/en\/mtre-kim-thomassin\/\" \/>\n<meta property=\"og:site_name\" content=\"Barreau de Montr&eacute;al\" \/>\n<meta property=\"article:modified_time\" content=\"2022-03-01T19:25:21+00:00\" \/>\n<meta property=\"og:image\" content=\"https:\/\/www.barreaudemontreal.qc.ca\/wp-content\/uploads\/sites\/default\/files\/sites\/default\/files\/bann_figuredemaitre_500.jpg\" \/>\n<meta name=\"twitter:card\" content=\"summary_large_image\" \/>\n<meta name=\"twitter:label1\" content=\"Est. reading time\" \/>\n\t<meta name=\"twitter:data1\" content=\"6 minutes\" \/>\n<script type=\"application\/ld+json\" class=\"yoast-schema-graph\">{\"@context\":\"https:\\\/\\\/schema.org\",\"@graph\":[{\"@type\":\"WebPage\",\"@id\":\"https:\\\/\\\/www.barreaudemontreal.qc.ca\\\/en\\\/mtre-kim-thomassin\\\/\",\"url\":\"https:\\\/\\\/www.barreaudemontreal.qc.ca\\\/en\\\/mtre-kim-thomassin\\\/\",\"name\":\"Mtre Kim Thomassin - Barreau de Montr&eacute;al\",\"isPartOf\":{\"@id\":\"https:\\\/\\\/www.barreaudemontreal.qc.ca\\\/en\\\/#website\"},\"primaryImageOfPage\":{\"@id\":\"https:\\\/\\\/www.barreaudemontreal.qc.ca\\\/en\\\/mtre-kim-thomassin\\\/#primaryimage\"},\"image\":{\"@id\":\"https:\\\/\\\/www.barreaudemontreal.qc.ca\\\/en\\\/mtre-kim-thomassin\\\/#primaryimage\"},\"thumbnailUrl\":\"https:\\\/\\\/www.barreaudemontreal.qc.ca\\\/wp-content\\\/uploads\\\/sites\\\/default\\\/files\\\/sites\\\/default\\\/files\\\/bann_figuredemaitre_500.jpg\",\"datePublished\":\"2020-01-30T21:21:23+00:00\",\"dateModified\":\"2022-03-01T19:25:21+00:00\",\"breadcrumb\":{\"@id\":\"https:\\\/\\\/www.barreaudemontreal.qc.ca\\\/en\\\/mtre-kim-thomassin\\\/#breadcrumb\"},\"inLanguage\":\"en-US\",\"potentialAction\":[{\"@type\":\"ReadAction\",\"target\":[\"https:\\\/\\\/www.barreaudemontreal.qc.ca\\\/en\\\/mtre-kim-thomassin\\\/\"]}]},{\"@type\":\"ImageObject\",\"inLanguage\":\"en-US\",\"@id\":\"https:\\\/\\\/www.barreaudemontreal.qc.ca\\\/en\\\/mtre-kim-thomassin\\\/#primaryimage\",\"url\":\"https:\\\/\\\/www.barreaudemontreal.qc.ca\\\/wp-content\\\/uploads\\\/sites\\\/default\\\/files\\\/sites\\\/default\\\/files\\\/bann_figuredemaitre_500.jpg\",\"contentUrl\":\"https:\\\/\\\/www.barreaudemontreal.qc.ca\\\/wp-content\\\/uploads\\\/sites\\\/default\\\/files\\\/sites\\\/default\\\/files\\\/bann_figuredemaitre_500.jpg\"},{\"@type\":\"BreadcrumbList\",\"@id\":\"https:\\\/\\\/www.barreaudemontreal.qc.ca\\\/en\\\/mtre-kim-thomassin\\\/#breadcrumb\",\"itemListElement\":[{\"@type\":\"ListItem\",\"position\":1,\"name\":\"Home\",\"item\":\"https:\\\/\\\/www.barreaudemontreal.qc.ca\\\/en\\\/\"},{\"@type\":\"ListItem\",\"position\":2,\"name\":\"Mtre Kim Thomassin\"}]},{\"@type\":\"WebSite\",\"@id\":\"https:\\\/\\\/www.barreaudemontreal.qc.ca\\\/en\\\/#website\",\"url\":\"https:\\\/\\\/www.barreaudemontreal.qc.ca\\\/en\\\/\",\"name\":\"Barreau de Montr&eacute;al\",\"description\":\"La plus grande section du Barreau du Qu&eacute;bec\",\"potentialAction\":[{\"@type\":\"SearchAction\",\"target\":{\"@type\":\"EntryPoint\",\"urlTemplate\":\"https:\\\/\\\/www.barreaudemontreal.qc.ca\\\/en\\\/?s={search_term_string}\"},\"query-input\":{\"@type\":\"PropertyValueSpecification\",\"valueRequired\":true,\"valueName\":\"search_term_string\"}}],\"inLanguage\":\"en-US\"}]}<\/script>\n<!-- \/ Yoast SEO plugin. -->","yoast_head_json":{"title":"Mtre Kim Thomassin - Barreau de Montr&eacute;al","robots":{"index":"index","follow":"follow","max-snippet":"max-snippet:-1","max-image-preview":"max-image-preview:large","max-video-preview":"max-video-preview:-1"},"canonical":"https:\/\/www.barreaudemontreal.qc.ca\/en\/mtre-kim-thomassin\/","og_locale":"en_US","og_type":"article","og_title":"Mtre Kim Thomassin - Barreau de Montr&eacute;al","og_description":"Mtre Kim Thomassin : People First","og_url":"https:\/\/www.barreaudemontreal.qc.ca\/en\/mtre-kim-thomassin\/","og_site_name":"Barreau de Montr&eacute;al","article_modified_time":"2022-03-01T19:25:21+00:00","og_image":[{"url":"https:\/\/www.barreaudemontreal.qc.ca\/wp-content\/uploads\/sites\/default\/files\/sites\/default\/files\/bann_figuredemaitre_500.jpg","type":"","width":"","height":""}],"twitter_card":"summary_large_image","twitter_misc":{"Est. reading time":"6 minutes"},"schema":{"@context":"https:\/\/schema.org","@graph":[{"@type":"WebPage","@id":"https:\/\/www.barreaudemontreal.qc.ca\/en\/mtre-kim-thomassin\/","url":"https:\/\/www.barreaudemontreal.qc.ca\/en\/mtre-kim-thomassin\/","name":"Mtre Kim Thomassin - Barreau de Montr&eacute;al","isPartOf":{"@id":"https:\/\/www.barreaudemontreal.qc.ca\/en\/#website"},"primaryImageOfPage":{"@id":"https:\/\/www.barreaudemontreal.qc.ca\/en\/mtre-kim-thomassin\/#primaryimage"},"image":{"@id":"https:\/\/www.barreaudemontreal.qc.ca\/en\/mtre-kim-thomassin\/#primaryimage"},"thumbnailUrl":"https:\/\/www.barreaudemontreal.qc.ca\/wp-content\/uploads\/sites\/default\/files\/sites\/default\/files\/bann_figuredemaitre_500.jpg","datePublished":"2020-01-30T21:21:23+00:00","dateModified":"2022-03-01T19:25:21+00:00","breadcrumb":{"@id":"https:\/\/www.barreaudemontreal.qc.ca\/en\/mtre-kim-thomassin\/#breadcrumb"},"inLanguage":"en-US","potentialAction":[{"@type":"ReadAction","target":["https:\/\/www.barreaudemontreal.qc.ca\/en\/mtre-kim-thomassin\/"]}]},{"@type":"ImageObject","inLanguage":"en-US","@id":"https:\/\/www.barreaudemontreal.qc.ca\/en\/mtre-kim-thomassin\/#primaryimage","url":"https:\/\/www.barreaudemontreal.qc.ca\/wp-content\/uploads\/sites\/default\/files\/sites\/default\/files\/bann_figuredemaitre_500.jpg","contentUrl":"https:\/\/www.barreaudemontreal.qc.ca\/wp-content\/uploads\/sites\/default\/files\/sites\/default\/files\/bann_figuredemaitre_500.jpg"},{"@type":"BreadcrumbList","@id":"https:\/\/www.barreaudemontreal.qc.ca\/en\/mtre-kim-thomassin\/#breadcrumb","itemListElement":[{"@type":"ListItem","position":1,"name":"Home","item":"https:\/\/www.barreaudemontreal.qc.ca\/en\/"},{"@type":"ListItem","position":2,"name":"Mtre Kim Thomassin"}]},{"@type":"WebSite","@id":"https:\/\/www.barreaudemontreal.qc.ca\/en\/#website","url":"https:\/\/www.barreaudemontreal.qc.ca\/en\/","name":"Barreau de Montr&eacute;al","description":"La plus grande section du Barreau du Qu&eacute;bec","potentialAction":[{"@type":"SearchAction","target":{"@type":"EntryPoint","urlTemplate":"https:\/\/www.barreaudemontreal.qc.ca\/en\/?s={search_term_string}"},"query-input":{"@type":"PropertyValueSpecification","valueRequired":true,"valueName":"search_term_string"}}],"inLanguage":"en-US"}]}},"_links":{"self":[{"href":"https:\/\/www.barreaudemontreal.qc.ca\/en\/wp-json\/wp\/v2\/pages\/3461","targetHints":{"allow":["GET"]}}],"collection":[{"href":"https:\/\/www.barreaudemontreal.qc.ca\/en\/wp-json\/wp\/v2\/pages"}],"about":[{"href":"https:\/\/www.barreaudemontreal.qc.ca\/en\/wp-json\/wp\/v2\/types\/page"}],"author":[{"embeddable":true,"href":"https:\/\/www.barreaudemontreal.qc.ca\/en\/wp-json\/wp\/v2\/users\/3"}],"replies":[{"embeddable":true,"href":"https:\/\/www.barreaudemontreal.qc.ca\/en\/wp-json\/wp\/v2\/comments?post=3461"}],"version-history":[{"count":0,"href":"https:\/\/www.barreaudemontreal.qc.ca\/en\/wp-json\/wp\/v2\/pages\/3461\/revisions"}],"wp:attachment":[{"href":"https:\/\/www.barreaudemontreal.qc.ca\/en\/wp-json\/wp\/v2\/media?parent=3461"}],"curies":[{"name":"wp","href":"https:\/\/api.w.org\/{rel}","templated":true}]}}