{"id":31707,"date":"2023-02-21T18:11:15","date_gmt":"2023-02-21T23:11:15","guid":{"rendered":"https:\/\/www.barreaudemontreal.qc.ca\/public\/salonvisezdroit\/mot-de-la-mairesse-de-montreal\/"},"modified":"2023-04-03T16:11:57","modified_gmt":"2023-04-03T20:11:57","slug":"mot-de-la-mairesse-de-montreal","status":"publish","type":"page","link":"https:\/\/www.barreaudemontreal.qc.ca\/en\/public\/salonvisezdroit\/mot-de-la-mairesse-de-montreal\/","title":{"rendered":"Mot de la mairesse de Montr\u00e9al"},"content":{"rendered":"\n<h2 class=\"wp-block-heading\"><strong>Madame Val\u00e9rie Plante<\/strong><\/h2>\n\n\n<div class=\"wp-block-image\">\n<figure class=\"alignleft size-full is-resized\"><img decoding=\"async\" src=\"https:\/\/www.barreaudemontreal.qc.ca\/wp-content\/uploads\/images\/photos\/photo-plante2_2023.png\" alt=\"\" class=\"wp-image-30988\" width=\"300\" height=\"286\"\/><\/figure>\n<\/div>\n\n\n<p><strong>Depuis sa cr\u00e9ation, il y a 25 ans, le Salon VISEZ DROIT joue un r\u00f4le essentiel pour d\u00e9mocratiser notre syst\u00e8me de justice<\/strong>. Il permet \u00e0 nos concitoyennes et \u00e0 nos concitoyens de s\u2019informer et de d\u00e9velopper leurs connaissances sur des sujets fondamentaux.<\/p>\n\n\n\n<p>Pour la Ville de Montr\u00e9al, il est essentiel que la population ait un meilleur acc\u00e8s au droit et aux notions de justice afin qu\u2019elle puisse mieux comprendre le syst\u00e8me judiciaire et son fonctionnement.<\/p>\n\n\n\n<p>Cette accessibilit\u00e9 joue \u00e0 coup s\u00fbr un r\u00f4le important pour la qualit\u00e9 de vie de notre collectivit\u00e9, pour l\u2019\u00e9galit\u00e9 des chances et la capacit\u00e9 de toutes et de tous \u00e0 se tailler une place au sein de notre soci\u00e9t\u00e9 de droit.<\/p>\n\n\n\n<p>Pour toutes ces raisons, la Ville appuie, cette ann\u00e9e encore, ce rendez-vous. Le Salon VISEZ DROIT est une belle histoire de g\u00e9n\u00e9rosit\u00e9. C\u2019est une histoire de partage, o\u00f9 des professionnels du milieu juridique donnent g\u00e9n\u00e9reusement de leur temps et mettent au service de la population leurs connaissances et leur expertise.\u00a0<\/p>\n\n\n\n<p>\u00c0 vous qui avez rendu possible ce 25e Salon, je vous remercie. Votre implication rend un fier service \u00e0 des personnes qui vivent une situation difficile. C\u2019est tout \u00e0 votre honneur.<\/p>\n\n\n\n<p>Merci \u00e9galement au Barreau de Montr\u00e9al, qui s\u2019implique avec cette passion qu\u2019on lui conna\u00eet, pour rendre notre syst\u00e8me de justice plus ouvert et accessible.<\/p>\n\n\n\n<p>Je vous souhaite un Salon 2023 des plus r\u00e9ussis!<\/p>\n","protected":false},"excerpt":{"rendered":"<p>Madame Val\u00e9rie Plante Depuis sa cr\u00e9ation, il y a 25 ans, le Salon VISEZ DROIT joue un r\u00f4le essentiel pour d\u00e9mocratiser notre syst\u00e8me de justice. Il permet \u00e0 nos concitoyennes [&hellip;]<\/p>\n","protected":false},"author":3,"featured_media":0,"parent":31561,"menu_order":0,"comment_status":"closed","ping_status":"closed","template":"","meta":{"_acf_changed":false,"_editorskit_title_hidden":false,"_editorskit_reading_time":1,"_editorskit_is_block_options_detached":false,"_editorskit_block_options_position":"{}","inline_featured_image":false,"ngg_post_thumbnail":0,"footnotes":""},"class_list":["post-31707","page","type-page","status-publish","hentry"],"acf":[],"yoast_head":"<!-- This site is optimized with the Yoast SEO plugin v27.4 - https:\/\/yoast.com\/product\/yoast-seo-wordpress\/ -->\n<title>Mot de la mairesse de Montr\u00e9al - Barreau de Montr&eacute;al<\/title>\n<meta name=\"robots\" content=\"index, follow, max-snippet:-1, max-image-preview:large, max-video-preview:-1\" \/>\n<link rel=\"canonical\" href=\"https:\/\/www.barreaudemontreal.qc.ca\/en\/public\/salonvisezdroit\/mot-de-la-mairesse-de-montreal\/\" \/>\n<meta property=\"og:locale\" content=\"en_US\" \/>\n<meta property=\"og:type\" content=\"article\" \/>\n<meta property=\"og:title\" content=\"Mot de la mairesse de Montr\u00e9al - Barreau de Montr&eacute;al\" \/>\n<meta property=\"og:description\" content=\"Madame Val\u00e9rie Plante Depuis sa cr\u00e9ation, il y a 25 ans, le Salon VISEZ DROIT joue un r\u00f4le essentiel pour d\u00e9mocratiser notre syst\u00e8me de justice. Il permet \u00e0 nos concitoyennes [&hellip;]\" \/>\n<meta property=\"og:url\" content=\"https:\/\/www.barreaudemontreal.qc.ca\/en\/public\/salonvisezdroit\/mot-de-la-mairesse-de-montreal\/\" \/>\n<meta property=\"og:site_name\" content=\"Barreau de Montr&eacute;al\" \/>\n<meta property=\"article:modified_time\" content=\"2023-04-03T20:11:57+00:00\" \/>\n<meta property=\"og:image\" content=\"https:\/\/www.barreaudemontreal.qc.ca\/wp-content\/uploads\/images\/photos\/photo-plante2_2023.png\" \/>\n<meta name=\"twitter:card\" content=\"summary_large_image\" \/>\n<meta name=\"twitter:label1\" content=\"Est. reading time\" \/>\n\t<meta name=\"twitter:data1\" content=\"1 minute\" \/>\n<script type=\"application\/ld+json\" class=\"yoast-schema-graph\">{\"@context\":\"https:\\\/\\\/schema.org\",\"@graph\":[{\"@type\":\"WebPage\",\"@id\":\"https:\\\/\\\/www.barreaudemontreal.qc.ca\\\/en\\\/public\\\/salonvisezdroit\\\/mot-de-la-mairesse-de-montreal\\\/\",\"url\":\"https:\\\/\\\/www.barreaudemontreal.qc.ca\\\/en\\\/public\\\/salonvisezdroit\\\/mot-de-la-mairesse-de-montreal\\\/\",\"name\":\"Mot de la mairesse de Montr\u00e9al - Barreau de Montr&eacute;al\",\"isPartOf\":{\"@id\":\"https:\\\/\\\/www.barreaudemontreal.qc.ca\\\/en\\\/#website\"},\"primaryImageOfPage\":{\"@id\":\"https:\\\/\\\/www.barreaudemontreal.qc.ca\\\/en\\\/public\\\/salonvisezdroit\\\/mot-de-la-mairesse-de-montreal\\\/#primaryimage\"},\"image\":{\"@id\":\"https:\\\/\\\/www.barreaudemontreal.qc.ca\\\/en\\\/public\\\/salonvisezdroit\\\/mot-de-la-mairesse-de-montreal\\\/#primaryimage\"},\"thumbnailUrl\":\"https:\\\/\\\/www.barreaudemontreal.qc.ca\\\/wp-content\\\/uploads\\\/images\\\/photos\\\/photo-plante2_2023.png\",\"datePublished\":\"2023-02-21T23:11:15+00:00\",\"dateModified\":\"2023-04-03T20:11:57+00:00\",\"breadcrumb\":{\"@id\":\"https:\\\/\\\/www.barreaudemontreal.qc.ca\\\/en\\\/public\\\/salonvisezdroit\\\/mot-de-la-mairesse-de-montreal\\\/#breadcrumb\"},\"inLanguage\":\"en-US\",\"potentialAction\":[{\"@type\":\"ReadAction\",\"target\":[\"https:\\\/\\\/www.barreaudemontreal.qc.ca\\\/en\\\/public\\\/salonvisezdroit\\\/mot-de-la-mairesse-de-montreal\\\/\"]}]},{\"@type\":\"ImageObject\",\"inLanguage\":\"en-US\",\"@id\":\"https:\\\/\\\/www.barreaudemontreal.qc.ca\\\/en\\\/public\\\/salonvisezdroit\\\/mot-de-la-mairesse-de-montreal\\\/#primaryimage\",\"url\":\"https:\\\/\\\/www.barreaudemontreal.qc.ca\\\/wp-content\\\/uploads\\\/images\\\/photos\\\/photo-plante2_2023.png\",\"contentUrl\":\"https:\\\/\\\/www.barreaudemontreal.qc.ca\\\/wp-content\\\/uploads\\\/images\\\/photos\\\/photo-plante2_2023.png\"},{\"@type\":\"BreadcrumbList\",\"@id\":\"https:\\\/\\\/www.barreaudemontreal.qc.ca\\\/en\\\/public\\\/salonvisezdroit\\\/mot-de-la-mairesse-de-montreal\\\/#breadcrumb\",\"itemListElement\":[{\"@type\":\"ListItem\",\"position\":1,\"name\":\"Home\",\"item\":\"https:\\\/\\\/www.barreaudemontreal.qc.ca\\\/en\\\/\"},{\"@type\":\"ListItem\",\"position\":2,\"name\":\"Public\",\"item\":\"https:\\\/\\\/www.barreaudemontreal.qc.ca\\\/en\\\/public\\\/\"},{\"@type\":\"ListItem\",\"position\":3,\"name\":\"XSalon VISEZ DROIT (2023 Keep temp)\",\"item\":\"https:\\\/\\\/www.barreaudemontreal.qc.ca\\\/en\\\/?page_id=31561\"},{\"@type\":\"ListItem\",\"position\":4,\"name\":\"Mot de la mairesse de Montr\u00e9al\"}]},{\"@type\":\"WebSite\",\"@id\":\"https:\\\/\\\/www.barreaudemontreal.qc.ca\\\/en\\\/#website\",\"url\":\"https:\\\/\\\/www.barreaudemontreal.qc.ca\\\/en\\\/\",\"name\":\"Barreau de Montr&eacute;al\",\"description\":\"La plus grande section du Barreau du Qu&eacute;bec\",\"potentialAction\":[{\"@type\":\"SearchAction\",\"target\":{\"@type\":\"EntryPoint\",\"urlTemplate\":\"https:\\\/\\\/www.barreaudemontreal.qc.ca\\\/en\\\/?s={search_term_string}\"},\"query-input\":{\"@type\":\"PropertyValueSpecification\",\"valueRequired\":true,\"valueName\":\"search_term_string\"}}],\"inLanguage\":\"en-US\"}]}<\/script>\n<!-- \/ Yoast SEO plugin. -->","yoast_head_json":{"title":"Mot de la mairesse de Montr\u00e9al - Barreau de Montr&eacute;al","robots":{"index":"index","follow":"follow","max-snippet":"max-snippet:-1","max-image-preview":"max-image-preview:large","max-video-preview":"max-video-preview:-1"},"canonical":"https:\/\/www.barreaudemontreal.qc.ca\/en\/public\/salonvisezdroit\/mot-de-la-mairesse-de-montreal\/","og_locale":"en_US","og_type":"article","og_title":"Mot de la mairesse de Montr\u00e9al - Barreau de Montr&eacute;al","og_description":"Madame Val\u00e9rie Plante Depuis sa cr\u00e9ation, il y a 25 ans, le Salon VISEZ DROIT joue un r\u00f4le essentiel pour d\u00e9mocratiser notre syst\u00e8me de justice. Il permet \u00e0 nos concitoyennes [&hellip;]","og_url":"https:\/\/www.barreaudemontreal.qc.ca\/en\/public\/salonvisezdroit\/mot-de-la-mairesse-de-montreal\/","og_site_name":"Barreau de Montr&eacute;al","article_modified_time":"2023-04-03T20:11:57+00:00","og_image":[{"url":"https:\/\/www.barreaudemontreal.qc.ca\/wp-content\/uploads\/images\/photos\/photo-plante2_2023.png","type":"","width":"","height":""}],"twitter_card":"summary_large_image","twitter_misc":{"Est. reading time":"1 minute"},"schema":{"@context":"https:\/\/schema.org","@graph":[{"@type":"WebPage","@id":"https:\/\/www.barreaudemontreal.qc.ca\/en\/public\/salonvisezdroit\/mot-de-la-mairesse-de-montreal\/","url":"https:\/\/www.barreaudemontreal.qc.ca\/en\/public\/salonvisezdroit\/mot-de-la-mairesse-de-montreal\/","name":"Mot de la mairesse de Montr\u00e9al - Barreau de Montr&eacute;al","isPartOf":{"@id":"https:\/\/www.barreaudemontreal.qc.ca\/en\/#website"},"primaryImageOfPage":{"@id":"https:\/\/www.barreaudemontreal.qc.ca\/en\/public\/salonvisezdroit\/mot-de-la-mairesse-de-montreal\/#primaryimage"},"image":{"@id":"https:\/\/www.barreaudemontreal.qc.ca\/en\/public\/salonvisezdroit\/mot-de-la-mairesse-de-montreal\/#primaryimage"},"thumbnailUrl":"https:\/\/www.barreaudemontreal.qc.ca\/wp-content\/uploads\/images\/photos\/photo-plante2_2023.png","datePublished":"2023-02-21T23:11:15+00:00","dateModified":"2023-04-03T20:11:57+00:00","breadcrumb":{"@id":"https:\/\/www.barreaudemontreal.qc.ca\/en\/public\/salonvisezdroit\/mot-de-la-mairesse-de-montreal\/#breadcrumb"},"inLanguage":"en-US","potentialAction":[{"@type":"ReadAction","target":["https:\/\/www.barreaudemontreal.qc.ca\/en\/public\/salonvisezdroit\/mot-de-la-mairesse-de-montreal\/"]}]},{"@type":"ImageObject","inLanguage":"en-US","@id":"https:\/\/www.barreaudemontreal.qc.ca\/en\/public\/salonvisezdroit\/mot-de-la-mairesse-de-montreal\/#primaryimage","url":"https:\/\/www.barreaudemontreal.qc.ca\/wp-content\/uploads\/images\/photos\/photo-plante2_2023.png","contentUrl":"https:\/\/www.barreaudemontreal.qc.ca\/wp-content\/uploads\/images\/photos\/photo-plante2_2023.png"},{"@type":"BreadcrumbList","@id":"https:\/\/www.barreaudemontreal.qc.ca\/en\/public\/salonvisezdroit\/mot-de-la-mairesse-de-montreal\/#breadcrumb","itemListElement":[{"@type":"ListItem","position":1,"name":"Home","item":"https:\/\/www.barreaudemontreal.qc.ca\/en\/"},{"@type":"ListItem","position":2,"name":"Public","item":"https:\/\/www.barreaudemontreal.qc.ca\/en\/public\/"},{"@type":"ListItem","position":3,"name":"XSalon VISEZ DROIT (2023 Keep temp)","item":"https:\/\/www.barreaudemontreal.qc.ca\/en\/?page_id=31561"},{"@type":"ListItem","position":4,"name":"Mot de la mairesse de Montr\u00e9al"}]},{"@type":"WebSite","@id":"https:\/\/www.barreaudemontreal.qc.ca\/en\/#website","url":"https:\/\/www.barreaudemontreal.qc.ca\/en\/","name":"Barreau de Montr&eacute;al","description":"La plus grande section du Barreau du Qu&eacute;bec","potentialAction":[{"@type":"SearchAction","target":{"@type":"EntryPoint","urlTemplate":"https:\/\/www.barreaudemontreal.qc.ca\/en\/?s={search_term_string}"},"query-input":{"@type":"PropertyValueSpecification","valueRequired":true,"valueName":"search_term_string"}}],"inLanguage":"en-US"}]}},"_links":{"self":[{"href":"https:\/\/www.barreaudemontreal.qc.ca\/en\/wp-json\/wp\/v2\/pages\/31707","targetHints":{"allow":["GET"]}}],"collection":[{"href":"https:\/\/www.barreaudemontreal.qc.ca\/en\/wp-json\/wp\/v2\/pages"}],"about":[{"href":"https:\/\/www.barreaudemontreal.qc.ca\/en\/wp-json\/wp\/v2\/types\/page"}],"author":[{"embeddable":true,"href":"https:\/\/www.barreaudemontreal.qc.ca\/en\/wp-json\/wp\/v2\/users\/3"}],"replies":[{"embeddable":true,"href":"https:\/\/www.barreaudemontreal.qc.ca\/en\/wp-json\/wp\/v2\/comments?post=31707"}],"version-history":[{"count":0,"href":"https:\/\/www.barreaudemontreal.qc.ca\/en\/wp-json\/wp\/v2\/pages\/31707\/revisions"}],"up":[{"embeddable":true,"href":"https:\/\/www.barreaudemontreal.qc.ca\/en\/wp-json\/wp\/v2\/pages\/31561"}],"wp:attachment":[{"href":"https:\/\/www.barreaudemontreal.qc.ca\/en\/wp-json\/wp\/v2\/media?parent=31707"}],"curies":[{"name":"wp","href":"https:\/\/api.w.org\/{rel}","templated":true}]}}