{"id":31360,"date":"2023-03-06T20:04:47","date_gmt":"2023-03-07T01:04:47","guid":{"rendered":"https:\/\/www.barreaudemontreal.qc.ca\/?page_id=31360"},"modified":"2023-03-06T23:46:13","modified_gmt":"2023-03-07T04:46:13","slug":"biographie-lhonorable-manon-savard","status":"publish","type":"page","link":"https:\/\/www.barreaudemontreal.qc.ca\/en\/activites\/biographie-lhonorable-manon-savard\/","title":{"rendered":"Biographie &#8211; L\u2019honorable Manon Savard"},"content":{"rendered":"<div class=\"wp-block-image\">\n<figure class=\"alignleft size-large is-resized\"><img decoding=\"async\" src=\"https:\/\/www.barreaudemontreal.qc.ca\/wp-content\/uploads\/photo-savardmanon_2022-1-edited.jpg\" alt=\"\" class=\"wp-image-31410\" width=\"251\" height=\"336\"\/><figcaption class=\"wp-element-caption\"><strong>L\u2019honorable Manon Savard<\/strong>,<br><em>juge en chef du Qu\u00e9bec<\/em><\/figcaption><\/figure>\n<\/div>\n\n\n<p>Originaire de Montr\u00e9al, la juge en chef Manon Savard a \u00e9t\u00e9 admise au Barreau du Qu\u00e9bec en 1986 apr\u00e8s avoir obtenu une licence en droit de l\u2019Universit\u00e9 de Montr\u00e9al et un baccalaur\u00e9at en administration des affaires de l\u2019Universit\u00e9 McGill. Ses \u00e9tudes en droit et en administration lui ont m\u00e9rit\u00e9 de nombreux prix et bourses d\u2019excellence<em>.<\/em>&nbsp;<\/p>\n\n\n\n<p>Avant d\u2019\u00eatre nomm\u00e9e juge, elle a exerc\u00e9 le droit pendant 23 ans comme avocate, puis associ\u00e9e, au sein du cabinet Ogilvy Renault, aujourd\u2019hui connu sous le nom de Norton Rose Fulbright. Durant ces ann\u00e9es, elle a d\u00e9velopp\u00e9 une expertise pointue et reconnue dans les domaines du droit de l\u2019emploi et du travail ainsi que du droit administratif. Elle est d\u2019ailleurs l\u2019auteure de nombreux articles sur ce premier sujet. Soucieuse de faire davantage conna\u00eetre ses champs d\u2019expertise, elle a donn\u00e9 des conf\u00e9rences et a enseign\u00e9 \u00e0 l\u2019\u00c9cole de formation professionnelle du Barreau du Qu\u00e9bec.<\/p>\n\n\n\n<p>Elle a \u00e9galement \u00e9t\u00e9 membre du Conseil consultatif du travail et de la main-d\u2019\u0153uvre qui donne son avis au ministre du Travail sur toute question relevant de sa comp\u00e9tence, dont les questions l\u00e9gislatives en mati\u00e8re de droit de l\u2019emploi et du travail.<\/p>\n\n\n\n<p>De 2009 \u00e0 2013, elle a si\u00e9g\u00e9 \u00e0 la Cour sup\u00e9rieure du Qu\u00e9bec notamment \u00e0 la Chambre civile et administrative et \u00e0 la Chambre commerciale.&nbsp;<\/p>\n\n\n\n<p>Nomm\u00e9e juge \u00e0 la Cour d\u2019appel du Qu\u00e9bec en 2013, l\u2019honorable Manon Savard en est devenue la juge en chef le 10 juin 2020. Elle est la 21<sup>e<\/sup> juge en chef du Qu\u00e9bec.<\/p>\n\n\n\n<p>Tout au long de sa carri\u00e8re de juge, l\u2019honorable Manon Savard s\u2019est grandement impliqu\u00e9e et engag\u00e9e en contribuant \u00e0 plusieurs travaux au sein de comit\u00e9s et de groupes de travail. Elle a \u00e9t\u00e9 membre du Comit\u00e9 de planification de l\u2019Association canadienne des juges des cours sup\u00e9rieures ainsi que membre du Comit\u00e9 du r\u00e8glement de proc\u00e9dure civile et responsable du Comit\u00e9 des \u00e9tudiants stagiaires de la Cour sup\u00e9rieure du Qu\u00e9bec. Elle a \u00e9galement travaill\u00e9 \u00e0 la mise sur pied du greffe num\u00e9rique de la Cour d\u2019appel du Qu\u00e9bec.<\/p>\n","protected":false},"excerpt":{"rendered":"<p>Originaire de Montr\u00e9al, la juge en chef Manon Savard a \u00e9t\u00e9 admise au Barreau du Qu\u00e9bec en 1986 apr\u00e8s avoir obtenu une licence en droit de l\u2019Universit\u00e9 de Montr\u00e9al et [&hellip;]<\/p>\n","protected":false},"author":3,"featured_media":0,"parent":1300,"menu_order":0,"comment_status":"closed","ping_status":"closed","template":"","meta":{"_acf_changed":false,"_editorskit_title_hidden":false,"_editorskit_reading_time":0,"_editorskit_is_block_options_detached":false,"_editorskit_block_options_position":"{}","inline_featured_image":false,"ngg_post_thumbnail":0,"footnotes":""},"class_list":["post-31360","page","type-page","status-publish","hentry"],"acf":[],"yoast_head":"<!-- This site is optimized with the Yoast SEO plugin v27.4 - https:\/\/yoast.com\/product\/yoast-seo-wordpress\/ -->\n<title>Biographie - L\u2019honorable Manon Savard - Barreau de Montr&eacute;al<\/title>\n<meta name=\"robots\" content=\"index, follow, max-snippet:-1, max-image-preview:large, max-video-preview:-1\" \/>\n<link rel=\"canonical\" href=\"https:\/\/www.barreaudemontreal.qc.ca\/en\/activites\/biographie-lhonorable-manon-savard\/\" \/>\n<meta property=\"og:locale\" content=\"en_US\" \/>\n<meta property=\"og:type\" content=\"article\" \/>\n<meta property=\"og:title\" content=\"Biographie - L\u2019honorable Manon Savard - Barreau de Montr&eacute;al\" \/>\n<meta property=\"og:description\" content=\"Originaire de Montr\u00e9al, la juge en chef Manon Savard a \u00e9t\u00e9 admise au Barreau du Qu\u00e9bec en 1986 apr\u00e8s avoir obtenu une licence en droit de l\u2019Universit\u00e9 de Montr\u00e9al et [&hellip;]\" \/>\n<meta property=\"og:url\" content=\"https:\/\/www.barreaudemontreal.qc.ca\/en\/activites\/biographie-lhonorable-manon-savard\/\" \/>\n<meta property=\"og:site_name\" content=\"Barreau de Montr&eacute;al\" \/>\n<meta property=\"article:modified_time\" content=\"2023-03-07T04:46:13+00:00\" \/>\n<meta property=\"og:image\" content=\"https:\/\/www.barreaudemontreal.qc.ca\/wp-content\/uploads\/photo-savardmanon_2022-1-edited.jpg\" \/>\n<meta name=\"twitter:card\" content=\"summary_large_image\" \/>\n<meta name=\"twitter:label1\" content=\"Est. reading time\" \/>\n\t<meta name=\"twitter:data1\" content=\"2 minutes\" \/>\n<script type=\"application\/ld+json\" class=\"yoast-schema-graph\">{\"@context\":\"https:\\\/\\\/schema.org\",\"@graph\":[{\"@type\":\"WebPage\",\"@id\":\"https:\\\/\\\/www.barreaudemontreal.qc.ca\\\/en\\\/activites\\\/biographie-lhonorable-manon-savard\\\/\",\"url\":\"https:\\\/\\\/www.barreaudemontreal.qc.ca\\\/en\\\/activites\\\/biographie-lhonorable-manon-savard\\\/\",\"name\":\"Biographie - L\u2019honorable Manon Savard - Barreau de Montr&eacute;al\",\"isPartOf\":{\"@id\":\"https:\\\/\\\/www.barreaudemontreal.qc.ca\\\/en\\\/#website\"},\"primaryImageOfPage\":{\"@id\":\"https:\\\/\\\/www.barreaudemontreal.qc.ca\\\/en\\\/activites\\\/biographie-lhonorable-manon-savard\\\/#primaryimage\"},\"image\":{\"@id\":\"https:\\\/\\\/www.barreaudemontreal.qc.ca\\\/en\\\/activites\\\/biographie-lhonorable-manon-savard\\\/#primaryimage\"},\"thumbnailUrl\":\"https:\\\/\\\/www.barreaudemontreal.qc.ca\\\/wp-content\\\/uploads\\\/photo-savardmanon_2022-1-edited.jpg\",\"datePublished\":\"2023-03-07T01:04:47+00:00\",\"dateModified\":\"2023-03-07T04:46:13+00:00\",\"breadcrumb\":{\"@id\":\"https:\\\/\\\/www.barreaudemontreal.qc.ca\\\/en\\\/activites\\\/biographie-lhonorable-manon-savard\\\/#breadcrumb\"},\"inLanguage\":\"en-US\",\"potentialAction\":[{\"@type\":\"ReadAction\",\"target\":[\"https:\\\/\\\/www.barreaudemontreal.qc.ca\\\/en\\\/activites\\\/biographie-lhonorable-manon-savard\\\/\"]}]},{\"@type\":\"ImageObject\",\"inLanguage\":\"en-US\",\"@id\":\"https:\\\/\\\/www.barreaudemontreal.qc.ca\\\/en\\\/activites\\\/biographie-lhonorable-manon-savard\\\/#primaryimage\",\"url\":\"https:\\\/\\\/www.barreaudemontreal.qc.ca\\\/wp-content\\\/uploads\\\/photo-savardmanon_2022-1-edited.jpg\",\"contentUrl\":\"https:\\\/\\\/www.barreaudemontreal.qc.ca\\\/wp-content\\\/uploads\\\/photo-savardmanon_2022-1-edited.jpg\"},{\"@type\":\"BreadcrumbList\",\"@id\":\"https:\\\/\\\/www.barreaudemontreal.qc.ca\\\/en\\\/activites\\\/biographie-lhonorable-manon-savard\\\/#breadcrumb\",\"itemListElement\":[{\"@type\":\"ListItem\",\"position\":1,\"name\":\"Home\",\"item\":\"https:\\\/\\\/www.barreaudemontreal.qc.ca\\\/en\\\/\"},{\"@type\":\"ListItem\",\"position\":2,\"name\":\"Activit\u00e9s et formations\",\"item\":\"https:\\\/\\\/www.barreaudemontreal.qc.ca\\\/en\\\/activites\\\/\"},{\"@type\":\"ListItem\",\"position\":3,\"name\":\"Biographie &#8211; L\u2019honorable Manon Savard\"}]},{\"@type\":\"WebSite\",\"@id\":\"https:\\\/\\\/www.barreaudemontreal.qc.ca\\\/en\\\/#website\",\"url\":\"https:\\\/\\\/www.barreaudemontreal.qc.ca\\\/en\\\/\",\"name\":\"Barreau de Montr&eacute;al\",\"description\":\"La plus grande section du Barreau du Qu&eacute;bec\",\"potentialAction\":[{\"@type\":\"SearchAction\",\"target\":{\"@type\":\"EntryPoint\",\"urlTemplate\":\"https:\\\/\\\/www.barreaudemontreal.qc.ca\\\/en\\\/?s={search_term_string}\"},\"query-input\":{\"@type\":\"PropertyValueSpecification\",\"valueRequired\":true,\"valueName\":\"search_term_string\"}}],\"inLanguage\":\"en-US\"}]}<\/script>\n<!-- \/ Yoast SEO plugin. -->","yoast_head_json":{"title":"Biographie - L\u2019honorable Manon Savard - Barreau de Montr&eacute;al","robots":{"index":"index","follow":"follow","max-snippet":"max-snippet:-1","max-image-preview":"max-image-preview:large","max-video-preview":"max-video-preview:-1"},"canonical":"https:\/\/www.barreaudemontreal.qc.ca\/en\/activites\/biographie-lhonorable-manon-savard\/","og_locale":"en_US","og_type":"article","og_title":"Biographie - L\u2019honorable Manon Savard - Barreau de Montr&eacute;al","og_description":"Originaire de Montr\u00e9al, la juge en chef Manon Savard a \u00e9t\u00e9 admise au Barreau du Qu\u00e9bec en 1986 apr\u00e8s avoir obtenu une licence en droit de l\u2019Universit\u00e9 de Montr\u00e9al et [&hellip;]","og_url":"https:\/\/www.barreaudemontreal.qc.ca\/en\/activites\/biographie-lhonorable-manon-savard\/","og_site_name":"Barreau de Montr&eacute;al","article_modified_time":"2023-03-07T04:46:13+00:00","og_image":[{"url":"https:\/\/www.barreaudemontreal.qc.ca\/wp-content\/uploads\/photo-savardmanon_2022-1-edited.jpg","type":"","width":"","height":""}],"twitter_card":"summary_large_image","twitter_misc":{"Est. reading time":"2 minutes"},"schema":{"@context":"https:\/\/schema.org","@graph":[{"@type":"WebPage","@id":"https:\/\/www.barreaudemontreal.qc.ca\/en\/activites\/biographie-lhonorable-manon-savard\/","url":"https:\/\/www.barreaudemontreal.qc.ca\/en\/activites\/biographie-lhonorable-manon-savard\/","name":"Biographie - L\u2019honorable Manon Savard - Barreau de Montr&eacute;al","isPartOf":{"@id":"https:\/\/www.barreaudemontreal.qc.ca\/en\/#website"},"primaryImageOfPage":{"@id":"https:\/\/www.barreaudemontreal.qc.ca\/en\/activites\/biographie-lhonorable-manon-savard\/#primaryimage"},"image":{"@id":"https:\/\/www.barreaudemontreal.qc.ca\/en\/activites\/biographie-lhonorable-manon-savard\/#primaryimage"},"thumbnailUrl":"https:\/\/www.barreaudemontreal.qc.ca\/wp-content\/uploads\/photo-savardmanon_2022-1-edited.jpg","datePublished":"2023-03-07T01:04:47+00:00","dateModified":"2023-03-07T04:46:13+00:00","breadcrumb":{"@id":"https:\/\/www.barreaudemontreal.qc.ca\/en\/activites\/biographie-lhonorable-manon-savard\/#breadcrumb"},"inLanguage":"en-US","potentialAction":[{"@type":"ReadAction","target":["https:\/\/www.barreaudemontreal.qc.ca\/en\/activites\/biographie-lhonorable-manon-savard\/"]}]},{"@type":"ImageObject","inLanguage":"en-US","@id":"https:\/\/www.barreaudemontreal.qc.ca\/en\/activites\/biographie-lhonorable-manon-savard\/#primaryimage","url":"https:\/\/www.barreaudemontreal.qc.ca\/wp-content\/uploads\/photo-savardmanon_2022-1-edited.jpg","contentUrl":"https:\/\/www.barreaudemontreal.qc.ca\/wp-content\/uploads\/photo-savardmanon_2022-1-edited.jpg"},{"@type":"BreadcrumbList","@id":"https:\/\/www.barreaudemontreal.qc.ca\/en\/activites\/biographie-lhonorable-manon-savard\/#breadcrumb","itemListElement":[{"@type":"ListItem","position":1,"name":"Home","item":"https:\/\/www.barreaudemontreal.qc.ca\/en\/"},{"@type":"ListItem","position":2,"name":"Activit\u00e9s et formations","item":"https:\/\/www.barreaudemontreal.qc.ca\/en\/activites\/"},{"@type":"ListItem","position":3,"name":"Biographie &#8211; L\u2019honorable Manon Savard"}]},{"@type":"WebSite","@id":"https:\/\/www.barreaudemontreal.qc.ca\/en\/#website","url":"https:\/\/www.barreaudemontreal.qc.ca\/en\/","name":"Barreau de Montr&eacute;al","description":"La plus grande section du Barreau du Qu&eacute;bec","potentialAction":[{"@type":"SearchAction","target":{"@type":"EntryPoint","urlTemplate":"https:\/\/www.barreaudemontreal.qc.ca\/en\/?s={search_term_string}"},"query-input":{"@type":"PropertyValueSpecification","valueRequired":true,"valueName":"search_term_string"}}],"inLanguage":"en-US"}]}},"_links":{"self":[{"href":"https:\/\/www.barreaudemontreal.qc.ca\/en\/wp-json\/wp\/v2\/pages\/31360","targetHints":{"allow":["GET"]}}],"collection":[{"href":"https:\/\/www.barreaudemontreal.qc.ca\/en\/wp-json\/wp\/v2\/pages"}],"about":[{"href":"https:\/\/www.barreaudemontreal.qc.ca\/en\/wp-json\/wp\/v2\/types\/page"}],"author":[{"embeddable":true,"href":"https:\/\/www.barreaudemontreal.qc.ca\/en\/wp-json\/wp\/v2\/users\/3"}],"replies":[{"embeddable":true,"href":"https:\/\/www.barreaudemontreal.qc.ca\/en\/wp-json\/wp\/v2\/comments?post=31360"}],"version-history":[{"count":0,"href":"https:\/\/www.barreaudemontreal.qc.ca\/en\/wp-json\/wp\/v2\/pages\/31360\/revisions"}],"up":[{"embeddable":true,"href":"https:\/\/www.barreaudemontreal.qc.ca\/en\/wp-json\/wp\/v2\/pages\/1300"}],"wp:attachment":[{"href":"https:\/\/www.barreaudemontreal.qc.ca\/en\/wp-json\/wp\/v2\/media?parent=31360"}],"curies":[{"name":"wp","href":"https:\/\/api.w.org\/{rel}","templated":true}]}}