{"id":2827,"date":"2018-06-26T15:22:31","date_gmt":"2018-06-26T15:22:31","guid":{"rendered":"http:\/\/barreau.stagingminimalmtl.com\/dependances\/"},"modified":"2023-02-10T19:04:49","modified_gmt":"2023-02-11T00:04:49","slug":"dependances","status":"publish","type":"page","link":"https:\/\/www.barreaudemontreal.qc.ca\/en\/avocats\/outils\/equilibre\/campagne-sur-la-sante-mentale-en-tete\/dependances\/","title":{"rendered":"D\u00e9pendances"},"content":{"rendered":"<p><iframe loading=\"lazy\" src=\"https:\/\/player.vimeo.com\/video\/289107570\" width=\"720\" height=\"405\" frameborder=\"0\" allowfullscreen=\"allowfullscreen\"><\/iframe><\/p>\n<p style=\"text-align: center;\"><a href=\"https:\/\/www.barreaudemontreal.qc.ca\/wp-content\/uploads\/en-tete_capsule-dependances.pdf\" target=\"_blank\" rel=\"noopener\">Voir la version \u00e9crite de la capsule<\/a><\/p>\n<h2 style=\"text-align: left;\">Description<\/h2>\n<p>La d\u00e9pendance est une maladie caract\u00e9ris\u00e9e par l\u2019incapacit\u00e9 d\u2019avoir le contr\u00f4le sur un comportement que l\u2019on sait n\u00e9faste pour<br \/>\nsoi-m\u00eame.<\/p>\n<h2 style=\"text-align: left;\">Questions \u00e0 se poser<\/h2>\n<ul>\n<li style=\"text-align: left;\">Est-ce que je me demande souvent si je devrais arr\u00eater?<\/li>\n<li style=\"text-align: left;\">Est-ce que quand j\u2019essaie d\u2019arr\u00eater, je n\u2019y arrive pas?<\/li>\n<li style=\"text-align: left;\">Est-ce que je me sens mal physiquement?<\/li>\n<li style=\"text-align: left;\">Est-ce que mon estime de moi est teint\u00e9e de cette d\u00e9pendance-l\u00e0?<\/li>\n<\/ul>\n<h2 style=\"text-align: left;\">L\u2019importance des facteurs de protection*<\/h2>\n<p>D\u00e9velopper des comp\u00e9tences personnelles et sociales ainsi qu\u2019une bonne estime de soi permet de prendre des meilleures d\u00e9cisions pour soi-m\u00eame. Des d\u00e9cisions qui peuvent toucher la consommation et la pratique des jeux de hasard, mais \u00e9galement tous les autres domaines de sa\u00a0vie.<\/p>\n<p>Un r\u00e9seau social de qualit\u00e9 facile l\u2019entraide et le partage, qu\u2019il soit question de partager son v\u00e9cu ou m\u00eame d\u2019\u00e9changer de l\u2019affection et de recevoir du support.<\/p>\n<p>Les facteurs de protection sont nombreux, on retrouve par exemple l\u2019engagement dans des activit\u00e9s structur\u00e9es dans des milieux vari\u00e9s tel que la participation dans une \u00e9quipe sportive, une troupe musicale ou l\u2019implication au niveau de son quartier.<\/p>\n<p>Ces facteurs permettent \u00e0 un individu d\u2019acqu\u00e9rir ou de d\u00e9velopper diff\u00e9rentes comp\u00e9tences personnelles et sociales et favorisent ainsi une bonne int\u00e9gration sociale et une meilleure capacit\u00e9 de communication, ils aident \u00e0 d\u00e9velopper un cercle social qui partage des passions communes. Ils\u00a0favorisent l\u2019atteinte d\u2019un juste \u00e9quilibre pour une vie saine et active.<\/p>\n<h2 style=\"text-align: left;\">Ressources<\/h2>\n<p><strong>RESSOURCES D&#8217;INFORMATION ET DE SOUTIEN<\/strong><br \/>\nSi vous vous reconnaissez ou si vous vous inqui\u00e9tez pour quelqu\u2019un de votre entourage, sachez que des ressources sont disponibles pour obtenir de l\u2019aide ou pour avoir plus d\u2019information sur les troubles de d\u00e9pendances :<\/p>\n<ul>\n<li style=\"text-align: left;\"><a href=\"https:\/\/www.barreau.qc.ca\/fr\/le-barreau\/organismes-affilies\/\" target=\"_blank\" rel=\"noopener\">Programme d&#8217;aide aux membres du Barreau du Qu\u00e9bec (PAMBA)<\/a><\/li>\n<li style=\"text-align: left;\"><a href=\"http:\/\/www.msss.gouv.qc.ca\/repertoires\/dependances\/\" target=\"_blank\" rel=\"noopener\">R\u00e9pertoire des ressources en d\u00e9pendances du MSSS<\/a><\/li>\n<li style=\"text-align: left;\"><a href=\"https:\/\/www.quebec.ca\/sante\/conseils-et-prevention\/alcool-drogues-jeu\/alcochoix\/\" target=\"_blank\" rel=\"noopener\">Programme Alcochoix+<\/a>.<\/li>\n<\/ul>\n<p><strong>RESSOURCES DE SOINS ET DE SERVICES<\/strong><br \/>\nPour obtenir des soins ou des services ou pour trouver un psychoth\u00e9rapeute avec qui vous vous sentirez \u00e0 l\u2019aise, communiquez avec l\u2019une ou l\u2019autre des ressources suivantes\u00a0:<\/p>\n<ul>\n<li style=\"text-align: left;\">Votre m\u00e9decin de famille<\/li>\n<li style=\"text-align: left;\"><a href=\"https:\/\/santemontreal.qc.ca\/population\/ressources\/ciusss\/\" target=\"_blank\" rel=\"noopener\">Votre centre int\u00e9gr\u00e9 de sant\u00e9 et de services sociaux (CISSS) ou votre centre int\u00e9gr\u00e9 universitaire de sant\u00e9 et de services sociaux (CIUSSS)<\/a><\/li>\n<li style=\"text-align: left;\"><a href=\"http:\/\/www.ordrepsy.qc.ca\/\" target=\"_blank\" rel=\"noopener\">Ordre des psychologues du Qu\u00e9bec<\/a><\/li>\n<li style=\"text-align: left;\"><a href=\"http:\/\/www.ampq.org\/\" target=\"_blank\" rel=\"noopener\">Association des m\u00e9decins psychiatres du Qu\u00e9bec<\/a><\/li>\n<\/ul>\n<p>* \u00a0Source\u00a0: <a href=\"https:\/\/www.quebec.ca\/sante\/conseils-et-prevention\/alcool-drogues-jeu\/?source=accueil\" target=\"_blank\" rel=\"noopener\">Portail sant\u00e9 mieux-\u00eatre<\/a> du Gouvernement du Qu\u00e9bec<\/p>\n","protected":false},"excerpt":{"rendered":"<p><iframe loading=\"lazy\" allowfullscreen=\"\" frameborder=\"0\" height=\"405\" src=\"https:\/\/player.vimeo.com\/video\/289107570\" width=\"720\"><\/iframe><\/p>\n<p style=\"text-align: right;\"><a href=\"https:\/\/www.barreaudemontreal.qc.ca\/wp-content\/uploads\/2018\/06\/en-tete_capsule-dependances.pdf\" target=\"_blank\" rel=\"noopener\">Voir la version \u00e9crite de la capsule<\/a><\/p>\n<h2 style=\"text-align: left;\">Description<\/h2>\n<p>La d\u00e9pendance est une maladie caract\u00e9ris\u00e9e par l\u2019incapacit\u00e9 d\u2019avoir le contr\u00f4le sur un comportement que l\u2019on sait n\u00e9faste pour<br \/>soi-m\u00eame.<\/p>\n","protected":false},"author":3,"featured_media":0,"parent":3673,"menu_order":1,"comment_status":"closed","ping_status":"closed","template":"","meta":{"_acf_changed":false,"_editorskit_title_hidden":false,"_editorskit_reading_time":1,"_editorskit_is_block_options_detached":false,"_editorskit_block_options_position":"{}","inline_featured_image":false,"ngg_post_thumbnail":0,"footnotes":""},"class_list":["post-2827","page","type-page","status-publish","hentry"],"acf":[],"yoast_head":"<!-- This site is optimized with the Yoast SEO plugin v27.4 - https:\/\/yoast.com\/product\/yoast-seo-wordpress\/ -->\n<title>D\u00e9pendances - Barreau de Montr&eacute;al<\/title>\n<meta name=\"robots\" content=\"index, follow, max-snippet:-1, max-image-preview:large, max-video-preview:-1\" \/>\n<link rel=\"canonical\" href=\"https:\/\/www.barreaudemontreal.qc.ca\/en\/avocats\/outils\/equilibre\/campagne-sur-la-sante-mentale-en-tete\/dependances\/\" \/>\n<meta property=\"og:locale\" content=\"en_US\" \/>\n<meta property=\"og:type\" content=\"article\" \/>\n<meta property=\"og:title\" content=\"D\u00e9pendances - Barreau de Montr&eacute;al\" \/>\n<meta property=\"og:description\" content=\"Voir la version \u00e9crite de la capsuleDescriptionLa d\u00e9pendance est une maladie caract\u00e9ris\u00e9e par l\u2019incapacit\u00e9 d\u2019avoir le contr\u00f4le sur un comportement que l\u2019on sait n\u00e9faste poursoi-m\u00eame.\" \/>\n<meta property=\"og:url\" content=\"https:\/\/www.barreaudemontreal.qc.ca\/en\/avocats\/outils\/equilibre\/campagne-sur-la-sante-mentale-en-tete\/dependances\/\" \/>\n<meta property=\"og:site_name\" content=\"Barreau de Montr&eacute;al\" \/>\n<meta property=\"article:modified_time\" content=\"2023-02-11T00:04:49+00:00\" \/>\n<meta name=\"twitter:card\" content=\"summary_large_image\" \/>\n<meta name=\"twitter:label1\" content=\"Est. reading time\" \/>\n\t<meta name=\"twitter:data1\" content=\"2 minutes\" \/>\n<script type=\"application\/ld+json\" class=\"yoast-schema-graph\">{\"@context\":\"https:\\\/\\\/schema.org\",\"@graph\":[{\"@type\":\"WebPage\",\"@id\":\"https:\\\/\\\/www.barreaudemontreal.qc.ca\\\/en\\\/avocats\\\/outils\\\/equilibre\\\/campagne-sur-la-sante-mentale-en-tete\\\/dependances\\\/\",\"url\":\"https:\\\/\\\/www.barreaudemontreal.qc.ca\\\/en\\\/avocats\\\/outils\\\/equilibre\\\/campagne-sur-la-sante-mentale-en-tete\\\/dependances\\\/\",\"name\":\"D\u00e9pendances - Barreau de Montr&eacute;al\",\"isPartOf\":{\"@id\":\"https:\\\/\\\/www.barreaudemontreal.qc.ca\\\/en\\\/#website\"},\"datePublished\":\"2018-06-26T15:22:31+00:00\",\"dateModified\":\"2023-02-11T00:04:49+00:00\",\"breadcrumb\":{\"@id\":\"https:\\\/\\\/www.barreaudemontreal.qc.ca\\\/en\\\/avocats\\\/outils\\\/equilibre\\\/campagne-sur-la-sante-mentale-en-tete\\\/dependances\\\/#breadcrumb\"},\"inLanguage\":\"en-US\",\"potentialAction\":[{\"@type\":\"ReadAction\",\"target\":[\"https:\\\/\\\/www.barreaudemontreal.qc.ca\\\/en\\\/avocats\\\/outils\\\/equilibre\\\/campagne-sur-la-sante-mentale-en-tete\\\/dependances\\\/\"]}]},{\"@type\":\"BreadcrumbList\",\"@id\":\"https:\\\/\\\/www.barreaudemontreal.qc.ca\\\/en\\\/avocats\\\/outils\\\/equilibre\\\/campagne-sur-la-sante-mentale-en-tete\\\/dependances\\\/#breadcrumb\",\"itemListElement\":[{\"@type\":\"ListItem\",\"position\":1,\"name\":\"Home\",\"item\":\"https:\\\/\\\/www.barreaudemontreal.qc.ca\\\/en\\\/\"},{\"@type\":\"ListItem\",\"position\":2,\"name\":\"Avocats\",\"item\":\"https:\\\/\\\/www.barreaudemontreal.qc.ca\\\/en\\\/avocats\\\/\"},{\"@type\":\"ListItem\",\"position\":3,\"name\":\"Outils\",\"item\":\"https:\\\/\\\/www.barreaudemontreal.qc.ca\\\/en\\\/avocats\\\/outils\\\/\"},{\"@type\":\"ListItem\",\"position\":4,\"name\":\"\u00c9quilibre de vie\",\"item\":\"https:\\\/\\\/www.barreaudemontreal.qc.ca\\\/en\\\/avocats\\\/outils\\\/equilibre\\\/\"},{\"@type\":\"ListItem\",\"position\":5,\"name\":\"Campagne sur la sant\u00e9 mentale \u00ab EN-T\u00caTE \u00bb\",\"item\":\"https:\\\/\\\/www.barreaudemontreal.qc.ca\\\/en\\\/avocats\\\/outils\\\/equilibre\\\/campagne-sur-la-sante-mentale-en-tete\\\/\"},{\"@type\":\"ListItem\",\"position\":6,\"name\":\"D\u00e9pendances\"}]},{\"@type\":\"WebSite\",\"@id\":\"https:\\\/\\\/www.barreaudemontreal.qc.ca\\\/en\\\/#website\",\"url\":\"https:\\\/\\\/www.barreaudemontreal.qc.ca\\\/en\\\/\",\"name\":\"Barreau de Montr&eacute;al\",\"description\":\"La plus grande section du Barreau du Qu&eacute;bec\",\"potentialAction\":[{\"@type\":\"SearchAction\",\"target\":{\"@type\":\"EntryPoint\",\"urlTemplate\":\"https:\\\/\\\/www.barreaudemontreal.qc.ca\\\/en\\\/?s={search_term_string}\"},\"query-input\":{\"@type\":\"PropertyValueSpecification\",\"valueRequired\":true,\"valueName\":\"search_term_string\"}}],\"inLanguage\":\"en-US\"}]}<\/script>\n<!-- \/ Yoast SEO plugin. -->","yoast_head_json":{"title":"D\u00e9pendances - Barreau de Montr&eacute;al","robots":{"index":"index","follow":"follow","max-snippet":"max-snippet:-1","max-image-preview":"max-image-preview:large","max-video-preview":"max-video-preview:-1"},"canonical":"https:\/\/www.barreaudemontreal.qc.ca\/en\/avocats\/outils\/equilibre\/campagne-sur-la-sante-mentale-en-tete\/dependances\/","og_locale":"en_US","og_type":"article","og_title":"D\u00e9pendances - Barreau de Montr&eacute;al","og_description":"Voir la version \u00e9crite de la capsuleDescriptionLa d\u00e9pendance est une maladie caract\u00e9ris\u00e9e par l\u2019incapacit\u00e9 d\u2019avoir le contr\u00f4le sur un comportement que l\u2019on sait n\u00e9faste poursoi-m\u00eame.","og_url":"https:\/\/www.barreaudemontreal.qc.ca\/en\/avocats\/outils\/equilibre\/campagne-sur-la-sante-mentale-en-tete\/dependances\/","og_site_name":"Barreau de Montr&eacute;al","article_modified_time":"2023-02-11T00:04:49+00:00","twitter_card":"summary_large_image","twitter_misc":{"Est. reading time":"2 minutes"},"schema":{"@context":"https:\/\/schema.org","@graph":[{"@type":"WebPage","@id":"https:\/\/www.barreaudemontreal.qc.ca\/en\/avocats\/outils\/equilibre\/campagne-sur-la-sante-mentale-en-tete\/dependances\/","url":"https:\/\/www.barreaudemontreal.qc.ca\/en\/avocats\/outils\/equilibre\/campagne-sur-la-sante-mentale-en-tete\/dependances\/","name":"D\u00e9pendances - Barreau de Montr&eacute;al","isPartOf":{"@id":"https:\/\/www.barreaudemontreal.qc.ca\/en\/#website"},"datePublished":"2018-06-26T15:22:31+00:00","dateModified":"2023-02-11T00:04:49+00:00","breadcrumb":{"@id":"https:\/\/www.barreaudemontreal.qc.ca\/en\/avocats\/outils\/equilibre\/campagne-sur-la-sante-mentale-en-tete\/dependances\/#breadcrumb"},"inLanguage":"en-US","potentialAction":[{"@type":"ReadAction","target":["https:\/\/www.barreaudemontreal.qc.ca\/en\/avocats\/outils\/equilibre\/campagne-sur-la-sante-mentale-en-tete\/dependances\/"]}]},{"@type":"BreadcrumbList","@id":"https:\/\/www.barreaudemontreal.qc.ca\/en\/avocats\/outils\/equilibre\/campagne-sur-la-sante-mentale-en-tete\/dependances\/#breadcrumb","itemListElement":[{"@type":"ListItem","position":1,"name":"Home","item":"https:\/\/www.barreaudemontreal.qc.ca\/en\/"},{"@type":"ListItem","position":2,"name":"Avocats","item":"https:\/\/www.barreaudemontreal.qc.ca\/en\/avocats\/"},{"@type":"ListItem","position":3,"name":"Outils","item":"https:\/\/www.barreaudemontreal.qc.ca\/en\/avocats\/outils\/"},{"@type":"ListItem","position":4,"name":"\u00c9quilibre de vie","item":"https:\/\/www.barreaudemontreal.qc.ca\/en\/avocats\/outils\/equilibre\/"},{"@type":"ListItem","position":5,"name":"Campagne sur la sant\u00e9 mentale \u00ab EN-T\u00caTE \u00bb","item":"https:\/\/www.barreaudemontreal.qc.ca\/en\/avocats\/outils\/equilibre\/campagne-sur-la-sante-mentale-en-tete\/"},{"@type":"ListItem","position":6,"name":"D\u00e9pendances"}]},{"@type":"WebSite","@id":"https:\/\/www.barreaudemontreal.qc.ca\/en\/#website","url":"https:\/\/www.barreaudemontreal.qc.ca\/en\/","name":"Barreau de Montr&eacute;al","description":"La plus grande section du Barreau du Qu&eacute;bec","potentialAction":[{"@type":"SearchAction","target":{"@type":"EntryPoint","urlTemplate":"https:\/\/www.barreaudemontreal.qc.ca\/en\/?s={search_term_string}"},"query-input":{"@type":"PropertyValueSpecification","valueRequired":true,"valueName":"search_term_string"}}],"inLanguage":"en-US"}]}},"_links":{"self":[{"href":"https:\/\/www.barreaudemontreal.qc.ca\/en\/wp-json\/wp\/v2\/pages\/2827","targetHints":{"allow":["GET"]}}],"collection":[{"href":"https:\/\/www.barreaudemontreal.qc.ca\/en\/wp-json\/wp\/v2\/pages"}],"about":[{"href":"https:\/\/www.barreaudemontreal.qc.ca\/en\/wp-json\/wp\/v2\/types\/page"}],"author":[{"embeddable":true,"href":"https:\/\/www.barreaudemontreal.qc.ca\/en\/wp-json\/wp\/v2\/users\/3"}],"replies":[{"embeddable":true,"href":"https:\/\/www.barreaudemontreal.qc.ca\/en\/wp-json\/wp\/v2\/comments?post=2827"}],"version-history":[{"count":0,"href":"https:\/\/www.barreaudemontreal.qc.ca\/en\/wp-json\/wp\/v2\/pages\/2827\/revisions"}],"up":[{"embeddable":true,"href":"https:\/\/www.barreaudemontreal.qc.ca\/en\/wp-json\/wp\/v2\/pages\/3673"}],"wp:attachment":[{"href":"https:\/\/www.barreaudemontreal.qc.ca\/en\/wp-json\/wp\/v2\/media?parent=2827"}],"curies":[{"name":"wp","href":"https:\/\/api.w.org\/{rel}","templated":true}]}}