{"id":2799,"date":"2018-05-24T18:20:15","date_gmt":"2018-05-24T18:20:15","guid":{"rendered":"http:\/\/barreau.stagingminimalmtl.com\/sante-mentale\/"},"modified":"2018-05-24T18:20:15","modified_gmt":"2018-05-24T18:20:15","slug":"sante-mentale","status":"publish","type":"page","link":"https:\/\/www.barreaudemontreal.qc.ca\/en\/sante-mentale\/","title":{"rendered":"Sant\u00e9 mentale"},"content":{"rendered":"<p><img decoding=\"async\" alt=\"\" src=\"https:\/\/www.barreaudemontreal.qc.ca\/wp-content\/uploads\/intro-web-santementale-v2-2.gif\" style=\"width: 720px; height: 396px;\"><\/p>\n<p><strong>Le Barreau de Montr\u00e9al, par l\u2019entremise de son comit\u00e9 des relations avec les membres, souhaite \u00eatre un vecteur de changement et aborder ouvertement cette r\u00e9alit\u00e9 en lan\u00e7ant la campagne EN-T\u00caTE.<\/strong><\/p>\n<p>Cette campagne vise notamment \u00e0 rappeler que la sant\u00e9 mentale ne se limite pas \u00e0 l\u2019\u00e9vitement des maladies. Elle constitue le fondement de notre fonctionnement personnel et professionnel, de notre bien-\u00eatre psychologique et physique, tout en s\u2019appuyant sur l\u2019interaction entre l\u2019individu et son environnement. Chez les membres de la communaut\u00e9 juridique, l\u2019environnement moderne pose des d\u00e9fis particuliers, tels la comp\u00e9tition, la pression \u00e0 livrer des heures facturables et la vitesse de r\u00e9action exig\u00e9e par la technologie. S\u2019il est impossible d\u2019\u00e9viter les facteurs de stress ext\u00e9rieurs, on peut assur\u00e9ment augmenter les facteurs de protection gr\u00e2ce au pouvoir que nous avons sur notre propre sant\u00e9 mentale et sur notre environnement. Nous pouvons ainsi \u00eatre \u00e0 l\u2019\u00e9coute des diff\u00e9rentes dimensions de notre fonctionnement psychologique, que ce soit au niveau cognitif (m\u00e9moire, organisation, vivacit\u00e9 d\u2019esprit, obsessions, pr\u00e9occupations exag\u00e9r\u00e9es), affectif (fluctuations d\u2019humeur, hypersensibilit\u00e9, irritabilit\u00e9, tristesse), comportemental (baisse de motivation, erreurs inhabituelles, niveau d\u2019activit\u00e9 r\u00e9duit), consommation (alcool, nourriture, m\u00e9dicaments, achats) et relations interpersonnelles (conflits, d\u00e9tachement, passivit\u00e9, agressivit\u00e9).<\/p>\n<table style=\"width:500px;\" cellspacing=\"0\" cellpadding=\"0\" border=\"0\">\n<tbody>\n<tr>\n<td>\n<div class=\"survol\"><a href=\"https:\/\/www.barreaudemontreal.qc.ca\/avocats\/anxiete-et-peurs\"><img decoding=\"async\" alt=\"\" src=\"https:\/\/www.barreaudemontreal.qc.ca\/wp-content\/uploads\/bt-capsules-anxiete.gif\" style=\"width: 240px; height: 142px; float: left;\" title=\"Anxi\u00e9t\u00e9 et peurs\"><img decoding=\"async\" alt=\"\" src=\"https:\/\/www.barreaudemontreal.qc.ca\/wp-content\/uploads\/bt-capsules-anxiete-over.gif\" style=\"width: 240px; height: 142px; float: left;\" title=\"Anxi\u00e9t\u00e9 et peurs\"><\/a><\/div>\n<\/td>\n<td>\n<div class=\"survol\"><a href=\"https:\/\/www.barreaudemontreal.qc.ca\/avocats\/dependances\"><img decoding=\"async\" alt=\"\" src=\"https:\/\/www.barreaudemontreal.qc.ca\/wp-content\/uploads\/bt-capsules-dependances.gif\" style=\"width: 240px; height: 142px; float: left;\" title=\"D\u00e9pendances\"><img decoding=\"async\" alt=\"\" src=\"https:\/\/www.barreaudemontreal.qc.ca\/wp-content\/uploads\/bt-capsules-dependances-over.gif\" style=\"width: 240px; height: 142px; float: left;\" title=\"D\u00e9pendances\"><\/a><\/div>\n<\/td>\n<td>\n<div class=\"survol\"><a href=\"https:\/\/www.barreaudemontreal.qc.ca\/avocats\/depression-et-epuisement\"><img decoding=\"async\" alt=\"\" src=\"https:\/\/www.barreaudemontreal.qc.ca\/wp-content\/uploads\/bt-capsules-depression.gif\" style=\"width: 240px; height: 142px; float: left;\" title=\"D\u00e9pression et \u00e9puisement\"><img decoding=\"async\" alt=\"\" src=\"https:\/\/www.barreaudemontreal.qc.ca\/wp-content\/uploads\/bt-capsules-depression-over.gif\" style=\"width: 240px; height: 142px; float: left;\" title=\"D\u00e9pression et \u00e9puisement\"><\/a><\/div>\n<\/td>\n<\/tr>\n<tr>\n<td>\n<div class=\"survol\"><img decoding=\"async\" alt=\"\" src=\"https:\/\/www.barreaudemontreal.qc.ca\/wp-content\/uploads\/bt-capsules-troublespersonnalite.gif\" style=\"width: 240px; height: 142px; float: left;\" title=\"Troubles de la personnalit\u00e9\"><img decoding=\"async\" alt=\"\" src=\"https:\/\/www.barreaudemontreal.qc.ca\/wp-content\/uploads\/bt-capsules-troublespersonnalite-over.gif\" style=\"width: 240px; height: 142px; float: left;\" title=\"Troubles de la personnalit\u00e9\"><\/div>\n<\/td>\n<td>\n<div class=\"survol\"><img decoding=\"async\" alt=\"\" src=\"https:\/\/www.barreaudemontreal.qc.ca\/wp-content\/uploads\/bt-capsules-chargementale.gif\" style=\"width: 240px; height: 142px; float: left;\" title=\"Charge mentale\"><img decoding=\"async\" alt=\"\" src=\"https:\/\/www.barreaudemontreal.qc.ca\/wp-content\/uploads\/bt-capsules-chargementale-over.gif\" style=\"width: 240px; height: 142px; float: left;\" title=\"Charge mentale\"><\/div>\n<\/td>\n<td>\n<div class=\"survol\"><img decoding=\"async\" alt=\"\" src=\"https:\/\/www.barreaudemontreal.qc.ca\/wp-content\/uploads\/bt-capsules-santementale.gif\" style=\"width: 240px; height: 142px; float: left;\" title=\"La sant\u00e9 mentale au quotidien\"><img decoding=\"async\" alt=\"\" src=\"https:\/\/www.barreaudemontreal.qc.ca\/wp-content\/uploads\/bt-capsules-santementale-over.gif\" style=\"width: 240px; height: 142px; float: left;\" title=\"La sant\u00e9 mentale au quotidien\"><\/div>\n<\/td>\n<\/tr>\n<\/tbody>\n<\/table>\n<p>&nbsp;<\/p>\n","protected":false},"excerpt":{"rendered":"<p><img decoding=\"async\" alt=\"\" src=\"https:\/\/www.barreaudemontreal.qc.ca\/wp-content\/uploads\/2018\/05\/intro-web-santementale-v2-2.gif\" style=\"width: 720px; height: 396px;\"><\/p>\n<p><strong>Le Barreau de Montr\u00e9al, par l\u2019entremise de son comit\u00e9 des relations avec les membres, souhaite \u00eatre un vecteur de changement et aborder ouvertement cette r\u00e9alit\u00e9 en lan\u00e7ant la campagne EN-T\u00caTE.<\/strong><\/p>\n","protected":false},"author":3,"featured_media":2774,"parent":0,"menu_order":206,"comment_status":"closed","ping_status":"closed","template":"","meta":{"_acf_changed":false,"_editorskit_title_hidden":false,"_editorskit_reading_time":0,"_editorskit_is_block_options_detached":false,"_editorskit_block_options_position":"{}","inline_featured_image":false,"ngg_post_thumbnail":0,"footnotes":""},"class_list":["post-2799","page","type-page","status-publish","has-post-thumbnail","hentry"],"acf":[],"yoast_head":"<!-- This site is optimized with the Yoast SEO plugin v27.4 - https:\/\/yoast.com\/product\/yoast-seo-wordpress\/ -->\n<title>Sant\u00e9 mentale - Barreau de Montr&eacute;al<\/title>\n<meta name=\"robots\" content=\"index, follow, max-snippet:-1, max-image-preview:large, max-video-preview:-1\" \/>\n<link rel=\"canonical\" href=\"https:\/\/www.barreaudemontreal.qc.ca\/en\/sante-mentale\/\" \/>\n<meta property=\"og:locale\" content=\"en_US\" \/>\n<meta property=\"og:type\" content=\"article\" \/>\n<meta property=\"og:title\" content=\"Sant\u00e9 mentale - Barreau de Montr&eacute;al\" \/>\n<meta property=\"og:description\" content=\"Le Barreau de Montr\u00e9al, par l\u2019entremise de son comit\u00e9 des relations avec les membres, souhaite \u00eatre un vecteur de changement et aborder ouvertement cette r\u00e9alit\u00e9 en lan\u00e7ant la campagne EN-T\u00caTE.\" \/>\n<meta property=\"og:url\" content=\"https:\/\/www.barreaudemontreal.qc.ca\/en\/sante-mentale\/\" \/>\n<meta property=\"og:site_name\" content=\"Barreau de Montr&eacute;al\" \/>\n<meta property=\"og:image\" content=\"https:\/\/www.barreaudemontreal.qc.ca\/wp-content\/uploads\/intro-web-santementale-v2-2.gif\" \/>\n\t<meta property=\"og:image:width\" content=\"720\" \/>\n\t<meta property=\"og:image:height\" content=\"396\" \/>\n\t<meta property=\"og:image:type\" content=\"image\/gif\" \/>\n<meta name=\"twitter:card\" content=\"summary_large_image\" \/>\n<meta name=\"twitter:label1\" content=\"Est. reading time\" \/>\n\t<meta name=\"twitter:data1\" content=\"1 minute\" \/>\n<script type=\"application\/ld+json\" class=\"yoast-schema-graph\">{\"@context\":\"https:\\\/\\\/schema.org\",\"@graph\":[{\"@type\":\"WebPage\",\"@id\":\"https:\\\/\\\/www.barreaudemontreal.qc.ca\\\/en\\\/sante-mentale\\\/\",\"url\":\"https:\\\/\\\/www.barreaudemontreal.qc.ca\\\/en\\\/sante-mentale\\\/\",\"name\":\"Sant\u00e9 mentale - Barreau de Montr&eacute;al\",\"isPartOf\":{\"@id\":\"https:\\\/\\\/www.barreaudemontreal.qc.ca\\\/en\\\/#website\"},\"primaryImageOfPage\":{\"@id\":\"https:\\\/\\\/www.barreaudemontreal.qc.ca\\\/en\\\/sante-mentale\\\/#primaryimage\"},\"image\":{\"@id\":\"https:\\\/\\\/www.barreaudemontreal.qc.ca\\\/en\\\/sante-mentale\\\/#primaryimage\"},\"thumbnailUrl\":\"https:\\\/\\\/www.barreaudemontreal.qc.ca\\\/wp-content\\\/uploads\\\/intro-web-santementale-v2-2.gif\",\"datePublished\":\"2018-05-24T18:20:15+00:00\",\"breadcrumb\":{\"@id\":\"https:\\\/\\\/www.barreaudemontreal.qc.ca\\\/en\\\/sante-mentale\\\/#breadcrumb\"},\"inLanguage\":\"en-US\",\"potentialAction\":[{\"@type\":\"ReadAction\",\"target\":[\"https:\\\/\\\/www.barreaudemontreal.qc.ca\\\/en\\\/sante-mentale\\\/\"]}]},{\"@type\":\"ImageObject\",\"inLanguage\":\"en-US\",\"@id\":\"https:\\\/\\\/www.barreaudemontreal.qc.ca\\\/en\\\/sante-mentale\\\/#primaryimage\",\"url\":\"https:\\\/\\\/www.barreaudemontreal.qc.ca\\\/wp-content\\\/uploads\\\/intro-web-santementale-v2-2.gif\",\"contentUrl\":\"https:\\\/\\\/www.barreaudemontreal.qc.ca\\\/wp-content\\\/uploads\\\/intro-web-santementale-v2-2.gif\",\"width\":720,\"height\":396},{\"@type\":\"BreadcrumbList\",\"@id\":\"https:\\\/\\\/www.barreaudemontreal.qc.ca\\\/en\\\/sante-mentale\\\/#breadcrumb\",\"itemListElement\":[{\"@type\":\"ListItem\",\"position\":1,\"name\":\"Home\",\"item\":\"https:\\\/\\\/www.barreaudemontreal.qc.ca\\\/en\\\/\"},{\"@type\":\"ListItem\",\"position\":2,\"name\":\"Sant\u00e9 mentale\"}]},{\"@type\":\"WebSite\",\"@id\":\"https:\\\/\\\/www.barreaudemontreal.qc.ca\\\/en\\\/#website\",\"url\":\"https:\\\/\\\/www.barreaudemontreal.qc.ca\\\/en\\\/\",\"name\":\"Barreau de Montr&eacute;al\",\"description\":\"La plus grande section du Barreau du Qu&eacute;bec\",\"potentialAction\":[{\"@type\":\"SearchAction\",\"target\":{\"@type\":\"EntryPoint\",\"urlTemplate\":\"https:\\\/\\\/www.barreaudemontreal.qc.ca\\\/en\\\/?s={search_term_string}\"},\"query-input\":{\"@type\":\"PropertyValueSpecification\",\"valueRequired\":true,\"valueName\":\"search_term_string\"}}],\"inLanguage\":\"en-US\"}]}<\/script>\n<!-- \/ Yoast SEO plugin. -->","yoast_head_json":{"title":"Sant\u00e9 mentale - Barreau de Montr&eacute;al","robots":{"index":"index","follow":"follow","max-snippet":"max-snippet:-1","max-image-preview":"max-image-preview:large","max-video-preview":"max-video-preview:-1"},"canonical":"https:\/\/www.barreaudemontreal.qc.ca\/en\/sante-mentale\/","og_locale":"en_US","og_type":"article","og_title":"Sant\u00e9 mentale - Barreau de Montr&eacute;al","og_description":"Le Barreau de Montr\u00e9al, par l\u2019entremise de son comit\u00e9 des relations avec les membres, souhaite \u00eatre un vecteur de changement et aborder ouvertement cette r\u00e9alit\u00e9 en lan\u00e7ant la campagne EN-T\u00caTE.","og_url":"https:\/\/www.barreaudemontreal.qc.ca\/en\/sante-mentale\/","og_site_name":"Barreau de Montr&eacute;al","og_image":[{"width":720,"height":396,"url":"https:\/\/www.barreaudemontreal.qc.ca\/wp-content\/uploads\/intro-web-santementale-v2-2.gif","type":"image\/gif"}],"twitter_card":"summary_large_image","twitter_misc":{"Est. reading time":"1 minute"},"schema":{"@context":"https:\/\/schema.org","@graph":[{"@type":"WebPage","@id":"https:\/\/www.barreaudemontreal.qc.ca\/en\/sante-mentale\/","url":"https:\/\/www.barreaudemontreal.qc.ca\/en\/sante-mentale\/","name":"Sant\u00e9 mentale - Barreau de Montr&eacute;al","isPartOf":{"@id":"https:\/\/www.barreaudemontreal.qc.ca\/en\/#website"},"primaryImageOfPage":{"@id":"https:\/\/www.barreaudemontreal.qc.ca\/en\/sante-mentale\/#primaryimage"},"image":{"@id":"https:\/\/www.barreaudemontreal.qc.ca\/en\/sante-mentale\/#primaryimage"},"thumbnailUrl":"https:\/\/www.barreaudemontreal.qc.ca\/wp-content\/uploads\/intro-web-santementale-v2-2.gif","datePublished":"2018-05-24T18:20:15+00:00","breadcrumb":{"@id":"https:\/\/www.barreaudemontreal.qc.ca\/en\/sante-mentale\/#breadcrumb"},"inLanguage":"en-US","potentialAction":[{"@type":"ReadAction","target":["https:\/\/www.barreaudemontreal.qc.ca\/en\/sante-mentale\/"]}]},{"@type":"ImageObject","inLanguage":"en-US","@id":"https:\/\/www.barreaudemontreal.qc.ca\/en\/sante-mentale\/#primaryimage","url":"https:\/\/www.barreaudemontreal.qc.ca\/wp-content\/uploads\/intro-web-santementale-v2-2.gif","contentUrl":"https:\/\/www.barreaudemontreal.qc.ca\/wp-content\/uploads\/intro-web-santementale-v2-2.gif","width":720,"height":396},{"@type":"BreadcrumbList","@id":"https:\/\/www.barreaudemontreal.qc.ca\/en\/sante-mentale\/#breadcrumb","itemListElement":[{"@type":"ListItem","position":1,"name":"Home","item":"https:\/\/www.barreaudemontreal.qc.ca\/en\/"},{"@type":"ListItem","position":2,"name":"Sant\u00e9 mentale"}]},{"@type":"WebSite","@id":"https:\/\/www.barreaudemontreal.qc.ca\/en\/#website","url":"https:\/\/www.barreaudemontreal.qc.ca\/en\/","name":"Barreau de Montr&eacute;al","description":"La plus grande section du Barreau du Qu&eacute;bec","potentialAction":[{"@type":"SearchAction","target":{"@type":"EntryPoint","urlTemplate":"https:\/\/www.barreaudemontreal.qc.ca\/en\/?s={search_term_string}"},"query-input":{"@type":"PropertyValueSpecification","valueRequired":true,"valueName":"search_term_string"}}],"inLanguage":"en-US"}]}},"_links":{"self":[{"href":"https:\/\/www.barreaudemontreal.qc.ca\/en\/wp-json\/wp\/v2\/pages\/2799","targetHints":{"allow":["GET"]}}],"collection":[{"href":"https:\/\/www.barreaudemontreal.qc.ca\/en\/wp-json\/wp\/v2\/pages"}],"about":[{"href":"https:\/\/www.barreaudemontreal.qc.ca\/en\/wp-json\/wp\/v2\/types\/page"}],"author":[{"embeddable":true,"href":"https:\/\/www.barreaudemontreal.qc.ca\/en\/wp-json\/wp\/v2\/users\/3"}],"replies":[{"embeddable":true,"href":"https:\/\/www.barreaudemontreal.qc.ca\/en\/wp-json\/wp\/v2\/comments?post=2799"}],"version-history":[{"count":0,"href":"https:\/\/www.barreaudemontreal.qc.ca\/en\/wp-json\/wp\/v2\/pages\/2799\/revisions"}],"wp:featuredmedia":[{"embeddable":true,"href":"https:\/\/www.barreaudemontreal.qc.ca\/en\/wp-json\/wp\/v2\/media\/2774"}],"wp:attachment":[{"href":"https:\/\/www.barreaudemontreal.qc.ca\/en\/wp-json\/wp\/v2\/media?parent=2799"}],"curies":[{"name":"wp","href":"https:\/\/api.w.org\/{rel}","templated":true}]}}