{"id":2432,"date":"2017-06-13T13:05:16","date_gmt":"2017-06-13T13:05:16","guid":{"rendered":"http:\/\/barreau.stagingminimalmtl.com\/mtre-daniel-aube\/"},"modified":"2022-02-03T11:57:06","modified_gmt":"2022-02-03T11:57:06","slug":"mtre-daniel-aube","status":"publish","type":"page","link":"https:\/\/www.barreaudemontreal.qc.ca\/en\/mtre-daniel-aube\/","title":{"rendered":"Mtre Daniel Aub\u00e9"},"content":{"rendered":"<p><img decoding=\"async\" src=\"https:\/\/www.barreaudemontreal.qc.ca\/wp-content\/uploads\/sites\/default\/files\/sites\/default\/files\/bann_figuredemaitre_500.jpg\" style=\"vertical-align: top; width: 475px; height: 133px;\"><\/p>\n<p><strong>Mtre Daniel Aub\u00e9: No fears, no regrets<\/strong><br \/><span style=\"font-size: 10.0pt; font-family: Arial,sans-serif\"><em>By M\u00e9lanie Dugr\u00e9, lawyer<\/em><br \/><span style=\"font-size: 10.0pt; font-family: Arial,sans-serif\"><span style=\"font-size: 10.0pt; font-family: Arial,sans-serif\"><span style=\"font-size: 10.0pt; font-family: Arial,sans-serif\"><span style=\"color:#696969;\"><span style=\"font-size: 11px;\">(<span style=\"font-family: Arial,sans-serif; font-size: 10pt;\"><span style=\"font-family: Arial,sans-serif; font-size: 10pt;\"><span style=\"font-family: Arial,sans-serif; font-size: 10pt;\"><span style=\"font-family: Arial,sans-serif; font-size: 10pt;\"><span style=\"color: rgb(105, 105, 105);\"><span style=\"font-size: 11px;\">Article published on June 27, 2017)<\/span><\/span><\/span><\/span><\/span><\/span><\/span><\/span><\/span><\/span><\/span><\/span><\/p>\n<p><img decoding=\"async\" alt=\"\" src=\"https:\/\/www.barreaudemontreal.qc.ca\/wp-content\/uploads\/aube_daniel.jpg\" style=\"width: 125px; height: 132px; float: left;\">Although only in his early thirties, admitted to the Bar in 2011, Mtre Daniel Aube exudes an air of maturity and wisdom. He was born in Montreal and followed the usual straight- line path through the various levels of public education. After beginning a bachelor\u2019s degree at Universit\u00e9 de Montr\u00e9al in international studies, his best grades turned out to be in his law courses, leading him to cross over to the Faculty of Law, filled with a desire to be of help to others while earning a living.<\/p>\n<p>Daniel articled at the Court of Appeal, mainly acting as a law clerk for the Hon.&nbsp;Mr.&nbsp;Justice Jacques Fournier. He found himself deeply interested in this foray into pure legal concepts and appreciated having privileged access to major social issues as expressed in a legal context.<\/p>\n<p>He speaks with fervour, respect and admiration of the Court of Appeal and its judges, admitting that he is impressed by their great intelligence, the intellectual route they take in the cases that come before them and their search for the legal reasoning that will help them reach a fair and equitable solution. His first stay at the Court of Appeal was extended, with Daniel working there for three years.<\/p>\n<p>After that, he spent 18 months with a small firm where he practised mainly in municipal litigation and professional liability. This experience confirmed to him that the confrontation inherent in a practice focused on litigation was not for him. He decided to round out his studies with intensive training in civil and commercial mediation at Universit\u00e9 de Sherbrooke.<\/p>\n<p>The door to the Court of Appeal opened once again for Daniel Aub\u00e9 in fall 2015 when he was offered a contract as a legal writer. He worked behind the scenes to prepare for the introduction of the new <em>Code of Civil Procedure<\/em> by helping to train court office employees and judges\u2019 assistants. He was therefore very much involved in the countdown to the expected date of introduction \u2013 feared by some \u2013 of January&nbsp;1, 2016.<\/p>\n<p>Once his contract at the Court of Appeal was over, Daniel joined the Legal Department at the Ville de Montr\u00e9al in June 2016 as a maternity leave replacement. He acted as a legal advisor in environment and urban planning. He says that he felt fulfilled by his work and his role, which enabled him to dig deeper into legal issues while prioritizing the welfare of the Montreal community in drawing up his opinions and recommendations.<\/p>\n<p>As a full-fledged millennial, Daniel places a great deal of importance on life-work balance. His scale of priorities includes not putting all his eggs in one basket, enjoying himself both physically and intellectually, and contributing to society.<\/p>\n<p>Concerned about vulnerable segments of society and feeling challenged to do something, in 2012 Daniel Aub\u00e9 started helping to serve the evening meal at the Maison du P\u00e8re. This involvement expanded when, as a member of the Pro Bono Committee of the Young Bar of Montreal, Daniel offered legal clinics for the homeless and organized an annual supper at the Maison du P\u00e8re which is served by members of the judiciary.<\/p>\n<p>Daniel Aub\u00e9 is also a member of the Board of Directors of PRACOM, a house located in the Plateau Mont-Royal that for the past 33 years has had the mission of offering support to individuals with mental health issues and breaking their isolation. He is particularly proud of the composition of the Board: four of the eight members are users of the house, which adds value to the management team. Furthermore, the organization operates without an executive director, with the staff acting as co-managers under the supervision of the Board of Directors. The organizational model also calls for users to take charge of the workshops and activities offered by the house, which makes a positive contribution to developing independence and self-confidence among users.<\/p>\n<p>In addition to this inspiring track record, Daniel is involved with the Association des b\u00e8gues (Stuttering Association), which asked him to give a talk last fall. His positive and enthusiastic response took many by surprise, because it is relatively unusual for a stutterer to volunteer for this type of exercise. Daniel gave an effective speech that aroused considerable interest because of the powerful message he delivered, dealing with the subject of his own stuttering with disarming frankness and simplicity. He spoke of it openly and defused any potentially embarrassing or stress-provoking situations by describing his reality right from the outset. He reassured his audience by confirming that his stuttering was not because he was irresponsible or unprepared, and by answering their questions and responding to their concerns. His way of facing stuttering head-on and never trying to avoid it out of fear have always served Daniel well, and have allowed him to win the respect of his peers, while being a beacon of hope for stutterers who feel restricted by their situation. Basically, Daniel pays no attention to stuttering and keeps right on going, without any fears or regrets, refusing to let stuttering hold him back.<\/p>\n<p>Daniel Aub\u00e9 looks to the future with the calmness and serenity of youth that has nothing to fear, convinced that challenges equal to his aspirations await him on the road that lies ahead. In his search for a satisfying personal and professional life, Daniel Aub\u00e9 ardently defends the values of mutual aid, solidarity and community involvement, which without question make him an inspiring model for the next generation.<\/p>\n","protected":false},"excerpt":{"rendered":"<p><img decoding=\"async\" src=\"https:\/\/www.barreaudemontreal.qc.ca\/wp-content\/uploads\/sites\/default\/files\/bann_figuredemaitre_500.jpg\" style=\"vertical-align: top; width: 475px; height: 133px;\"><\/p>\n<p><strong>Mtre Daniel Aub\u00e9: No fears, no regrets<\/strong><br \/><span style=\"font-size: 10.0pt; font-family: Arial,sans-serif\"><em>By M\u00e9lanie Dugr\u00e9, lawyer<\/em><\/p>\n","protected":false},"author":3,"featured_media":0,"parent":0,"menu_order":115,"comment_status":"closed","ping_status":"closed","template":"","meta":{"_acf_changed":false,"_editorskit_title_hidden":false,"_editorskit_reading_time":0,"_editorskit_is_block_options_detached":false,"_editorskit_block_options_position":"{}","inline_featured_image":false,"ngg_post_thumbnail":0,"footnotes":""},"class_list":["post-2432","page","type-page","status-publish","hentry"],"acf":[],"yoast_head":"<!-- This site is optimized with the Yoast SEO plugin v27.4 - https:\/\/yoast.com\/product\/yoast-seo-wordpress\/ -->\n<title>Mtre Daniel Aub\u00e9 - Barreau de Montr&eacute;al<\/title>\n<meta name=\"robots\" content=\"index, follow, max-snippet:-1, max-image-preview:large, max-video-preview:-1\" \/>\n<link rel=\"canonical\" href=\"https:\/\/www.barreaudemontreal.qc.ca\/en\/mtre-daniel-aube\/\" \/>\n<meta property=\"og:locale\" content=\"en_US\" \/>\n<meta property=\"og:type\" content=\"article\" \/>\n<meta property=\"og:title\" content=\"Mtre Daniel Aub\u00e9 - Barreau de Montr&eacute;al\" \/>\n<meta property=\"og:description\" content=\"Mtre Daniel Aub\u00e9: No fears, no regretsBy M\u00e9lanie Dugr\u00e9, lawyer\" \/>\n<meta property=\"og:url\" content=\"https:\/\/www.barreaudemontreal.qc.ca\/en\/mtre-daniel-aube\/\" \/>\n<meta property=\"og:site_name\" content=\"Barreau de Montr&eacute;al\" \/>\n<meta property=\"article:modified_time\" content=\"2022-02-03T11:57:06+00:00\" \/>\n<meta property=\"og:image\" content=\"https:\/\/www.barreaudemontreal.qc.ca\/wp-content\/uploads\/sites\/default\/files\/sites\/default\/files\/bann_figuredemaitre_500.jpg\" \/>\n<meta name=\"twitter:card\" content=\"summary_large_image\" \/>\n<meta name=\"twitter:label1\" content=\"Est. reading time\" \/>\n\t<meta name=\"twitter:data1\" content=\"5 minutes\" \/>\n<script type=\"application\/ld+json\" class=\"yoast-schema-graph\">{\"@context\":\"https:\\\/\\\/schema.org\",\"@graph\":[{\"@type\":\"WebPage\",\"@id\":\"https:\\\/\\\/www.barreaudemontreal.qc.ca\\\/en\\\/mtre-daniel-aube\\\/\",\"url\":\"https:\\\/\\\/www.barreaudemontreal.qc.ca\\\/en\\\/mtre-daniel-aube\\\/\",\"name\":\"Mtre Daniel Aub\u00e9 - Barreau de Montr&eacute;al\",\"isPartOf\":{\"@id\":\"https:\\\/\\\/www.barreaudemontreal.qc.ca\\\/en\\\/#website\"},\"primaryImageOfPage\":{\"@id\":\"https:\\\/\\\/www.barreaudemontreal.qc.ca\\\/en\\\/mtre-daniel-aube\\\/#primaryimage\"},\"image\":{\"@id\":\"https:\\\/\\\/www.barreaudemontreal.qc.ca\\\/en\\\/mtre-daniel-aube\\\/#primaryimage\"},\"thumbnailUrl\":\"https:\\\/\\\/www.barreaudemontreal.qc.ca\\\/wp-content\\\/uploads\\\/sites\\\/default\\\/files\\\/sites\\\/default\\\/files\\\/bann_figuredemaitre_500.jpg\",\"datePublished\":\"2017-06-13T13:05:16+00:00\",\"dateModified\":\"2022-02-03T11:57:06+00:00\",\"breadcrumb\":{\"@id\":\"https:\\\/\\\/www.barreaudemontreal.qc.ca\\\/en\\\/mtre-daniel-aube\\\/#breadcrumb\"},\"inLanguage\":\"en-US\",\"potentialAction\":[{\"@type\":\"ReadAction\",\"target\":[\"https:\\\/\\\/www.barreaudemontreal.qc.ca\\\/en\\\/mtre-daniel-aube\\\/\"]}]},{\"@type\":\"ImageObject\",\"inLanguage\":\"en-US\",\"@id\":\"https:\\\/\\\/www.barreaudemontreal.qc.ca\\\/en\\\/mtre-daniel-aube\\\/#primaryimage\",\"url\":\"https:\\\/\\\/www.barreaudemontreal.qc.ca\\\/wp-content\\\/uploads\\\/sites\\\/default\\\/files\\\/sites\\\/default\\\/files\\\/bann_figuredemaitre_500.jpg\",\"contentUrl\":\"https:\\\/\\\/www.barreaudemontreal.qc.ca\\\/wp-content\\\/uploads\\\/sites\\\/default\\\/files\\\/sites\\\/default\\\/files\\\/bann_figuredemaitre_500.jpg\"},{\"@type\":\"BreadcrumbList\",\"@id\":\"https:\\\/\\\/www.barreaudemontreal.qc.ca\\\/en\\\/mtre-daniel-aube\\\/#breadcrumb\",\"itemListElement\":[{\"@type\":\"ListItem\",\"position\":1,\"name\":\"Home\",\"item\":\"https:\\\/\\\/www.barreaudemontreal.qc.ca\\\/en\\\/\"},{\"@type\":\"ListItem\",\"position\":2,\"name\":\"Mtre Daniel Aub\u00e9\"}]},{\"@type\":\"WebSite\",\"@id\":\"https:\\\/\\\/www.barreaudemontreal.qc.ca\\\/en\\\/#website\",\"url\":\"https:\\\/\\\/www.barreaudemontreal.qc.ca\\\/en\\\/\",\"name\":\"Barreau de Montr&eacute;al\",\"description\":\"La plus grande section du Barreau du Qu&eacute;bec\",\"potentialAction\":[{\"@type\":\"SearchAction\",\"target\":{\"@type\":\"EntryPoint\",\"urlTemplate\":\"https:\\\/\\\/www.barreaudemontreal.qc.ca\\\/en\\\/?s={search_term_string}\"},\"query-input\":{\"@type\":\"PropertyValueSpecification\",\"valueRequired\":true,\"valueName\":\"search_term_string\"}}],\"inLanguage\":\"en-US\"}]}<\/script>\n<!-- \/ Yoast SEO plugin. -->","yoast_head_json":{"title":"Mtre Daniel Aub\u00e9 - Barreau de Montr&eacute;al","robots":{"index":"index","follow":"follow","max-snippet":"max-snippet:-1","max-image-preview":"max-image-preview:large","max-video-preview":"max-video-preview:-1"},"canonical":"https:\/\/www.barreaudemontreal.qc.ca\/en\/mtre-daniel-aube\/","og_locale":"en_US","og_type":"article","og_title":"Mtre Daniel Aub\u00e9 - Barreau de Montr&eacute;al","og_description":"Mtre Daniel Aub\u00e9: No fears, no regretsBy M\u00e9lanie Dugr\u00e9, lawyer","og_url":"https:\/\/www.barreaudemontreal.qc.ca\/en\/mtre-daniel-aube\/","og_site_name":"Barreau de Montr&eacute;al","article_modified_time":"2022-02-03T11:57:06+00:00","og_image":[{"url":"https:\/\/www.barreaudemontreal.qc.ca\/wp-content\/uploads\/sites\/default\/files\/sites\/default\/files\/bann_figuredemaitre_500.jpg","type":"","width":"","height":""}],"twitter_card":"summary_large_image","twitter_misc":{"Est. reading time":"5 minutes"},"schema":{"@context":"https:\/\/schema.org","@graph":[{"@type":"WebPage","@id":"https:\/\/www.barreaudemontreal.qc.ca\/en\/mtre-daniel-aube\/","url":"https:\/\/www.barreaudemontreal.qc.ca\/en\/mtre-daniel-aube\/","name":"Mtre Daniel Aub\u00e9 - Barreau de Montr&eacute;al","isPartOf":{"@id":"https:\/\/www.barreaudemontreal.qc.ca\/en\/#website"},"primaryImageOfPage":{"@id":"https:\/\/www.barreaudemontreal.qc.ca\/en\/mtre-daniel-aube\/#primaryimage"},"image":{"@id":"https:\/\/www.barreaudemontreal.qc.ca\/en\/mtre-daniel-aube\/#primaryimage"},"thumbnailUrl":"https:\/\/www.barreaudemontreal.qc.ca\/wp-content\/uploads\/sites\/default\/files\/sites\/default\/files\/bann_figuredemaitre_500.jpg","datePublished":"2017-06-13T13:05:16+00:00","dateModified":"2022-02-03T11:57:06+00:00","breadcrumb":{"@id":"https:\/\/www.barreaudemontreal.qc.ca\/en\/mtre-daniel-aube\/#breadcrumb"},"inLanguage":"en-US","potentialAction":[{"@type":"ReadAction","target":["https:\/\/www.barreaudemontreal.qc.ca\/en\/mtre-daniel-aube\/"]}]},{"@type":"ImageObject","inLanguage":"en-US","@id":"https:\/\/www.barreaudemontreal.qc.ca\/en\/mtre-daniel-aube\/#primaryimage","url":"https:\/\/www.barreaudemontreal.qc.ca\/wp-content\/uploads\/sites\/default\/files\/sites\/default\/files\/bann_figuredemaitre_500.jpg","contentUrl":"https:\/\/www.barreaudemontreal.qc.ca\/wp-content\/uploads\/sites\/default\/files\/sites\/default\/files\/bann_figuredemaitre_500.jpg"},{"@type":"BreadcrumbList","@id":"https:\/\/www.barreaudemontreal.qc.ca\/en\/mtre-daniel-aube\/#breadcrumb","itemListElement":[{"@type":"ListItem","position":1,"name":"Home","item":"https:\/\/www.barreaudemontreal.qc.ca\/en\/"},{"@type":"ListItem","position":2,"name":"Mtre Daniel Aub\u00e9"}]},{"@type":"WebSite","@id":"https:\/\/www.barreaudemontreal.qc.ca\/en\/#website","url":"https:\/\/www.barreaudemontreal.qc.ca\/en\/","name":"Barreau de Montr&eacute;al","description":"La plus grande section du Barreau du Qu&eacute;bec","potentialAction":[{"@type":"SearchAction","target":{"@type":"EntryPoint","urlTemplate":"https:\/\/www.barreaudemontreal.qc.ca\/en\/?s={search_term_string}"},"query-input":{"@type":"PropertyValueSpecification","valueRequired":true,"valueName":"search_term_string"}}],"inLanguage":"en-US"}]}},"_links":{"self":[{"href":"https:\/\/www.barreaudemontreal.qc.ca\/en\/wp-json\/wp\/v2\/pages\/2432","targetHints":{"allow":["GET"]}}],"collection":[{"href":"https:\/\/www.barreaudemontreal.qc.ca\/en\/wp-json\/wp\/v2\/pages"}],"about":[{"href":"https:\/\/www.barreaudemontreal.qc.ca\/en\/wp-json\/wp\/v2\/types\/page"}],"author":[{"embeddable":true,"href":"https:\/\/www.barreaudemontreal.qc.ca\/en\/wp-json\/wp\/v2\/users\/3"}],"replies":[{"embeddable":true,"href":"https:\/\/www.barreaudemontreal.qc.ca\/en\/wp-json\/wp\/v2\/comments?post=2432"}],"version-history":[{"count":0,"href":"https:\/\/www.barreaudemontreal.qc.ca\/en\/wp-json\/wp\/v2\/pages\/2432\/revisions"}],"wp:attachment":[{"href":"https:\/\/www.barreaudemontreal.qc.ca\/en\/wp-json\/wp\/v2\/media?parent=2432"}],"curies":[{"name":"wp","href":"https:\/\/api.w.org\/{rel}","templated":true}]}}