{"id":22898,"date":"2022-02-22T07:56:04","date_gmt":"2022-02-22T12:56:04","guid":{"rendered":"http:\/\/barreau.stagingminimalmtl.com\/?page_id=22898"},"modified":"2026-04-21T18:39:50","modified_gmt":"2026-04-21T22:39:50","slug":"outils","status":"publish","type":"page","link":"https:\/\/www.barreaudemontreal.qc.ca\/en\/avocats\/outils\/","title":{"rendered":"Outils"},"content":{"rendered":"\n<p class=\"font28\" id=\"la-pratique-du-droit-etant-evolutive-la-section-outils-pour-l-avocat-sera-appelee-a-subir-des-modifications-aussi-les-membres-du-barreau-sont-invites-a-formuler-leurs-commentaires-et-suggestions-en-s-adressant-a-webmestre-barreaudemontreal-qc-ca\">La pratique du droit \u00e9tant \u00e9volutive, la section Outils pour l&#8217;avocat sera appel\u00e9e \u00e0 subir des modifications. Aussi, les membres du Barreau sont invit\u00e9s \u00e0 formuler leurs commentaires et suggestions en s&#8217;adressant \u00e0 <a href=\"mailto:webmestre@barreaudemontreal.qc.ca\" class=\"ek-link\">info@barreaudemontreal.qc.ca<\/a>.<\/p>\n\n\n    <div class=\"serviceSection\">\n        <div class=\"\">\n            <div class=\"row\">\n\n                                                            <div class=\"col-lg-6 col-md-6 col-sm-12 col-12\">\n                            <div class=\"serviceSingleBlock h-100\">\n                           \n                                                                <h2 class=\"mt-0\">Avocats de litige<\/h2>\n                                                                    <p>\n                                        Retrouvez tous les avis des tribunaux en un seul clic, ici.\n                                                                            <\/p>\n                                                                <a href=\"https:\/\/www.barreaudemontreal.qc.ca\/en\/avocats\/outils\/avocats-de-litige\/\" class=\"btn mt-auto\">\n                                    See more                                <\/a>\n                            <\/div>\n                        <\/div>\n                                            <div class=\"col-lg-6 col-md-6 col-sm-12 col-12\">\n                            <div class=\"serviceSingleBlock h-100\">\n                           \n                                                                <h2 class=\"mt-0\">\u00c9quilibre de vie<\/h2>\n                                                                    <p>\n                                        D\u00e9couvrez les outils favorisant l\u2019\u00e9quilibre vie professionnelle personnelle et le bien-\u00eatre au travail. \n                                                                            <\/p>\n                                                                <a href=\"https:\/\/www.barreaudemontreal.qc.ca\/en\/avocats\/outils\/equilibre\/\" class=\"btn mt-auto\">\n                                    See more                                <\/a>\n                            <\/div>\n                        <\/div>\n                                            <div class=\"col-lg-6 col-md-6 col-sm-12 col-12\">\n                            <div class=\"serviceSingleBlock h-100\">\n                           \n                                                                <h2 class=\"mt-0\">Trouver un arbitre<\/h2>\n                                                                    <p>\n                                        Acc\u00e9der \u00e0 la liste des juges \u00e0 la retraite et des avocats int\u00e9ress\u00e9s \u00e0 agir comme arbitre dans des diff\u00e9rents de nature civile ou commerciale.\n                                                                            <\/p>\n                                                                <a href=\"https:\/\/www.barreaudemontreal.qc.ca\/en\/avocats\/outils\/arbitres\/\" class=\"btn mt-auto\">\n                                    See more                                <\/a>\n                            <\/div>\n                        <\/div>\n                                            <div class=\"col-lg-6 col-md-6 col-sm-12 col-12\">\n                            <div class=\"serviceSingleBlock h-100\">\n                           \n                                                                <h2 class=\"mt-0\">Guides destin\u00e9s aux avocats<\/h2>\n                                                                    <p>\n                                        Consulter les guides r\u00e9alis\u00e9s par le Barreau de Montr\u00e9al \u00e0 l\u2019intention des avocats.\n                                                                            <\/p>\n                                                                <a href=\"https:\/\/www.barreaudemontreal.qc.ca\/en\/avocats\/outils\/guides\/\" class=\"btn mt-auto\">\n                                    See more                                <\/a>\n                            <\/div>\n                        <\/div>\n                                                    <\/div>\n        <\/div>\n    <\/div>            \n\n\n\n\n<div style=\"height:20px\" aria-hidden=\"true\" class=\"wp-block-spacer\"><\/div>\n\n\n\n<div class=\"wp-block-columns is-layout-flex wp-container-core-columns-is-layout-9d6595d7 wp-block-columns-is-layout-flex\">\n<div class=\"wp-block-column is-layout-flow wp-block-column-is-layout-flow\" style=\"flex-basis:25%\">\n<figure class=\"wp-block-image size-full\"><a href=\"https:\/\/lawyersfinancial.ca\/fr\/assurance\/assurance-auto-habitation?utm_source=Barreau%20de%20Montreal&amp;utm_medium=Website&amp;utm_campaign=Logo\" target=\"_blank\" rel=\" noreferrer noopener\"><img decoding=\"async\" width=\"500\" height=\"250\" src=\"https:\/\/www.barreaudemontreal.qc.ca\/wp-content\/uploads\/hl-financiere-01-v2.png\" alt=\"\" class=\"wp-image-49814\"\/><\/a><\/figure>\n<\/div>\n\n\n\n<div class=\"wp-block-column is-layout-flow wp-block-column-is-layout-flow\" style=\"flex-basis:25%\">\n<figure class=\"wp-block-image size-full\"><a href=\"https:\/\/www.groupemontpetit.com\/\" target=\"_blank\" rel=\" noreferrer noopener\"><img decoding=\"async\" width=\"500\" height=\"250\" src=\"https:\/\/www.barreaudemontreal.qc.ca\/wp-content\/uploads\/hl-montpetit-01-v2.png\" alt=\"\" class=\"wp-image-49818\"\/><\/a><\/figure>\n<\/div>\n\n\n\n<div class=\"wp-block-column is-layout-flow wp-block-column-is-layout-flow\" style=\"flex-basis:25%\">\n<figure class=\"wp-block-image size-full\"><a href=\"https:\/\/www.medicassurance.ca\/fr\/association\/barreau-de-montreal\" target=\"_blank\" rel=\" noreferrer noopener\"><img decoding=\"async\" width=\"500\" height=\"250\" src=\"https:\/\/www.barreaudemontreal.qc.ca\/wp-content\/uploads\/hl-medic-01-v2.png\" alt=\"\" class=\"wp-image-49821\"\/><\/a><\/figure>\n<\/div>\n\n\n\n<div class=\"wp-block-column is-layout-flow wp-block-column-is-layout-flow\" style=\"flex-basis:25%\">\n<figure class=\"wp-block-image size-full\"><a href=\"https:\/\/www.csbq.ca\/\" target=\"_blank\" rel=\" noreferrer noopener\"><img decoding=\"async\" width=\"500\" height=\"250\" src=\"https:\/\/www.barreaudemontreal.qc.ca\/wp-content\/uploads\/hl-corpo-01.png\" alt=\"\" class=\"wp-image-49806\"\/><\/a><\/figure>\n<\/div>\n<\/div>\n","protected":false},"excerpt":{"rendered":"<p>La pratique du droit \u00e9tant \u00e9volutive, la section Outils pour l&#8217;avocat sera appel\u00e9e \u00e0 subir des modifications. Aussi, les membres du Barreau sont invit\u00e9s \u00e0 formuler leurs commentaires et suggestions [&hellip;]<\/p>\n","protected":false},"author":21,"featured_media":0,"parent":10671,"menu_order":20,"comment_status":"closed","ping_status":"closed","template":"","meta":{"_acf_changed":false,"_editorskit_title_hidden":false,"_editorskit_reading_time":1,"_editorskit_is_block_options_detached":false,"_editorskit_block_options_position":"{}","inline_featured_image":false,"ngg_post_thumbnail":0,"footnotes":""},"class_list":["post-22898","page","type-page","status-publish","hentry"],"acf":[],"yoast_head":"<!-- This site is optimized with the Yoast SEO plugin v27.4 - https:\/\/yoast.com\/product\/yoast-seo-wordpress\/ -->\n<title>Outils - Barreau de Montr&eacute;al<\/title>\n<meta name=\"robots\" content=\"index, follow, max-snippet:-1, max-image-preview:large, max-video-preview:-1\" \/>\n<link rel=\"canonical\" href=\"https:\/\/www.barreaudemontreal.qc.ca\/en\/avocats\/outils\/\" \/>\n<meta property=\"og:locale\" content=\"en_US\" \/>\n<meta property=\"og:type\" content=\"article\" \/>\n<meta property=\"og:title\" content=\"Outils - Barreau de Montr&eacute;al\" \/>\n<meta property=\"og:description\" content=\"La pratique du droit \u00e9tant \u00e9volutive, la section Outils pour l&#8217;avocat sera appel\u00e9e \u00e0 subir des modifications. Aussi, les membres du Barreau sont invit\u00e9s \u00e0 formuler leurs commentaires et suggestions [&hellip;]\" \/>\n<meta property=\"og:url\" content=\"https:\/\/www.barreaudemontreal.qc.ca\/en\/avocats\/outils\/\" \/>\n<meta property=\"og:site_name\" content=\"Barreau de Montr&eacute;al\" \/>\n<meta property=\"article:modified_time\" content=\"2026-04-21T22:39:50+00:00\" \/>\n<meta property=\"og:image\" content=\"https:\/\/www.barreaudemontreal.qc.ca\/wp-content\/uploads\/hl-financiere-01-v2.png\" \/>\n\t<meta property=\"og:image:width\" content=\"500\" \/>\n\t<meta property=\"og:image:height\" content=\"250\" \/>\n\t<meta property=\"og:image:type\" content=\"image\/png\" \/>\n<meta name=\"twitter:card\" content=\"summary_large_image\" \/>\n<meta name=\"twitter:label1\" content=\"Est. reading time\" \/>\n\t<meta name=\"twitter:data1\" content=\"1 minute\" \/>\n<script type=\"application\/ld+json\" class=\"yoast-schema-graph\">{\"@context\":\"https:\\\/\\\/schema.org\",\"@graph\":[{\"@type\":\"WebPage\",\"@id\":\"https:\\\/\\\/www.barreaudemontreal.qc.ca\\\/en\\\/avocats\\\/outils\\\/\",\"url\":\"https:\\\/\\\/www.barreaudemontreal.qc.ca\\\/en\\\/avocats\\\/outils\\\/\",\"name\":\"Outils - Barreau de Montr&eacute;al\",\"isPartOf\":{\"@id\":\"https:\\\/\\\/www.barreaudemontreal.qc.ca\\\/en\\\/#website\"},\"primaryImageOfPage\":{\"@id\":\"https:\\\/\\\/www.barreaudemontreal.qc.ca\\\/en\\\/avocats\\\/outils\\\/#primaryimage\"},\"image\":{\"@id\":\"https:\\\/\\\/www.barreaudemontreal.qc.ca\\\/en\\\/avocats\\\/outils\\\/#primaryimage\"},\"thumbnailUrl\":\"https:\\\/\\\/www.barreaudemontreal.qc.ca\\\/wp-content\\\/uploads\\\/hl-financiere-01-v2.png\",\"datePublished\":\"2022-02-22T12:56:04+00:00\",\"dateModified\":\"2026-04-21T22:39:50+00:00\",\"breadcrumb\":{\"@id\":\"https:\\\/\\\/www.barreaudemontreal.qc.ca\\\/en\\\/avocats\\\/outils\\\/#breadcrumb\"},\"inLanguage\":\"en-US\",\"potentialAction\":[{\"@type\":\"ReadAction\",\"target\":[\"https:\\\/\\\/www.barreaudemontreal.qc.ca\\\/en\\\/avocats\\\/outils\\\/\"]}]},{\"@type\":\"ImageObject\",\"inLanguage\":\"en-US\",\"@id\":\"https:\\\/\\\/www.barreaudemontreal.qc.ca\\\/en\\\/avocats\\\/outils\\\/#primaryimage\",\"url\":\"https:\\\/\\\/www.barreaudemontreal.qc.ca\\\/wp-content\\\/uploads\\\/hl-financiere-01-v2.png\",\"contentUrl\":\"https:\\\/\\\/www.barreaudemontreal.qc.ca\\\/wp-content\\\/uploads\\\/hl-financiere-01-v2.png\"},{\"@type\":\"BreadcrumbList\",\"@id\":\"https:\\\/\\\/www.barreaudemontreal.qc.ca\\\/en\\\/avocats\\\/outils\\\/#breadcrumb\",\"itemListElement\":[{\"@type\":\"ListItem\",\"position\":1,\"name\":\"Home\",\"item\":\"https:\\\/\\\/www.barreaudemontreal.qc.ca\\\/en\\\/\"},{\"@type\":\"ListItem\",\"position\":2,\"name\":\"Avocats\",\"item\":\"https:\\\/\\\/www.barreaudemontreal.qc.ca\\\/en\\\/avocats\\\/\"},{\"@type\":\"ListItem\",\"position\":3,\"name\":\"Outils\"}]},{\"@type\":\"WebSite\",\"@id\":\"https:\\\/\\\/www.barreaudemontreal.qc.ca\\\/en\\\/#website\",\"url\":\"https:\\\/\\\/www.barreaudemontreal.qc.ca\\\/en\\\/\",\"name\":\"Barreau de Montr&eacute;al\",\"description\":\"La plus grande section du Barreau du Qu&eacute;bec\",\"potentialAction\":[{\"@type\":\"SearchAction\",\"target\":{\"@type\":\"EntryPoint\",\"urlTemplate\":\"https:\\\/\\\/www.barreaudemontreal.qc.ca\\\/en\\\/?s={search_term_string}\"},\"query-input\":{\"@type\":\"PropertyValueSpecification\",\"valueRequired\":true,\"valueName\":\"search_term_string\"}}],\"inLanguage\":\"en-US\"}]}<\/script>\n<!-- \/ Yoast SEO plugin. -->","yoast_head_json":{"title":"Outils - Barreau de Montr&eacute;al","robots":{"index":"index","follow":"follow","max-snippet":"max-snippet:-1","max-image-preview":"max-image-preview:large","max-video-preview":"max-video-preview:-1"},"canonical":"https:\/\/www.barreaudemontreal.qc.ca\/en\/avocats\/outils\/","og_locale":"en_US","og_type":"article","og_title":"Outils - Barreau de Montr&eacute;al","og_description":"La pratique du droit \u00e9tant \u00e9volutive, la section Outils pour l&#8217;avocat sera appel\u00e9e \u00e0 subir des modifications. Aussi, les membres du Barreau sont invit\u00e9s \u00e0 formuler leurs commentaires et suggestions [&hellip;]","og_url":"https:\/\/www.barreaudemontreal.qc.ca\/en\/avocats\/outils\/","og_site_name":"Barreau de Montr&eacute;al","article_modified_time":"2026-04-21T22:39:50+00:00","og_image":[{"width":500,"height":250,"url":"https:\/\/www.barreaudemontreal.qc.ca\/wp-content\/uploads\/hl-financiere-01-v2.png","type":"image\/png"}],"twitter_card":"summary_large_image","twitter_misc":{"Est. reading time":"1 minute"},"schema":{"@context":"https:\/\/schema.org","@graph":[{"@type":"WebPage","@id":"https:\/\/www.barreaudemontreal.qc.ca\/en\/avocats\/outils\/","url":"https:\/\/www.barreaudemontreal.qc.ca\/en\/avocats\/outils\/","name":"Outils - Barreau de Montr&eacute;al","isPartOf":{"@id":"https:\/\/www.barreaudemontreal.qc.ca\/en\/#website"},"primaryImageOfPage":{"@id":"https:\/\/www.barreaudemontreal.qc.ca\/en\/avocats\/outils\/#primaryimage"},"image":{"@id":"https:\/\/www.barreaudemontreal.qc.ca\/en\/avocats\/outils\/#primaryimage"},"thumbnailUrl":"https:\/\/www.barreaudemontreal.qc.ca\/wp-content\/uploads\/hl-financiere-01-v2.png","datePublished":"2022-02-22T12:56:04+00:00","dateModified":"2026-04-21T22:39:50+00:00","breadcrumb":{"@id":"https:\/\/www.barreaudemontreal.qc.ca\/en\/avocats\/outils\/#breadcrumb"},"inLanguage":"en-US","potentialAction":[{"@type":"ReadAction","target":["https:\/\/www.barreaudemontreal.qc.ca\/en\/avocats\/outils\/"]}]},{"@type":"ImageObject","inLanguage":"en-US","@id":"https:\/\/www.barreaudemontreal.qc.ca\/en\/avocats\/outils\/#primaryimage","url":"https:\/\/www.barreaudemontreal.qc.ca\/wp-content\/uploads\/hl-financiere-01-v2.png","contentUrl":"https:\/\/www.barreaudemontreal.qc.ca\/wp-content\/uploads\/hl-financiere-01-v2.png"},{"@type":"BreadcrumbList","@id":"https:\/\/www.barreaudemontreal.qc.ca\/en\/avocats\/outils\/#breadcrumb","itemListElement":[{"@type":"ListItem","position":1,"name":"Home","item":"https:\/\/www.barreaudemontreal.qc.ca\/en\/"},{"@type":"ListItem","position":2,"name":"Avocats","item":"https:\/\/www.barreaudemontreal.qc.ca\/en\/avocats\/"},{"@type":"ListItem","position":3,"name":"Outils"}]},{"@type":"WebSite","@id":"https:\/\/www.barreaudemontreal.qc.ca\/en\/#website","url":"https:\/\/www.barreaudemontreal.qc.ca\/en\/","name":"Barreau de Montr&eacute;al","description":"La plus grande section du Barreau du Qu&eacute;bec","potentialAction":[{"@type":"SearchAction","target":{"@type":"EntryPoint","urlTemplate":"https:\/\/www.barreaudemontreal.qc.ca\/en\/?s={search_term_string}"},"query-input":{"@type":"PropertyValueSpecification","valueRequired":true,"valueName":"search_term_string"}}],"inLanguage":"en-US"}]}},"_links":{"self":[{"href":"https:\/\/www.barreaudemontreal.qc.ca\/en\/wp-json\/wp\/v2\/pages\/22898","targetHints":{"allow":["GET"]}}],"collection":[{"href":"https:\/\/www.barreaudemontreal.qc.ca\/en\/wp-json\/wp\/v2\/pages"}],"about":[{"href":"https:\/\/www.barreaudemontreal.qc.ca\/en\/wp-json\/wp\/v2\/types\/page"}],"author":[{"embeddable":true,"href":"https:\/\/www.barreaudemontreal.qc.ca\/en\/wp-json\/wp\/v2\/users\/21"}],"replies":[{"embeddable":true,"href":"https:\/\/www.barreaudemontreal.qc.ca\/en\/wp-json\/wp\/v2\/comments?post=22898"}],"version-history":[{"count":1,"href":"https:\/\/www.barreaudemontreal.qc.ca\/en\/wp-json\/wp\/v2\/pages\/22898\/revisions"}],"predecessor-version":[{"id":49834,"href":"https:\/\/www.barreaudemontreal.qc.ca\/en\/wp-json\/wp\/v2\/pages\/22898\/revisions\/49834"}],"up":[{"embeddable":true,"href":"https:\/\/www.barreaudemontreal.qc.ca\/en\/wp-json\/wp\/v2\/pages\/10671"}],"wp:attachment":[{"href":"https:\/\/www.barreaudemontreal.qc.ca\/en\/wp-json\/wp\/v2\/media?parent=22898"}],"curies":[{"name":"wp","href":"https:\/\/api.w.org\/{rel}","templated":true}]}}