{"id":2194,"date":"2017-02-27T16:33:56","date_gmt":"2017-02-27T16:33:56","guid":{"rendered":"http:\/\/barreau.stagingminimalmtl.com\/le-palais-de-justice-ou-larene-du-plaideur\/"},"modified":"2017-02-27T16:33:56","modified_gmt":"2017-02-27T16:33:56","slug":"le-palais-de-justice-ou-larene-du-plaideur","status":"publish","type":"page","link":"https:\/\/www.barreaudemontreal.qc.ca\/en\/le-palais-de-justice-ou-larene-du-plaideur\/","title":{"rendered":"Le palais de justice ou l&#8217;ar\u00e8ne du plaideur"},"content":{"rendered":"<p><strong>R\u00c9SUM\u00c9<\/strong><\/p>\n<p>Notre conf\u00e9rencier entend souligner, dans le cadre de sa pr\u00e9sentation, le fait que le palais de justice a constitu\u00e9 de tout temps l\u2019ar\u00e8ne du plaideur, la dispute oratoire donnant parfois m\u00eame ouverture au duel entre confr\u00e8res. Si la lutte s\u2019est aujourd\u2019hui pacifi\u00e9e, il n\u2019en demeure pas moins que le palais demeure encore aujourd\u2019hui un lieu de batailles de droit.<\/p>\n","protected":false},"excerpt":{"rendered":"<p><strong>R\u00c9SUM\u00c9<\/strong><\/p>\n<p>Notre conf\u00e9rencier entend souligner, dans le cadre de sa pr\u00e9sentation, le fait que le palais de justice a constitu\u00e9 de tout temps l\u2019ar\u00e8ne du plaideur, la dispute oratoire donnant parfois m\u00eame ouverture au duel entre confr\u00e8res. Si la lutte s\u2019est aujourd\u2019hui pacifi\u00e9e, il n\u2019en demeure pas moins que le palais demeure encore aujourd\u2019hui un lieu de batailles de droit.<\/p>\n","protected":false},"author":3,"featured_media":0,"parent":0,"menu_order":94,"comment_status":"closed","ping_status":"closed","template":"","meta":{"_acf_changed":false,"_editorskit_title_hidden":false,"_editorskit_reading_time":0,"_editorskit_is_block_options_detached":false,"_editorskit_block_options_position":"{}","inline_featured_image":false,"ngg_post_thumbnail":0,"footnotes":""},"class_list":["post-2194","page","type-page","status-publish","hentry"],"acf":[],"yoast_head":"<!-- This site is optimized with the Yoast SEO plugin v27.4 - https:\/\/yoast.com\/product\/yoast-seo-wordpress\/ -->\n<title>Le palais de justice ou l&#039;ar\u00e8ne du plaideur - Barreau de Montr&eacute;al<\/title>\n<meta name=\"robots\" content=\"index, follow, max-snippet:-1, max-image-preview:large, max-video-preview:-1\" \/>\n<link rel=\"canonical\" href=\"https:\/\/www.barreaudemontreal.qc.ca\/en\/le-palais-de-justice-ou-larene-du-plaideur\/\" \/>\n<meta property=\"og:locale\" content=\"en_US\" \/>\n<meta property=\"og:type\" content=\"article\" \/>\n<meta property=\"og:title\" content=\"Le palais de justice ou l&#039;ar\u00e8ne du plaideur - Barreau de Montr&eacute;al\" \/>\n<meta property=\"og:description\" content=\"R\u00c9SUM\u00c9Notre conf\u00e9rencier entend souligner, dans le cadre de sa pr\u00e9sentation, le fait que le palais de justice a constitu\u00e9 de tout temps l\u2019ar\u00e8ne du plaideur, la dispute oratoire donnant parfois m\u00eame ouverture au duel entre confr\u00e8res. Si la lutte s\u2019est aujourd\u2019hui pacifi\u00e9e, il n\u2019en demeure pas moins que le palais demeure encore aujourd\u2019hui un lieu de batailles de droit.\" \/>\n<meta property=\"og:url\" content=\"https:\/\/www.barreaudemontreal.qc.ca\/en\/le-palais-de-justice-ou-larene-du-plaideur\/\" \/>\n<meta property=\"og:site_name\" content=\"Barreau de Montr&eacute;al\" \/>\n<meta name=\"twitter:card\" content=\"summary_large_image\" \/>\n<script type=\"application\/ld+json\" class=\"yoast-schema-graph\">{\"@context\":\"https:\\\/\\\/schema.org\",\"@graph\":[{\"@type\":\"WebPage\",\"@id\":\"https:\\\/\\\/www.barreaudemontreal.qc.ca\\\/en\\\/le-palais-de-justice-ou-larene-du-plaideur\\\/\",\"url\":\"https:\\\/\\\/www.barreaudemontreal.qc.ca\\\/en\\\/le-palais-de-justice-ou-larene-du-plaideur\\\/\",\"name\":\"Le palais de justice ou l'ar\u00e8ne du plaideur - Barreau de Montr&eacute;al\",\"isPartOf\":{\"@id\":\"https:\\\/\\\/www.barreaudemontreal.qc.ca\\\/en\\\/#website\"},\"datePublished\":\"2017-02-27T16:33:56+00:00\",\"breadcrumb\":{\"@id\":\"https:\\\/\\\/www.barreaudemontreal.qc.ca\\\/en\\\/le-palais-de-justice-ou-larene-du-plaideur\\\/#breadcrumb\"},\"inLanguage\":\"en-US\",\"potentialAction\":[{\"@type\":\"ReadAction\",\"target\":[\"https:\\\/\\\/www.barreaudemontreal.qc.ca\\\/en\\\/le-palais-de-justice-ou-larene-du-plaideur\\\/\"]}]},{\"@type\":\"BreadcrumbList\",\"@id\":\"https:\\\/\\\/www.barreaudemontreal.qc.ca\\\/en\\\/le-palais-de-justice-ou-larene-du-plaideur\\\/#breadcrumb\",\"itemListElement\":[{\"@type\":\"ListItem\",\"position\":1,\"name\":\"Home\",\"item\":\"https:\\\/\\\/www.barreaudemontreal.qc.ca\\\/en\\\/\"},{\"@type\":\"ListItem\",\"position\":2,\"name\":\"Le palais de justice ou l&#8217;ar\u00e8ne du plaideur\"}]},{\"@type\":\"WebSite\",\"@id\":\"https:\\\/\\\/www.barreaudemontreal.qc.ca\\\/en\\\/#website\",\"url\":\"https:\\\/\\\/www.barreaudemontreal.qc.ca\\\/en\\\/\",\"name\":\"Barreau de Montr&eacute;al\",\"description\":\"La plus grande section du Barreau du Qu&eacute;bec\",\"potentialAction\":[{\"@type\":\"SearchAction\",\"target\":{\"@type\":\"EntryPoint\",\"urlTemplate\":\"https:\\\/\\\/www.barreaudemontreal.qc.ca\\\/en\\\/?s={search_term_string}\"},\"query-input\":{\"@type\":\"PropertyValueSpecification\",\"valueRequired\":true,\"valueName\":\"search_term_string\"}}],\"inLanguage\":\"en-US\"}]}<\/script>\n<!-- \/ Yoast SEO plugin. -->","yoast_head_json":{"title":"Le palais de justice ou l'ar\u00e8ne du plaideur - Barreau de Montr&eacute;al","robots":{"index":"index","follow":"follow","max-snippet":"max-snippet:-1","max-image-preview":"max-image-preview:large","max-video-preview":"max-video-preview:-1"},"canonical":"https:\/\/www.barreaudemontreal.qc.ca\/en\/le-palais-de-justice-ou-larene-du-plaideur\/","og_locale":"en_US","og_type":"article","og_title":"Le palais de justice ou l'ar\u00e8ne du plaideur - Barreau de Montr&eacute;al","og_description":"R\u00c9SUM\u00c9Notre conf\u00e9rencier entend souligner, dans le cadre de sa pr\u00e9sentation, le fait que le palais de justice a constitu\u00e9 de tout temps l\u2019ar\u00e8ne du plaideur, la dispute oratoire donnant parfois m\u00eame ouverture au duel entre confr\u00e8res. Si la lutte s\u2019est aujourd\u2019hui pacifi\u00e9e, il n\u2019en demeure pas moins que le palais demeure encore aujourd\u2019hui un lieu de batailles de droit.","og_url":"https:\/\/www.barreaudemontreal.qc.ca\/en\/le-palais-de-justice-ou-larene-du-plaideur\/","og_site_name":"Barreau de Montr&eacute;al","twitter_card":"summary_large_image","schema":{"@context":"https:\/\/schema.org","@graph":[{"@type":"WebPage","@id":"https:\/\/www.barreaudemontreal.qc.ca\/en\/le-palais-de-justice-ou-larene-du-plaideur\/","url":"https:\/\/www.barreaudemontreal.qc.ca\/en\/le-palais-de-justice-ou-larene-du-plaideur\/","name":"Le palais de justice ou l'ar\u00e8ne du plaideur - Barreau de Montr&eacute;al","isPartOf":{"@id":"https:\/\/www.barreaudemontreal.qc.ca\/en\/#website"},"datePublished":"2017-02-27T16:33:56+00:00","breadcrumb":{"@id":"https:\/\/www.barreaudemontreal.qc.ca\/en\/le-palais-de-justice-ou-larene-du-plaideur\/#breadcrumb"},"inLanguage":"en-US","potentialAction":[{"@type":"ReadAction","target":["https:\/\/www.barreaudemontreal.qc.ca\/en\/le-palais-de-justice-ou-larene-du-plaideur\/"]}]},{"@type":"BreadcrumbList","@id":"https:\/\/www.barreaudemontreal.qc.ca\/en\/le-palais-de-justice-ou-larene-du-plaideur\/#breadcrumb","itemListElement":[{"@type":"ListItem","position":1,"name":"Home","item":"https:\/\/www.barreaudemontreal.qc.ca\/en\/"},{"@type":"ListItem","position":2,"name":"Le palais de justice ou l&#8217;ar\u00e8ne du plaideur"}]},{"@type":"WebSite","@id":"https:\/\/www.barreaudemontreal.qc.ca\/en\/#website","url":"https:\/\/www.barreaudemontreal.qc.ca\/en\/","name":"Barreau de Montr&eacute;al","description":"La plus grande section du Barreau du Qu&eacute;bec","potentialAction":[{"@type":"SearchAction","target":{"@type":"EntryPoint","urlTemplate":"https:\/\/www.barreaudemontreal.qc.ca\/en\/?s={search_term_string}"},"query-input":{"@type":"PropertyValueSpecification","valueRequired":true,"valueName":"search_term_string"}}],"inLanguage":"en-US"}]}},"_links":{"self":[{"href":"https:\/\/www.barreaudemontreal.qc.ca\/en\/wp-json\/wp\/v2\/pages\/2194","targetHints":{"allow":["GET"]}}],"collection":[{"href":"https:\/\/www.barreaudemontreal.qc.ca\/en\/wp-json\/wp\/v2\/pages"}],"about":[{"href":"https:\/\/www.barreaudemontreal.qc.ca\/en\/wp-json\/wp\/v2\/types\/page"}],"author":[{"embeddable":true,"href":"https:\/\/www.barreaudemontreal.qc.ca\/en\/wp-json\/wp\/v2\/users\/3"}],"replies":[{"embeddable":true,"href":"https:\/\/www.barreaudemontreal.qc.ca\/en\/wp-json\/wp\/v2\/comments?post=2194"}],"version-history":[{"count":0,"href":"https:\/\/www.barreaudemontreal.qc.ca\/en\/wp-json\/wp\/v2\/pages\/2194\/revisions"}],"wp:attachment":[{"href":"https:\/\/www.barreaudemontreal.qc.ca\/en\/wp-json\/wp\/v2\/media?parent=2194"}],"curies":[{"name":"wp","href":"https:\/\/api.w.org\/{rel}","templated":true}]}}