{"id":1096,"date":"2013-04-26T20:28:45","date_gmt":"2013-04-26T20:28:45","guid":{"rendered":"http:\/\/barreau.stagingminimalmtl.com\/debating-competition\/"},"modified":"2026-03-20T09:50:19","modified_gmt":"2026-03-20T13:50:19","slug":"debating-competition","status":"publish","type":"page","link":"https:\/\/www.barreaudemontreal.qc.ca\/en\/public\/concours-visez-droit\/debating-competition\/","title":{"rendered":"Debating competition"},"content":{"rendered":"\n<div style=\"height:10px\" aria-hidden=\"true\" class=\"wp-block-spacer\"><\/div>\n\n\n\n<h2 class=\"wp-block-heading\">\u00c9dition 2026<\/h2>\n\n\n\n<h3 class=\"wp-block-heading\">F\u00e9licitations aux gagnantes et aux finalistes<\/h3>\n\n\n\n<p>La grande finale du concours des d\u00e9bats oratoires, tenu sous le th\u00e8me&nbsp;\u00ab&nbsp;<strong>L\u2019intelligence artificielle comme juge : pour ou contre? <\/strong>\u00bb, a \u00e9t\u00e9 remport\u00e9e par Mme <strong>Mila Bergman<\/strong> et Mme <strong>Magdalena Gutu<\/strong> du Coll\u00e8ge Stanislas. Elles ont eu raison de Mme <strong>Maria Paula Diaz<\/strong> et Mme <strong>Feriel Massaour<\/strong> du Coll\u00e8ge de Maisonneuve.<\/p>\n\n\n\n<p>Le jury de la finale, pr\u00e9sid\u00e9 par l\u2019honorable <strong>Marie-Anne Paquette<\/strong>, \u00e9tait compos\u00e9 de Me <strong>St\u00e9phane L\u00e9tourneau<\/strong>, Me <strong>Nicolas Vermeys<\/strong>, M. <strong>Philippe Beaudoin<\/strong> et Mme<strong> B\u00e9n\u00e9dicte Lebel<\/strong>, alors que celui des demi-finales, pr\u00e9sid\u00e9 par Me <strong>Andr\u00e9 d\u2019Orsonnens<\/strong>, \u00e9tait compos\u00e9 de Me <strong>Magali Fournier<\/strong>, Ad. E. et Me <strong>F\u00e9lix Rh\u00e9aume<\/strong>.<\/p>\n\n\n\n<p>Chacune des gagnantes a re\u00e7u 500 $ et un exemplaire d&#8217;<a href=\"https:\/\/www.antidote.info\" target=\"_blank\" rel=\"noreferrer noopener\" class=\"ek-link\">Antidote,<\/a> l\u2019indispensable logiciel d\u2019aide \u00e0 la r\u00e9daction cr\u00e9\u00e9 par Druide informatique, alors que les finalistes ont re\u00e7u 250 $ et un exemplaire d\u2019Antidote chacune. Enfin, Mme <strong>Victoire Lambert-Blouin<\/strong> du Coll\u00e8ge Jean-de-Br\u00e9beuf et Mme <strong>Anya Figlarz-Grassino<\/strong> du Coll\u00e8ge Lower Canada, qui ont \u00e9t\u00e9 proclam\u00e9es meilleures oratrices parmi les \u00e9quipes n\u2019ayant pas atteint la finale, ont re\u00e7u 150 $ et un exemplaire du Grand Druide des synonymes.<\/p>\n\n\n\n<div style=\"height:40px\" aria-hidden=\"true\" class=\"wp-block-spacer\"><\/div>\n\n\n\n<div class=\"wp-block-columns is-layout-flex wp-container-core-columns-is-layout-9d6595d7 wp-block-columns-is-layout-flex\">\n<div class=\"wp-block-column is-layout-flow wp-block-column-is-layout-flow\">\n<figure class=\"wp-block-gallery has-nested-images columns-default is-cropped wp-block-gallery-2 is-layout-flex wp-block-gallery-is-layout-flex\">\n<figure class=\"wp-block-image size-large\"><img decoding=\"async\" width=\"1024\" height=\"683\" data-id=\"49092\" src=\"https:\/\/www.barreaudemontreal.qc.ca\/wp-content\/uploads\/debats2026-finalistes-1024x683.jpg\" alt=\"\" class=\"wp-image-49092\"\/><figcaption class=\"wp-element-caption\">Finalistes<\/figcaption><\/figure>\n<\/figure>\n<\/div>\n\n\n\n<div class=\"wp-block-column is-layout-flow wp-block-column-is-layout-flow\">\n<figure class=\"wp-block-gallery has-nested-images columns-default is-cropped wp-block-gallery-3 is-layout-flex wp-block-gallery-is-layout-flex\">\n<figure class=\"wp-block-image size-large\"><img decoding=\"async\" width=\"1024\" height=\"683\" data-id=\"49088\" src=\"https:\/\/www.barreaudemontreal.qc.ca\/wp-content\/uploads\/debats2026-gagnantes-1024x683.jpg\" alt=\"\" class=\"wp-image-49088\"\/><figcaption class=\"wp-element-caption\">Gagnantes<\/figcaption><\/figure>\n<\/figure>\n<\/div>\n\n\n\n<div class=\"wp-block-column is-layout-flow wp-block-column-is-layout-flow\">\n<figure class=\"wp-block-gallery has-nested-images columns-default is-cropped wp-block-gallery-4 is-layout-flex wp-block-gallery-is-layout-flex\">\n<figure class=\"wp-block-image size-large\"><img decoding=\"async\" width=\"1024\" height=\"683\" data-id=\"49090\" src=\"https:\/\/www.barreaudemontreal.qc.ca\/wp-content\/uploads\/debats2026-meilleuresoratrices-1024x683.jpg\" alt=\"\" class=\"wp-image-49090\"\/><figcaption class=\"wp-element-caption\">Meilleures oratrices<\/figcaption><\/figure>\n<\/figure>\n<\/div>\n<\/div>\n\n\n\n<div style=\"height:40px\" aria-hidden=\"true\" class=\"wp-block-spacer\"><\/div>\n\n\n\n<p><strong>Merci \u00e0 notre fid\u00e8le partenaire :<\/strong><\/p>\n\n\n<div class=\"wp-block-image is-resized\">\n<figure class=\"alignleft size-full\"><a href=\"https:\/\/www.antidote.info\/fr\" target=\"_blank\" rel=\"noopener\"><img decoding=\"async\" width=\"175\" height=\"83\" src=\"https:\/\/www.barreaudemontreal.qc.ca\/wp-content\/uploads\/druide_transp_fr_cl_espace_0.png\" alt=\"\" class=\"wp-image-239\" style=\"width:175px;height:auto\"\/><\/a><\/figure>\n<\/div>\n\n\n<div class=\"wp-block-group editorskit-no-desktop editorskit-no-tablet editorskit-no-mobile\"><div class=\"wp-block-group__inner-container is-layout-constrained wp-block-group-is-layout-constrained\">\n<div class=\"wp-block-columns is-layout-flex wp-container-core-columns-is-layout-9d6595d7 wp-block-columns-is-layout-flex\">\n<div class=\"wp-block-column is-layout-flow wp-block-column-is-layout-flow\"><\/div>\n<\/div>\n<\/div><\/div>\n\n\n\n<p><\/p>\n\n\n\n<div style=\"height:100px\" aria-hidden=\"true\" class=\"wp-block-spacer\"><\/div>\n\n\n\n<div class=\"wp-block-group\"><div class=\"wp-block-group__inner-container is-layout-constrained wp-block-group-is-layout-constrained\">\n<hr class=\"wp-block-separator has-alpha-channel-opacity\"\/>\n\n\n\n<h5 class=\"wp-block-heading has-text-align-center\"><em>En savoir plus sur les membres du jury des demi-finales :<\/em><\/h5>\n<\/div><\/div>\n\n\n\n<div class=\"wp-block-columns has-background is-layout-flex wp-container-core-columns-is-layout-9d6595d7 wp-block-columns-is-layout-flex\" style=\"background-color:#fafafa\">\n<div class=\"wp-block-column is-layout-flow wp-block-column-is-layout-flow\" style=\"flex-basis:33.33%\">\n<figure class=\"wp-block-image size-full\"><img decoding=\"async\" width=\"290\" height=\"387\" src=\"https:\/\/www.barreaudemontreal.qc.ca\/wp-content\/uploads\/photo-magali-fournier-edited.png\" alt=\"\" class=\"wp-image-48860\"\/><figcaption class=\"wp-element-caption\"><strong>Me Magali Fournier<\/strong><\/figcaption><\/figure>\n<\/div>\n\n\n\n<div class=\"wp-block-column is-layout-flow wp-block-column-is-layout-flow\" style=\"flex-basis:66.66%\">\n<p>Barreau 96, elle est \u00e0 la t\u00eate de son propre cabinet <em>Fournier avocat Inc. boutique litige<\/em> depuis 2020. Son expertise couvre des domaines de droit tr\u00e8s diversifi\u00e9s, allant des plus connus comme le litige civil et commercial, aux plus pointus comme le litige de propri\u00e9t\u00e9 intellectuelle.<\/p>\n\n\n\n<p>Me Fournier a notamment \u00e9t\u00e9 \u00e9lue b\u00e2tonni\u00e8re de Montr\u00e9al en 2015 et a re\u00e7u, en 2018, le prix Pierre Fournier pour sa grande implication au sein du Barreau de Montr\u00e9al. Cette m\u00eame ann\u00e9e, le Barreau du Qu\u00e9bec lui a remis la distinction Avocate \u00e9m\u00e9rite, soulignant une carri\u00e8re exceptionnelle.&nbsp;<\/p>\n<\/div>\n<\/div>\n\n\n\n<div style=\"height:20px\" aria-hidden=\"true\" class=\"wp-block-spacer\"><\/div>\n\n\n\n<div class=\"wp-block-columns has-background is-layout-flex wp-container-core-columns-is-layout-9d6595d7 wp-block-columns-is-layout-flex\" style=\"background-color:#fafafa\">\n<div class=\"wp-block-column is-layout-flow wp-block-column-is-layout-flow\" style=\"flex-basis:33.33%\">\n<figure class=\"wp-block-image size-full\"><img decoding=\"async\" width=\"576\" height=\"768\" src=\"https:\/\/www.barreaudemontreal.qc.ca\/wp-content\/uploads\/photo-andredorsonnens-edited.jpg\" alt=\"\" class=\"wp-image-48864\"\/><figcaption class=\"wp-element-caption\"><strong>Me Andr\u00e9 d\u2019Orsonnens<\/strong><\/figcaption><\/figure>\n<\/div>\n\n\n\n<div class=\"wp-block-column is-layout-flow wp-block-column-is-layout-flow\" style=\"flex-basis:66.66%\">\n<p>Me d\u2019Orsonnens a \u00e9t\u00e9 admis au Barreau en 1984. Plaideur color\u00e9, il a quitt\u00e9 un grand cabinet d\u2019avocats en 1995 afin de se consacrer \u00e0 Druide informatique, une soci\u00e9t\u00e9 dont il est cofondateur, pr\u00e9sident du conseil et chef de la direction. Il y a notamment orchestr\u00e9 la commercialisation d\u2019Antidote, le c\u00e9l\u00e8bre logiciel d\u2019aide \u00e0 la r\u00e9daction pl\u00e9biscit\u00e9 par la presse sp\u00e9cialis\u00e9e de toute la francophonie.<\/p>\n\n\n\n<p>Tr\u00e8s engag\u00e9, M<sup>e<\/sup> d\u2019Orsonnens si\u00e8ge notamment au conseil d\u2019administration de la Fondation pour l\u2019alphab\u00e9tisation.&nbsp; Son implication lui a d\u2019ailleurs valu quelques honneurs, dont le M\u00e9rite du Barreau de Montr\u00e9al et le Prix Camille-Laurin, la plus haute distinction d\u00e9cern\u00e9e par l\u2019Office qu\u00e9b\u00e9cois de la langue fran\u00e7aise.<\/p>\n<\/div>\n<\/div>\n\n\n\n<div style=\"height:20px\" aria-hidden=\"true\" class=\"wp-block-spacer\"><\/div>\n\n\n\n<div class=\"wp-block-columns has-background is-layout-flex wp-container-core-columns-is-layout-9d6595d7 wp-block-columns-is-layout-flex\" style=\"background-color:#fafafa\">\n<div class=\"wp-block-column is-layout-flow wp-block-column-is-layout-flow\" style=\"flex-basis:33.33%\">\n<figure class=\"wp-block-image size-full\"><img decoding=\"async\" width=\"1272\" height=\"1696\" src=\"https:\/\/www.barreaudemontreal.qc.ca\/wp-content\/uploads\/photo-felix-rheaume-edited.png\" alt=\"\" class=\"wp-image-48868\"\/><figcaption class=\"wp-element-caption\"><strong>Me F\u00e9lix Rh\u00e9aume <\/strong><\/figcaption><\/figure>\n<\/div>\n\n\n\n<div class=\"wp-block-column is-layout-flow wp-block-column-is-layout-flow\" style=\"flex-basis:66.66%\">\n<p>Avocat et membre du Barreau du Qu\u00e9bec depuis 2008, F\u00e9lix Rh\u00e9aume si\u00e8ge au Conseil du Barreau de Montr\u00e9al depuis 2023. Il est aujourd\u2019hui Directeur des affaires publiques et gouvernementales \u00e0 l\u2019Association de la construction du Qu\u00e9bec (ACQ). Il a auparavant \u00e9t\u00e9 Directeur des relations gouvernementales chez Rogers et Vice-pr\u00e9sident \u00e0 la F\u00e9d\u00e9ration des chambres de commerce du Qu\u00e9bec (FCCQ). Il a aussi occup\u00e9 plusieurs postes au sein du gouvernement qu\u00e9b\u00e9cois, notamment comme conseiller au Cabinet du premier ministre et comme Directeur de cabinet du ministre des Affaires autochtones. Titulaire d\u2019une ma\u00eetrise en Relations internationales de l\u2019Universit\u00e9 Jean-Moulin \u00e0 Lyon et d\u2019un Baccalaur\u00e9at en droit de l\u2019Universit\u00e9 de Sherbrooke, il a \u00e9galement compl\u00e9t\u00e9 un certificat en ligne de la London School of Economics and Political Science (MBA essentials). F\u00e9lix Rh\u00e9aume s\u2019implique dans diff\u00e9rentes causes, notamment au conseil d\u2019administration de l\u2019organisme Qu\u00e9bec Net Positif (QNP) et de la Fondation du Mus\u00e9e McCord.<\/p>\n<\/div>\n<\/div>\n\n\n\n<div style=\"height:20px\" aria-hidden=\"true\" class=\"wp-block-spacer\"><\/div>\n\n\n\n<div class=\"wp-block-group\"><div class=\"wp-block-group__inner-container is-layout-constrained wp-block-group-is-layout-constrained\">\n<hr class=\"wp-block-separator has-alpha-channel-opacity\"\/>\n\n\n\n<h5 class=\"wp-block-heading has-text-align-center\"><em>En savoir plus sur les membres du jury de la finale :<\/em><\/h5>\n<\/div><\/div>\n\n\n\n<div class=\"wp-block-columns has-background is-layout-flex wp-container-core-columns-is-layout-9d6595d7 wp-block-columns-is-layout-flex\" style=\"background-color:#fafafa\">\n<div class=\"wp-block-column is-layout-flow wp-block-column-is-layout-flow\" style=\"flex-basis:33.33%\">\n<figure class=\"wp-block-image size-full\"><img decoding=\"async\" width=\"844\" height=\"1125\" src=\"https:\/\/www.barreaudemontreal.qc.ca\/wp-content\/uploads\/photo-marie-anne-paquette-edited.jpg\" alt=\"\" class=\"wp-image-48874\"\/><figcaption class=\"wp-element-caption\"><strong>L\u2019honorable Marie-Anne Paquette <\/strong><\/figcaption><\/figure>\n<\/div>\n\n\n\n<div class=\"wp-block-column is-layout-flow wp-block-column-is-layout-flow\" style=\"flex-basis:66.66%\">\n<p>Avant sa nomination comme juge en chef de la Cour sup\u00e9rieure le 2 juin 2022, l&#8217;honorable Marie-Anne Paquette, a \u00e9t\u00e9 re\u00e7ue au Barreau du Qu\u00e9bec en 1994.<br><br>Elle a \u00e9t\u00e9 auxiliaire juridique \u00e0 la Cour supr\u00eame du Canada, o\u00f9 elle a eu le privil\u00e8ge de travailler avec l&#8217;ex-juge en chef du Canada, la tr\u00e8s honorable Beverly McLachlin.<br><br>Elle a ensuite pratiqu\u00e9 dans les domaines du litige civil et commercial, de l\u2019insolvabilit\u00e9, du recours collectif et de la responsabilit\u00e9 professionnelle.<br><br>Elle a \u00e9t\u00e9 nomm\u00e9e \u00e0 la Cour sup\u00e9rieure du Qu\u00e9bec en 2010 et a eu l&#8217;occasion, depuis, de rendre plusieurs jugements dans des domaines vari\u00e9s, incluant les litiges commerciaux et l&#8217;insolvabilit\u00e9.<br><br>Elle a \u00e9t\u00e9 juge coordonnatrice de la Chambre commerciale de 2020 \u00e0 2022.<\/p>\n<\/div>\n<\/div>\n\n\n\n<div style=\"height:20px\" aria-hidden=\"true\" class=\"wp-block-spacer\"><\/div>\n\n\n\n<div class=\"wp-block-columns has-background is-layout-flex wp-container-core-columns-is-layout-9d6595d7 wp-block-columns-is-layout-flex\" style=\"background-color:#fafafa\">\n<div class=\"wp-block-column is-layout-flow wp-block-column-is-layout-flow\" style=\"flex-basis:33.33%\">\n<figure class=\"wp-block-image size-full\"><img decoding=\"async\" width=\"683\" height=\"910\" src=\"https:\/\/www.barreaudemontreal.qc.ca\/wp-content\/uploads\/photo-nicolas-vermeys-edited.jpg\" alt=\"\" class=\"wp-image-48880\"\/><figcaption class=\"wp-element-caption\"><strong>Me Nicolas Vermeys<\/strong><\/figcaption><\/figure>\n<\/div>\n\n\n\n<div class=\"wp-block-column is-layout-flow wp-block-column-is-layout-flow\" style=\"flex-basis:66.66%\">\n<p>Me Nicolas Vermeys, LL.D. (Universit\u00e9 de Montr\u00e9al), LL.M. (Universit\u00e9 de Montr\u00e9al), CISSP, est directeur du <a href=\"http:\/\/www.crdp.umontreal.ca\/\">Centre de recherche en droit public<\/a>&nbsp;(CRDP), directeur adjoint du&nbsp;<a href=\"http:\/\/cyberjustice.ca\/\">Laboratoire de cyberjustice<\/a> et professeur \u00e0 la&nbsp;<a href=\"http:\/\/droit.umontreal.ca\/\">Facult\u00e9 de droit de l\u2019Universit\u00e9 de Montr\u00e9al<\/a>.<\/p>\n\n\n\n<p>Me Vermeys est membre du Barreau du Qu\u00e9bec et poss\u00e8de \u00e9galement une certification en s\u00e9curit\u00e9 informationnelle (CISSP) d\u00e9cern\u00e9e par (ISC)2. Il est l\u2019auteur de nombreuses publications portant principalement sur les incidences des technologies de l\u2019information sur le droit, dont les ouvrages&nbsp;<em>Droit codifi\u00e9 et nouvelles technologies&nbsp;: le Code civil<\/em>&nbsp;(Yvon Blais, 2015) et&nbsp;<em>Responsabilit\u00e9 civile et s\u00e9curit\u00e9 informationnelle<\/em>&nbsp;(\u00c9ditions Yvon Blais, 2010).<\/p>\n\n\n\n<p>Me Vermeys s\u2019int\u00e9resse particuli\u00e8rement aux questions juridiques li\u00e9es \u00e0 l\u2019intelligence artificielle, \u00e0 la s\u00e9curit\u00e9 de l\u2019information, aux d\u00e9veloppements en mati\u00e8re de cyberjustice et, plus g\u00e9n\u00e9ralement, aux incidences des innovations technologiques sur le droit, th\u00e8mes sur lesquels il est r\u00e9guli\u00e8rement invit\u00e9 \u00e0 intervenir aupr\u00e8s des m\u00e9dias et dans le cadre de conf\u00e9rences prononc\u00e9es pour les juges, avocats, regroupements professionnels et organismes gouvernementaux au Canada et \u00e0 l\u2019\u00e9tranger.<\/p>\n<\/div>\n<\/div>\n\n\n\n<div style=\"height:20px\" aria-hidden=\"true\" class=\"wp-block-spacer\"><\/div>\n\n\n\n<div class=\"wp-block-columns has-background is-layout-flex wp-container-core-columns-is-layout-9d6595d7 wp-block-columns-is-layout-flex\" style=\"background-color:#fafafa\">\n<div class=\"wp-block-column is-layout-flow wp-block-column-is-layout-flow\" style=\"flex-basis:33.33%\">\n<figure class=\"wp-block-image size-full\"><img decoding=\"async\" width=\"426\" height=\"568\" src=\"https:\/\/www.barreaudemontreal.qc.ca\/wp-content\/uploads\/photo-philippe-beaudoin-edited.jpg\" alt=\"\" class=\"wp-image-48884\"\/><figcaption class=\"wp-element-caption\"><strong>M. Philippe Beaudoin<\/strong><\/figcaption><\/figure>\n<\/div>\n\n\n\n<div class=\"wp-block-column is-layout-flow wp-block-column-is-layout-flow\" style=\"flex-basis:66.66%\">\n<p>Philippe Beaudoin est chercheur, d\u00e9veloppeur et entrepreneur, sensible \u00e0 la petite flamme qui s\u2019allume dans les yeux de chacun. Apr\u00e8s un doctorat \u00e0 l\u2019Universit\u00e9 de Montr\u00e9al et un post-doctorat \u00e0 la University of British Columbia sur le mouvement humain et la robotique, il devient ing\u00e9nieur s\u00e9nior chez Google, am\u00e9liorant les syst\u00e8mes de recommandation de Chrome. En 2016, il cofonde Element AI pour rapprocher l\u2019intelligence artificielle du monde r\u00e9el.<\/p>\n\n\n\n<p>En 2020, il r\u00e9alise que certaines technologies cens\u00e9es nous \u00ab mieux comprendre \u00bb renforcent plut\u00f4t nos habitudes n\u00e9gatives, l\u2019incitant \u00e0 se concentrer sur l\u2019alignement entre syst\u00e8mes techniques et \u00e9panouissement humain. Il fonde alors Waverly, explorant comment le langage et le dialogue peuvent cr\u00e9er des r\u00e9seaux sociaux enrichissants, o\u00f9 authenticit\u00e9 et aspirations ont leur place.<\/p>\n\n\n\n<p>En rejoignant LoiZ\u00e9ro en 2025, il poursuit cette mission : b\u00e2tir une intelligence artificielle qui reconna\u00eet et soutient l\u2019\u00e9panouissement humain, pour rendre la technologie r\u00e9ellement b\u00e9n\u00e9fique.<\/p>\n<\/div>\n<\/div>\n\n\n\n<div style=\"height:20px\" aria-hidden=\"true\" class=\"wp-block-spacer\"><\/div>\n\n\n\n<div class=\"wp-block-columns has-background is-layout-flex wp-container-core-columns-is-layout-9d6595d7 wp-block-columns-is-layout-flex\" style=\"background-color:#fafafa\">\n<div class=\"wp-block-column is-layout-flow wp-block-column-is-layout-flow\" style=\"flex-basis:33.33%\">\n<figure class=\"wp-block-image size-full\"><img decoding=\"async\" width=\"405\" height=\"540\" src=\"https:\/\/www.barreaudemontreal.qc.ca\/wp-content\/uploads\/photo-benedicte-lebel-edited.jpeg\" alt=\"\" class=\"wp-image-48888\"\/><figcaption class=\"wp-element-caption\"><strong>Mme B\u00e9n\u00e9dicte Lebel<\/strong><\/figcaption><\/figure>\n<\/div>\n\n\n\n<div class=\"wp-block-column is-layout-flow wp-block-column-is-layout-flow\" style=\"flex-basis:66.66%\">\n<p>B\u00e9n\u00e9dicte Lebel est journaliste depuis 2010. Au fil des ans, elle couvre l\u2019actualit\u00e9 g\u00e9n\u00e9rale \u00e0 TVA, LCN et Noovo Info. C\u2019est en 2021 qu\u2019elle se joint \u00e0 l\u2019\u00e9quipe de<\/p>\n\n\n\n<p>Paul Arcand au 98,5 FM \u00e0 titre de chroniqueuse aux affaires judiciaires et polici\u00e8res, un poste qu\u2019elle occupe toujours \u00e0 l\u2019\u00e9mission Lagac\u00e9 le matin.<\/p>\n\n\n\n<p>En 2024, elle produit et anime la s\u00e9rie balado<em> La nuit o\u00f9 j\u2019ai failli mourir<\/em> qui pr\u00e9sente les t\u00e9moignages de femmes qui ont surv\u00e9cu \u00e0 une tentative de f\u00e9minicide.<\/p>\n\n\n\n<p>B\u00e9n\u00e9dicte se distingue par son approche humaine, sa rigueur et son empathie lorsqu\u2019elle traite de sujets complexes et sensibles.<\/p>\n<\/div>\n<\/div>\n\n\n\n<div style=\"height:20px\" aria-hidden=\"true\" class=\"wp-block-spacer\"><\/div>\n\n\n\n<div class=\"wp-block-columns has-background is-layout-flex wp-container-core-columns-is-layout-9d6595d7 wp-block-columns-is-layout-flex\" style=\"background-color:#fafafa\">\n<div class=\"wp-block-column is-layout-flow wp-block-column-is-layout-flow\" style=\"flex-basis:33.33%\">\n<figure class=\"wp-block-image size-full\"><img decoding=\"async\" width=\"332\" height=\"442\" src=\"https:\/\/www.barreaudemontreal.qc.ca\/wp-content\/uploads\/photo-stephaneletourneau-edited.png\" alt=\"\" class=\"wp-image-48894\"\/><figcaption class=\"wp-element-caption\"><strong>Me St\u00e9phane L\u00e9tourneau<\/strong><\/figcaption><\/figure>\n<\/div>\n\n\n\n<div class=\"wp-block-column is-layout-flow wp-block-column-is-layout-flow\" style=\"flex-basis:66.66%\">\n<p>Me St\u00e9phane L\u00e9tourneau est le Vice-pr\u00e9sident ex\u00e9cutif de Mila &#8211; Institut qu\u00e9b\u00e9cois d\u2019intelligence artificielle. Il y est responsable des relations avec l\u2019industrie et des affaires corporatives et juridiques, et ce depuis la fondation de Mila, et des finances.<\/p>\n\n\n\n<p>Il \u0153uvre depuis pr\u00e8s de 25 ans \u00e0 l\u2019interface de la recherche scientifique et de l\u2019innovation industrielle, d\u2019abord au sein d\u2019un institut de recherche biom\u00e9dical. Il a notamment \u00e9t\u00e9 conseiller sp\u00e9cial \u00e0 l\u2019Universit\u00e9 de Montr\u00e9al, pour le d\u00e9ploiement d\u2019initiatives institutionnelles majeures, tel que la mise sur pied de Mila.&nbsp;<\/p>\n\n\n\n<p>St\u00e9phane a commenc\u00e9 sa carri\u00e8re en pratique priv\u00e9e chez Fasken Martineau o\u00f9 il a \u00e9t\u00e9 un associ\u00e9 dans la section de litige en propri\u00e9t\u00e9 intellectuelle et en droit commercial.<\/p>\n\n\n\n<p>Diplom\u00e9 en droit de l\u2019Universit\u00e9 de Montr\u00e9al, St\u00e9phane a ensuite obtenu une maitrise en sciences politiques de l\u2019Universit\u00e9 d\u2019Oxford en Angleterre.<\/p>\n<\/div>\n<\/div>\n\n\n\n<div style=\"height:60px\" aria-hidden=\"true\" class=\"wp-block-spacer\"><\/div>\n\n\n\n<p>Information :&nbsp;<a href=\"mailto:concours@barreaudemontreal.qc.ca?subject=D%C3%A9bats%20oratoires\" target=\"_blank\" rel=\"noopener\">Barreau de Montr\u00e9al<\/a>, 514 866-9392, poste 235.<\/p>\n\n\n\n<div style=\"height:100px\" aria-hidden=\"true\" class=\"wp-block-spacer\"><\/div>\n","protected":false},"excerpt":{"rendered":"<p><span style=\"font-size: 14px;\"><span style=\"color: rgb(106, 26, 49);\"><strong><span class=\"cont_txt_noir\">\u00c9DITION 2021 <\/span><\/strong><\/span><\/span><\/p>\n<p>Les d\u00e9bats oratoires ont pour but d&#8217;encourager les \u00e9tudiants francophones et anglophones de niveau coll\u00e9gial de l&#8217;\u00eele de Montr\u00e9al \u00e0 d\u00e9fendre publiquement une position \u00e0 l&#8217;\u00e9gard d&#8217;un sujet d&#8217;actualit\u00e9, comportant une connotation l\u00e9gale et soulevant la controverse.<\/p>\n<p><span style=\"color: rgb(106, 26, 49);\"><strong>F\u00c9LICITATIONS AUX GAGNANTS<\/strong><\/span><\/p>\n","protected":false},"author":30,"featured_media":0,"parent":24141,"menu_order":1,"comment_status":"closed","ping_status":"closed","template":"","meta":{"_acf_changed":false,"_editorskit_title_hidden":false,"_editorskit_reading_time":1,"_editorskit_is_block_options_detached":false,"_editorskit_block_options_position":"{}","inline_featured_image":false,"ngg_post_thumbnail":0,"footnotes":""},"class_list":["post-1096","page","type-page","status-publish","hentry"],"acf":[],"yoast_head":"<!-- This site is optimized with the Yoast SEO plugin v27.4 - https:\/\/yoast.com\/product\/yoast-seo-wordpress\/ -->\n<title>Debating competition - Barreau de Montr&eacute;al<\/title>\n<meta name=\"robots\" content=\"index, follow, max-snippet:-1, max-image-preview:large, max-video-preview:-1\" \/>\n<link rel=\"canonical\" href=\"https:\/\/www.barreaudemontreal.qc.ca\/en\/public\/concours-visez-droit\/debating-competition\/\" \/>\n<meta property=\"og:locale\" content=\"en_US\" \/>\n<meta property=\"og:type\" content=\"article\" \/>\n<meta property=\"og:title\" content=\"Debating competition - Barreau de Montr&eacute;al\" \/>\n<meta property=\"og:description\" content=\"\u00c9DITION 2021 Les d\u00e9bats oratoires ont pour but d&#039;encourager les \u00e9tudiants francophones et anglophones de niveau coll\u00e9gial de l&#039;\u00eele de Montr\u00e9al \u00e0 d\u00e9fendre publiquement une position \u00e0 l&#039;\u00e9gard d&#039;un sujet d&#039;actualit\u00e9, comportant une connotation l\u00e9gale et soulevant la controverse.F\u00c9LICITATIONS AUX GAGNANTS\" \/>\n<meta property=\"og:url\" content=\"https:\/\/www.barreaudemontreal.qc.ca\/en\/public\/concours-visez-droit\/debating-competition\/\" \/>\n<meta property=\"og:site_name\" content=\"Barreau de Montr&eacute;al\" \/>\n<meta property=\"article:modified_time\" content=\"2026-03-20T13:50:19+00:00\" \/>\n<meta property=\"og:image\" content=\"https:\/\/www.barreaudemontreal.qc.ca\/wp-content\/uploads\/debats2026-finalistes-scaled.jpg\" \/>\n\t<meta property=\"og:image:width\" content=\"2560\" \/>\n\t<meta property=\"og:image:height\" content=\"1707\" \/>\n\t<meta property=\"og:image:type\" content=\"image\/jpeg\" \/>\n<meta name=\"twitter:card\" content=\"summary_large_image\" \/>\n<meta name=\"twitter:label1\" content=\"Est. reading time\" \/>\n\t<meta name=\"twitter:data1\" content=\"9 minutes\" \/>\n<script type=\"application\/ld+json\" class=\"yoast-schema-graph\">{\"@context\":\"https:\\\/\\\/schema.org\",\"@graph\":[{\"@type\":\"WebPage\",\"@id\":\"https:\\\/\\\/www.barreaudemontreal.qc.ca\\\/en\\\/public\\\/concours-visez-droit\\\/debating-competition\\\/\",\"url\":\"https:\\\/\\\/www.barreaudemontreal.qc.ca\\\/en\\\/public\\\/concours-visez-droit\\\/debating-competition\\\/\",\"name\":\"Debating competition - Barreau de Montr&eacute;al\",\"isPartOf\":{\"@id\":\"https:\\\/\\\/www.barreaudemontreal.qc.ca\\\/en\\\/#website\"},\"primaryImageOfPage\":{\"@id\":\"https:\\\/\\\/www.barreaudemontreal.qc.ca\\\/en\\\/public\\\/concours-visez-droit\\\/debating-competition\\\/#primaryimage\"},\"image\":{\"@id\":\"https:\\\/\\\/www.barreaudemontreal.qc.ca\\\/en\\\/public\\\/concours-visez-droit\\\/debating-competition\\\/#primaryimage\"},\"thumbnailUrl\":\"https:\\\/\\\/www.barreaudemontreal.qc.ca\\\/wp-content\\\/uploads\\\/debats2026-finalistes-1024x683.jpg\",\"datePublished\":\"2013-04-26T20:28:45+00:00\",\"dateModified\":\"2026-03-20T13:50:19+00:00\",\"breadcrumb\":{\"@id\":\"https:\\\/\\\/www.barreaudemontreal.qc.ca\\\/en\\\/public\\\/concours-visez-droit\\\/debating-competition\\\/#breadcrumb\"},\"inLanguage\":\"en-US\",\"potentialAction\":[{\"@type\":\"ReadAction\",\"target\":[\"https:\\\/\\\/www.barreaudemontreal.qc.ca\\\/en\\\/public\\\/concours-visez-droit\\\/debating-competition\\\/\"]}]},{\"@type\":\"ImageObject\",\"inLanguage\":\"en-US\",\"@id\":\"https:\\\/\\\/www.barreaudemontreal.qc.ca\\\/en\\\/public\\\/concours-visez-droit\\\/debating-competition\\\/#primaryimage\",\"url\":\"https:\\\/\\\/www.barreaudemontreal.qc.ca\\\/wp-content\\\/uploads\\\/debats2026-finalistes-1024x683.jpg\",\"contentUrl\":\"https:\\\/\\\/www.barreaudemontreal.qc.ca\\\/wp-content\\\/uploads\\\/debats2026-finalistes-1024x683.jpg\"},{\"@type\":\"BreadcrumbList\",\"@id\":\"https:\\\/\\\/www.barreaudemontreal.qc.ca\\\/en\\\/public\\\/concours-visez-droit\\\/debating-competition\\\/#breadcrumb\",\"itemListElement\":[{\"@type\":\"ListItem\",\"position\":1,\"name\":\"Home\",\"item\":\"https:\\\/\\\/www.barreaudemontreal.qc.ca\\\/en\\\/\"},{\"@type\":\"ListItem\",\"position\":2,\"name\":\"Public\",\"item\":\"https:\\\/\\\/www.barreaudemontreal.qc.ca\\\/en\\\/public\\\/\"},{\"@type\":\"ListItem\",\"position\":3,\"name\":\"VISEZ DROIT Contests\",\"item\":\"https:\\\/\\\/www.barreaudemontreal.qc.ca\\\/en\\\/public\\\/concours-visez-droit\\\/\"},{\"@type\":\"ListItem\",\"position\":4,\"name\":\"Debating competition\"}]},{\"@type\":\"WebSite\",\"@id\":\"https:\\\/\\\/www.barreaudemontreal.qc.ca\\\/en\\\/#website\",\"url\":\"https:\\\/\\\/www.barreaudemontreal.qc.ca\\\/en\\\/\",\"name\":\"Barreau de Montr&eacute;al\",\"description\":\"La plus grande section du Barreau du Qu&eacute;bec\",\"potentialAction\":[{\"@type\":\"SearchAction\",\"target\":{\"@type\":\"EntryPoint\",\"urlTemplate\":\"https:\\\/\\\/www.barreaudemontreal.qc.ca\\\/en\\\/?s={search_term_string}\"},\"query-input\":{\"@type\":\"PropertyValueSpecification\",\"valueRequired\":true,\"valueName\":\"search_term_string\"}}],\"inLanguage\":\"en-US\"}]}<\/script>\n<!-- \/ Yoast SEO plugin. -->","yoast_head_json":{"title":"Debating competition - Barreau de Montr&eacute;al","robots":{"index":"index","follow":"follow","max-snippet":"max-snippet:-1","max-image-preview":"max-image-preview:large","max-video-preview":"max-video-preview:-1"},"canonical":"https:\/\/www.barreaudemontreal.qc.ca\/en\/public\/concours-visez-droit\/debating-competition\/","og_locale":"en_US","og_type":"article","og_title":"Debating competition - Barreau de Montr&eacute;al","og_description":"\u00c9DITION 2021 Les d\u00e9bats oratoires ont pour but d'encourager les \u00e9tudiants francophones et anglophones de niveau coll\u00e9gial de l'\u00eele de Montr\u00e9al \u00e0 d\u00e9fendre publiquement une position \u00e0 l'\u00e9gard d'un sujet d'actualit\u00e9, comportant une connotation l\u00e9gale et soulevant la controverse.F\u00c9LICITATIONS AUX GAGNANTS","og_url":"https:\/\/www.barreaudemontreal.qc.ca\/en\/public\/concours-visez-droit\/debating-competition\/","og_site_name":"Barreau de Montr&eacute;al","article_modified_time":"2026-03-20T13:50:19+00:00","og_image":[{"width":2560,"height":1707,"url":"https:\/\/www.barreaudemontreal.qc.ca\/wp-content\/uploads\/debats2026-finalistes-scaled.jpg","type":"image\/jpeg"}],"twitter_card":"summary_large_image","twitter_misc":{"Est. reading time":"9 minutes"},"schema":{"@context":"https:\/\/schema.org","@graph":[{"@type":"WebPage","@id":"https:\/\/www.barreaudemontreal.qc.ca\/en\/public\/concours-visez-droit\/debating-competition\/","url":"https:\/\/www.barreaudemontreal.qc.ca\/en\/public\/concours-visez-droit\/debating-competition\/","name":"Debating competition - Barreau de Montr&eacute;al","isPartOf":{"@id":"https:\/\/www.barreaudemontreal.qc.ca\/en\/#website"},"primaryImageOfPage":{"@id":"https:\/\/www.barreaudemontreal.qc.ca\/en\/public\/concours-visez-droit\/debating-competition\/#primaryimage"},"image":{"@id":"https:\/\/www.barreaudemontreal.qc.ca\/en\/public\/concours-visez-droit\/debating-competition\/#primaryimage"},"thumbnailUrl":"https:\/\/www.barreaudemontreal.qc.ca\/wp-content\/uploads\/debats2026-finalistes-1024x683.jpg","datePublished":"2013-04-26T20:28:45+00:00","dateModified":"2026-03-20T13:50:19+00:00","breadcrumb":{"@id":"https:\/\/www.barreaudemontreal.qc.ca\/en\/public\/concours-visez-droit\/debating-competition\/#breadcrumb"},"inLanguage":"en-US","potentialAction":[{"@type":"ReadAction","target":["https:\/\/www.barreaudemontreal.qc.ca\/en\/public\/concours-visez-droit\/debating-competition\/"]}]},{"@type":"ImageObject","inLanguage":"en-US","@id":"https:\/\/www.barreaudemontreal.qc.ca\/en\/public\/concours-visez-droit\/debating-competition\/#primaryimage","url":"https:\/\/www.barreaudemontreal.qc.ca\/wp-content\/uploads\/debats2026-finalistes-1024x683.jpg","contentUrl":"https:\/\/www.barreaudemontreal.qc.ca\/wp-content\/uploads\/debats2026-finalistes-1024x683.jpg"},{"@type":"BreadcrumbList","@id":"https:\/\/www.barreaudemontreal.qc.ca\/en\/public\/concours-visez-droit\/debating-competition\/#breadcrumb","itemListElement":[{"@type":"ListItem","position":1,"name":"Home","item":"https:\/\/www.barreaudemontreal.qc.ca\/en\/"},{"@type":"ListItem","position":2,"name":"Public","item":"https:\/\/www.barreaudemontreal.qc.ca\/en\/public\/"},{"@type":"ListItem","position":3,"name":"VISEZ DROIT Contests","item":"https:\/\/www.barreaudemontreal.qc.ca\/en\/public\/concours-visez-droit\/"},{"@type":"ListItem","position":4,"name":"Debating competition"}]},{"@type":"WebSite","@id":"https:\/\/www.barreaudemontreal.qc.ca\/en\/#website","url":"https:\/\/www.barreaudemontreal.qc.ca\/en\/","name":"Barreau de Montr&eacute;al","description":"La plus grande section du Barreau du Qu&eacute;bec","potentialAction":[{"@type":"SearchAction","target":{"@type":"EntryPoint","urlTemplate":"https:\/\/www.barreaudemontreal.qc.ca\/en\/?s={search_term_string}"},"query-input":{"@type":"PropertyValueSpecification","valueRequired":true,"valueName":"search_term_string"}}],"inLanguage":"en-US"}]}},"_links":{"self":[{"href":"https:\/\/www.barreaudemontreal.qc.ca\/en\/wp-json\/wp\/v2\/pages\/1096","targetHints":{"allow":["GET"]}}],"collection":[{"href":"https:\/\/www.barreaudemontreal.qc.ca\/en\/wp-json\/wp\/v2\/pages"}],"about":[{"href":"https:\/\/www.barreaudemontreal.qc.ca\/en\/wp-json\/wp\/v2\/types\/page"}],"author":[{"embeddable":true,"href":"https:\/\/www.barreaudemontreal.qc.ca\/en\/wp-json\/wp\/v2\/users\/30"}],"replies":[{"embeddable":true,"href":"https:\/\/www.barreaudemontreal.qc.ca\/en\/wp-json\/wp\/v2\/comments?post=1096"}],"version-history":[{"count":3,"href":"https:\/\/www.barreaudemontreal.qc.ca\/en\/wp-json\/wp\/v2\/pages\/1096\/revisions"}],"predecessor-version":[{"id":49110,"href":"https:\/\/www.barreaudemontreal.qc.ca\/en\/wp-json\/wp\/v2\/pages\/1096\/revisions\/49110"}],"up":[{"embeddable":true,"href":"https:\/\/www.barreaudemontreal.qc.ca\/en\/wp-json\/wp\/v2\/pages\/24141"}],"wp:attachment":[{"href":"https:\/\/www.barreaudemontreal.qc.ca\/en\/wp-json\/wp\/v2\/media?parent=1096"}],"curies":[{"name":"wp","href":"https:\/\/api.w.org\/{rel}","templated":true}]}}