{"id":48763,"date":"2026-03-12T15:00:00","date_gmt":"2026-03-12T19:00:00","guid":{"rendered":"https:\/\/www.barreaudemontreal.qc.ca\/?post_type=communications&#038;p=48763"},"modified":"2026-03-12T15:07:46","modified_gmt":"2026-03-12T19:07:46","slug":"election-2026-avis-preliminaire","status":"publish","type":"communications","link":"https:\/\/www.barreaudemontreal.qc.ca\/en\/communications\/election-2026-avis-preliminaire\/","title":{"rendered":"\u00c9lection 2026 : avis pr\u00e9liminaire"},"content":{"rendered":"\n<p><strong>Assembl\u00e9e g\u00e9n\u00e9rale annuelle et \u00e9lection du Conseil<\/strong><strong><\/strong><\/p>\n\n\n\n<p>L\u2019assembl\u00e9e g\u00e9n\u00e9rale annuelle du Barreau de Montr\u00e9al aura lieu le<strong> jeudi 7 mai 2026<\/strong> (17 h 30, salle 5.15 du Palais de justice de Montr\u00e9al, 10, rue Saint-Antoine Est). Un membre qui d\u00e9sire y <strong>soumettre une question <\/strong>doit en donner avis \u00e9crit au Barreau de Montr\u00e9al <strong>avant 16 h, le 1er avril 2026<\/strong>, pour qu\u2019elle soit port\u00e9e \u00e0 l\u2019ordre du jour.<\/p>\n\n\n\n<p>Les affaires de la section sont g\u00e9r\u00e9es par un Conseil compos\u00e9 de treize (13) membres comprenant quatre (4) dirigeants et neuf (9) conseillers dont 2 doivent \u00eatre \u00e2g\u00e9s de 35 ans ou moins au moment de son \u00e9lection. Au moins quatre (4) membres du Conseil doivent \u00eatre de langue anglaise.<\/p>\n\n\n\n<p>Le mandat des membres dont les noms suivent se termine le 7 mai 2026 :<\/p>\n\n\n\n<ul class=\"wp-block-list\">\n<li>B\u00e2tonni\u00e8re : Me <strong>Val\u00e9rie Assouline<\/strong><\/li>\n\n\n\n<li>Premi\u00e8re conseill\u00e8re : Me <strong>Alice Popovici<\/strong><\/li>\n\n\n\n<li>Conseiller(\u00e8re)s : Me <strong>Mathieu Jacques<\/strong>, Me <strong>Marie-France Le Bel<\/strong>, Me <strong>Peter Moraitis<\/strong> et <strong>Me Patrycia Nowaskowa<\/strong><\/li>\n<\/ul>\n\n\n\n<p>Le mandat des conseillers mentionn\u00e9s ci-apr\u00e8s se prolonge jusqu\u2019\u00e0 l\u2019\u00e9lection de 2027 :<\/p>\n\n\n\n<ul class=\"wp-block-list\">\n<li>Me <strong>Harry Dikranian<\/strong>, Me <strong>Sophie Estienne<\/strong>, Me <strong>Gabrielle Gayrard<\/strong>, Me <strong>F\u00e9lix Rh\u00e9aume<\/strong>, Me <strong>Marc-Andr\u00e9 S\u00e9guin<\/strong>, Me <strong>Joey Suri <\/strong>et Me <strong>Pascale Vigneau<\/strong><\/li>\n<\/ul>\n\n\n\n<p><strong>IL Y AURA \u00c0 \u00c9LIRE CETTE ANN\u00c9E :<\/strong><\/p>\n\n\n\n<p><strong>Mandat d\u2019un an :<\/strong><\/p>\n\n\n\n<ul class=\"wp-block-list\">\n<li>B\u00e2tonnier \u2013 anglophone (suivant une tradition qui n\u2019est pas contraignante, mais qui remonte \u00e0 1922, voulant que le poste soit occup\u00e9 par une personne francophone deux ans de suite et anglophone la troisi\u00e8me ann\u00e9e)<\/li>\n\n\n\n<li>Premier conseiller \u2013 francophone<\/li>\n<\/ul>\n\n\n\n<p><strong>Mandat de deux ans :<\/strong><\/p>\n\n\n\n<ul class=\"wp-block-list\">\n<li>Deux (2) conseillers \u2013 anglophones (pour avoir au moins quatre anglophones)<\/li>\n\n\n\n<li>Deux (2) conseillers \u2013 francophones<\/li>\n<\/ul>\n\n\n\n<p><strong>\u00c9ligibilit\u00e9 au poste d\u2019administrateur<\/strong><\/p>\n\n\n\n<p>Sont \u00e9ligibles \u00e0 un poste au sein du Conseil les avocats en exercice qui ont vers\u00e9 leurs cotisations pour l\u2019ann\u00e9e courante conform\u00e9ment au paragraphe 2 de l\u2019article 68 de la <em>Loi&nbsp;sur le Barreau<\/em>. Le candidat au poste de b\u00e2tonnier doit avoir \u00e9t\u00e9 membre du Conseil dans les cinq ann\u00e9es pr\u00e9c\u00e9dant la date de l\u2019\u00e9lection. Le candidat au poste de premier conseiller doit avoir \u00e9t\u00e9 membre du Conseil.<\/p>\n\n\n\n<p>Le candidat ne peut \u00eatre membre du conseil d\u2019administration ou dirigeant d&#8217;une personne morale ou de tout autre groupement de personnes ayant pour objet principal la promotion des int\u00e9r\u00eats ou la d\u00e9fense des int\u00e9r\u00eats des membres de la section ou exercer de telles fonctions au sein de l\u2019un des affili\u00e9s du Barreau du Qu\u00e9bec.<\/p>\n\n\n\n<p><strong>Diversit\u00e9 des comp\u00e9tences d\u00e9tenues par les membres du Conseil<\/strong><\/p>\n\n\n\n<p>Dans un souci d\u2019atteindre une diversit\u00e9 des comp\u00e9tences d\u00e9tenues par les membres du Conseil, le Barreau de Montr\u00e9al a d\u00e9velopp\u00e9 une <a href=\"https:\/\/www.barreaudemontreal.qc.ca\/wp-content\/uploads\/election2026-matrice-competences.pdf\" target=\"_blank\" rel=\"noreferrer noopener\">matrice de comp\u00e9tence<\/a>\u00a0permettant d\u2019\u00e9valuer la diversit\u00e9 souhait\u00e9e pour atteindre ses orientations strat\u00e9giques. Elle <strong>sert d\u2019outils<\/strong> au comit\u00e9 de gouvernance <strong>pour identifier celles qui sont existantes<\/strong> au sein du Conseil <strong>et pour cerner celles recherch\u00e9es<\/strong> en p\u00e9riode \u00e9lectorale pour consolider les mandats du Conseil. <strong>Elle ne se veut pas un outil d\u2019exclusion<\/strong>, mais un instrument permettant au candidat de conna\u00eetre les comp\u00e9tences recherch\u00e9es ou \u00e0 orienter l\u2019\u00e9lecteur au moment de l\u2019\u00e9lection.<\/p>\n\n\n\n<p>Cette ann\u00e9e, le Conseil a identifi\u00e9 les comp\u00e9tences suivantes pour permettre la diversit\u00e9 des comp\u00e9tences d\u00e9tenues par les membres du Conseil&nbsp;: <\/p>\n\n\n\n<ol class=\"wp-block-list\">\n<li><strong>expertise en informatique et cybers\u00e9curit\u00e9 (plus particuli\u00e8rement en lien avec la loi 25)<\/strong> et\/ou <\/li>\n\n\n\n<li><strong>expertise en droit criminel et\/ou p\u00e9nal<\/strong>.<a id=\"_msocom_1\"><\/a><\/li>\n<\/ol>\n\n\n\n<p><strong>Bulletin pr\u00e9sentation pour la mise en candidature<\/strong><\/p>\n\n\n\n<p>La mise en candidature se fait par un bulletin de pr\u00e9sentation disponible sur demande \u00e0 <a href=\"mailto:direction@barreaudemontreal.qc.ca\">direction@barreaudemontreal.qc.ca<\/a> et doit \u00eatre appuy\u00e9e par au moins deux et au maximum dix membres de la section.<\/p>\n\n\n\n<p>Par la suite, le bulletin de pr\u00e9sentation <strong>ET<\/strong> les formulaires d\u2019appui <strong>doivent \u00eatre transmis \u00e0 <\/strong><a href=\"mailto:direction@barreaudemontreal.qc.ca\">direction@barreaudemontreal.qc.ca<\/a><strong> et re\u00e7us avant 16\u00a0h, le mercredi 1er\u00a0avril 2026<\/strong>.<\/p>\n\n\n\n<p><strong>Guide d&#8217;\u00e9lection<\/strong><\/p>\n\n\n\n<p>Pour connaitre les r\u00e8gles et les d\u00e9tails en lien avec le d\u00e9roulement de l&#8217;\u00e9lection, veuillez consulter le <a href=\"https:\/\/www.barreaudemontreal.qc.ca\/wp-content\/uploads\/election2026-guide.pdf\" target=\"_blank\" rel=\"noreferrer noopener\">Guide d\u2019\u00e9lection&nbsp;2026<\/a><em>.<\/em><\/p>\n\n\n\n<div style=\"height:20px\" aria-hidden=\"true\" class=\"wp-block-spacer\"><\/div>\n\n\n\n<div class=\"wp-block-buttons is-layout-flex wp-block-buttons-is-layout-flex\">\n<div class=\"wp-block-button\"><a class=\"wp-block-button__link has-central-palette-6-color has-central-palette-2-background-color has-text-color has-background wp-element-button\" href=\"https:\/\/www.barreaudemontreal.qc.ca\/barreau\/gouvernance\/election\/\">Pour tout savoir sur l&#8217;\u00e9lection 2026, cliquez ici<\/a><\/div>\n<\/div>\n\n\n\n<p class=\"has-small-font-size\"><em><strong>Note : <\/strong>Afin de faciliter la lecture, le Barreau de Montr\u00e9al emploie le masculin comme genre neutre.<\/em><\/p>\n","protected":false},"excerpt":{"rendered":"<p>L\u2019\u00e9lection du Conseil et l\u2019assembl\u00e9e g\u00e9n\u00e9rale annuelle auront bient\u00f4t lieu. Consultez d\u00e8s maintenant l\u2019avis pr\u00e9liminaire.<\/p>\n","protected":false},"author":3,"featured_media":31486,"template":"","meta":{"_acf_changed":false,"_editorskit_title_hidden":false,"_editorskit_reading_time":0,"_editorskit_is_block_options_detached":false,"_editorskit_block_options_position":"{}","inline_featured_image":false,"ngg_post_thumbnail":0},"nouvelle_category":[],"nouvelles_tags":[],"class_list":["post-48763","communications","type-communications","status-publish","has-post-thumbnail","hentry"],"acf":[],"yoast_head":"<!-- This site is optimized with the Yoast SEO plugin v27.4 - https:\/\/yoast.com\/product\/yoast-seo-wordpress\/ -->\n<title>\u00c9lection 2026 : avis pr\u00e9liminaire - Barreau de Montr&eacute;al<\/title>\n<meta name=\"robots\" content=\"index, follow, max-snippet:-1, max-image-preview:large, max-video-preview:-1\" \/>\n<link rel=\"canonical\" href=\"https:\/\/www.barreaudemontreal.qc.ca\/en\/communications\/election-2026-avis-preliminaire\/\" \/>\n<meta property=\"og:locale\" content=\"en_US\" \/>\n<meta property=\"og:type\" content=\"article\" \/>\n<meta property=\"og:title\" content=\"\u00c9lection 2026 : avis pr\u00e9liminaire - Barreau de Montr&eacute;al\" \/>\n<meta property=\"og:description\" content=\"L\u2019\u00e9lection du Conseil et l\u2019assembl\u00e9e g\u00e9n\u00e9rale annuelle auront bient\u00f4t lieu. Consultez d\u00e8s maintenant l\u2019avis pr\u00e9liminaire.\" \/>\n<meta property=\"og:url\" content=\"https:\/\/www.barreaudemontreal.qc.ca\/en\/communications\/election-2026-avis-preliminaire\/\" \/>\n<meta property=\"og:site_name\" content=\"Barreau de Montr&eacute;al\" \/>\n<meta property=\"article:modified_time\" content=\"2026-03-12T19:07:46+00:00\" \/>\n<meta property=\"og:image\" content=\"https:\/\/www.barreaudemontreal.qc.ca\/wp-content\/uploads\/images\/nouvelles\/nouvelle-election2023-1.png\" \/>\n\t<meta property=\"og:image:width\" content=\"800\" \/>\n\t<meta property=\"og:image:height\" content=\"604\" \/>\n\t<meta property=\"og:image:type\" content=\"image\/png\" \/>\n<meta name=\"twitter:card\" content=\"summary_large_image\" \/>\n<meta name=\"twitter:label1\" content=\"Est. reading time\" \/>\n\t<meta name=\"twitter:data1\" content=\"4 minutes\" \/>\n<script type=\"application\/ld+json\" class=\"yoast-schema-graph\">{\"@context\":\"https:\\\/\\\/schema.org\",\"@graph\":[{\"@type\":\"WebPage\",\"@id\":\"https:\\\/\\\/www.barreaudemontreal.qc.ca\\\/en\\\/communications\\\/election-2026-avis-preliminaire\\\/\",\"url\":\"https:\\\/\\\/www.barreaudemontreal.qc.ca\\\/en\\\/communications\\\/election-2026-avis-preliminaire\\\/\",\"name\":\"\u00c9lection 2026 : avis pr\u00e9liminaire - Barreau de Montr&eacute;al\",\"isPartOf\":{\"@id\":\"https:\\\/\\\/www.barreaudemontreal.qc.ca\\\/en\\\/#website\"},\"primaryImageOfPage\":{\"@id\":\"https:\\\/\\\/www.barreaudemontreal.qc.ca\\\/en\\\/communications\\\/election-2026-avis-preliminaire\\\/#primaryimage\"},\"image\":{\"@id\":\"https:\\\/\\\/www.barreaudemontreal.qc.ca\\\/en\\\/communications\\\/election-2026-avis-preliminaire\\\/#primaryimage\"},\"thumbnailUrl\":\"https:\\\/\\\/www.barreaudemontreal.qc.ca\\\/wp-content\\\/uploads\\\/images\\\/nouvelles\\\/nouvelle-election2023-1.png\",\"datePublished\":\"2026-03-12T19:00:00+00:00\",\"dateModified\":\"2026-03-12T19:07:46+00:00\",\"breadcrumb\":{\"@id\":\"https:\\\/\\\/www.barreaudemontreal.qc.ca\\\/en\\\/communications\\\/election-2026-avis-preliminaire\\\/#breadcrumb\"},\"inLanguage\":\"en-US\",\"potentialAction\":[{\"@type\":\"ReadAction\",\"target\":[\"https:\\\/\\\/www.barreaudemontreal.qc.ca\\\/en\\\/communications\\\/election-2026-avis-preliminaire\\\/\"]}]},{\"@type\":\"ImageObject\",\"inLanguage\":\"en-US\",\"@id\":\"https:\\\/\\\/www.barreaudemontreal.qc.ca\\\/en\\\/communications\\\/election-2026-avis-preliminaire\\\/#primaryimage\",\"url\":\"https:\\\/\\\/www.barreaudemontreal.qc.ca\\\/wp-content\\\/uploads\\\/images\\\/nouvelles\\\/nouvelle-election2023-1.png\",\"contentUrl\":\"https:\\\/\\\/www.barreaudemontreal.qc.ca\\\/wp-content\\\/uploads\\\/images\\\/nouvelles\\\/nouvelle-election2023-1.png\",\"width\":800,\"height\":604},{\"@type\":\"BreadcrumbList\",\"@id\":\"https:\\\/\\\/www.barreaudemontreal.qc.ca\\\/en\\\/communications\\\/election-2026-avis-preliminaire\\\/#breadcrumb\",\"itemListElement\":[{\"@type\":\"ListItem\",\"position\":1,\"name\":\"Home\",\"item\":\"https:\\\/\\\/www.barreaudemontreal.qc.ca\\\/en\\\/\"},{\"@type\":\"ListItem\",\"position\":2,\"name\":\"Communications\",\"item\":\"https:\\\/\\\/www.barreaudemontreal.qc.ca\\\/en\\\/communications\\\/\"},{\"@type\":\"ListItem\",\"position\":3,\"name\":\"\u00c9lection 2026 : avis pr\u00e9liminaire\"}]},{\"@type\":\"WebSite\",\"@id\":\"https:\\\/\\\/www.barreaudemontreal.qc.ca\\\/en\\\/#website\",\"url\":\"https:\\\/\\\/www.barreaudemontreal.qc.ca\\\/en\\\/\",\"name\":\"Barreau de Montr&eacute;al\",\"description\":\"La plus grande section du Barreau du Qu&eacute;bec\",\"potentialAction\":[{\"@type\":\"SearchAction\",\"target\":{\"@type\":\"EntryPoint\",\"urlTemplate\":\"https:\\\/\\\/www.barreaudemontreal.qc.ca\\\/en\\\/?s={search_term_string}\"},\"query-input\":{\"@type\":\"PropertyValueSpecification\",\"valueRequired\":true,\"valueName\":\"search_term_string\"}}],\"inLanguage\":\"en-US\"}]}<\/script>\n<!-- \/ Yoast SEO plugin. -->","yoast_head_json":{"title":"\u00c9lection 2026 : avis pr\u00e9liminaire - Barreau de Montr&eacute;al","robots":{"index":"index","follow":"follow","max-snippet":"max-snippet:-1","max-image-preview":"max-image-preview:large","max-video-preview":"max-video-preview:-1"},"canonical":"https:\/\/www.barreaudemontreal.qc.ca\/en\/communications\/election-2026-avis-preliminaire\/","og_locale":"en_US","og_type":"article","og_title":"\u00c9lection 2026 : avis pr\u00e9liminaire - Barreau de Montr&eacute;al","og_description":"L\u2019\u00e9lection du Conseil et l\u2019assembl\u00e9e g\u00e9n\u00e9rale annuelle auront bient\u00f4t lieu. Consultez d\u00e8s maintenant l\u2019avis pr\u00e9liminaire.","og_url":"https:\/\/www.barreaudemontreal.qc.ca\/en\/communications\/election-2026-avis-preliminaire\/","og_site_name":"Barreau de Montr&eacute;al","article_modified_time":"2026-03-12T19:07:46+00:00","og_image":[{"width":800,"height":604,"url":"https:\/\/www.barreaudemontreal.qc.ca\/wp-content\/uploads\/images\/nouvelles\/nouvelle-election2023-1.png","type":"image\/png"}],"twitter_card":"summary_large_image","twitter_misc":{"Est. reading time":"4 minutes"},"schema":{"@context":"https:\/\/schema.org","@graph":[{"@type":"WebPage","@id":"https:\/\/www.barreaudemontreal.qc.ca\/en\/communications\/election-2026-avis-preliminaire\/","url":"https:\/\/www.barreaudemontreal.qc.ca\/en\/communications\/election-2026-avis-preliminaire\/","name":"\u00c9lection 2026 : avis pr\u00e9liminaire - Barreau de Montr&eacute;al","isPartOf":{"@id":"https:\/\/www.barreaudemontreal.qc.ca\/en\/#website"},"primaryImageOfPage":{"@id":"https:\/\/www.barreaudemontreal.qc.ca\/en\/communications\/election-2026-avis-preliminaire\/#primaryimage"},"image":{"@id":"https:\/\/www.barreaudemontreal.qc.ca\/en\/communications\/election-2026-avis-preliminaire\/#primaryimage"},"thumbnailUrl":"https:\/\/www.barreaudemontreal.qc.ca\/wp-content\/uploads\/images\/nouvelles\/nouvelle-election2023-1.png","datePublished":"2026-03-12T19:00:00+00:00","dateModified":"2026-03-12T19:07:46+00:00","breadcrumb":{"@id":"https:\/\/www.barreaudemontreal.qc.ca\/en\/communications\/election-2026-avis-preliminaire\/#breadcrumb"},"inLanguage":"en-US","potentialAction":[{"@type":"ReadAction","target":["https:\/\/www.barreaudemontreal.qc.ca\/en\/communications\/election-2026-avis-preliminaire\/"]}]},{"@type":"ImageObject","inLanguage":"en-US","@id":"https:\/\/www.barreaudemontreal.qc.ca\/en\/communications\/election-2026-avis-preliminaire\/#primaryimage","url":"https:\/\/www.barreaudemontreal.qc.ca\/wp-content\/uploads\/images\/nouvelles\/nouvelle-election2023-1.png","contentUrl":"https:\/\/www.barreaudemontreal.qc.ca\/wp-content\/uploads\/images\/nouvelles\/nouvelle-election2023-1.png","width":800,"height":604},{"@type":"BreadcrumbList","@id":"https:\/\/www.barreaudemontreal.qc.ca\/en\/communications\/election-2026-avis-preliminaire\/#breadcrumb","itemListElement":[{"@type":"ListItem","position":1,"name":"Home","item":"https:\/\/www.barreaudemontreal.qc.ca\/en\/"},{"@type":"ListItem","position":2,"name":"Communications","item":"https:\/\/www.barreaudemontreal.qc.ca\/en\/communications\/"},{"@type":"ListItem","position":3,"name":"\u00c9lection 2026 : avis pr\u00e9liminaire"}]},{"@type":"WebSite","@id":"https:\/\/www.barreaudemontreal.qc.ca\/en\/#website","url":"https:\/\/www.barreaudemontreal.qc.ca\/en\/","name":"Barreau de Montr&eacute;al","description":"La plus grande section du Barreau du Qu&eacute;bec","potentialAction":[{"@type":"SearchAction","target":{"@type":"EntryPoint","urlTemplate":"https:\/\/www.barreaudemontreal.qc.ca\/en\/?s={search_term_string}"},"query-input":{"@type":"PropertyValueSpecification","valueRequired":true,"valueName":"search_term_string"}}],"inLanguage":"en-US"}]}},"_links":{"self":[{"href":"https:\/\/www.barreaudemontreal.qc.ca\/en\/wp-json\/wp\/v2\/communications\/48763","targetHints":{"allow":["GET"]}}],"collection":[{"href":"https:\/\/www.barreaudemontreal.qc.ca\/en\/wp-json\/wp\/v2\/communications"}],"about":[{"href":"https:\/\/www.barreaudemontreal.qc.ca\/en\/wp-json\/wp\/v2\/types\/communications"}],"author":[{"embeddable":true,"href":"https:\/\/www.barreaudemontreal.qc.ca\/en\/wp-json\/wp\/v2\/users\/3"}],"wp:featuredmedia":[{"embeddable":true,"href":"https:\/\/www.barreaudemontreal.qc.ca\/en\/wp-json\/wp\/v2\/media\/31486"}],"wp:attachment":[{"href":"https:\/\/www.barreaudemontreal.qc.ca\/en\/wp-json\/wp\/v2\/media?parent=48763"}],"wp:term":[{"taxonomy":"nouvelle_category","embeddable":true,"href":"https:\/\/www.barreaudemontreal.qc.ca\/en\/wp-json\/wp\/v2\/nouvelle_category?post=48763"},{"taxonomy":"nouvelles_tags","embeddable":true,"href":"https:\/\/www.barreaudemontreal.qc.ca\/en\/wp-json\/wp\/v2\/nouvelles_tags?post=48763"}],"curies":[{"name":"wp","href":"https:\/\/api.w.org\/{rel}","templated":true}]}}