{"id":45658,"date":"2025-11-11T08:55:00","date_gmt":"2025-11-11T13:55:00","guid":{"rendered":"https:\/\/www.barreaudemontreal.qc.ca\/?post_type=communications&#038;p=45658"},"modified":"2025-11-10T22:22:46","modified_gmt":"2025-11-11T03:22:46","slug":"programme-de-bourses-pour-soutenir-la-releve-en-droit-de-limmigration-et-en-droit-de-la-jeunesse-a-montreal","status":"publish","type":"communications","link":"https:\/\/www.barreaudemontreal.qc.ca\/en\/communications\/programme-de-bourses-pour-soutenir-la-releve-en-droit-de-limmigration-et-en-droit-de-la-jeunesse-a-montreal\/","title":{"rendered":"Communiqu\u00e9 &#8211; Nouveau programme de bourses"},"content":{"rendered":"\n<h2 class=\"wp-block-heading\">Un nouveau programme de bourses pour soutenir la rel\u00e8ve en droit de l\u2019immigration et en droit de la jeunesse \u00e0 Montr\u00e9al<\/h2>\n\n\n\n<div class=\"wp-block-columns is-layout-flex wp-container-core-columns-is-layout-9d6595d7 wp-block-columns-is-layout-flex\">\n<div class=\"wp-block-column is-layout-flow wp-block-column-is-layout-flow\" style=\"flex-basis:60%\">\n<p>Le Barreau de Montr\u00e9al d\u00e9voile aujourd\u2019hui son tout nouveau programme de bourses pour la rel\u00e8ve en droit de l\u2019immigration et en droit de la jeunesse. Financ\u00e9 par un fonds cr\u00e9\u00e9 en collaboration avec la Fondation du Barreau du Qu\u00e9bec, ce programme a pour objectif de soutenir et d\u2019encourager la sp\u00e9cialisation dans ces deux domaines, o\u00f9 les besoins sont particuli\u00e8rement criants \u00e0 Montr\u00e9al.<\/p>\n\n\n\n<p>D\u2019une valeur de 5&nbsp;000 $ chacune, ces bourses s\u2019adressent aux stagiaires, aux \u00e9tudiants en droit ainsi qu\u2019aux avocats souhaitant r\u00e9orienter leur pratique \u00e0 Montr\u00e9al. Les r\u00e9cipiendaires pourront \u00e9galement b\u00e9n\u00e9ficier, lorsque l\u2019initiative sera en place, d\u2019un programme de mentorat avec des avocats exp\u00e9riment\u00e9s pour faciliter leur int\u00e9gration dans la pratique.<\/p>\n<\/div>\n\n\n\n<div class=\"wp-block-column is-layout-flow wp-block-column-is-layout-flow\" style=\"flex-basis:40%\">\n<figure class=\"wp-block-image size-large\"><img decoding=\"async\" width=\"1024\" height=\"1024\" src=\"https:\/\/www.barreaudemontreal.qc.ca\/wp-content\/uploads\/pub-bourses-releve-immigration-et-jeunesse-1024x1024.png\" alt=\"\" class=\"wp-image-45711\"\/><\/figure>\n<\/div>\n<\/div>\n\n\n\n<p>&nbsp;\u00ab Avec ce nouveau programme de bourses, nous offrons un soutien concret aux \u00e9tudiants, stagiaires et avocats qui choisissent de se consacrer au droit de l\u2019immigration ou de la jeunesse, tout en reconnaissant leur engagement au service de justiciables plus vuln\u00e9rables \u00bb, souligne la b\u00e2tonni\u00e8re de Montr\u00e9al, Me Val\u00e9rie Assouline. \u00ab Ces domaines offrent des possibilit\u00e9s de carri\u00e8re stimulantes et profond\u00e9ment humaines. Nous esp\u00e9rons que cette initiative encouragera la rel\u00e8ve \u00e0 s\u2019y engager, alors que la demande ne cesse d\u2019augmenter dans la m\u00e9tropole \u00bb, poursuit-elle.<\/p>\n\n\n\n<div style=\"height:20px\" aria-hidden=\"true\" class=\"wp-block-spacer\"><\/div>\n\n\n\n<h5 class=\"wp-block-heading\">Des indicateurs \u00e0 la hausse<\/h5>\n\n\n\n<p>Le droit de l\u2019immigration et le droit de la jeunesse sont des domaines o\u00f9 la demande est en forte croissance. D&#8217;un c\u00f4t\u00e9, les justiciables ayant besoin d\u2019un avocat pour leurs d\u00e9marches d\u2019immigration sont plus nombreux. De l&#8217;autre, les signalements \u00e0 la Direction de la protection de la jeunesse ont \u00e9galement connu une hausse marqu\u00e9e au cours des derni\u00e8res ann\u00e9es, ce qui se refl\u00e8te entre autres dans une augmentation de demandes adress\u00e9es aux avocats \u0153uvrant en jeunesse.<\/p>\n\n\n\n<p>En parall\u00e8le, les donn\u00e9es les plus r\u00e9centes du <a href=\"https:\/\/www.barreau.qc.ca\/media\/gadfrlil\/barreau-metre-2022-faits-saillants.pdf\">Barreau-m\u00e8tre<\/a>, un document publi\u00e9 en 2022 par le Barreau du Qu\u00e9bec, indiquent que moins de 5 % des avocats pratiquent en droit de l\u2019immigration ou en droit de la jeunesse au Qu\u00e9bec. Cette proportion demeure repr\u00e9sentative d\u2019une r\u00e9alit\u00e9 toujours actuelle : ces domaines ont un besoin important de rel\u00e8ve afin de r\u00e9pondre aux besoins croissants des client\u00e8les, et ce, particuli\u00e8rement \u00e0 Montr\u00e9al.<\/p>\n\n\n\n<div style=\"height:20px\" aria-hidden=\"true\" class=\"wp-block-spacer\"><\/div>\n\n\n\n<h5 class=\"wp-block-heading\">D\u00e9tails du programme de bourses<\/h5>\n\n\n\n<p>Les candidats doivent \u00eatre citoyens canadiens ou r\u00e9sidents permanents et d\u00e9montrer un engagement marqu\u00e9 envers le droit de l\u2019immigration ou le droit de la jeunesse&nbsp;(exp\u00e9riences, projets, b\u00e9n\u00e9volat, etc.).<\/p>\n\n\n\n<p>La p\u00e9riode de d\u00e9p\u00f4t des candidatures se tiendra du 15 janvier au 31 mars 2026. Les demandes seront \u00e9valu\u00e9es par un comit\u00e9 compos\u00e9 de repr\u00e9sentants de milieu juridique montr\u00e9alais et d\u2019experts dans le domaine.<\/p>\n\n\n\n<div class=\"wp-block-buttons is-layout-flex wp-block-buttons-is-layout-flex\">\n<div class=\"wp-block-button\"><a class=\"wp-block-button__link has-central-palette-6-color has-central-palette-2-background-color has-text-color has-background has-link-color wp-element-button\" href=\"https:\/\/www.barreaudemontreal.qc.ca\/aide-financiere\/programmes-de-bourses\/\">En savoir plus<\/a><\/div>\n<\/div>\n\n\n\n<div style=\"height:40px\" aria-hidden=\"true\" class=\"wp-block-spacer\"><\/div>\n\n\n\n<p><strong>\u00c0 propos du Barreau de Montr\u00e9al<\/strong><\/p>\n\n\n\n<p>Fond\u00e9 en 1849, le Barreau de Montr\u00e9al est la plus grande des 15 sections du Barreau du Qu\u00e9bec et le deuxi\u00e8me barreau francophone en importance au monde, regroupant plus de 17\u2009000 avocats. Il a pour mission de veiller \u00e0 la protection du public tout en soutenant ses membres dans l\u2019exercice de la profession. D\u2019autres renseignements sont disponibles au <a href=\"file:\/\/assnat.intranet\/donnees\/partages\/PADM\/Multi-Dir\/Exp\u00e9rience%20visiteur\/Lot%209%20Ouverture\/0.%20PROJET\/1.3.6.%20Relations%20m\u00e9dias\/www.barreaudemontreal.qc.ca.\">www.barreaudemontreal.qc.ca.<\/a><\/p>\n\n\n\n<p><a id=\"_msocom_1\"><\/a><\/p>\n\n\n\n<p><a id=\"_msocom_3\"><\/a><\/p>\n","protected":false},"excerpt":{"rendered":"<p>Le Barreau de Montr\u00e9al d\u00e9voile aujourd\u2019hui son nouveau programme de bourses pour soutenir et encourager la rel\u00e8ve en droit de l\u2019immigration et en droit de la jeunesse \u00e0 Montr\u00e9al. <\/p>\n","protected":false},"author":3,"featured_media":45730,"template":"","meta":{"_acf_changed":false,"_editorskit_title_hidden":false,"_editorskit_reading_time":0,"_editorskit_is_block_options_detached":false,"_editorskit_block_options_position":"{}","inline_featured_image":false,"ngg_post_thumbnail":0},"nouvelle_category":[100],"nouvelles_tags":[387],"class_list":["post-45658","communications","type-communications","status-publish","has-post-thumbnail","hentry","nouvelle_category-nouvelles","nouvelles_tags-programme-de-bourses"],"acf":[],"yoast_head":"<!-- This site is optimized with the Yoast SEO plugin v27.4 - https:\/\/yoast.com\/product\/yoast-seo-wordpress\/ -->\n<title>Communiqu\u00e9 - Nouveau programme de bourses - Barreau de Montr&eacute;al<\/title>\n<meta name=\"description\" content=\"Le Barreau de Montr\u00e9al d\u00e9voile aujourd\u2019hui son tout nouveau programme de bourses pour la rel\u00e8ve en droit de l\u2019immigration et en droit de la jeunesse. Ce programme a pour objectif de soutenir et d\u2019encourager la sp\u00e9cialisation dans ces deux domaines, o\u00f9 les besoins sont particuli\u00e8rement criants \u00e0 Montr\u00e9al. D\u2019une valeur de 5\u00a0000 $ chacune, ces bourses s\u2019adressent aux stagiaires, aux \u00e9tudiants en droit ainsi qu\u2019aux avocats souhaitant r\u00e9orienter leur pratique \u00e0 Montr\u00e9al.\" \/>\n<meta name=\"robots\" content=\"index, follow, max-snippet:-1, max-image-preview:large, max-video-preview:-1\" \/>\n<link rel=\"canonical\" href=\"https:\/\/www.barreaudemontreal.qc.ca\/en\/communications\/programme-de-bourses-pour-soutenir-la-releve-en-droit-de-limmigration-et-en-droit-de-la-jeunesse-a-montreal\/\" \/>\n<meta property=\"og:locale\" content=\"en_US\" \/>\n<meta property=\"og:type\" content=\"article\" \/>\n<meta property=\"og:title\" content=\"Communiqu\u00e9 - Nouveau programme de bourses - Barreau de Montr&eacute;al\" \/>\n<meta property=\"og:description\" content=\"Le Barreau de Montr\u00e9al d\u00e9voile aujourd\u2019hui son tout nouveau programme de bourses pour la rel\u00e8ve en droit de l\u2019immigration et en droit de la jeunesse. Ce programme a pour objectif de soutenir et d\u2019encourager la sp\u00e9cialisation dans ces deux domaines, o\u00f9 les besoins sont particuli\u00e8rement criants \u00e0 Montr\u00e9al. D\u2019une valeur de 5\u00a0000 $ chacune, ces bourses s\u2019adressent aux stagiaires, aux \u00e9tudiants en droit ainsi qu\u2019aux avocats souhaitant r\u00e9orienter leur pratique \u00e0 Montr\u00e9al.\" \/>\n<meta property=\"og:url\" content=\"https:\/\/www.barreaudemontreal.qc.ca\/en\/communications\/programme-de-bourses-pour-soutenir-la-releve-en-droit-de-limmigration-et-en-droit-de-la-jeunesse-a-montreal\/\" \/>\n<meta property=\"og:site_name\" content=\"Barreau de Montr&eacute;al\" \/>\n<meta property=\"og:image\" content=\"https:\/\/www.barreaudemontreal.qc.ca\/wp-content\/uploads\/pub-bourses-releve-immigration-et-jeunesse_500px.jpg\" \/>\n\t<meta property=\"og:image:width\" content=\"500\" \/>\n\t<meta property=\"og:image:height\" content=\"377\" \/>\n\t<meta property=\"og:image:type\" content=\"image\/jpeg\" \/>\n<meta name=\"twitter:card\" content=\"summary_large_image\" \/>\n<meta name=\"twitter:label1\" content=\"Est. reading time\" \/>\n\t<meta name=\"twitter:data1\" content=\"3 minutes\" \/>\n<script type=\"application\/ld+json\" class=\"yoast-schema-graph\">{\"@context\":\"https:\\\/\\\/schema.org\",\"@graph\":[{\"@type\":\"WebPage\",\"@id\":\"https:\\\/\\\/www.barreaudemontreal.qc.ca\\\/en\\\/communications\\\/programme-de-bourses-pour-soutenir-la-releve-en-droit-de-limmigration-et-en-droit-de-la-jeunesse-a-montreal\\\/\",\"url\":\"https:\\\/\\\/www.barreaudemontreal.qc.ca\\\/en\\\/communications\\\/programme-de-bourses-pour-soutenir-la-releve-en-droit-de-limmigration-et-en-droit-de-la-jeunesse-a-montreal\\\/\",\"name\":\"Communiqu\u00e9 - Nouveau programme de bourses - Barreau de Montr&eacute;al\",\"isPartOf\":{\"@id\":\"https:\\\/\\\/www.barreaudemontreal.qc.ca\\\/en\\\/#website\"},\"primaryImageOfPage\":{\"@id\":\"https:\\\/\\\/www.barreaudemontreal.qc.ca\\\/en\\\/communications\\\/programme-de-bourses-pour-soutenir-la-releve-en-droit-de-limmigration-et-en-droit-de-la-jeunesse-a-montreal\\\/#primaryimage\"},\"image\":{\"@id\":\"https:\\\/\\\/www.barreaudemontreal.qc.ca\\\/en\\\/communications\\\/programme-de-bourses-pour-soutenir-la-releve-en-droit-de-limmigration-et-en-droit-de-la-jeunesse-a-montreal\\\/#primaryimage\"},\"thumbnailUrl\":\"https:\\\/\\\/www.barreaudemontreal.qc.ca\\\/wp-content\\\/uploads\\\/pub-bourses-releve-immigration-et-jeunesse_500px.jpg\",\"datePublished\":\"2025-11-11T13:55:00+00:00\",\"description\":\"Le Barreau de Montr\u00e9al d\u00e9voile aujourd\u2019hui son tout nouveau programme de bourses pour la rel\u00e8ve en droit de l\u2019immigration et en droit de la jeunesse. Ce programme a pour objectif de soutenir et d\u2019encourager la sp\u00e9cialisation dans ces deux domaines, o\u00f9 les besoins sont particuli\u00e8rement criants \u00e0 Montr\u00e9al. D\u2019une valeur de 5\u00a0000 $ chacune, ces bourses s\u2019adressent aux stagiaires, aux \u00e9tudiants en droit ainsi qu\u2019aux avocats souhaitant r\u00e9orienter leur pratique \u00e0 Montr\u00e9al.\",\"breadcrumb\":{\"@id\":\"https:\\\/\\\/www.barreaudemontreal.qc.ca\\\/en\\\/communications\\\/programme-de-bourses-pour-soutenir-la-releve-en-droit-de-limmigration-et-en-droit-de-la-jeunesse-a-montreal\\\/#breadcrumb\"},\"inLanguage\":\"en-US\",\"potentialAction\":[{\"@type\":\"ReadAction\",\"target\":[\"https:\\\/\\\/www.barreaudemontreal.qc.ca\\\/en\\\/communications\\\/programme-de-bourses-pour-soutenir-la-releve-en-droit-de-limmigration-et-en-droit-de-la-jeunesse-a-montreal\\\/\"]}]},{\"@type\":\"ImageObject\",\"inLanguage\":\"en-US\",\"@id\":\"https:\\\/\\\/www.barreaudemontreal.qc.ca\\\/en\\\/communications\\\/programme-de-bourses-pour-soutenir-la-releve-en-droit-de-limmigration-et-en-droit-de-la-jeunesse-a-montreal\\\/#primaryimage\",\"url\":\"https:\\\/\\\/www.barreaudemontreal.qc.ca\\\/wp-content\\\/uploads\\\/pub-bourses-releve-immigration-et-jeunesse_500px.jpg\",\"contentUrl\":\"https:\\\/\\\/www.barreaudemontreal.qc.ca\\\/wp-content\\\/uploads\\\/pub-bourses-releve-immigration-et-jeunesse_500px.jpg\",\"width\":500,\"height\":377},{\"@type\":\"BreadcrumbList\",\"@id\":\"https:\\\/\\\/www.barreaudemontreal.qc.ca\\\/en\\\/communications\\\/programme-de-bourses-pour-soutenir-la-releve-en-droit-de-limmigration-et-en-droit-de-la-jeunesse-a-montreal\\\/#breadcrumb\",\"itemListElement\":[{\"@type\":\"ListItem\",\"position\":1,\"name\":\"Home\",\"item\":\"https:\\\/\\\/www.barreaudemontreal.qc.ca\\\/en\\\/\"},{\"@type\":\"ListItem\",\"position\":2,\"name\":\"Communications\",\"item\":\"https:\\\/\\\/www.barreaudemontreal.qc.ca\\\/en\\\/communications\\\/\"},{\"@type\":\"ListItem\",\"position\":3,\"name\":\"Communiqu\u00e9 &#8211; Nouveau programme de bourses\"}]},{\"@type\":\"WebSite\",\"@id\":\"https:\\\/\\\/www.barreaudemontreal.qc.ca\\\/en\\\/#website\",\"url\":\"https:\\\/\\\/www.barreaudemontreal.qc.ca\\\/en\\\/\",\"name\":\"Barreau de Montr&eacute;al\",\"description\":\"La plus grande section du Barreau du Qu&eacute;bec\",\"potentialAction\":[{\"@type\":\"SearchAction\",\"target\":{\"@type\":\"EntryPoint\",\"urlTemplate\":\"https:\\\/\\\/www.barreaudemontreal.qc.ca\\\/en\\\/?s={search_term_string}\"},\"query-input\":{\"@type\":\"PropertyValueSpecification\",\"valueRequired\":true,\"valueName\":\"search_term_string\"}}],\"inLanguage\":\"en-US\"}]}<\/script>\n<!-- \/ Yoast SEO plugin. -->","yoast_head_json":{"title":"Communiqu\u00e9 - Nouveau programme de bourses - Barreau de Montr&eacute;al","description":"Le Barreau de Montr\u00e9al d\u00e9voile aujourd\u2019hui son tout nouveau programme de bourses pour la rel\u00e8ve en droit de l\u2019immigration et en droit de la jeunesse. Ce programme a pour objectif de soutenir et d\u2019encourager la sp\u00e9cialisation dans ces deux domaines, o\u00f9 les besoins sont particuli\u00e8rement criants \u00e0 Montr\u00e9al. D\u2019une valeur de 5\u00a0000 $ chacune, ces bourses s\u2019adressent aux stagiaires, aux \u00e9tudiants en droit ainsi qu\u2019aux avocats souhaitant r\u00e9orienter leur pratique \u00e0 Montr\u00e9al.","robots":{"index":"index","follow":"follow","max-snippet":"max-snippet:-1","max-image-preview":"max-image-preview:large","max-video-preview":"max-video-preview:-1"},"canonical":"https:\/\/www.barreaudemontreal.qc.ca\/en\/communications\/programme-de-bourses-pour-soutenir-la-releve-en-droit-de-limmigration-et-en-droit-de-la-jeunesse-a-montreal\/","og_locale":"en_US","og_type":"article","og_title":"Communiqu\u00e9 - Nouveau programme de bourses - Barreau de Montr&eacute;al","og_description":"Le Barreau de Montr\u00e9al d\u00e9voile aujourd\u2019hui son tout nouveau programme de bourses pour la rel\u00e8ve en droit de l\u2019immigration et en droit de la jeunesse. Ce programme a pour objectif de soutenir et d\u2019encourager la sp\u00e9cialisation dans ces deux domaines, o\u00f9 les besoins sont particuli\u00e8rement criants \u00e0 Montr\u00e9al. D\u2019une valeur de 5\u00a0000 $ chacune, ces bourses s\u2019adressent aux stagiaires, aux \u00e9tudiants en droit ainsi qu\u2019aux avocats souhaitant r\u00e9orienter leur pratique \u00e0 Montr\u00e9al.","og_url":"https:\/\/www.barreaudemontreal.qc.ca\/en\/communications\/programme-de-bourses-pour-soutenir-la-releve-en-droit-de-limmigration-et-en-droit-de-la-jeunesse-a-montreal\/","og_site_name":"Barreau de Montr&eacute;al","og_image":[{"width":500,"height":377,"url":"https:\/\/www.barreaudemontreal.qc.ca\/wp-content\/uploads\/pub-bourses-releve-immigration-et-jeunesse_500px.jpg","type":"image\/jpeg"}],"twitter_card":"summary_large_image","twitter_misc":{"Est. reading time":"3 minutes"},"schema":{"@context":"https:\/\/schema.org","@graph":[{"@type":"WebPage","@id":"https:\/\/www.barreaudemontreal.qc.ca\/en\/communications\/programme-de-bourses-pour-soutenir-la-releve-en-droit-de-limmigration-et-en-droit-de-la-jeunesse-a-montreal\/","url":"https:\/\/www.barreaudemontreal.qc.ca\/en\/communications\/programme-de-bourses-pour-soutenir-la-releve-en-droit-de-limmigration-et-en-droit-de-la-jeunesse-a-montreal\/","name":"Communiqu\u00e9 - Nouveau programme de bourses - Barreau de Montr&eacute;al","isPartOf":{"@id":"https:\/\/www.barreaudemontreal.qc.ca\/en\/#website"},"primaryImageOfPage":{"@id":"https:\/\/www.barreaudemontreal.qc.ca\/en\/communications\/programme-de-bourses-pour-soutenir-la-releve-en-droit-de-limmigration-et-en-droit-de-la-jeunesse-a-montreal\/#primaryimage"},"image":{"@id":"https:\/\/www.barreaudemontreal.qc.ca\/en\/communications\/programme-de-bourses-pour-soutenir-la-releve-en-droit-de-limmigration-et-en-droit-de-la-jeunesse-a-montreal\/#primaryimage"},"thumbnailUrl":"https:\/\/www.barreaudemontreal.qc.ca\/wp-content\/uploads\/pub-bourses-releve-immigration-et-jeunesse_500px.jpg","datePublished":"2025-11-11T13:55:00+00:00","description":"Le Barreau de Montr\u00e9al d\u00e9voile aujourd\u2019hui son tout nouveau programme de bourses pour la rel\u00e8ve en droit de l\u2019immigration et en droit de la jeunesse. Ce programme a pour objectif de soutenir et d\u2019encourager la sp\u00e9cialisation dans ces deux domaines, o\u00f9 les besoins sont particuli\u00e8rement criants \u00e0 Montr\u00e9al. D\u2019une valeur de 5\u00a0000 $ chacune, ces bourses s\u2019adressent aux stagiaires, aux \u00e9tudiants en droit ainsi qu\u2019aux avocats souhaitant r\u00e9orienter leur pratique \u00e0 Montr\u00e9al.","breadcrumb":{"@id":"https:\/\/www.barreaudemontreal.qc.ca\/en\/communications\/programme-de-bourses-pour-soutenir-la-releve-en-droit-de-limmigration-et-en-droit-de-la-jeunesse-a-montreal\/#breadcrumb"},"inLanguage":"en-US","potentialAction":[{"@type":"ReadAction","target":["https:\/\/www.barreaudemontreal.qc.ca\/en\/communications\/programme-de-bourses-pour-soutenir-la-releve-en-droit-de-limmigration-et-en-droit-de-la-jeunesse-a-montreal\/"]}]},{"@type":"ImageObject","inLanguage":"en-US","@id":"https:\/\/www.barreaudemontreal.qc.ca\/en\/communications\/programme-de-bourses-pour-soutenir-la-releve-en-droit-de-limmigration-et-en-droit-de-la-jeunesse-a-montreal\/#primaryimage","url":"https:\/\/www.barreaudemontreal.qc.ca\/wp-content\/uploads\/pub-bourses-releve-immigration-et-jeunesse_500px.jpg","contentUrl":"https:\/\/www.barreaudemontreal.qc.ca\/wp-content\/uploads\/pub-bourses-releve-immigration-et-jeunesse_500px.jpg","width":500,"height":377},{"@type":"BreadcrumbList","@id":"https:\/\/www.barreaudemontreal.qc.ca\/en\/communications\/programme-de-bourses-pour-soutenir-la-releve-en-droit-de-limmigration-et-en-droit-de-la-jeunesse-a-montreal\/#breadcrumb","itemListElement":[{"@type":"ListItem","position":1,"name":"Home","item":"https:\/\/www.barreaudemontreal.qc.ca\/en\/"},{"@type":"ListItem","position":2,"name":"Communications","item":"https:\/\/www.barreaudemontreal.qc.ca\/en\/communications\/"},{"@type":"ListItem","position":3,"name":"Communiqu\u00e9 &#8211; Nouveau programme de bourses"}]},{"@type":"WebSite","@id":"https:\/\/www.barreaudemontreal.qc.ca\/en\/#website","url":"https:\/\/www.barreaudemontreal.qc.ca\/en\/","name":"Barreau de Montr&eacute;al","description":"La plus grande section du Barreau du Qu&eacute;bec","potentialAction":[{"@type":"SearchAction","target":{"@type":"EntryPoint","urlTemplate":"https:\/\/www.barreaudemontreal.qc.ca\/en\/?s={search_term_string}"},"query-input":{"@type":"PropertyValueSpecification","valueRequired":true,"valueName":"search_term_string"}}],"inLanguage":"en-US"}]}},"_links":{"self":[{"href":"https:\/\/www.barreaudemontreal.qc.ca\/en\/wp-json\/wp\/v2\/communications\/45658","targetHints":{"allow":["GET"]}}],"collection":[{"href":"https:\/\/www.barreaudemontreal.qc.ca\/en\/wp-json\/wp\/v2\/communications"}],"about":[{"href":"https:\/\/www.barreaudemontreal.qc.ca\/en\/wp-json\/wp\/v2\/types\/communications"}],"author":[{"embeddable":true,"href":"https:\/\/www.barreaudemontreal.qc.ca\/en\/wp-json\/wp\/v2\/users\/3"}],"wp:featuredmedia":[{"embeddable":true,"href":"https:\/\/www.barreaudemontreal.qc.ca\/en\/wp-json\/wp\/v2\/media\/45730"}],"wp:attachment":[{"href":"https:\/\/www.barreaudemontreal.qc.ca\/en\/wp-json\/wp\/v2\/media?parent=45658"}],"wp:term":[{"taxonomy":"nouvelle_category","embeddable":true,"href":"https:\/\/www.barreaudemontreal.qc.ca\/en\/wp-json\/wp\/v2\/nouvelle_category?post=45658"},{"taxonomy":"nouvelles_tags","embeddable":true,"href":"https:\/\/www.barreaudemontreal.qc.ca\/en\/wp-json\/wp\/v2\/nouvelles_tags?post=45658"}],"curies":[{"name":"wp","href":"https:\/\/api.w.org\/{rel}","templated":true}]}}