{"id":41252,"date":"2026-04-22T10:28:20","date_gmt":"2026-04-22T14:28:20","guid":{"rendered":"https:\/\/www.barreaudemontreal.qc.ca\/?post_type=communications&#038;p=41252"},"modified":"2026-04-27T10:37:36","modified_gmt":"2026-04-27T14:37:36","slug":"le-barreau-de-montreal-recrute-adjoint-daj","status":"publish","type":"communications","link":"https:\/\/www.barreaudemontreal.qc.ca\/en\/communications\/le-barreau-de-montreal-recrute-adjoint-daj\/","title":{"rendered":"Le Barreau de Montr\u00e9al recrute"},"content":{"rendered":"\n<h3 class=\"wp-block-heading\">Adjoint.e juridique<\/h3>\n\n\n\n<p><strong>Poste permanent \u00e0 temps complet en mode hybride<\/strong><br><strong>(S\u2019adresse \u00e9galement aux femmes et aux hommes)<\/strong><\/p>\n\n\n\n<div style=\"height:10px\" aria-hidden=\"true\" class=\"wp-block-spacer\"><\/div>\n\n\n\n<p>Le Barreau de Montr\u00e9al, c\u2019est plus 175 ans d\u2019histoire et d\u2019expertise. C\u2019est aussi l\u2019un des plus grands barreaux du monde, le deuxi\u00e8me barreau francophone en importance et la plus grande des 15 sections du Barreau du Qu\u00e9bec. Sa mission est de veiller \u00e0 la protection du public tout en soutenant ses 17 000 membres dans l\u2019exercice de la profession. Comptant 21 employ\u00e9s multidisciplinaires, il veille notamment au suivi des travaux de 25 comit\u00e9s en plus d\u2019organiser des \u00e9v\u00e8nements \u00e0 l\u2019intention du public et des avocats.<\/p>\n\n\n\n<p>Le Barreau de Montr\u00e9al est un organisme inclusif o\u00f9 l\u2019esprit d\u2019\u00e9quipe et le professionnalisme sont au c\u0153ur de ses op\u00e9rations. Il est un employeur de choix qui offre des conditions de travail comp\u00e9titives et de la flexibilit\u00e9 \u00e0 ses employ\u00e9s. Y travailler, c\u2019est \u00e9galement avoir des t\u00e2ches stimulantes et vari\u00e9es. L\u2019\u00e9quipe de direction encourage d\u2019ailleurs l\u2019autonomie et l\u2019innovation en implantant de meilleures pratiques et outils pour l\u2019organisation.<\/p>\n\n\n\n<p>Situ\u00e9 dans le Vieux-Montr\u00e9al, le Barreau de Montr\u00e9al est facilement accessible en transport en commun et offre la possibilit\u00e9 de t\u00e9l\u00e9travail 3 jours par semaine. Joignez-vous \u00e0 une \u00e9quipe dynamique. Il ne manque que vous !<\/p>\n\n\n\n<div style=\"height:10px\" aria-hidden=\"true\" class=\"wp-block-spacer\"><\/div>\n\n\n<div class=\"lightRedBox textBoxNew\">\n\n<p><!-- wp:paragraph --><\/p>\n<h4>DESCRIPTION SOMMAIRE&nbsp;<\/h4>\n<p>Vous \u00eates une personne dynamique et rigoureuse avec une excellente capacit\u00e9 r\u00e9dactionnelle, un sens de l\u2019organisation et une bonne gestion des priorit\u00e9s ? Nous voulons vous connaitre !<\/p>\n<p>Le Barreau de Montr\u00e9al recherche un.e adjoint.e juridique pour rejoindre la direction des affaires juridiques. Sous la supervision de la directrice des affaires juridiques, la personne retenue sera responsable de collaborer et soutenir l\u2019\u00e9quipe des enqu\u00eates et poursuite en pratique ill\u00e9gale notamment en amenant le soutien administratif n\u00e9cessaire dans les dossiers d\u2019enqu\u00eate et de poursuite.<\/p>\n<p><!-- \/wp:paragraph --><\/p>\n<\/div>\n\n\n<div style=\"height:10px\" aria-hidden=\"true\" class=\"wp-block-spacer\"><\/div>\n\n\n\n<h4 class=\"wp-block-heading\"><br>T\u00c2CHES ET RESPONSABILIT\u00c9S<\/h4>\n\n\n\n<ul class=\"wp-block-list\">\n<li>Assister les enqu\u00eateurs et les avocats dans le traitement des dossiers de d\u00e9nonciation de pratique ill\u00e9gale en droit ;<\/li>\n\n\n\n<li>Coordonner et participer \u00e0 des r\u00e9unions de planification avec l\u2019\u00e9quipe pour l\u2019ouverture des dossiers de plainte en<\/li>\n\n\n\n<li>mati\u00e8re de pratique ill\u00e9gale de la profession d\u2019avocat ;<\/li>\n\n\n\n<li>Coordonner les d\u00e9nonciations et assurer le suivi des enqu\u00eates li\u00e9es aux plaintes pour pratique ill\u00e9gale de la profession d\u2019avocat, et organiser les \u00e9l\u00e9ments de preuve re\u00e7us ;<\/li>\n\n\n\n<li>Contribuer au traitement et au suivi des dossiers d\u2019enqu\u00eate ;<\/li>\n\n\n\n<li>G\u00e9rer les d\u00e9lais li\u00e9s aux proc\u00e9dures de plainte pour pratique ill\u00e9gale de la profession d\u2019avocat, notamment par la tenue de l\u2019agenda, le suivi des \u00e9ch\u00e9ances et la pr\u00e9paration de r\u00e9sum\u00e9s de dossiers et de correspondance&nbsp;;<\/li>\n\n\n\n<li>Recevoir et traiter, lors des proc\u00e8s et comparutions, les demandes de remise, les requ\u00eates ainsi que les demandes d\u2019information et de divulgation de la preuve, conform\u00e9ment aux exigences l\u00e9gales ;<\/li>\n\n\n\n<li>G\u00e9rer et mettre \u00e0 jour le tableau des condamnations sur le site Web, transmettre et traiter les formulaires li\u00e9s aux condamnations, v\u00e9rifier les informations transmises par le Barreau du Qu\u00e9bec, valider les donn\u00e9es \u00e0 l\u2019aide du plumitif et assurer l\u2019exactitude et la conformit\u00e9 des informations diffus\u00e9es ;<\/li>\n\n\n\n<li>R\u00e9aliser toutes les t\u00e2ches connexes demand\u00e9es par l\u2019\u00e9quipe des affaires juridiques, notamment prendre des rendez-vous, cr\u00e9er des gabarits de documents, effectuer les ouvertures et les fermetures de dossiers, prendre les messages vocaux, r\u00e9viser des documents et prendre des notes lors de certaines r\u00e9unions ;<\/li>\n\n\n\n<li>Assurer la gestion de certaines bo\u00eetes courriel de la Direction (infractions, etc.)&nbsp;;<\/li>\n\n\n\n<li>D\u00e9velopper, maintenir et contr\u00f4ler les syst\u00e8mes de classement conform\u00e9ment aux r\u00e8gles de gestion documentaire et assurer la confidentialit\u00e9 des documents ;<\/li>\n\n\n\n<li>Apporter un soutien occasionnel \u00e0 l\u2019\u00e9quipe lors d\u2019\u00e9v\u00e9nements sp\u00e9ciaux, tels que la Rentr\u00e9e judiciaire.<\/li>\n<\/ul>\n\n\n\n<div style=\"height:20px\" aria-hidden=\"true\" class=\"wp-block-spacer\"><\/div>\n\n\n\n<h4 class=\"wp-block-heading\">QUALIFICATIONS REQUISES<\/h4>\n\n\n\n<ul class=\"wp-block-list\">\n<li>Dipl\u00f4me d\u2019\u00e9tudes coll\u00e9giales en techniques de bureautique, en administration ou certificat en secr\u00e9tariat juridique, ou toute autre formation jug\u00e9e \u00e9quivalente ;<\/li>\n\n\n\n<li>Un minimum de trois (3) ann\u00e9es d\u2019exp\u00e9rience pertinente dans un r\u00f4le similaire ;<\/li>\n\n\n\n<li>Int\u00e9r\u00eat marqu\u00e9 pour le droit p\u00e9nal et d\u00e9ontologique ;<\/li>\n\n\n\n<li>Excellentes capacit\u00e9s r\u00e9dactionnelles ;<\/li>\n\n\n\n<li>Excellente gestion des priorit\u00e9s et sens de l\u2019organisation ;<\/li>\n\n\n\n<li>Professionnalisme et grand respect de la confidentialit\u00e9 ;<\/li>\n\n\n\n<li>Connaissances avanc\u00e9es de de la suite Microsoft 365 ;<\/li>\n\n\n\n<li>Connaissances des diff\u00e9rents logiciels de recherche juridique ;<\/li>\n\n\n\n<li>Aptitudes \u00e0 travailler de mani\u00e8re autonome et en \u00e9quipe ;<\/li>\n\n\n\n<li>Connaissance de l\u2019\u00e9cosyst\u00e8me juridique (un atout) ;<\/li>\n\n\n\n<li>Connaissance des r\u00e8gles de proc\u00e9dure p\u00e9nale et du cadre juridique applicable aux poursuites disciplinaires (un atout).<\/li>\n<\/ul>\n\n\n\n<div style=\"height:20px\" aria-hidden=\"true\" class=\"wp-block-spacer\"><\/div>\n\n\n\n<h4 class=\"wp-block-heading\">SALAIRE ET CONDITIONS DE TRAVAIL<\/h4>\n\n\n\n<ul class=\"wp-block-list\">\n<li>Salaire selon l\u2019\u00e9chelle en vigueur dans l\u2019organisation ;<\/li>\n\n\n\n<li>Poste administratif \u00e0 33,75 heures\/semaine ;<\/li>\n\n\n\n<li>T\u00e9l\u00e9travail 3 jours par semaine ;<\/li>\n\n\n\n<li>Horaire d\u2019\u00e9t\u00e9&nbsp;;<\/li>\n\n\n\n<li>10 jours de maladie\/personnel offerts et cong\u00e9s pay\u00e9s pendant le temps des f\u00eates ;<\/li>\n\n\n\n<li>Programme de t\u00e9l\u00e9m\u00e9decine et PAEF ;<\/li>\n\n\n\n<li>Assurance collective et r\u00e9gime de retraite collectif comp\u00e9titif ;<\/li>\n\n\n\n<li>Entr\u00e9e en fonction de juin 2026 \u00e0 ao\u00fbt 2027.<\/li>\n<\/ul>\n\n\n\n<div style=\"height:20px\" aria-hidden=\"true\" class=\"wp-block-spacer\"><\/div>\n\n\n\n<h4 class=\"wp-block-heading\">CANDIDATURE<\/h4>\n\n\n\n<p>Si vous croyez avoir le profil recherch\u00e9, nous vous invitons \u00e0 nous faire parvenir votre curriculum vitae \u00e0 <a href=\"mailto:rh@barreaudemontreal.qc.ca\">rh@barreaudemontreal.qc.ca<\/a>. Tous les dossiers seront trait\u00e9s dans la plus stricte confidentialit\u00e9. Nous remercions d\u2019avance tous les candidats et les candidates ; nous ne communiquerons qu\u2019avec les candidatures choisies pour un premier entretien t\u00e9l\u00e9phonique.<\/p>\n\n\n\n<div class=\"wp-block-buttons is-layout-flex wp-block-buttons-is-layout-flex\">\n<div class=\"wp-block-button is-style-fill\"><a class=\"wp-block-button__link has-central-palette-6-color has-central-palette-2-background-color has-text-color has-background wp-element-button\" href=\"mailto:rh@barreaudemontreal.qc.ca\" target=\"_blank\" rel=\"noreferrer noopener\">Pour postuler<\/a><\/div>\n<\/div>\n","protected":false},"excerpt":{"rendered":"<p>Le Barreau de Montr\u00e9al recherche un.e adjoint.e dynamique et rigoureux pour rejoindre la Direction des affaires juridiques.<\/p>\n","protected":false},"author":3,"featured_media":34190,"template":"","meta":{"_acf_changed":false,"_editorskit_title_hidden":false,"_editorskit_reading_time":0,"_editorskit_is_block_options_detached":false,"_editorskit_block_options_position":"{}","inline_featured_image":false,"ngg_post_thumbnail":0},"nouvelle_category":[100],"nouvelles_tags":[],"class_list":["post-41252","communications","type-communications","status-publish","has-post-thumbnail","hentry","nouvelle_category-nouvelles"],"acf":[],"yoast_head":"<!-- This site is optimized with the Yoast SEO plugin v27.4 - https:\/\/yoast.com\/product\/yoast-seo-wordpress\/ -->\n<title>Le Barreau de Montr\u00e9al recrute - Barreau de Montr&eacute;al<\/title>\n<meta name=\"robots\" content=\"index, follow, max-snippet:-1, max-image-preview:large, max-video-preview:-1\" \/>\n<link rel=\"canonical\" href=\"https:\/\/www.barreaudemontreal.qc.ca\/en\/communications\/le-barreau-de-montreal-recrute-adjoint-daj\/\" \/>\n<meta property=\"og:locale\" content=\"en_US\" \/>\n<meta property=\"og:type\" content=\"article\" \/>\n<meta property=\"og:title\" content=\"Le Barreau de Montr\u00e9al recrute - Barreau de Montr&eacute;al\" \/>\n<meta property=\"og:description\" content=\"Le Barreau de Montr\u00e9al recherche un.e adjoint.e dynamique et rigoureux pour rejoindre la Direction des affaires juridiques.\" \/>\n<meta property=\"og:url\" content=\"https:\/\/www.barreaudemontreal.qc.ca\/en\/communications\/le-barreau-de-montreal-recrute-adjoint-daj\/\" \/>\n<meta property=\"og:site_name\" content=\"Barreau de Montr&eacute;al\" \/>\n<meta property=\"article:modified_time\" content=\"2026-04-27T14:37:36+00:00\" \/>\n<meta property=\"og:image\" content=\"https:\/\/www.barreaudemontreal.qc.ca\/wp-content\/uploads\/images\/nouvelles\/nouvelles-recrutement.gif\" \/>\n\t<meta property=\"og:image:width\" content=\"700\" \/>\n\t<meta property=\"og:image:height\" content=\"529\" \/>\n\t<meta property=\"og:image:type\" content=\"image\/gif\" \/>\n<meta name=\"twitter:card\" content=\"summary_large_image\" \/>\n<meta name=\"twitter:label1\" content=\"Est. reading time\" \/>\n\t<meta name=\"twitter:data1\" content=\"4 minutes\" \/>\n<script type=\"application\/ld+json\" class=\"yoast-schema-graph\">{\"@context\":\"https:\\\/\\\/schema.org\",\"@graph\":[{\"@type\":\"WebPage\",\"@id\":\"https:\\\/\\\/www.barreaudemontreal.qc.ca\\\/en\\\/communications\\\/le-barreau-de-montreal-recrute-adjoint-daj\\\/\",\"url\":\"https:\\\/\\\/www.barreaudemontreal.qc.ca\\\/en\\\/communications\\\/le-barreau-de-montreal-recrute-adjoint-daj\\\/\",\"name\":\"Le Barreau de Montr\u00e9al recrute - Barreau de Montr&eacute;al\",\"isPartOf\":{\"@id\":\"https:\\\/\\\/www.barreaudemontreal.qc.ca\\\/en\\\/#website\"},\"primaryImageOfPage\":{\"@id\":\"https:\\\/\\\/www.barreaudemontreal.qc.ca\\\/en\\\/communications\\\/le-barreau-de-montreal-recrute-adjoint-daj\\\/#primaryimage\"},\"image\":{\"@id\":\"https:\\\/\\\/www.barreaudemontreal.qc.ca\\\/en\\\/communications\\\/le-barreau-de-montreal-recrute-adjoint-daj\\\/#primaryimage\"},\"thumbnailUrl\":\"https:\\\/\\\/www.barreaudemontreal.qc.ca\\\/wp-content\\\/uploads\\\/images\\\/nouvelles\\\/nouvelles-recrutement.gif\",\"datePublished\":\"2026-04-22T14:28:20+00:00\",\"dateModified\":\"2026-04-27T14:37:36+00:00\",\"breadcrumb\":{\"@id\":\"https:\\\/\\\/www.barreaudemontreal.qc.ca\\\/en\\\/communications\\\/le-barreau-de-montreal-recrute-adjoint-daj\\\/#breadcrumb\"},\"inLanguage\":\"en-US\",\"potentialAction\":[{\"@type\":\"ReadAction\",\"target\":[\"https:\\\/\\\/www.barreaudemontreal.qc.ca\\\/en\\\/communications\\\/le-barreau-de-montreal-recrute-adjoint-daj\\\/\"]}]},{\"@type\":\"ImageObject\",\"inLanguage\":\"en-US\",\"@id\":\"https:\\\/\\\/www.barreaudemontreal.qc.ca\\\/en\\\/communications\\\/le-barreau-de-montreal-recrute-adjoint-daj\\\/#primaryimage\",\"url\":\"https:\\\/\\\/www.barreaudemontreal.qc.ca\\\/wp-content\\\/uploads\\\/images\\\/nouvelles\\\/nouvelles-recrutement.gif\",\"contentUrl\":\"https:\\\/\\\/www.barreaudemontreal.qc.ca\\\/wp-content\\\/uploads\\\/images\\\/nouvelles\\\/nouvelles-recrutement.gif\",\"width\":700,\"height\":529},{\"@type\":\"BreadcrumbList\",\"@id\":\"https:\\\/\\\/www.barreaudemontreal.qc.ca\\\/en\\\/communications\\\/le-barreau-de-montreal-recrute-adjoint-daj\\\/#breadcrumb\",\"itemListElement\":[{\"@type\":\"ListItem\",\"position\":1,\"name\":\"Home\",\"item\":\"https:\\\/\\\/www.barreaudemontreal.qc.ca\\\/en\\\/\"},{\"@type\":\"ListItem\",\"position\":2,\"name\":\"Communications\",\"item\":\"https:\\\/\\\/www.barreaudemontreal.qc.ca\\\/en\\\/communications\\\/\"},{\"@type\":\"ListItem\",\"position\":3,\"name\":\"Le Barreau de Montr\u00e9al recrute\"}]},{\"@type\":\"WebSite\",\"@id\":\"https:\\\/\\\/www.barreaudemontreal.qc.ca\\\/en\\\/#website\",\"url\":\"https:\\\/\\\/www.barreaudemontreal.qc.ca\\\/en\\\/\",\"name\":\"Barreau de Montr&eacute;al\",\"description\":\"La plus grande section du Barreau du Qu&eacute;bec\",\"potentialAction\":[{\"@type\":\"SearchAction\",\"target\":{\"@type\":\"EntryPoint\",\"urlTemplate\":\"https:\\\/\\\/www.barreaudemontreal.qc.ca\\\/en\\\/?s={search_term_string}\"},\"query-input\":{\"@type\":\"PropertyValueSpecification\",\"valueRequired\":true,\"valueName\":\"search_term_string\"}}],\"inLanguage\":\"en-US\"}]}<\/script>\n<!-- \/ Yoast SEO plugin. -->","yoast_head_json":{"title":"Le Barreau de Montr\u00e9al recrute - Barreau de Montr&eacute;al","robots":{"index":"index","follow":"follow","max-snippet":"max-snippet:-1","max-image-preview":"max-image-preview:large","max-video-preview":"max-video-preview:-1"},"canonical":"https:\/\/www.barreaudemontreal.qc.ca\/en\/communications\/le-barreau-de-montreal-recrute-adjoint-daj\/","og_locale":"en_US","og_type":"article","og_title":"Le Barreau de Montr\u00e9al recrute - Barreau de Montr&eacute;al","og_description":"Le Barreau de Montr\u00e9al recherche un.e adjoint.e dynamique et rigoureux pour rejoindre la Direction des affaires juridiques.","og_url":"https:\/\/www.barreaudemontreal.qc.ca\/en\/communications\/le-barreau-de-montreal-recrute-adjoint-daj\/","og_site_name":"Barreau de Montr&eacute;al","article_modified_time":"2026-04-27T14:37:36+00:00","og_image":[{"width":700,"height":529,"url":"https:\/\/www.barreaudemontreal.qc.ca\/wp-content\/uploads\/images\/nouvelles\/nouvelles-recrutement.gif","type":"image\/gif"}],"twitter_card":"summary_large_image","twitter_misc":{"Est. reading time":"4 minutes"},"schema":{"@context":"https:\/\/schema.org","@graph":[{"@type":"WebPage","@id":"https:\/\/www.barreaudemontreal.qc.ca\/en\/communications\/le-barreau-de-montreal-recrute-adjoint-daj\/","url":"https:\/\/www.barreaudemontreal.qc.ca\/en\/communications\/le-barreau-de-montreal-recrute-adjoint-daj\/","name":"Le Barreau de Montr\u00e9al recrute - Barreau de Montr&eacute;al","isPartOf":{"@id":"https:\/\/www.barreaudemontreal.qc.ca\/en\/#website"},"primaryImageOfPage":{"@id":"https:\/\/www.barreaudemontreal.qc.ca\/en\/communications\/le-barreau-de-montreal-recrute-adjoint-daj\/#primaryimage"},"image":{"@id":"https:\/\/www.barreaudemontreal.qc.ca\/en\/communications\/le-barreau-de-montreal-recrute-adjoint-daj\/#primaryimage"},"thumbnailUrl":"https:\/\/www.barreaudemontreal.qc.ca\/wp-content\/uploads\/images\/nouvelles\/nouvelles-recrutement.gif","datePublished":"2026-04-22T14:28:20+00:00","dateModified":"2026-04-27T14:37:36+00:00","breadcrumb":{"@id":"https:\/\/www.barreaudemontreal.qc.ca\/en\/communications\/le-barreau-de-montreal-recrute-adjoint-daj\/#breadcrumb"},"inLanguage":"en-US","potentialAction":[{"@type":"ReadAction","target":["https:\/\/www.barreaudemontreal.qc.ca\/en\/communications\/le-barreau-de-montreal-recrute-adjoint-daj\/"]}]},{"@type":"ImageObject","inLanguage":"en-US","@id":"https:\/\/www.barreaudemontreal.qc.ca\/en\/communications\/le-barreau-de-montreal-recrute-adjoint-daj\/#primaryimage","url":"https:\/\/www.barreaudemontreal.qc.ca\/wp-content\/uploads\/images\/nouvelles\/nouvelles-recrutement.gif","contentUrl":"https:\/\/www.barreaudemontreal.qc.ca\/wp-content\/uploads\/images\/nouvelles\/nouvelles-recrutement.gif","width":700,"height":529},{"@type":"BreadcrumbList","@id":"https:\/\/www.barreaudemontreal.qc.ca\/en\/communications\/le-barreau-de-montreal-recrute-adjoint-daj\/#breadcrumb","itemListElement":[{"@type":"ListItem","position":1,"name":"Home","item":"https:\/\/www.barreaudemontreal.qc.ca\/en\/"},{"@type":"ListItem","position":2,"name":"Communications","item":"https:\/\/www.barreaudemontreal.qc.ca\/en\/communications\/"},{"@type":"ListItem","position":3,"name":"Le Barreau de Montr\u00e9al recrute"}]},{"@type":"WebSite","@id":"https:\/\/www.barreaudemontreal.qc.ca\/en\/#website","url":"https:\/\/www.barreaudemontreal.qc.ca\/en\/","name":"Barreau de Montr&eacute;al","description":"La plus grande section du Barreau du Qu&eacute;bec","potentialAction":[{"@type":"SearchAction","target":{"@type":"EntryPoint","urlTemplate":"https:\/\/www.barreaudemontreal.qc.ca\/en\/?s={search_term_string}"},"query-input":{"@type":"PropertyValueSpecification","valueRequired":true,"valueName":"search_term_string"}}],"inLanguage":"en-US"}]}},"_links":{"self":[{"href":"https:\/\/www.barreaudemontreal.qc.ca\/en\/wp-json\/wp\/v2\/communications\/41252","targetHints":{"allow":["GET"]}}],"collection":[{"href":"https:\/\/www.barreaudemontreal.qc.ca\/en\/wp-json\/wp\/v2\/communications"}],"about":[{"href":"https:\/\/www.barreaudemontreal.qc.ca\/en\/wp-json\/wp\/v2\/types\/communications"}],"author":[{"embeddable":true,"href":"https:\/\/www.barreaudemontreal.qc.ca\/en\/wp-json\/wp\/v2\/users\/3"}],"wp:featuredmedia":[{"embeddable":true,"href":"https:\/\/www.barreaudemontreal.qc.ca\/en\/wp-json\/wp\/v2\/media\/34190"}],"wp:attachment":[{"href":"https:\/\/www.barreaudemontreal.qc.ca\/en\/wp-json\/wp\/v2\/media?parent=41252"}],"wp:term":[{"taxonomy":"nouvelle_category","embeddable":true,"href":"https:\/\/www.barreaudemontreal.qc.ca\/en\/wp-json\/wp\/v2\/nouvelle_category?post=41252"},{"taxonomy":"nouvelles_tags","embeddable":true,"href":"https:\/\/www.barreaudemontreal.qc.ca\/en\/wp-json\/wp\/v2\/nouvelles_tags?post=41252"}],"curies":[{"name":"wp","href":"https:\/\/api.w.org\/{rel}","templated":true}]}}