{"id":41017,"date":"2025-04-04T13:23:26","date_gmt":"2025-04-04T17:23:26","guid":{"rendered":"https:\/\/www.barreaudemontreal.qc.ca\/?post_type=communications&#038;p=41017"},"modified":"2026-04-01T15:47:03","modified_gmt":"2026-04-01T19:47:03","slug":"avis-dassemblee-generale-annuelle-2025","status":"publish","type":"communications","link":"https:\/\/www.barreaudemontreal.qc.ca\/en\/communications\/avis-dassemblee-generale-annuelle-2025\/","title":{"rendered":"Avis d\u2019assembl\u00e9e g\u00e9n\u00e9rale annuelle 2025"},"content":{"rendered":"\n<p>Les membres du Barreau de Montr\u00e9al sont convoqu\u00e9s \u00e0 l\u2019assembl\u00e9e g\u00e9n\u00e9rale annuelle qui se tiendra le <strong>mercredi 7 mai 2025 \u00e0 17 h 30<\/strong>, \u00e0 la salle 5.15 du Palais de justice de Montr\u00e9al (10, rue Saint-Antoine Est).<\/p>\n\n\n\n<p>Une consultation doit \u00eatre men\u00e9e par le Conseil d\u2019administration avant l\u2019Assembl\u00e9e g\u00e9n\u00e9rale annuelle des membres sur sa cotisation 2026-2027, en vertu de l\u2019article 68 (1) et (7) de la <em>Loi du Barreau<\/em> et de l\u2019article <em>103.1<\/em> du <em>Codes des professions<\/em> qui pr\u00e9voient ce qui&nbsp;suit :<\/p>\n\n\n\n<p><strong>Loi sur le Barreau<\/strong><\/p>\n\n\n\n<p><em><strong>Article 68.<\/strong><br><strong>1.<\/strong> Le Conseil g\u00e9n\u00e9ral et les conseils de section fixent, suivant leur juridiction respective, les cotisations annuelles exigibles des membres appartenant \u00e0 chacune des cat\u00e9gories de membres ou \u00e0 certaines classes d\u2019entre eux \u00e9tablies en fonction des activit\u00e9s professionnelles exerc\u00e9es, qu\u2019ils peuvent d\u00e9terminer.<br><strong>7. <\/strong>Les dispositions du Code des professions (chapitre C-26) concernant les cotisations s\u2019appliquent, compte tenu des adaptations n\u00e9cessaires, aux cotisations impos\u00e9es en vertu du pr\u00e9sent article.<\/em><\/p>\n\n\n\n<div style=\"height:0px\" aria-hidden=\"true\" class=\"wp-block-spacer\"><\/div>\n\n\n\n<p><strong>Code des professions<\/strong><\/p>\n\n\n\n<p><em><strong>103.1.<\/strong> Au moins 30 jours avant l\u2019assembl\u00e9e g\u00e9n\u00e9rale annuelle, le secr\u00e9taire de l\u2019ordre doit communiquer \u00e0 tous les membres de l\u2019ordre, pour commentaires, l\u2019information au sujet du montant de la cotisation annuelle. L\u2019information est accompagn\u00e9e du projet de r\u00e9solution modifiant ce montant, le cas \u00e9ch\u00e9ant, des pr\u00e9visions budg\u00e9taires pour l\u2019ann\u00e9e financi\u00e8re vis\u00e9e par la cotisation, incluant une ventilation de la r\u00e9mun\u00e9ration des administrateurs \u00e9lus, et d\u2019un projet de rapport annuel.<\/em><\/p>\n\n\n\n<div style=\"height:40px\" aria-hidden=\"true\" class=\"wp-block-spacer\"><\/div>\n\n\n\n<h5 class=\"wp-block-heading\">Cocktail des collaborateurs<\/h5>\n\n\n\n<p>Les membres sont \u00e9galement invit\u00e9s au cocktail qui suivra l&#8217;assembl\u00e9e, <strong>\u00e0 compter de 19 h<\/strong>, et qui se tiendra \u00e0 l&#8217;h\u00f4tel de ville (275, rue Notre-Dame Est &#8211; entr\u00e9e de la place Vauquelin).<\/p>\n\n\n\n<div class=\"wp-block-buttons is-layout-flex wp-block-buttons-is-layout-flex\">\n<div class=\"wp-block-button is-style-fill\"><a class=\"wp-block-button__link has-central-palette-6-color has-central-palette-2-background-color has-text-color has-background wp-element-button\" href=\"https:\/\/www.barreaudemontreal.qc.ca\/wp-content\/uploads\/invitation-cocktailcollaborateurs-aga20250507.pdf\" target=\"_blank\" rel=\"noreferrer noopener\">Consulter l&#8217;invitation et m&#8217;inscrire au cocktail<\/a><\/div>\n<\/div>\n\n\n\n<div style=\"height:20px\" aria-hidden=\"true\" class=\"wp-block-spacer\"><\/div>\n\n\n\n<h5 class=\"wp-block-heading\">ORDRE DU JOUR<\/h5>\n\n\n\n<ol style=\"list-style-type:1\" class=\"wp-block-list\">\n<li>Ouverture de l\u2019assembl\u00e9e<\/li>\n\n\n\n<li>Adoption de l\u2019ordre du jour<\/li>\n\n\n\n<li>Adoption du proc\u00e8s-verbal de l\u2019assembl\u00e9e g\u00e9n\u00e9rale annuelle du 8 mai 2024<\/li>\n\n\n\n<li>Allocution de Mme la b\u00e2tonni\u00e8re du Qu\u00e9bec, Me Catherine Claveau<\/li>\n\n\n\n<li>Pr\u00e9sentation du Prix Pierre-Fournier 2025 \u00e0 Me Patrice Guay<\/li>\n\n\n\n<li>Pr\u00e9sentation du Prix d\u2019excellence 2025 \u00e0 Me Charles Benmouyal<\/li>\n\n\n\n<li>Rapport de la Tr\u00e9sori\u00e8re, Me Alice Popovici<br> 7.1 Pr\u00e9sentation des \u00e9tats financiers<br> 7.2 Nomination des auditeurs<br> 7.3 <a href=\"https:\/\/www.barreaudemontreal.qc.ca\/wp-content\/uploads\/cotisation-pour-lexercice-2026-2027.pdf\" target=\"_blank\" rel=\"noreferrer noopener\">Cotisations pour l&#8217;exercice 2026-2027<\/a><\/li>\n\n\n\n<li>Rapport de Mme la b\u00e2tonni\u00e8re, Me Caroline Larouche<\/li>\n\n\n\n<li>Proclamation des dirigeants et conseillers \u00e9lus par Me Patrice Guay, pr\u00e9sident de l\u2019\u00e9lection<\/li>\n\n\n\n<li>Allocution de la nouvelle b\u00e2tonni\u00e8re, Me Val\u00e9rie Assouline<\/li>\n\n\n\n<li>P\u00e9riode de questions<\/li>\n\n\n\n<li>Lev\u00e9e de l\u2019assembl\u00e9e<\/li>\n<\/ol>\n\n\n\n<div style=\"height:20px\" aria-hidden=\"true\" class=\"wp-block-spacer\"><\/div>\n\n\n\n<p>Pour soumettre vos commentaires, veuillez \u00e9crire \u00e0 <a href=\"mailto:direction@barreaudemontreal.qc.ca\" target=\"_blank\" rel=\"noreferrer noopener\">direction@barreaudemontreal.qc.ca<\/a>.<\/p>\n\n\n\n<div style=\"height:40px\" aria-hidden=\"true\" class=\"wp-block-spacer\"><\/div>\n\n\n\n<div class=\"wp-block-buttons is-layout-flex wp-block-buttons-is-layout-flex\">\n<div class=\"wp-block-button is-style-fill\"><a class=\"wp-block-button__link has-central-palette-6-color has-central-palette-2-background-color has-text-color has-background wp-element-button\">Rapport annuel et \u00e9tats financiers 2024-2025 (\u00e0 venir)<\/a><\/div>\n<\/div>\n","protected":false},"excerpt":{"rendered":"<p>Les membres sont convoqu\u00e9s \u00e0 l\u2019AGA qui se tiendra le mercredi 7 mai 2025 \u00e0 17 h 30. Consultez d\u00e8s maintenant l&#8217;ordre du jour.<\/p>\n","protected":false},"author":3,"featured_media":32364,"template":"","meta":{"_acf_changed":false,"_editorskit_title_hidden":false,"_editorskit_reading_time":0,"_editorskit_is_block_options_detached":false,"_editorskit_block_options_position":"{}","inline_featured_image":false,"ngg_post_thumbnail":0},"nouvelle_category":[],"nouvelles_tags":[],"class_list":["post-41017","communications","type-communications","status-publish","has-post-thumbnail","hentry"],"acf":[],"yoast_head":"<!-- This site is optimized with the Yoast SEO plugin v27.4 - https:\/\/yoast.com\/product\/yoast-seo-wordpress\/ -->\n<title>Avis d\u2019assembl\u00e9e g\u00e9n\u00e9rale annuelle 2025 - Barreau de Montr&eacute;al<\/title>\n<meta name=\"robots\" content=\"index, follow, max-snippet:-1, max-image-preview:large, max-video-preview:-1\" \/>\n<link rel=\"canonical\" href=\"https:\/\/www.barreaudemontreal.qc.ca\/en\/communications\/avis-dassemblee-generale-annuelle-2025\/\" \/>\n<meta property=\"og:locale\" content=\"en_US\" \/>\n<meta property=\"og:type\" content=\"article\" \/>\n<meta property=\"og:title\" content=\"Avis d\u2019assembl\u00e9e g\u00e9n\u00e9rale annuelle 2025 - Barreau de Montr&eacute;al\" \/>\n<meta property=\"og:description\" content=\"Les membres sont convoqu\u00e9s \u00e0 l\u2019AGA qui se tiendra le mercredi 7 mai 2025 \u00e0 17 h 30. Consultez d\u00e8s maintenant l&#039;ordre du jour.\" \/>\n<meta property=\"og:url\" content=\"https:\/\/www.barreaudemontreal.qc.ca\/en\/communications\/avis-dassemblee-generale-annuelle-2025\/\" \/>\n<meta property=\"og:site_name\" content=\"Barreau de Montr&eacute;al\" \/>\n<meta property=\"article:modified_time\" content=\"2026-04-01T19:47:03+00:00\" \/>\n<meta property=\"og:image\" content=\"https:\/\/www.barreaudemontreal.qc.ca\/wp-content\/uploads\/images\/nouvelles\/nouvelle-aga2023-1.png\" \/>\n\t<meta property=\"og:image:width\" content=\"800\" \/>\n\t<meta property=\"og:image:height\" content=\"604\" \/>\n\t<meta property=\"og:image:type\" content=\"image\/png\" \/>\n<meta name=\"twitter:card\" content=\"summary_large_image\" \/>\n<meta name=\"twitter:label1\" content=\"Est. reading time\" \/>\n\t<meta name=\"twitter:data1\" content=\"3 minutes\" \/>\n<script type=\"application\/ld+json\" class=\"yoast-schema-graph\">{\"@context\":\"https:\\\/\\\/schema.org\",\"@graph\":[{\"@type\":\"WebPage\",\"@id\":\"https:\\\/\\\/www.barreaudemontreal.qc.ca\\\/en\\\/communications\\\/avis-dassemblee-generale-annuelle-2025\\\/\",\"url\":\"https:\\\/\\\/www.barreaudemontreal.qc.ca\\\/en\\\/communications\\\/avis-dassemblee-generale-annuelle-2025\\\/\",\"name\":\"Avis d\u2019assembl\u00e9e g\u00e9n\u00e9rale annuelle 2025 - Barreau de Montr&eacute;al\",\"isPartOf\":{\"@id\":\"https:\\\/\\\/www.barreaudemontreal.qc.ca\\\/en\\\/#website\"},\"primaryImageOfPage\":{\"@id\":\"https:\\\/\\\/www.barreaudemontreal.qc.ca\\\/en\\\/communications\\\/avis-dassemblee-generale-annuelle-2025\\\/#primaryimage\"},\"image\":{\"@id\":\"https:\\\/\\\/www.barreaudemontreal.qc.ca\\\/en\\\/communications\\\/avis-dassemblee-generale-annuelle-2025\\\/#primaryimage\"},\"thumbnailUrl\":\"https:\\\/\\\/www.barreaudemontreal.qc.ca\\\/wp-content\\\/uploads\\\/images\\\/nouvelles\\\/nouvelle-aga2023-1.png\",\"datePublished\":\"2025-04-04T17:23:26+00:00\",\"dateModified\":\"2026-04-01T19:47:03+00:00\",\"breadcrumb\":{\"@id\":\"https:\\\/\\\/www.barreaudemontreal.qc.ca\\\/en\\\/communications\\\/avis-dassemblee-generale-annuelle-2025\\\/#breadcrumb\"},\"inLanguage\":\"en-US\",\"potentialAction\":[{\"@type\":\"ReadAction\",\"target\":[\"https:\\\/\\\/www.barreaudemontreal.qc.ca\\\/en\\\/communications\\\/avis-dassemblee-generale-annuelle-2025\\\/\"]}]},{\"@type\":\"ImageObject\",\"inLanguage\":\"en-US\",\"@id\":\"https:\\\/\\\/www.barreaudemontreal.qc.ca\\\/en\\\/communications\\\/avis-dassemblee-generale-annuelle-2025\\\/#primaryimage\",\"url\":\"https:\\\/\\\/www.barreaudemontreal.qc.ca\\\/wp-content\\\/uploads\\\/images\\\/nouvelles\\\/nouvelle-aga2023-1.png\",\"contentUrl\":\"https:\\\/\\\/www.barreaudemontreal.qc.ca\\\/wp-content\\\/uploads\\\/images\\\/nouvelles\\\/nouvelle-aga2023-1.png\",\"width\":800,\"height\":604},{\"@type\":\"BreadcrumbList\",\"@id\":\"https:\\\/\\\/www.barreaudemontreal.qc.ca\\\/en\\\/communications\\\/avis-dassemblee-generale-annuelle-2025\\\/#breadcrumb\",\"itemListElement\":[{\"@type\":\"ListItem\",\"position\":1,\"name\":\"Home\",\"item\":\"https:\\\/\\\/www.barreaudemontreal.qc.ca\\\/en\\\/\"},{\"@type\":\"ListItem\",\"position\":2,\"name\":\"Communications\",\"item\":\"https:\\\/\\\/www.barreaudemontreal.qc.ca\\\/en\\\/communications\\\/\"},{\"@type\":\"ListItem\",\"position\":3,\"name\":\"Avis d\u2019assembl\u00e9e g\u00e9n\u00e9rale annuelle 2025\"}]},{\"@type\":\"WebSite\",\"@id\":\"https:\\\/\\\/www.barreaudemontreal.qc.ca\\\/en\\\/#website\",\"url\":\"https:\\\/\\\/www.barreaudemontreal.qc.ca\\\/en\\\/\",\"name\":\"Barreau de Montr&eacute;al\",\"description\":\"La plus grande section du Barreau du Qu&eacute;bec\",\"potentialAction\":[{\"@type\":\"SearchAction\",\"target\":{\"@type\":\"EntryPoint\",\"urlTemplate\":\"https:\\\/\\\/www.barreaudemontreal.qc.ca\\\/en\\\/?s={search_term_string}\"},\"query-input\":{\"@type\":\"PropertyValueSpecification\",\"valueRequired\":true,\"valueName\":\"search_term_string\"}}],\"inLanguage\":\"en-US\"}]}<\/script>\n<!-- \/ Yoast SEO plugin. -->","yoast_head_json":{"title":"Avis d\u2019assembl\u00e9e g\u00e9n\u00e9rale annuelle 2025 - Barreau de Montr&eacute;al","robots":{"index":"index","follow":"follow","max-snippet":"max-snippet:-1","max-image-preview":"max-image-preview:large","max-video-preview":"max-video-preview:-1"},"canonical":"https:\/\/www.barreaudemontreal.qc.ca\/en\/communications\/avis-dassemblee-generale-annuelle-2025\/","og_locale":"en_US","og_type":"article","og_title":"Avis d\u2019assembl\u00e9e g\u00e9n\u00e9rale annuelle 2025 - Barreau de Montr&eacute;al","og_description":"Les membres sont convoqu\u00e9s \u00e0 l\u2019AGA qui se tiendra le mercredi 7 mai 2025 \u00e0 17 h 30. Consultez d\u00e8s maintenant l'ordre du jour.","og_url":"https:\/\/www.barreaudemontreal.qc.ca\/en\/communications\/avis-dassemblee-generale-annuelle-2025\/","og_site_name":"Barreau de Montr&eacute;al","article_modified_time":"2026-04-01T19:47:03+00:00","og_image":[{"width":800,"height":604,"url":"https:\/\/www.barreaudemontreal.qc.ca\/wp-content\/uploads\/images\/nouvelles\/nouvelle-aga2023-1.png","type":"image\/png"}],"twitter_card":"summary_large_image","twitter_misc":{"Est. reading time":"3 minutes"},"schema":{"@context":"https:\/\/schema.org","@graph":[{"@type":"WebPage","@id":"https:\/\/www.barreaudemontreal.qc.ca\/en\/communications\/avis-dassemblee-generale-annuelle-2025\/","url":"https:\/\/www.barreaudemontreal.qc.ca\/en\/communications\/avis-dassemblee-generale-annuelle-2025\/","name":"Avis d\u2019assembl\u00e9e g\u00e9n\u00e9rale annuelle 2025 - Barreau de Montr&eacute;al","isPartOf":{"@id":"https:\/\/www.barreaudemontreal.qc.ca\/en\/#website"},"primaryImageOfPage":{"@id":"https:\/\/www.barreaudemontreal.qc.ca\/en\/communications\/avis-dassemblee-generale-annuelle-2025\/#primaryimage"},"image":{"@id":"https:\/\/www.barreaudemontreal.qc.ca\/en\/communications\/avis-dassemblee-generale-annuelle-2025\/#primaryimage"},"thumbnailUrl":"https:\/\/www.barreaudemontreal.qc.ca\/wp-content\/uploads\/images\/nouvelles\/nouvelle-aga2023-1.png","datePublished":"2025-04-04T17:23:26+00:00","dateModified":"2026-04-01T19:47:03+00:00","breadcrumb":{"@id":"https:\/\/www.barreaudemontreal.qc.ca\/en\/communications\/avis-dassemblee-generale-annuelle-2025\/#breadcrumb"},"inLanguage":"en-US","potentialAction":[{"@type":"ReadAction","target":["https:\/\/www.barreaudemontreal.qc.ca\/en\/communications\/avis-dassemblee-generale-annuelle-2025\/"]}]},{"@type":"ImageObject","inLanguage":"en-US","@id":"https:\/\/www.barreaudemontreal.qc.ca\/en\/communications\/avis-dassemblee-generale-annuelle-2025\/#primaryimage","url":"https:\/\/www.barreaudemontreal.qc.ca\/wp-content\/uploads\/images\/nouvelles\/nouvelle-aga2023-1.png","contentUrl":"https:\/\/www.barreaudemontreal.qc.ca\/wp-content\/uploads\/images\/nouvelles\/nouvelle-aga2023-1.png","width":800,"height":604},{"@type":"BreadcrumbList","@id":"https:\/\/www.barreaudemontreal.qc.ca\/en\/communications\/avis-dassemblee-generale-annuelle-2025\/#breadcrumb","itemListElement":[{"@type":"ListItem","position":1,"name":"Home","item":"https:\/\/www.barreaudemontreal.qc.ca\/en\/"},{"@type":"ListItem","position":2,"name":"Communications","item":"https:\/\/www.barreaudemontreal.qc.ca\/en\/communications\/"},{"@type":"ListItem","position":3,"name":"Avis d\u2019assembl\u00e9e g\u00e9n\u00e9rale annuelle 2025"}]},{"@type":"WebSite","@id":"https:\/\/www.barreaudemontreal.qc.ca\/en\/#website","url":"https:\/\/www.barreaudemontreal.qc.ca\/en\/","name":"Barreau de Montr&eacute;al","description":"La plus grande section du Barreau du Qu&eacute;bec","potentialAction":[{"@type":"SearchAction","target":{"@type":"EntryPoint","urlTemplate":"https:\/\/www.barreaudemontreal.qc.ca\/en\/?s={search_term_string}"},"query-input":{"@type":"PropertyValueSpecification","valueRequired":true,"valueName":"search_term_string"}}],"inLanguage":"en-US"}]}},"_links":{"self":[{"href":"https:\/\/www.barreaudemontreal.qc.ca\/en\/wp-json\/wp\/v2\/communications\/41017","targetHints":{"allow":["GET"]}}],"collection":[{"href":"https:\/\/www.barreaudemontreal.qc.ca\/en\/wp-json\/wp\/v2\/communications"}],"about":[{"href":"https:\/\/www.barreaudemontreal.qc.ca\/en\/wp-json\/wp\/v2\/types\/communications"}],"author":[{"embeddable":true,"href":"https:\/\/www.barreaudemontreal.qc.ca\/en\/wp-json\/wp\/v2\/users\/3"}],"wp:featuredmedia":[{"embeddable":true,"href":"https:\/\/www.barreaudemontreal.qc.ca\/en\/wp-json\/wp\/v2\/media\/32364"}],"wp:attachment":[{"href":"https:\/\/www.barreaudemontreal.qc.ca\/en\/wp-json\/wp\/v2\/media?parent=41017"}],"wp:term":[{"taxonomy":"nouvelle_category","embeddable":true,"href":"https:\/\/www.barreaudemontreal.qc.ca\/en\/wp-json\/wp\/v2\/nouvelle_category?post=41017"},{"taxonomy":"nouvelles_tags","embeddable":true,"href":"https:\/\/www.barreaudemontreal.qc.ca\/en\/wp-json\/wp\/v2\/nouvelles_tags?post=41017"}],"curies":[{"name":"wp","href":"https:\/\/api.w.org\/{rel}","templated":true}]}}