{"id":40151,"date":"2025-02-13T01:00:00","date_gmt":"2025-02-13T06:00:00","guid":{"rendered":"https:\/\/www.barreaudemontreal.qc.ca\/?post_type=communications&#038;p=40151"},"modified":"2025-07-21T13:24:53","modified_gmt":"2025-07-21T17:24:53","slug":"me-martin-hovington-la-protection-du-public-avant-tout","status":"publish","type":"communications","link":"https:\/\/www.barreaudemontreal.qc.ca\/en\/communications\/me-martin-hovington-la-protection-du-public-avant-tout\/","title":{"rendered":"Me Martin Hovington\u00a0: la protection du public avant tout"},"content":{"rendered":"\n<p><em>Par Pierre-Luc Beauchesne, avocat<\/em><\/p>\n\n\n<div class=\"wp-block-image\">\n<figure class=\"alignleft size-full is-resized\"><img decoding=\"async\" width=\"519\" height=\"692\" src=\"https:\/\/www.barreaudemontreal.qc.ca\/wp-content\/uploads\/hovington-martin-edited.jpg\" alt=\"\" class=\"wp-image-40148\" style=\"width:238px;height:auto\"\/><\/figure>\n<\/div>\n\n\n<p>Membre du Barreau depuis 1996, Me Martin Hovington a travaill\u00e9 pendant plus de 10 ans en pratique priv\u00e9e avant de donner une nouvelle direction \u00e0 sa carri\u00e8re et de se joindre \u00e0 des organismes vou\u00e9s \u00e0 la protection du public. Il travaille aujourd\u2019hui pour le Barreau du Qu\u00e9bec o\u00f9 il est responsable entre autres de l\u2019inspection professionnelle, de la formation continue obligatoire et de la transformation organisationnelle. <\/p>\n\n\n\n<p>Pour Me Hovington, le c\u00f4t\u00e9 humain ne doit jamais perdre sa place, le savoir-\u00eatre devant toujours \u00eatre en ad\u00e9quation avec le savoir et le savoir-faire.<\/p>\n\n\n\n<p>Apr\u00e8s ses \u00e9tudes en droit \u00e0 l\u2019Universit\u00e9 de Montr\u00e9al, il fait son stage chez Guy et Gilbert o\u00f9 il travaille quelques ann\u00e9es avant de se joindre \u00e0 un autre bureau, De Grandpr\u00e9 Chaurette L\u00e9vesque. En 2003, il lance son propre cabinet, Hovington Pellerin SENC. Sa pratique se concentre sur le litige commercial, principalement le droit immobilier, le droit de la construction et la faillite et insolvabilit\u00e9. Apr\u00e8s quelques ann\u00e9es, il se sent \u00e9puis\u00e9&nbsp;: il doit prendre une pause.&nbsp;\u00ab&nbsp;Mes ann\u00e9es en pratique priv\u00e9e m\u2019ont apport\u00e9 beaucoup de rigueur. Lancer mon propre cabinet a \u00e9t\u00e9 un d\u00e9fi. Ce n\u2019est pas tous les jours facile d\u2019\u00eatre tout le temps dans la chicane et la confrontation. Ces ann\u00e9es pass\u00e9es \u00e0 travailler \u00e0 mon compte m\u2019ont toutefois donn\u00e9 le go\u00fbt de la gestion. J\u2019ai r\u00e9alis\u00e9 que j\u2019aime \u00eatre avocat et plaider, mais que je pr\u00e9f\u00e8re peut-\u00eatre interagir davantage avec les autres et faire fructifier les talents.&nbsp;\u00bb<\/p>\n\n\n\n<p>En 2009, Me Hovington quitte la pratique priv\u00e9e pour devenir procureur et conseiller juridique au bureau du syndic de l\u2019Ordre des ing\u00e9nieurs du Qu\u00e9bec. \u00ab&nbsp;\u00c0 ce moment-l\u00e0 dans ma carri\u00e8re, je voulais trouver une mission qui me parle, quelque chose qui s\u2019\u00e9loignait de la pratique traditionnelle du droit. Je voulais donner un sens diff\u00e9rent, un peu plus profond, \u00e0 mon travail. Tous les emplois que j\u2019ai occup\u00e9s par la suite se consacraient \u00e0 la protection du public. C\u2019est devenu ma mission.&nbsp;\u00bb Apr\u00e8s un passage au sein de l\u2019Organisme canadien de r\u00e9glementation des investissements (OCRI), il rejoint l\u2019AMF \u00e0 titre de directeur des enqu\u00eates pour les manquements ou contraventions en mati\u00e8re de d\u00e9lit d\u2019initi\u00e9, de manipulation ou d\u2019abus sur les march\u00e9s boursiers.<\/p>\n\n\n\n<p>Au cours de l\u2019ann\u00e9e 2020, il se joint au Barreau du Qu\u00e9bec, tout en compl\u00e9tant le programme EMBA McGill-HEC Montr\u00e9al. Depuis novembre 2021, il occupe le poste de Directeur Service de la qualit\u00e9 de la profession et est responsable de l\u2019inspection professionnelle et la formation continue. \u00ab&nbsp;Le Barreau du Qu\u00e9bec a d\u00e9velopp\u00e9 un nouveau mod\u00e8le d\u2019affaires afin de devenir un guichet incontournable en mati\u00e8re de formation continue. On veut couvrir tous les th\u00e8mes. La formation est essentielle et doit \u00eatre accessible au meilleur co\u00fbt possible pour tous les membres.&nbsp;\u00bb<\/p>\n\n\n\n<p>Me Hovington est particuli\u00e8rement sensible aux enjeux en mati\u00e8re de sant\u00e9 mentale, notamment suivant la publication de <a href=\"https:\/\/www.barreau.qc.ca\/fr\/membres-ordre\/ressources\/soutien-programmes-aide\/bien-etre-psychologique\/pouls-profession\/\">l\u2019\u00c9tude nationale des d\u00e9terminants de la sant\u00e9 psychologique des professionnels du droit au Canada<\/a>. Il croit fermement au virage que le Barreau du Qu\u00e9bec a amorc\u00e9 et l\u2019approche alternative qu\u2019il pr\u00e9conise avec des membres qui ont des difficult\u00e9s souvent en lien avec des probl\u00e8mes de sant\u00e9 mentale. \u00ab&nbsp;Depuis quelques ann\u00e9es, le Barreau du Qu\u00e9bec s\u2019est encore davantage recentr\u00e9 sur sa mission qui est la protection du public. C\u2019est ind\u00e9niable pour moi que prendre soin de la sant\u00e9 mentale des avocats et avocates permet de prot\u00e9ger le public.&nbsp;\u00bb<\/p>\n\n\n\n<p>Depuis septembre 2024, il occupe aussi le poste de Directeur de la transformation organisationnelle. \u00c0 ce titre, il participe \u00e0 l\u2019implantation d\u2019outils technologiques tout en accompagnant les directions du Barreau \u00e0 l\u2019am\u00e9lioration des processus d\u2019affaires afin d\u2019augmenter l\u2019efficacit\u00e9 des diff\u00e9rents services du Barreau. Il participe \u00e9galement \u00e0 l\u2019int\u00e9gration de l\u2019intelligence artificielle et la science de donn\u00e9es au sein du Barreau. Il a toujours eu un int\u00e9r\u00eat pour les nouvelles technologies, surtout depuis qu\u2019il a lanc\u00e9 son cabinet en 2003. \u00ab&nbsp;J\u2019ai toujours cherch\u00e9 \u00e0 faire plus avec moins. Il ne faut pas avoir peur des nouvelles technologies. Elles permettent aussi de supporter davantage les avocats, ce qui peut avoir un impact majeur sur leur bien-\u00eatre et leur sant\u00e9 mentale.&nbsp;\u00bb<\/p>\n\n\n\n<p>Me Hovington travaille fort pour donner \u00e0 ses confr\u00e8res et cons\u0153urs des outils pour s\u2019am\u00e9liorer, mais surtout pour \u00eatre plus heureux et pouvoir atteindre un certain \u00e9quilibre. Il croit fonci\u00e8rement \u00e0 ce qu\u2019il fait et se consid\u00e8re comme un homme de mission, la protection du public. Plus que tout, il est fier de travailler pour une organisation, le Barreau du Qu\u00e9bec, qui est proche de ses valeurs et qui a le c\u0153ur \u00e0 la bonne place.<\/p>\n\n\n\n<div style=\"height:20px\" aria-hidden=\"true\" class=\"wp-block-spacer\"><\/div>\n\n\n<div class=\"lightRedBox textBoxNew\">\n\n<p>En faisant revivre la chronique<em> Figure de Ma\u00eetre<\/em>, cr\u00e9\u00e9e sous le b\u00e2tonnat de Me Lynne Kassie en 2000, le Barreau de Montr\u00e9al souhaite mettre en lumi\u00e8re des avocats inspirants, auteurs de r\u00e9alisations exceptionnelles et qui, \u00e0 travers leurs actions, contribuent \u00e0 faire rayonner la justice au sein de la profession.<\/p>\n<p><!-- \/wp:paragraph --> <!-- wp:paragraph --><\/p>\n<p>Pour voir la liste de toutes les <strong><em>Figures de Ma\u00eetre<\/em><\/strong>, cliquez <a href=\"https:\/\/www.barreaudemontreal.qc.ca\/en\/communications-accueil\/figures-de-maitre\/\">ici<\/a>.<\/p>\n<\/div>","protected":false},"excerpt":{"rendered":"<p>Pour Me Hovington, le c\u00f4t\u00e9 humain ne doit jamais perdre sa place, le savoir-\u00eatre devant toujours \u00eatre en ad\u00e9quation avec le savoir et le savoir-faire.<\/p>\n","protected":false},"author":3,"featured_media":40146,"template":"","meta":{"_acf_changed":true,"_editorskit_title_hidden":false,"_editorskit_reading_time":0,"_editorskit_is_block_options_detached":false,"_editorskit_block_options_position":"{}","inline_featured_image":false,"ngg_post_thumbnail":0},"nouvelle_category":[103],"nouvelles_tags":[375],"class_list":["post-40151","communications","type-communications","status-publish","has-post-thumbnail","hentry","nouvelle_category-articles","nouvelles_tags-figure-de-maitre"],"acf":[],"yoast_head":"<!-- This site is optimized with the Yoast SEO plugin v27.4 - https:\/\/yoast.com\/product\/yoast-seo-wordpress\/ -->\n<title>Me Martin Hovington\u00a0: la protection du public avant tout - Barreau de Montr&eacute;al<\/title>\n<meta name=\"robots\" content=\"index, follow, max-snippet:-1, max-image-preview:large, max-video-preview:-1\" \/>\n<link rel=\"canonical\" href=\"https:\/\/www.barreaudemontreal.qc.ca\/en\/communications\/me-martin-hovington-la-protection-du-public-avant-tout\/\" \/>\n<meta property=\"og:locale\" content=\"en_US\" \/>\n<meta property=\"og:type\" content=\"article\" \/>\n<meta property=\"og:title\" content=\"Me Martin Hovington\u00a0: la protection du public avant tout - Barreau de Montr&eacute;al\" \/>\n<meta property=\"og:description\" content=\"Pour Me Hovington, le c\u00f4t\u00e9 humain ne doit jamais perdre sa place, le savoir-\u00eatre devant toujours \u00eatre en ad\u00e9quation avec le savoir et le savoir-faire.\" \/>\n<meta property=\"og:url\" content=\"https:\/\/www.barreaudemontreal.qc.ca\/en\/communications\/me-martin-hovington-la-protection-du-public-avant-tout\/\" \/>\n<meta property=\"og:site_name\" content=\"Barreau de Montr&eacute;al\" \/>\n<meta property=\"article:modified_time\" content=\"2025-07-21T17:24:53+00:00\" \/>\n<meta property=\"og:image\" content=\"https:\/\/www.barreaudemontreal.qc.ca\/wp-content\/uploads\/hovington-martin.jpg\" \/>\n\t<meta property=\"og:image:width\" content=\"701\" \/>\n\t<meta property=\"og:image:height\" content=\"692\" \/>\n\t<meta property=\"og:image:type\" content=\"image\/jpeg\" \/>\n<meta name=\"twitter:card\" content=\"summary_large_image\" \/>\n<meta name=\"twitter:label1\" content=\"Est. reading time\" \/>\n\t<meta name=\"twitter:data1\" content=\"5 minutes\" \/>\n<script type=\"application\/ld+json\" class=\"yoast-schema-graph\">{\"@context\":\"https:\\\/\\\/schema.org\",\"@graph\":[{\"@type\":\"WebPage\",\"@id\":\"https:\\\/\\\/www.barreaudemontreal.qc.ca\\\/en\\\/communications\\\/me-martin-hovington-la-protection-du-public-avant-tout\\\/\",\"url\":\"https:\\\/\\\/www.barreaudemontreal.qc.ca\\\/en\\\/communications\\\/me-martin-hovington-la-protection-du-public-avant-tout\\\/\",\"name\":\"Me Martin Hovington\u00a0: la protection du public avant tout - Barreau de Montr&eacute;al\",\"isPartOf\":{\"@id\":\"https:\\\/\\\/www.barreaudemontreal.qc.ca\\\/en\\\/#website\"},\"primaryImageOfPage\":{\"@id\":\"https:\\\/\\\/www.barreaudemontreal.qc.ca\\\/en\\\/communications\\\/me-martin-hovington-la-protection-du-public-avant-tout\\\/#primaryimage\"},\"image\":{\"@id\":\"https:\\\/\\\/www.barreaudemontreal.qc.ca\\\/en\\\/communications\\\/me-martin-hovington-la-protection-du-public-avant-tout\\\/#primaryimage\"},\"thumbnailUrl\":\"https:\\\/\\\/www.barreaudemontreal.qc.ca\\\/wp-content\\\/uploads\\\/hovington-martin.jpg\",\"datePublished\":\"2025-02-13T06:00:00+00:00\",\"dateModified\":\"2025-07-21T17:24:53+00:00\",\"breadcrumb\":{\"@id\":\"https:\\\/\\\/www.barreaudemontreal.qc.ca\\\/en\\\/communications\\\/me-martin-hovington-la-protection-du-public-avant-tout\\\/#breadcrumb\"},\"inLanguage\":\"en-US\",\"potentialAction\":[{\"@type\":\"ReadAction\",\"target\":[\"https:\\\/\\\/www.barreaudemontreal.qc.ca\\\/en\\\/communications\\\/me-martin-hovington-la-protection-du-public-avant-tout\\\/\"]}]},{\"@type\":\"ImageObject\",\"inLanguage\":\"en-US\",\"@id\":\"https:\\\/\\\/www.barreaudemontreal.qc.ca\\\/en\\\/communications\\\/me-martin-hovington-la-protection-du-public-avant-tout\\\/#primaryimage\",\"url\":\"https:\\\/\\\/www.barreaudemontreal.qc.ca\\\/wp-content\\\/uploads\\\/hovington-martin.jpg\",\"contentUrl\":\"https:\\\/\\\/www.barreaudemontreal.qc.ca\\\/wp-content\\\/uploads\\\/hovington-martin.jpg\",\"width\":701,\"height\":692},{\"@type\":\"BreadcrumbList\",\"@id\":\"https:\\\/\\\/www.barreaudemontreal.qc.ca\\\/en\\\/communications\\\/me-martin-hovington-la-protection-du-public-avant-tout\\\/#breadcrumb\",\"itemListElement\":[{\"@type\":\"ListItem\",\"position\":1,\"name\":\"Home\",\"item\":\"https:\\\/\\\/www.barreaudemontreal.qc.ca\\\/en\\\/\"},{\"@type\":\"ListItem\",\"position\":2,\"name\":\"Communications\",\"item\":\"https:\\\/\\\/www.barreaudemontreal.qc.ca\\\/en\\\/communications\\\/\"},{\"@type\":\"ListItem\",\"position\":3,\"name\":\"Me Martin Hovington\u00a0: la protection du public avant tout\"}]},{\"@type\":\"WebSite\",\"@id\":\"https:\\\/\\\/www.barreaudemontreal.qc.ca\\\/en\\\/#website\",\"url\":\"https:\\\/\\\/www.barreaudemontreal.qc.ca\\\/en\\\/\",\"name\":\"Barreau de Montr&eacute;al\",\"description\":\"La plus grande section du Barreau du Qu&eacute;bec\",\"potentialAction\":[{\"@type\":\"SearchAction\",\"target\":{\"@type\":\"EntryPoint\",\"urlTemplate\":\"https:\\\/\\\/www.barreaudemontreal.qc.ca\\\/en\\\/?s={search_term_string}\"},\"query-input\":{\"@type\":\"PropertyValueSpecification\",\"valueRequired\":true,\"valueName\":\"search_term_string\"}}],\"inLanguage\":\"en-US\"}]}<\/script>\n<!-- \/ Yoast SEO plugin. -->","yoast_head_json":{"title":"Me Martin Hovington\u00a0: la protection du public avant tout - Barreau de Montr&eacute;al","robots":{"index":"index","follow":"follow","max-snippet":"max-snippet:-1","max-image-preview":"max-image-preview:large","max-video-preview":"max-video-preview:-1"},"canonical":"https:\/\/www.barreaudemontreal.qc.ca\/en\/communications\/me-martin-hovington-la-protection-du-public-avant-tout\/","og_locale":"en_US","og_type":"article","og_title":"Me Martin Hovington\u00a0: la protection du public avant tout - Barreau de Montr&eacute;al","og_description":"Pour Me Hovington, le c\u00f4t\u00e9 humain ne doit jamais perdre sa place, le savoir-\u00eatre devant toujours \u00eatre en ad\u00e9quation avec le savoir et le savoir-faire.","og_url":"https:\/\/www.barreaudemontreal.qc.ca\/en\/communications\/me-martin-hovington-la-protection-du-public-avant-tout\/","og_site_name":"Barreau de Montr&eacute;al","article_modified_time":"2025-07-21T17:24:53+00:00","og_image":[{"width":701,"height":692,"url":"https:\/\/www.barreaudemontreal.qc.ca\/wp-content\/uploads\/hovington-martin.jpg","type":"image\/jpeg"}],"twitter_card":"summary_large_image","twitter_misc":{"Est. reading time":"5 minutes"},"schema":{"@context":"https:\/\/schema.org","@graph":[{"@type":"WebPage","@id":"https:\/\/www.barreaudemontreal.qc.ca\/en\/communications\/me-martin-hovington-la-protection-du-public-avant-tout\/","url":"https:\/\/www.barreaudemontreal.qc.ca\/en\/communications\/me-martin-hovington-la-protection-du-public-avant-tout\/","name":"Me Martin Hovington\u00a0: la protection du public avant tout - Barreau de Montr&eacute;al","isPartOf":{"@id":"https:\/\/www.barreaudemontreal.qc.ca\/en\/#website"},"primaryImageOfPage":{"@id":"https:\/\/www.barreaudemontreal.qc.ca\/en\/communications\/me-martin-hovington-la-protection-du-public-avant-tout\/#primaryimage"},"image":{"@id":"https:\/\/www.barreaudemontreal.qc.ca\/en\/communications\/me-martin-hovington-la-protection-du-public-avant-tout\/#primaryimage"},"thumbnailUrl":"https:\/\/www.barreaudemontreal.qc.ca\/wp-content\/uploads\/hovington-martin.jpg","datePublished":"2025-02-13T06:00:00+00:00","dateModified":"2025-07-21T17:24:53+00:00","breadcrumb":{"@id":"https:\/\/www.barreaudemontreal.qc.ca\/en\/communications\/me-martin-hovington-la-protection-du-public-avant-tout\/#breadcrumb"},"inLanguage":"en-US","potentialAction":[{"@type":"ReadAction","target":["https:\/\/www.barreaudemontreal.qc.ca\/en\/communications\/me-martin-hovington-la-protection-du-public-avant-tout\/"]}]},{"@type":"ImageObject","inLanguage":"en-US","@id":"https:\/\/www.barreaudemontreal.qc.ca\/en\/communications\/me-martin-hovington-la-protection-du-public-avant-tout\/#primaryimage","url":"https:\/\/www.barreaudemontreal.qc.ca\/wp-content\/uploads\/hovington-martin.jpg","contentUrl":"https:\/\/www.barreaudemontreal.qc.ca\/wp-content\/uploads\/hovington-martin.jpg","width":701,"height":692},{"@type":"BreadcrumbList","@id":"https:\/\/www.barreaudemontreal.qc.ca\/en\/communications\/me-martin-hovington-la-protection-du-public-avant-tout\/#breadcrumb","itemListElement":[{"@type":"ListItem","position":1,"name":"Home","item":"https:\/\/www.barreaudemontreal.qc.ca\/en\/"},{"@type":"ListItem","position":2,"name":"Communications","item":"https:\/\/www.barreaudemontreal.qc.ca\/en\/communications\/"},{"@type":"ListItem","position":3,"name":"Me Martin Hovington\u00a0: la protection du public avant tout"}]},{"@type":"WebSite","@id":"https:\/\/www.barreaudemontreal.qc.ca\/en\/#website","url":"https:\/\/www.barreaudemontreal.qc.ca\/en\/","name":"Barreau de Montr&eacute;al","description":"La plus grande section du Barreau du Qu&eacute;bec","potentialAction":[{"@type":"SearchAction","target":{"@type":"EntryPoint","urlTemplate":"https:\/\/www.barreaudemontreal.qc.ca\/en\/?s={search_term_string}"},"query-input":{"@type":"PropertyValueSpecification","valueRequired":true,"valueName":"search_term_string"}}],"inLanguage":"en-US"}]}},"_links":{"self":[{"href":"https:\/\/www.barreaudemontreal.qc.ca\/en\/wp-json\/wp\/v2\/communications\/40151","targetHints":{"allow":["GET"]}}],"collection":[{"href":"https:\/\/www.barreaudemontreal.qc.ca\/en\/wp-json\/wp\/v2\/communications"}],"about":[{"href":"https:\/\/www.barreaudemontreal.qc.ca\/en\/wp-json\/wp\/v2\/types\/communications"}],"author":[{"embeddable":true,"href":"https:\/\/www.barreaudemontreal.qc.ca\/en\/wp-json\/wp\/v2\/users\/3"}],"wp:featuredmedia":[{"embeddable":true,"href":"https:\/\/www.barreaudemontreal.qc.ca\/en\/wp-json\/wp\/v2\/media\/40146"}],"wp:attachment":[{"href":"https:\/\/www.barreaudemontreal.qc.ca\/en\/wp-json\/wp\/v2\/media?parent=40151"}],"wp:term":[{"taxonomy":"nouvelle_category","embeddable":true,"href":"https:\/\/www.barreaudemontreal.qc.ca\/en\/wp-json\/wp\/v2\/nouvelle_category?post=40151"},{"taxonomy":"nouvelles_tags","embeddable":true,"href":"https:\/\/www.barreaudemontreal.qc.ca\/en\/wp-json\/wp\/v2\/nouvelles_tags?post=40151"}],"curies":[{"name":"wp","href":"https:\/\/api.w.org\/{rel}","templated":true}]}}