{"id":40065,"date":"2025-02-05T09:17:55","date_gmt":"2025-02-05T14:17:55","guid":{"rendered":"https:\/\/www.barreaudemontreal.qc.ca\/?post_type=communications&#038;p=40065"},"modified":"2025-02-05T09:20:58","modified_gmt":"2025-02-05T14:20:58","slug":"deces-de-lancien-batonnier-manuel-shacter","status":"publish","type":"communications","link":"https:\/\/www.barreaudemontreal.qc.ca\/en\/communications\/deces-de-lancien-batonnier-manuel-shacter\/","title":{"rendered":"D\u00e9c\u00e8s de l\u2019ancien b\u00e2tonnier Manuel Shacter"},"content":{"rendered":"\n<p>C\u2019est avec profonde tristesse que le Barreau de Montr\u00e9al a appris le d\u00e9c\u00e8s de Me Manuel Shacter, ancien b\u00e2tonnier de Montr\u00e9al et r\u00e9cipiendaire de la M\u00e9daille du Barreau en 2023.<\/p>\n\n\n\n<p>Me Shacter a marqu\u00e9 la communaut\u00e9 juridique par son engagement exceptionnel, son d\u00e9vouement ind\u00e9fectible et son profond humanisme. Son apport au Barreau de Montr\u00e9al a laiss\u00e9 une empreinte durable, tant par son implication active que par son influence bienveillante sur plusieurs g\u00e9n\u00e9rations de juristes. Son leadership, son int\u00e9grit\u00e9 et son sens du devoir ont contribu\u00e9 \u00e0 fa\u00e7onner notre institution et \u00e0 renforcer ses valeurs fondamentales.<br><br>Son d\u00e9part repr\u00e9sente une grande perte pour notre communaut\u00e9, mais son legs demeurera dans nos m\u00e9moires et dans le c\u0153ur de tous ceux qui ont eu le privil\u00e8ge de le c\u00f4toyer.<br><br>Pour consulter la n\u00e9crologie\u00a0: <a href=\"https:\/\/www.paperman.com\/funerals\/Manuel-Shacter-EA361271\" target=\"_blank\" rel=\"noreferrer noopener\">https:\/\/www.paperman.com\/funerals\/Manuel-Shacter-EA361271<\/a><br><br>Nos pens\u00e9es accompagnent sa famille et ses proches en ces moments difficiles.<\/p>\n","protected":false},"excerpt":{"rendered":"<p>C\u2019est avec profonde tristesse que le Barreau de Montr\u00e9al a appris le d\u00e9c\u00e8s de Me Shacter, ancien b\u00e2tonnier de Montr\u00e9al et r\u00e9cipiendaire de la M\u00e9daille du Barreau de Montr\u00e9al en 2023.<\/p>\n","protected":false},"author":3,"featured_media":29017,"template":"","meta":{"_acf_changed":false,"_editorskit_title_hidden":false,"_editorskit_reading_time":0,"_editorskit_is_block_options_detached":false,"_editorskit_block_options_position":"{}","inline_featured_image":false,"ngg_post_thumbnail":0},"nouvelle_category":[],"nouvelles_tags":[],"class_list":["post-40065","communications","type-communications","status-publish","has-post-thumbnail","hentry"],"acf":[],"yoast_head":"<!-- This site is optimized with the Yoast SEO plugin v27.4 - https:\/\/yoast.com\/product\/yoast-seo-wordpress\/ -->\n<title>D\u00e9c\u00e8s de l\u2019ancien b\u00e2tonnier Manuel Shacter - Barreau de Montr&eacute;al<\/title>\n<meta name=\"robots\" content=\"index, follow, max-snippet:-1, max-image-preview:large, max-video-preview:-1\" \/>\n<link rel=\"canonical\" href=\"https:\/\/www.barreaudemontreal.qc.ca\/en\/communications\/deces-de-lancien-batonnier-manuel-shacter\/\" \/>\n<meta property=\"og:locale\" content=\"en_US\" \/>\n<meta property=\"og:type\" content=\"article\" \/>\n<meta property=\"og:title\" content=\"D\u00e9c\u00e8s de l\u2019ancien b\u00e2tonnier Manuel Shacter - Barreau de Montr&eacute;al\" \/>\n<meta property=\"og:description\" content=\"C\u2019est avec profonde tristesse que le Barreau de Montr\u00e9al a appris le d\u00e9c\u00e8s de Me Shacter, ancien b\u00e2tonnier de Montr\u00e9al et r\u00e9cipiendaire de la M\u00e9daille du Barreau de Montr\u00e9al en 2023.\" \/>\n<meta property=\"og:url\" content=\"https:\/\/www.barreaudemontreal.qc.ca\/en\/communications\/deces-de-lancien-batonnier-manuel-shacter\/\" \/>\n<meta property=\"og:site_name\" content=\"Barreau de Montr&eacute;al\" \/>\n<meta property=\"article:modified_time\" content=\"2025-02-05T14:20:58+00:00\" \/>\n<meta property=\"og:image\" content=\"https:\/\/www.barreaudemontreal.qc.ca\/wp-content\/uploads\/images\/nouvelles\/nouv-deces-500x335px.png\" \/>\n\t<meta property=\"og:image:width\" content=\"500\" \/>\n\t<meta property=\"og:image:height\" content=\"335\" \/>\n\t<meta property=\"og:image:type\" content=\"image\/png\" \/>\n<meta name=\"twitter:card\" content=\"summary_large_image\" \/>\n<meta name=\"twitter:label1\" content=\"Est. reading time\" \/>\n\t<meta name=\"twitter:data1\" content=\"1 minute\" \/>\n<script type=\"application\/ld+json\" class=\"yoast-schema-graph\">{\"@context\":\"https:\\\/\\\/schema.org\",\"@graph\":[{\"@type\":\"WebPage\",\"@id\":\"https:\\\/\\\/www.barreaudemontreal.qc.ca\\\/en\\\/communications\\\/deces-de-lancien-batonnier-manuel-shacter\\\/\",\"url\":\"https:\\\/\\\/www.barreaudemontreal.qc.ca\\\/en\\\/communications\\\/deces-de-lancien-batonnier-manuel-shacter\\\/\",\"name\":\"D\u00e9c\u00e8s de l\u2019ancien b\u00e2tonnier Manuel Shacter - Barreau de Montr&eacute;al\",\"isPartOf\":{\"@id\":\"https:\\\/\\\/www.barreaudemontreal.qc.ca\\\/en\\\/#website\"},\"primaryImageOfPage\":{\"@id\":\"https:\\\/\\\/www.barreaudemontreal.qc.ca\\\/en\\\/communications\\\/deces-de-lancien-batonnier-manuel-shacter\\\/#primaryimage\"},\"image\":{\"@id\":\"https:\\\/\\\/www.barreaudemontreal.qc.ca\\\/en\\\/communications\\\/deces-de-lancien-batonnier-manuel-shacter\\\/#primaryimage\"},\"thumbnailUrl\":\"https:\\\/\\\/www.barreaudemontreal.qc.ca\\\/wp-content\\\/uploads\\\/images\\\/nouvelles\\\/nouv-deces-500x335px.png\",\"datePublished\":\"2025-02-05T14:17:55+00:00\",\"dateModified\":\"2025-02-05T14:20:58+00:00\",\"breadcrumb\":{\"@id\":\"https:\\\/\\\/www.barreaudemontreal.qc.ca\\\/en\\\/communications\\\/deces-de-lancien-batonnier-manuel-shacter\\\/#breadcrumb\"},\"inLanguage\":\"en-US\",\"potentialAction\":[{\"@type\":\"ReadAction\",\"target\":[\"https:\\\/\\\/www.barreaudemontreal.qc.ca\\\/en\\\/communications\\\/deces-de-lancien-batonnier-manuel-shacter\\\/\"]}]},{\"@type\":\"ImageObject\",\"inLanguage\":\"en-US\",\"@id\":\"https:\\\/\\\/www.barreaudemontreal.qc.ca\\\/en\\\/communications\\\/deces-de-lancien-batonnier-manuel-shacter\\\/#primaryimage\",\"url\":\"https:\\\/\\\/www.barreaudemontreal.qc.ca\\\/wp-content\\\/uploads\\\/images\\\/nouvelles\\\/nouv-deces-500x335px.png\",\"contentUrl\":\"https:\\\/\\\/www.barreaudemontreal.qc.ca\\\/wp-content\\\/uploads\\\/images\\\/nouvelles\\\/nouv-deces-500x335px.png\",\"width\":500,\"height\":335},{\"@type\":\"BreadcrumbList\",\"@id\":\"https:\\\/\\\/www.barreaudemontreal.qc.ca\\\/en\\\/communications\\\/deces-de-lancien-batonnier-manuel-shacter\\\/#breadcrumb\",\"itemListElement\":[{\"@type\":\"ListItem\",\"position\":1,\"name\":\"Home\",\"item\":\"https:\\\/\\\/www.barreaudemontreal.qc.ca\\\/en\\\/\"},{\"@type\":\"ListItem\",\"position\":2,\"name\":\"Communications\",\"item\":\"https:\\\/\\\/www.barreaudemontreal.qc.ca\\\/en\\\/communications\\\/\"},{\"@type\":\"ListItem\",\"position\":3,\"name\":\"D\u00e9c\u00e8s de l\u2019ancien b\u00e2tonnier Manuel Shacter\"}]},{\"@type\":\"WebSite\",\"@id\":\"https:\\\/\\\/www.barreaudemontreal.qc.ca\\\/en\\\/#website\",\"url\":\"https:\\\/\\\/www.barreaudemontreal.qc.ca\\\/en\\\/\",\"name\":\"Barreau de Montr&eacute;al\",\"description\":\"La plus grande section du Barreau du Qu&eacute;bec\",\"potentialAction\":[{\"@type\":\"SearchAction\",\"target\":{\"@type\":\"EntryPoint\",\"urlTemplate\":\"https:\\\/\\\/www.barreaudemontreal.qc.ca\\\/en\\\/?s={search_term_string}\"},\"query-input\":{\"@type\":\"PropertyValueSpecification\",\"valueRequired\":true,\"valueName\":\"search_term_string\"}}],\"inLanguage\":\"en-US\"}]}<\/script>\n<!-- \/ Yoast SEO plugin. -->","yoast_head_json":{"title":"D\u00e9c\u00e8s de l\u2019ancien b\u00e2tonnier Manuel Shacter - Barreau de Montr&eacute;al","robots":{"index":"index","follow":"follow","max-snippet":"max-snippet:-1","max-image-preview":"max-image-preview:large","max-video-preview":"max-video-preview:-1"},"canonical":"https:\/\/www.barreaudemontreal.qc.ca\/en\/communications\/deces-de-lancien-batonnier-manuel-shacter\/","og_locale":"en_US","og_type":"article","og_title":"D\u00e9c\u00e8s de l\u2019ancien b\u00e2tonnier Manuel Shacter - Barreau de Montr&eacute;al","og_description":"C\u2019est avec profonde tristesse que le Barreau de Montr\u00e9al a appris le d\u00e9c\u00e8s de Me Shacter, ancien b\u00e2tonnier de Montr\u00e9al et r\u00e9cipiendaire de la M\u00e9daille du Barreau de Montr\u00e9al en 2023.","og_url":"https:\/\/www.barreaudemontreal.qc.ca\/en\/communications\/deces-de-lancien-batonnier-manuel-shacter\/","og_site_name":"Barreau de Montr&eacute;al","article_modified_time":"2025-02-05T14:20:58+00:00","og_image":[{"width":500,"height":335,"url":"https:\/\/www.barreaudemontreal.qc.ca\/wp-content\/uploads\/images\/nouvelles\/nouv-deces-500x335px.png","type":"image\/png"}],"twitter_card":"summary_large_image","twitter_misc":{"Est. reading time":"1 minute"},"schema":{"@context":"https:\/\/schema.org","@graph":[{"@type":"WebPage","@id":"https:\/\/www.barreaudemontreal.qc.ca\/en\/communications\/deces-de-lancien-batonnier-manuel-shacter\/","url":"https:\/\/www.barreaudemontreal.qc.ca\/en\/communications\/deces-de-lancien-batonnier-manuel-shacter\/","name":"D\u00e9c\u00e8s de l\u2019ancien b\u00e2tonnier Manuel Shacter - Barreau de Montr&eacute;al","isPartOf":{"@id":"https:\/\/www.barreaudemontreal.qc.ca\/en\/#website"},"primaryImageOfPage":{"@id":"https:\/\/www.barreaudemontreal.qc.ca\/en\/communications\/deces-de-lancien-batonnier-manuel-shacter\/#primaryimage"},"image":{"@id":"https:\/\/www.barreaudemontreal.qc.ca\/en\/communications\/deces-de-lancien-batonnier-manuel-shacter\/#primaryimage"},"thumbnailUrl":"https:\/\/www.barreaudemontreal.qc.ca\/wp-content\/uploads\/images\/nouvelles\/nouv-deces-500x335px.png","datePublished":"2025-02-05T14:17:55+00:00","dateModified":"2025-02-05T14:20:58+00:00","breadcrumb":{"@id":"https:\/\/www.barreaudemontreal.qc.ca\/en\/communications\/deces-de-lancien-batonnier-manuel-shacter\/#breadcrumb"},"inLanguage":"en-US","potentialAction":[{"@type":"ReadAction","target":["https:\/\/www.barreaudemontreal.qc.ca\/en\/communications\/deces-de-lancien-batonnier-manuel-shacter\/"]}]},{"@type":"ImageObject","inLanguage":"en-US","@id":"https:\/\/www.barreaudemontreal.qc.ca\/en\/communications\/deces-de-lancien-batonnier-manuel-shacter\/#primaryimage","url":"https:\/\/www.barreaudemontreal.qc.ca\/wp-content\/uploads\/images\/nouvelles\/nouv-deces-500x335px.png","contentUrl":"https:\/\/www.barreaudemontreal.qc.ca\/wp-content\/uploads\/images\/nouvelles\/nouv-deces-500x335px.png","width":500,"height":335},{"@type":"BreadcrumbList","@id":"https:\/\/www.barreaudemontreal.qc.ca\/en\/communications\/deces-de-lancien-batonnier-manuel-shacter\/#breadcrumb","itemListElement":[{"@type":"ListItem","position":1,"name":"Home","item":"https:\/\/www.barreaudemontreal.qc.ca\/en\/"},{"@type":"ListItem","position":2,"name":"Communications","item":"https:\/\/www.barreaudemontreal.qc.ca\/en\/communications\/"},{"@type":"ListItem","position":3,"name":"D\u00e9c\u00e8s de l\u2019ancien b\u00e2tonnier Manuel Shacter"}]},{"@type":"WebSite","@id":"https:\/\/www.barreaudemontreal.qc.ca\/en\/#website","url":"https:\/\/www.barreaudemontreal.qc.ca\/en\/","name":"Barreau de Montr&eacute;al","description":"La plus grande section du Barreau du Qu&eacute;bec","potentialAction":[{"@type":"SearchAction","target":{"@type":"EntryPoint","urlTemplate":"https:\/\/www.barreaudemontreal.qc.ca\/en\/?s={search_term_string}"},"query-input":{"@type":"PropertyValueSpecification","valueRequired":true,"valueName":"search_term_string"}}],"inLanguage":"en-US"}]}},"_links":{"self":[{"href":"https:\/\/www.barreaudemontreal.qc.ca\/en\/wp-json\/wp\/v2\/communications\/40065","targetHints":{"allow":["GET"]}}],"collection":[{"href":"https:\/\/www.barreaudemontreal.qc.ca\/en\/wp-json\/wp\/v2\/communications"}],"about":[{"href":"https:\/\/www.barreaudemontreal.qc.ca\/en\/wp-json\/wp\/v2\/types\/communications"}],"author":[{"embeddable":true,"href":"https:\/\/www.barreaudemontreal.qc.ca\/en\/wp-json\/wp\/v2\/users\/3"}],"wp:featuredmedia":[{"embeddable":true,"href":"https:\/\/www.barreaudemontreal.qc.ca\/en\/wp-json\/wp\/v2\/media\/29017"}],"wp:attachment":[{"href":"https:\/\/www.barreaudemontreal.qc.ca\/en\/wp-json\/wp\/v2\/media?parent=40065"}],"wp:term":[{"taxonomy":"nouvelle_category","embeddable":true,"href":"https:\/\/www.barreaudemontreal.qc.ca\/en\/wp-json\/wp\/v2\/nouvelle_category?post=40065"},{"taxonomy":"nouvelles_tags","embeddable":true,"href":"https:\/\/www.barreaudemontreal.qc.ca\/en\/wp-json\/wp\/v2\/nouvelles_tags?post=40065"}],"curies":[{"name":"wp","href":"https:\/\/api.w.org\/{rel}","templated":true}]}}