{"id":38509,"date":"2024-10-17T11:33:56","date_gmt":"2024-10-17T15:33:56","guid":{"rendered":"https:\/\/www.barreaudemontreal.qc.ca\/?post_type=communications&#038;p=38509"},"modified":"2024-10-17T16:32:55","modified_gmt":"2024-10-17T20:32:55","slug":"figure-de-maitre-louis-philippe-roy","status":"publish","type":"communications","link":"https:\/\/www.barreaudemontreal.qc.ca\/en\/communications\/figure-de-maitre-louis-philippe-roy\/","title":{"rendered":"Figure de ma\u00eetre \u2013 Louis-Philippe Roy"},"content":{"rendered":"\n<h2 class=\"wp-block-heading\">Me Louis-Philippe Roy&nbsp;: pr\u00eater sa voix aux plus d\u00e9munis<\/h2>\n\n\n\n<p><\/p>\n\n\n\n<p><em>Par Pierre-Luc Beauchesne, avocat<\/em><\/p>\n\n\n<div class=\"wp-block-image\">\n<figure class=\"alignleft size-full is-resized\"><img decoding=\"async\" width=\"1080\" height=\"1440\" src=\"https:\/\/www.barreaudemontreal.qc.ca\/wp-content\/uploads\/roy-louis-philippe-edited.jpg\" alt=\"\" class=\"wp-image-38512\" style=\"width:238px;height:auto\"\/><\/figure>\n<\/div>\n\n\n<p>Membre du Barreau depuis 2005, Me Louis-Philippe Roy pratique en droit criminel au bureau d\u2019aide juridique de Montr\u00e9al. S\u2019effor\u00e7ant de trouver des alternatives \u00e0 la judiciarisation d\u2019une client\u00e8le souvent vuln\u00e9rable, Me Roy est particuli\u00e8rement sensible aux enjeux de sant\u00e9 mentale et r\u00e9ussit malgr\u00e9 tout \u00e0 voir un peu de lumi\u00e8re dans toute la d\u00e9tresse humaine qu\u2019il c\u00f4toie tous les jours.<\/p>\n\n\n\n<p>Alors qu\u2019il \u00e9tait enfant, Me Roy a v\u00e9cu quelques ann\u00e9es en R\u00e9publique dominicaine o\u00f9 il a fait son primaire en espagnol de la 3<sup>e<\/sup> \u00e0 la 5<sup>e<\/sup> ann\u00e9e. Sa famille travaillait dans le domaine de l\u2019h\u00f4tellerie, de la restauration et du tourisme, mais \u00e9tait aussi impliqu\u00e9e aupr\u00e8s d\u2019organismes communautaires. Me Roy se rappelle d\u2019avoir \u00e9t\u00e9 en mission dans des secteurs isol\u00e9s et \u00e9loign\u00e9s o\u00f9 les gens vivaient dans une certaine mis\u00e8re et pauvret\u00e9. Le contact avec ces r\u00e9alit\u00e9s a eu un grand impact sur lui et l\u2019a sans aucun doute orient\u00e9 pour la suite des choses.<\/p>\n\n\n\n<p>De retour au Qu\u00e9bec, il entre pensionnaire \u00e0 l\u2019Acad\u00e9mie Laurentienne, une \u00e9cole \u00e0 vocation sportive situ\u00e9e \u00e0 Val-Morin dans les Laurentides, o\u00f9 il termine son primaire et fait tout son secondaire. Il s\u2019implique activement dans la vie \u00e9tudiante et devient m\u00eame pr\u00e9sident du conseil \u00e9tudiant en secondaire V. Ses implications lui permettent de faire de belles rencontres qui l\u2019ont inspir\u00e9, notamment un de ses professeurs et directeur, Claude Cousineau, qui est devenu par la suite d\u00e9put\u00e9 \u00e0 l\u2019Assembl\u00e9e nationale du Qu\u00e9bec pendant pr\u00e8s de 20 ans.<\/p>\n\n\n\n<p>Pendant ses \u00e9tudes en droit \u00e0 l\u2019Universit\u00e9 de Montr\u00e9al, Me Roy d\u00e9veloppe un int\u00e9r\u00eat marqu\u00e9 pour le droit criminel, notamment gr\u00e2ce au professeur Hugues Parent et ses enseignements sur les moyens de d\u00e9fense, la responsabilit\u00e9 p\u00e9nale et les troubles mentaux. Me Roy veut plaider rapidement et aller \u00e0 la Cour souvent. Il applique pour un stage au Centre communautaire juridique de Montr\u00e9al au Bureau Maisonneuve-Mercier. Pendant six mois, il pratique en droit de la famille, plaide devant la R\u00e9gie du logement (aujourd\u2019hui le TAL), en plus de faire des dossiers de garde en \u00e9tablissement. Cette client\u00e8le l\u2019int\u00e9resse particuli\u00e8rement, voyant des d\u00e9fis de taille o\u00f9 il faut souvent faire preuve de psychologie.<\/p>\n\n\n\n<p>Apr\u00e8s son stage, Me Roy fait le saut dans le domaine du droit criminel. Pendant ses premi\u00e8res ann\u00e9es, il touche un peu \u00e0 tout, de la garde t\u00e9l\u00e9phonique \u00e0 une pratique \u00e0 la Cour du Qu\u00e9bec, \u00e0 la Cour municipale de Montr\u00e9al au tribunal de la jeunesse et m\u00eame \u00e0 la division des Appels-assises du Bureau d\u2019aide juridique de Montr\u00e9al. Depuis 2009, il a une pratique \u00e0 volume \u00e0 la Cour du Qu\u00e9bec et dessert souvent une client\u00e8le aux prises avec des probl\u00e9matiques de consommation et\/ou de sant\u00e9 mentale. Il a agi dans des dossiers d\u2019envergure, parfois extr\u00eamement difficiles, dans lesquels souvent il y avait un enjeu de sant\u00e9 mentale. \u00c0 titre d\u2019exemple, en 2014, Me Roy repr\u00e9sente une jeune m\u00e8re souffrant de d\u00e9pression post-partum aux prises d\u2019hallucinations auditives et visuelles, accus\u00e9e du meurtre de son b\u00e9b\u00e9 de deux mois et qui a \u00e9t\u00e9 reconnue non-criminellement responsable apr\u00e8s que plusieurs experts se sont prononc\u00e9s dans ce sens.<\/p>\n\n\n\n<p>En plus d\u2019avoir \u00e9t\u00e9 membre du conseil d\u2019administration de l\u2019Association des avocats de la d\u00e9fense de Montr\u00e9al-Laval-Longueuil de 2016 \u00e0 2019, Me Roy dispense de la formation aux avocates et avocats et est invit\u00e9 \u00e0 titre de conf\u00e9rencier, ayant acquis au fil des ann\u00e9es une solide exp\u00e9rience en mati\u00e8re de justice et de sant\u00e9 mentale. Il si\u00e8ge notamment \u00e0 la Table de concertation montr\u00e9alaise en justice et sant\u00e9 mentale et est membre du comit\u00e9 directeur du programme Trajectoire Justice Sant\u00e9 Mentale (TJSM) de la Cour du Qu\u00e9bec, \u00e0 Montr\u00e9al. Ce programme d\u2019accompagnement permet aux individus pr\u00e9sentant des probl\u00e9matiques de sant\u00e9 mentale qui doivent r\u00e9pondre \u00e0 des accusations criminelles de b\u00e9n\u00e9ficier d&#8217;un plan d&#8217;intervention et d&#8217;un suivi adapt\u00e9 \u00e0 leur probl\u00e9matique avec l\u2019aide d\u2019un intervenant pivot, plut\u00f4t que d\u2019arriver \u00e0 la fin du processus judiciaire avec un ant\u00e9c\u00e9dent judiciaire et\/ou une peine d\u2019emprisonnement. L\u2019objectif est de mettre fin au ph\u00e9nom\u00e8ne des portes tournantes en arrimant le client aux soins de sant\u00e9 et services sociaux ainsi qu\u2019aux organismes communautaires. Me Roy veut surtout pratiquer une justice o\u00f9 l\u2019on trouve des solutions durables et o\u00f9 l\u2019on ne fixe pas seulement des dates d\u2019audition.<\/p>\n\n\n\n<p>Avant toute chose, Me Roy est heureux et fier d\u2019\u00eatre un avocat de l\u2019aide juridique, une \u00e9quipe de juristes chevronn\u00e9s qui dessert en grande partie une client\u00e8le d\u00e9munie&nbsp;: \u00ab&nbsp;Nous sommes une famille qui se soutient au quotidien. Nous avons d\u00e9velopp\u00e9 au fil des ans une expertise unique en mati\u00e8re de criminalit\u00e9 d\u00e9sorganis\u00e9e. Nous voulons servir, accompagner, rassurer nos clients tout au long du processus judiciaire, tout en s\u2019assurant que leurs droits sont respect\u00e9s.&nbsp;\u00bb<\/p>\n\n\n\n<p>Bien que ce ne soit pas tous les jours facile d\u2019\u00eatre confront\u00e9 \u00e0 autant de d\u00e9tresse humaine, Me Roy carbure \u00e0 l\u2019\u00e9motion et r\u00e9ussit aussi \u00e0 trouver son \u00e9quilibre aupr\u00e8s de sa conjointe et ses enfants qui pratiquent le hockey et le soccer au niveau \u00e9lite. Et malgr\u00e9 tout, il aime \u00eatre dans le feu de l\u2019action et pr\u00eater sa voix \u00e0 celles de personnes souvent vuln\u00e9rables.<\/p>\n\n\n\n<div style=\"height:20px\" aria-hidden=\"true\" class=\"wp-block-spacer\"><\/div>\n\n\n<div class=\"lightRedBox textBoxNew\">\n\n<p><!-- wp:paragraph --><\/p>\n<p>En faisant revivre la chronique<em> Figure de Ma\u00eetre<\/em>, cr\u00e9\u00e9e sous le b\u00e2tonnat de Me Lynne Kassie en 2000, le Barreau de Montr\u00e9al souhaite mettre en lumi\u00e8re des avocats inspirants, auteurs de r\u00e9alisations exceptionnelles et qui, \u00e0 travers leurs actions, contribuent \u00e0 faire rayonner la justice.<\/p>\n<p><!-- \/wp:paragraph --> <!-- wp:paragraph --><\/p>\n<p>Pour voir la liste de toutes les <strong><em>Figures de Ma\u00eetre<\/em><\/strong>, cliquez <a href=\"https:\/\/www.barreaudemontreal.qc.ca\/en\/communications-accueil\/figures-de-maitre\/\">ici<\/a>.<\/p>\n<p><!-- \/wp:paragraph --><\/p>\n<\/div>","protected":false},"excerpt":{"rendered":"<p>D\u00e9couvrez le portrait inspirant de Me Louis-Philippe Roy : \u00ab Pr\u00eater sa voix aux plus d\u00e9munis \u00bb, un article r\u00e9dig\u00e9 par Me Pierre-Luc Beauchesne.<\/p>\n","protected":false},"author":3,"featured_media":38543,"template":"","meta":{"_acf_changed":false,"_editorskit_title_hidden":false,"_editorskit_reading_time":0,"_editorskit_is_block_options_detached":false,"_editorskit_block_options_position":"{}","inline_featured_image":false,"ngg_post_thumbnail":0},"nouvelle_category":[103],"nouvelles_tags":[345],"class_list":["post-38509","communications","type-communications","status-publish","has-post-thumbnail","hentry","nouvelle_category-articles","nouvelles_tags-figure-de-maitres"],"acf":[],"yoast_head":"<!-- This site is optimized with the Yoast SEO plugin v27.4 - https:\/\/yoast.com\/product\/yoast-seo-wordpress\/ -->\n<title>Figure de ma\u00eetre \u2013 Louis-Philippe Roy - Barreau de Montr&eacute;al<\/title>\n<meta name=\"robots\" content=\"index, follow, max-snippet:-1, max-image-preview:large, max-video-preview:-1\" \/>\n<link rel=\"canonical\" href=\"https:\/\/www.barreaudemontreal.qc.ca\/en\/communications\/figure-de-maitre-louis-philippe-roy\/\" \/>\n<meta property=\"og:locale\" content=\"en_US\" \/>\n<meta property=\"og:type\" content=\"article\" \/>\n<meta property=\"og:title\" content=\"Figure de ma\u00eetre \u2013 Louis-Philippe Roy - Barreau de Montr&eacute;al\" \/>\n<meta property=\"og:description\" content=\"D\u00e9couvrez le portrait inspirant de Me Louis-Philippe Roy : \u00ab Pr\u00eater sa voix aux plus d\u00e9munis \u00bb, un article r\u00e9dig\u00e9 par Me Pierre-Luc Beauchesne.\" \/>\n<meta property=\"og:url\" content=\"https:\/\/www.barreaudemontreal.qc.ca\/en\/communications\/figure-de-maitre-louis-philippe-roy\/\" \/>\n<meta property=\"og:site_name\" content=\"Barreau de Montr&eacute;al\" \/>\n<meta property=\"article:modified_time\" content=\"2024-10-17T20:32:55+00:00\" \/>\n<meta property=\"og:image\" content=\"https:\/\/www.barreaudemontreal.qc.ca\/wp-content\/uploads\/figure-de-maitre-l-p_roy.png\" \/>\n\t<meta property=\"og:image:width\" content=\"1706\" \/>\n\t<meta property=\"og:image:height\" content=\"1250\" \/>\n\t<meta property=\"og:image:type\" content=\"image\/png\" \/>\n<meta name=\"twitter:card\" content=\"summary_large_image\" \/>\n<meta name=\"twitter:label1\" content=\"Est. reading time\" \/>\n\t<meta name=\"twitter:data1\" content=\"5 minutes\" \/>\n<script type=\"application\/ld+json\" class=\"yoast-schema-graph\">{\"@context\":\"https:\\\/\\\/schema.org\",\"@graph\":[{\"@type\":\"WebPage\",\"@id\":\"https:\\\/\\\/www.barreaudemontreal.qc.ca\\\/en\\\/communications\\\/figure-de-maitre-louis-philippe-roy\\\/\",\"url\":\"https:\\\/\\\/www.barreaudemontreal.qc.ca\\\/en\\\/communications\\\/figure-de-maitre-louis-philippe-roy\\\/\",\"name\":\"Figure de ma\u00eetre \u2013 Louis-Philippe Roy - Barreau de Montr&eacute;al\",\"isPartOf\":{\"@id\":\"https:\\\/\\\/www.barreaudemontreal.qc.ca\\\/en\\\/#website\"},\"primaryImageOfPage\":{\"@id\":\"https:\\\/\\\/www.barreaudemontreal.qc.ca\\\/en\\\/communications\\\/figure-de-maitre-louis-philippe-roy\\\/#primaryimage\"},\"image\":{\"@id\":\"https:\\\/\\\/www.barreaudemontreal.qc.ca\\\/en\\\/communications\\\/figure-de-maitre-louis-philippe-roy\\\/#primaryimage\"},\"thumbnailUrl\":\"https:\\\/\\\/www.barreaudemontreal.qc.ca\\\/wp-content\\\/uploads\\\/figure-de-maitre-l-p_roy.png\",\"datePublished\":\"2024-10-17T15:33:56+00:00\",\"dateModified\":\"2024-10-17T20:32:55+00:00\",\"breadcrumb\":{\"@id\":\"https:\\\/\\\/www.barreaudemontreal.qc.ca\\\/en\\\/communications\\\/figure-de-maitre-louis-philippe-roy\\\/#breadcrumb\"},\"inLanguage\":\"en-US\",\"potentialAction\":[{\"@type\":\"ReadAction\",\"target\":[\"https:\\\/\\\/www.barreaudemontreal.qc.ca\\\/en\\\/communications\\\/figure-de-maitre-louis-philippe-roy\\\/\"]}]},{\"@type\":\"ImageObject\",\"inLanguage\":\"en-US\",\"@id\":\"https:\\\/\\\/www.barreaudemontreal.qc.ca\\\/en\\\/communications\\\/figure-de-maitre-louis-philippe-roy\\\/#primaryimage\",\"url\":\"https:\\\/\\\/www.barreaudemontreal.qc.ca\\\/wp-content\\\/uploads\\\/figure-de-maitre-l-p_roy.png\",\"contentUrl\":\"https:\\\/\\\/www.barreaudemontreal.qc.ca\\\/wp-content\\\/uploads\\\/figure-de-maitre-l-p_roy.png\",\"width\":1706,\"height\":1250},{\"@type\":\"BreadcrumbList\",\"@id\":\"https:\\\/\\\/www.barreaudemontreal.qc.ca\\\/en\\\/communications\\\/figure-de-maitre-louis-philippe-roy\\\/#breadcrumb\",\"itemListElement\":[{\"@type\":\"ListItem\",\"position\":1,\"name\":\"Home\",\"item\":\"https:\\\/\\\/www.barreaudemontreal.qc.ca\\\/en\\\/\"},{\"@type\":\"ListItem\",\"position\":2,\"name\":\"Communications\",\"item\":\"https:\\\/\\\/www.barreaudemontreal.qc.ca\\\/en\\\/communications\\\/\"},{\"@type\":\"ListItem\",\"position\":3,\"name\":\"Figure de ma\u00eetre \u2013 Louis-Philippe Roy\"}]},{\"@type\":\"WebSite\",\"@id\":\"https:\\\/\\\/www.barreaudemontreal.qc.ca\\\/en\\\/#website\",\"url\":\"https:\\\/\\\/www.barreaudemontreal.qc.ca\\\/en\\\/\",\"name\":\"Barreau de Montr&eacute;al\",\"description\":\"La plus grande section du Barreau du Qu&eacute;bec\",\"potentialAction\":[{\"@type\":\"SearchAction\",\"target\":{\"@type\":\"EntryPoint\",\"urlTemplate\":\"https:\\\/\\\/www.barreaudemontreal.qc.ca\\\/en\\\/?s={search_term_string}\"},\"query-input\":{\"@type\":\"PropertyValueSpecification\",\"valueRequired\":true,\"valueName\":\"search_term_string\"}}],\"inLanguage\":\"en-US\"}]}<\/script>\n<!-- \/ Yoast SEO plugin. -->","yoast_head_json":{"title":"Figure de ma\u00eetre \u2013 Louis-Philippe Roy - Barreau de Montr&eacute;al","robots":{"index":"index","follow":"follow","max-snippet":"max-snippet:-1","max-image-preview":"max-image-preview:large","max-video-preview":"max-video-preview:-1"},"canonical":"https:\/\/www.barreaudemontreal.qc.ca\/en\/communications\/figure-de-maitre-louis-philippe-roy\/","og_locale":"en_US","og_type":"article","og_title":"Figure de ma\u00eetre \u2013 Louis-Philippe Roy - Barreau de Montr&eacute;al","og_description":"D\u00e9couvrez le portrait inspirant de Me Louis-Philippe Roy : \u00ab Pr\u00eater sa voix aux plus d\u00e9munis \u00bb, un article r\u00e9dig\u00e9 par Me Pierre-Luc Beauchesne.","og_url":"https:\/\/www.barreaudemontreal.qc.ca\/en\/communications\/figure-de-maitre-louis-philippe-roy\/","og_site_name":"Barreau de Montr&eacute;al","article_modified_time":"2024-10-17T20:32:55+00:00","og_image":[{"width":1706,"height":1250,"url":"https:\/\/www.barreaudemontreal.qc.ca\/wp-content\/uploads\/figure-de-maitre-l-p_roy.png","type":"image\/png"}],"twitter_card":"summary_large_image","twitter_misc":{"Est. reading time":"5 minutes"},"schema":{"@context":"https:\/\/schema.org","@graph":[{"@type":"WebPage","@id":"https:\/\/www.barreaudemontreal.qc.ca\/en\/communications\/figure-de-maitre-louis-philippe-roy\/","url":"https:\/\/www.barreaudemontreal.qc.ca\/en\/communications\/figure-de-maitre-louis-philippe-roy\/","name":"Figure de ma\u00eetre \u2013 Louis-Philippe Roy - Barreau de Montr&eacute;al","isPartOf":{"@id":"https:\/\/www.barreaudemontreal.qc.ca\/en\/#website"},"primaryImageOfPage":{"@id":"https:\/\/www.barreaudemontreal.qc.ca\/en\/communications\/figure-de-maitre-louis-philippe-roy\/#primaryimage"},"image":{"@id":"https:\/\/www.barreaudemontreal.qc.ca\/en\/communications\/figure-de-maitre-louis-philippe-roy\/#primaryimage"},"thumbnailUrl":"https:\/\/www.barreaudemontreal.qc.ca\/wp-content\/uploads\/figure-de-maitre-l-p_roy.png","datePublished":"2024-10-17T15:33:56+00:00","dateModified":"2024-10-17T20:32:55+00:00","breadcrumb":{"@id":"https:\/\/www.barreaudemontreal.qc.ca\/en\/communications\/figure-de-maitre-louis-philippe-roy\/#breadcrumb"},"inLanguage":"en-US","potentialAction":[{"@type":"ReadAction","target":["https:\/\/www.barreaudemontreal.qc.ca\/en\/communications\/figure-de-maitre-louis-philippe-roy\/"]}]},{"@type":"ImageObject","inLanguage":"en-US","@id":"https:\/\/www.barreaudemontreal.qc.ca\/en\/communications\/figure-de-maitre-louis-philippe-roy\/#primaryimage","url":"https:\/\/www.barreaudemontreal.qc.ca\/wp-content\/uploads\/figure-de-maitre-l-p_roy.png","contentUrl":"https:\/\/www.barreaudemontreal.qc.ca\/wp-content\/uploads\/figure-de-maitre-l-p_roy.png","width":1706,"height":1250},{"@type":"BreadcrumbList","@id":"https:\/\/www.barreaudemontreal.qc.ca\/en\/communications\/figure-de-maitre-louis-philippe-roy\/#breadcrumb","itemListElement":[{"@type":"ListItem","position":1,"name":"Home","item":"https:\/\/www.barreaudemontreal.qc.ca\/en\/"},{"@type":"ListItem","position":2,"name":"Communications","item":"https:\/\/www.barreaudemontreal.qc.ca\/en\/communications\/"},{"@type":"ListItem","position":3,"name":"Figure de ma\u00eetre \u2013 Louis-Philippe Roy"}]},{"@type":"WebSite","@id":"https:\/\/www.barreaudemontreal.qc.ca\/en\/#website","url":"https:\/\/www.barreaudemontreal.qc.ca\/en\/","name":"Barreau de Montr&eacute;al","description":"La plus grande section du Barreau du Qu&eacute;bec","potentialAction":[{"@type":"SearchAction","target":{"@type":"EntryPoint","urlTemplate":"https:\/\/www.barreaudemontreal.qc.ca\/en\/?s={search_term_string}"},"query-input":{"@type":"PropertyValueSpecification","valueRequired":true,"valueName":"search_term_string"}}],"inLanguage":"en-US"}]}},"_links":{"self":[{"href":"https:\/\/www.barreaudemontreal.qc.ca\/en\/wp-json\/wp\/v2\/communications\/38509","targetHints":{"allow":["GET"]}}],"collection":[{"href":"https:\/\/www.barreaudemontreal.qc.ca\/en\/wp-json\/wp\/v2\/communications"}],"about":[{"href":"https:\/\/www.barreaudemontreal.qc.ca\/en\/wp-json\/wp\/v2\/types\/communications"}],"author":[{"embeddable":true,"href":"https:\/\/www.barreaudemontreal.qc.ca\/en\/wp-json\/wp\/v2\/users\/3"}],"wp:featuredmedia":[{"embeddable":true,"href":"https:\/\/www.barreaudemontreal.qc.ca\/en\/wp-json\/wp\/v2\/media\/38543"}],"wp:attachment":[{"href":"https:\/\/www.barreaudemontreal.qc.ca\/en\/wp-json\/wp\/v2\/media?parent=38509"}],"wp:term":[{"taxonomy":"nouvelle_category","embeddable":true,"href":"https:\/\/www.barreaudemontreal.qc.ca\/en\/wp-json\/wp\/v2\/nouvelle_category?post=38509"},{"taxonomy":"nouvelles_tags","embeddable":true,"href":"https:\/\/www.barreaudemontreal.qc.ca\/en\/wp-json\/wp\/v2\/nouvelles_tags?post=38509"}],"curies":[{"name":"wp","href":"https:\/\/api.w.org\/{rel}","templated":true}]}}