{"id":31499,"date":"2023-03-08T19:15:31","date_gmt":"2023-03-09T00:15:31","guid":{"rendered":"https:\/\/www.barreaudemontreal.qc.ca\/?post_type=communications&#038;p=31499"},"modified":"2023-05-03T16:24:29","modified_gmt":"2023-05-03T20:24:29","slug":"mot-de-la-batonniere-de-la-fierte-de-porter-sa-toge","status":"publish","type":"communications","link":"https:\/\/www.barreaudemontreal.qc.ca\/en\/communications\/mot-de-la-batonniere-de-la-fierte-de-porter-sa-toge\/","title":{"rendered":"De la fiert\u00e9 de porter sa toge!"},"content":{"rendered":"\n<h2 class=\"wp-block-heading\">Mot de la b\u00e2tonni\u00e8re<\/h2>\n\n\n<div class=\"wp-block-image\">\n<figure class=\"alignleft size-large is-resized\"><img decoding=\"async\" src=\"https:\/\/www.barreaudemontreal.qc.ca\/wp-content\/uploads\/jmousseau_1000x1000-e1658436255935-edited.jpg\" alt=\"\" class=\"wp-image-31502\" width=\"234\" height=\"312\"\/><\/figure>\n<\/div>\n\n\n<p>Il est vrai qu\u2019au courant de la derni\u00e8re ann\u00e9e, les occasions de rev\u00eatir ma toge se sont faites moins nombreuses puisque je ne plaide presque plus. Cela s\u2019explique par le privil\u00e8ge que j\u2019ai eu de devenir gestionnaire d\u2019une \u00e9quipe extraordinaire. Je suis la cheftaine de ceux et celles qui sont devenus, au fil des 20 derni\u00e8res ann\u00e9es, non seulement mes coll\u00e8gues, mais aussi mes amis. En cette ann\u00e9e de b\u00e2tonnat, qui aurait pu croire qu\u2019il me manquait de d\u00e9fis? Ce sont maintenant les nombreux \u00e9v\u00e9nements auxquels je participe qui me donnent l\u2019occasion de porter \u00e0 nouveau ma toge, \u00e0 chaque fois avec une fiert\u00e9 renouvel\u00e9e, je dois dire!<\/p>\n\n\n\n<p>L\u2019automne dernier, j\u2019ai eu le plaisir d\u2019aller voir la pi\u00e8ce <em>Verdict<\/em>, une \u0153uvre percutante dans laquelle, tour \u00e0 tour, Marie-Th\u00e9r\u00e8se Fortin et Paul Doucet reprennent des plaidoiries de grandes causes qu\u00e9b\u00e9coises ayant fait progresser notre soci\u00e9t\u00e9, tout enti\u00e8re, et chang\u00e9 le cours de notre histoire des 50 derni\u00e8res ann\u00e9es. Au d\u00e9but de la pi\u00e8ce, les deux acteurs ont rev\u00eatu la toge, devant le public. J\u2019ai admir\u00e9 le geste. Mes yeux ont souri. Je les ai trouv\u00e9s beaux; chanceux aussi.&nbsp; J\u2019adore le th\u00e9\u00e2tre; il permet de r\u00e9aliser l\u2019importance du geste parce que l\u2019on est en mode arr\u00eat, le temps d\u2019une soir\u00e9e. Il permet aussi parfois de soulever la poussi\u00e8re qui se pose trop souvent sur notre conscience collective tout en mettant l\u2019emphase sur des d\u00e9tails qui nous auraient autrement \u00e9chapp\u00e9.<strong> <\/strong>J\u2019ai ainsi pu r\u00e9aliser encore davantage l\u2019importance du geste&nbsp;: rev\u00eatir sa toge est un honneur dont il faut avoir conscience.<\/p>\n\n\n\n<p>D\u2019autres avant nous l\u2019ont fait pour d\u00e9fendre, entre autres causes, la l\u00e9galisation de l\u2019avortement, la lutte contre le profilage racial, les droits des conjoints de m\u00eame sexe. La lutte men\u00e9e par ces individus que nous ne connaissons pas intimement, dont Joyce Echaquan et Henri Morgentaler, donne tout son sens aux mots <em>dignit\u00e9<\/em>, <em>\u00e9galit\u00e9<\/em> et <em>respect<\/em>. Plus nous acceptons les diff\u00e9rences, qui, in\u00e9vitablement, existent entre les membres d\u2019une soci\u00e9t\u00e9, mieux celle-ci se porte.&nbsp; En tant que femme, j\u2019ai pris conscience que c\u2019est uniquement en 1971 que nous avons acquis le droit de devenir jur\u00e9. Ah oui, me dis-je? C\u2019\u00e9tait l\u2019ann\u00e9e de ma naissance. Pourtant, je ne vous cacherai pas que certains jours je me trouve assur\u00e9ment encore toute jeune!<\/p>\n\n\n\n<p>La pi\u00e8ce ne fait pas abstraction du fait que notre syst\u00e8me de justice soit perfectible. Malgr\u00e9 tout, j\u2019en suis sortie fi\u00e8re de nous. Fi\u00e8re du travail accompli par les personnes nous ayant pr\u00e9c\u00e9d\u00e9s. Fi\u00e8re d\u2019\u00eatre avocate. Fi\u00e8re \u00e9galement de notre ouverture d\u2019esprit toute qu\u00e9b\u00e9coise. Ch\u00e8res consoeurs, chers conf\u00e8res, soyez-le aussi, chaque jour, avec tout le respect que l\u2019on doit aux acteurs du pass\u00e9, tout en \u00e9tant tourn\u00e9s vers l\u2019avenir et les d\u00e9fis qui nous attendent. Soyez aussi infiniment fiers de faire partie de cette profession qui fait d\u00e9licatement \u00e9voluer notre soci\u00e9t\u00e9, m\u00eame si, avouons-le, les enjeux mon\u00e9taires et technologiques auxquels fait face le syst\u00e8me de justice d\u2019aujourd\u2019hui sont \u00e9normes! Il faut savoir se renouveler, chacun \u00e0 notre fa\u00e7on. En ce sens, le Barreau de Montr\u00e9al fait \u00e9galement sa part&nbsp;: un nouveau site Web plus convivial et une nouvelle infolettre ont d\u2019ailleurs \u00e9t\u00e9 lanc\u00e9s en f\u00e9vrier dernier.<\/p>\n\n\n\n<p>Merci et \u00e0 bient\u00f4t,<\/p>\n\n\n\n<p><strong>Julie Mousseau<\/strong><\/p>\n\n\n\n<p>B\u00e2tonni\u00e8re de Montr\u00e9al<\/p>\n","protected":false},"excerpt":{"rendered":"<p>\u00catre fi\u00e8re de porter sa toge. La b\u00e2tonni\u00e8re Julie Mousseau l\u2019est assur\u00e9ment. Elle se confie dans ce nouveau billet du \u00ab mot de la b\u00e2tonni\u00e8re \u00bb.<\/p>\n","protected":false},"author":3,"featured_media":31505,"template":"","meta":{"_acf_changed":false,"_editorskit_title_hidden":false,"_editorskit_reading_time":2,"_editorskit_is_block_options_detached":false,"_editorskit_block_options_position":"{}","inline_featured_image":false,"ngg_post_thumbnail":0},"nouvelle_category":[103],"nouvelles_tags":[125],"class_list":["post-31499","communications","type-communications","status-publish","has-post-thumbnail","hentry","nouvelle_category-articles","nouvelles_tags-mot-de-la-batonniere"],"acf":[],"yoast_head":"<!-- This site is optimized with the Yoast SEO plugin v27.4 - https:\/\/yoast.com\/product\/yoast-seo-wordpress\/ -->\n<title>De la fiert\u00e9 de porter sa toge! - Barreau de Montr&eacute;al<\/title>\n<meta name=\"robots\" content=\"index, follow, max-snippet:-1, max-image-preview:large, max-video-preview:-1\" \/>\n<link rel=\"canonical\" href=\"https:\/\/www.barreaudemontreal.qc.ca\/en\/communications\/mot-de-la-batonniere-de-la-fierte-de-porter-sa-toge\/\" \/>\n<meta property=\"og:locale\" content=\"en_US\" \/>\n<meta property=\"og:type\" content=\"article\" \/>\n<meta property=\"og:title\" content=\"De la fiert\u00e9 de porter sa toge! - Barreau de Montr&eacute;al\" \/>\n<meta property=\"og:description\" content=\"\u00catre fi\u00e8re de porter sa toge. La b\u00e2tonni\u00e8re Julie Mousseau l\u2019est assur\u00e9ment. Elle se confie dans ce nouveau billet du \u00ab mot de la b\u00e2tonni\u00e8re \u00bb.\" \/>\n<meta property=\"og:url\" content=\"https:\/\/www.barreaudemontreal.qc.ca\/en\/communications\/mot-de-la-batonniere-de-la-fierte-de-porter-sa-toge\/\" \/>\n<meta property=\"og:site_name\" content=\"Barreau de Montr&eacute;al\" \/>\n<meta property=\"article:modified_time\" content=\"2023-05-03T20:24:29+00:00\" \/>\n<meta property=\"og:image\" content=\"https:\/\/www.barreaudemontreal.qc.ca\/wp-content\/uploads\/images\/nouvelles\/bann_batonniere_mousseau.png\" \/>\n\t<meta property=\"og:image:width\" content=\"589\" \/>\n\t<meta property=\"og:image:height\" content=\"414\" \/>\n\t<meta property=\"og:image:type\" content=\"image\/png\" \/>\n<meta name=\"twitter:card\" content=\"summary_large_image\" \/>\n<meta name=\"twitter:label1\" content=\"Est. reading time\" \/>\n\t<meta name=\"twitter:data1\" content=\"3 minutes\" \/>\n<script type=\"application\/ld+json\" class=\"yoast-schema-graph\">{\"@context\":\"https:\\\/\\\/schema.org\",\"@graph\":[{\"@type\":\"WebPage\",\"@id\":\"https:\\\/\\\/www.barreaudemontreal.qc.ca\\\/en\\\/communications\\\/mot-de-la-batonniere-de-la-fierte-de-porter-sa-toge\\\/\",\"url\":\"https:\\\/\\\/www.barreaudemontreal.qc.ca\\\/en\\\/communications\\\/mot-de-la-batonniere-de-la-fierte-de-porter-sa-toge\\\/\",\"name\":\"De la fiert\u00e9 de porter sa toge! - Barreau de Montr&eacute;al\",\"isPartOf\":{\"@id\":\"https:\\\/\\\/www.barreaudemontreal.qc.ca\\\/en\\\/#website\"},\"primaryImageOfPage\":{\"@id\":\"https:\\\/\\\/www.barreaudemontreal.qc.ca\\\/en\\\/communications\\\/mot-de-la-batonniere-de-la-fierte-de-porter-sa-toge\\\/#primaryimage\"},\"image\":{\"@id\":\"https:\\\/\\\/www.barreaudemontreal.qc.ca\\\/en\\\/communications\\\/mot-de-la-batonniere-de-la-fierte-de-porter-sa-toge\\\/#primaryimage\"},\"thumbnailUrl\":\"https:\\\/\\\/www.barreaudemontreal.qc.ca\\\/wp-content\\\/uploads\\\/images\\\/nouvelles\\\/bann_batonniere_mousseau.png\",\"datePublished\":\"2023-03-09T00:15:31+00:00\",\"dateModified\":\"2023-05-03T20:24:29+00:00\",\"breadcrumb\":{\"@id\":\"https:\\\/\\\/www.barreaudemontreal.qc.ca\\\/en\\\/communications\\\/mot-de-la-batonniere-de-la-fierte-de-porter-sa-toge\\\/#breadcrumb\"},\"inLanguage\":\"en-US\",\"potentialAction\":[{\"@type\":\"ReadAction\",\"target\":[\"https:\\\/\\\/www.barreaudemontreal.qc.ca\\\/en\\\/communications\\\/mot-de-la-batonniere-de-la-fierte-de-porter-sa-toge\\\/\"]}]},{\"@type\":\"ImageObject\",\"inLanguage\":\"en-US\",\"@id\":\"https:\\\/\\\/www.barreaudemontreal.qc.ca\\\/en\\\/communications\\\/mot-de-la-batonniere-de-la-fierte-de-porter-sa-toge\\\/#primaryimage\",\"url\":\"https:\\\/\\\/www.barreaudemontreal.qc.ca\\\/wp-content\\\/uploads\\\/images\\\/nouvelles\\\/bann_batonniere_mousseau.png\",\"contentUrl\":\"https:\\\/\\\/www.barreaudemontreal.qc.ca\\\/wp-content\\\/uploads\\\/images\\\/nouvelles\\\/bann_batonniere_mousseau.png\",\"width\":589,\"height\":414},{\"@type\":\"BreadcrumbList\",\"@id\":\"https:\\\/\\\/www.barreaudemontreal.qc.ca\\\/en\\\/communications\\\/mot-de-la-batonniere-de-la-fierte-de-porter-sa-toge\\\/#breadcrumb\",\"itemListElement\":[{\"@type\":\"ListItem\",\"position\":1,\"name\":\"Home\",\"item\":\"https:\\\/\\\/www.barreaudemontreal.qc.ca\\\/en\\\/\"},{\"@type\":\"ListItem\",\"position\":2,\"name\":\"Communications\",\"item\":\"https:\\\/\\\/www.barreaudemontreal.qc.ca\\\/en\\\/communications\\\/\"},{\"@type\":\"ListItem\",\"position\":3,\"name\":\"De la fiert\u00e9 de porter sa toge!\"}]},{\"@type\":\"WebSite\",\"@id\":\"https:\\\/\\\/www.barreaudemontreal.qc.ca\\\/en\\\/#website\",\"url\":\"https:\\\/\\\/www.barreaudemontreal.qc.ca\\\/en\\\/\",\"name\":\"Barreau de Montr&eacute;al\",\"description\":\"La plus grande section du Barreau du Qu&eacute;bec\",\"potentialAction\":[{\"@type\":\"SearchAction\",\"target\":{\"@type\":\"EntryPoint\",\"urlTemplate\":\"https:\\\/\\\/www.barreaudemontreal.qc.ca\\\/en\\\/?s={search_term_string}\"},\"query-input\":{\"@type\":\"PropertyValueSpecification\",\"valueRequired\":true,\"valueName\":\"search_term_string\"}}],\"inLanguage\":\"en-US\"}]}<\/script>\n<!-- \/ Yoast SEO plugin. -->","yoast_head_json":{"title":"De la fiert\u00e9 de porter sa toge! - Barreau de Montr&eacute;al","robots":{"index":"index","follow":"follow","max-snippet":"max-snippet:-1","max-image-preview":"max-image-preview:large","max-video-preview":"max-video-preview:-1"},"canonical":"https:\/\/www.barreaudemontreal.qc.ca\/en\/communications\/mot-de-la-batonniere-de-la-fierte-de-porter-sa-toge\/","og_locale":"en_US","og_type":"article","og_title":"De la fiert\u00e9 de porter sa toge! - Barreau de Montr&eacute;al","og_description":"\u00catre fi\u00e8re de porter sa toge. La b\u00e2tonni\u00e8re Julie Mousseau l\u2019est assur\u00e9ment. Elle se confie dans ce nouveau billet du \u00ab mot de la b\u00e2tonni\u00e8re \u00bb.","og_url":"https:\/\/www.barreaudemontreal.qc.ca\/en\/communications\/mot-de-la-batonniere-de-la-fierte-de-porter-sa-toge\/","og_site_name":"Barreau de Montr&eacute;al","article_modified_time":"2023-05-03T20:24:29+00:00","og_image":[{"width":589,"height":414,"url":"https:\/\/www.barreaudemontreal.qc.ca\/wp-content\/uploads\/images\/nouvelles\/bann_batonniere_mousseau.png","type":"image\/png"}],"twitter_card":"summary_large_image","twitter_misc":{"Est. reading time":"3 minutes"},"schema":{"@context":"https:\/\/schema.org","@graph":[{"@type":"WebPage","@id":"https:\/\/www.barreaudemontreal.qc.ca\/en\/communications\/mot-de-la-batonniere-de-la-fierte-de-porter-sa-toge\/","url":"https:\/\/www.barreaudemontreal.qc.ca\/en\/communications\/mot-de-la-batonniere-de-la-fierte-de-porter-sa-toge\/","name":"De la fiert\u00e9 de porter sa toge! - Barreau de Montr&eacute;al","isPartOf":{"@id":"https:\/\/www.barreaudemontreal.qc.ca\/en\/#website"},"primaryImageOfPage":{"@id":"https:\/\/www.barreaudemontreal.qc.ca\/en\/communications\/mot-de-la-batonniere-de-la-fierte-de-porter-sa-toge\/#primaryimage"},"image":{"@id":"https:\/\/www.barreaudemontreal.qc.ca\/en\/communications\/mot-de-la-batonniere-de-la-fierte-de-porter-sa-toge\/#primaryimage"},"thumbnailUrl":"https:\/\/www.barreaudemontreal.qc.ca\/wp-content\/uploads\/images\/nouvelles\/bann_batonniere_mousseau.png","datePublished":"2023-03-09T00:15:31+00:00","dateModified":"2023-05-03T20:24:29+00:00","breadcrumb":{"@id":"https:\/\/www.barreaudemontreal.qc.ca\/en\/communications\/mot-de-la-batonniere-de-la-fierte-de-porter-sa-toge\/#breadcrumb"},"inLanguage":"en-US","potentialAction":[{"@type":"ReadAction","target":["https:\/\/www.barreaudemontreal.qc.ca\/en\/communications\/mot-de-la-batonniere-de-la-fierte-de-porter-sa-toge\/"]}]},{"@type":"ImageObject","inLanguage":"en-US","@id":"https:\/\/www.barreaudemontreal.qc.ca\/en\/communications\/mot-de-la-batonniere-de-la-fierte-de-porter-sa-toge\/#primaryimage","url":"https:\/\/www.barreaudemontreal.qc.ca\/wp-content\/uploads\/images\/nouvelles\/bann_batonniere_mousseau.png","contentUrl":"https:\/\/www.barreaudemontreal.qc.ca\/wp-content\/uploads\/images\/nouvelles\/bann_batonniere_mousseau.png","width":589,"height":414},{"@type":"BreadcrumbList","@id":"https:\/\/www.barreaudemontreal.qc.ca\/en\/communications\/mot-de-la-batonniere-de-la-fierte-de-porter-sa-toge\/#breadcrumb","itemListElement":[{"@type":"ListItem","position":1,"name":"Home","item":"https:\/\/www.barreaudemontreal.qc.ca\/en\/"},{"@type":"ListItem","position":2,"name":"Communications","item":"https:\/\/www.barreaudemontreal.qc.ca\/en\/communications\/"},{"@type":"ListItem","position":3,"name":"De la fiert\u00e9 de porter sa toge!"}]},{"@type":"WebSite","@id":"https:\/\/www.barreaudemontreal.qc.ca\/en\/#website","url":"https:\/\/www.barreaudemontreal.qc.ca\/en\/","name":"Barreau de Montr&eacute;al","description":"La plus grande section du Barreau du Qu&eacute;bec","potentialAction":[{"@type":"SearchAction","target":{"@type":"EntryPoint","urlTemplate":"https:\/\/www.barreaudemontreal.qc.ca\/en\/?s={search_term_string}"},"query-input":{"@type":"PropertyValueSpecification","valueRequired":true,"valueName":"search_term_string"}}],"inLanguage":"en-US"}]}},"_links":{"self":[{"href":"https:\/\/www.barreaudemontreal.qc.ca\/en\/wp-json\/wp\/v2\/communications\/31499","targetHints":{"allow":["GET"]}}],"collection":[{"href":"https:\/\/www.barreaudemontreal.qc.ca\/en\/wp-json\/wp\/v2\/communications"}],"about":[{"href":"https:\/\/www.barreaudemontreal.qc.ca\/en\/wp-json\/wp\/v2\/types\/communications"}],"author":[{"embeddable":true,"href":"https:\/\/www.barreaudemontreal.qc.ca\/en\/wp-json\/wp\/v2\/users\/3"}],"wp:featuredmedia":[{"embeddable":true,"href":"https:\/\/www.barreaudemontreal.qc.ca\/en\/wp-json\/wp\/v2\/media\/31505"}],"wp:attachment":[{"href":"https:\/\/www.barreaudemontreal.qc.ca\/en\/wp-json\/wp\/v2\/media?parent=31499"}],"wp:term":[{"taxonomy":"nouvelle_category","embeddable":true,"href":"https:\/\/www.barreaudemontreal.qc.ca\/en\/wp-json\/wp\/v2\/nouvelle_category?post=31499"},{"taxonomy":"nouvelles_tags","embeddable":true,"href":"https:\/\/www.barreaudemontreal.qc.ca\/en\/wp-json\/wp\/v2\/nouvelles_tags?post=31499"}],"curies":[{"name":"wp","href":"https:\/\/api.w.org\/{rel}","templated":true}]}}