{"id":8561,"date":"2013-04-11T14:07:03","date_gmt":"2013-04-11T14:07:03","guid":{"rendered":"http:\/\/barreau.stagingminimalmtl.com\/fr\/comite\/liaison-cs-civ\/"},"modified":"2025-08-11T16:54:10","modified_gmt":"2025-08-11T20:54:10","slug":"liaison-cs-civ","status":"publish","type":"comites","link":"https:\/\/www.barreaudemontreal.qc.ca\/en\/comites\/liaison-cs-civ\/","title":{"rendered":"Liaison avec la Cour sup\u00e9rieure en mati\u00e8re civile"},"content":{"rendered":"\n<p><strong>MANDAT<\/strong><\/p>\n\n\n\n<p>Le comit\u00e9 a le mandat d\u2019assurer des communications r\u00e9guli\u00e8res entre la Cour sup\u00e9rieure et le Barreau de Montr\u00e9al au cours desquelles diff\u00e9rents probl\u00e8mes sont soulev\u00e9s par les juges et les avocats et des solutions \u00e0 ces probl\u00e8mes sont apport\u00e9es dans la perspective d\u2019une am\u00e9lioration continuelle du fonctionnement de la Cour sup\u00e9rieure.<\/p>\n\n\n\n<p><strong>MEMBRES 2025-2026<\/strong><\/p>\n\n\n\n<p><strong>Me Cl\u00e9ment Lucas<\/strong>,<strong>\u00a0<em>pr\u00e9sident<\/em><\/strong>, les honorables Lukasz Granosik (j.c.s.), Jean-Fran\u00e7ois Michaud (j.c.s.), Fr\u00e9d\u00e9ric P\u00e9rodeau (j.c.s.), Mes David Assor, Laurence Bich-Carri\u00e8re, Virginie Blanchette S\u00e9guin, Marjorie Bouchard, Eric De Louya, Bianca Pietracupa, Laurence Ste-Marie, de m\u00eame que les repr\u00e9sentants de la Cour sup\u00e9rieure, de Justice Qu\u00e9bec, des Services judiciaires, du minist\u00e8re de la Justice du Canada et de la Ville de Montr\u00e9al.<\/p>\n","protected":false},"author":30,"featured_media":0,"template":"","meta":{"_acf_changed":false,"_editorskit_title_hidden":false,"_editorskit_reading_time":1,"_editorskit_is_block_options_detached":false,"_editorskit_block_options_position":"{}","inline_featured_image":false,"ngg_post_thumbnail":0,"footnotes":""},"comites_category":[],"class_list":["post-8561","comites","type-comites","status-publish","hentry"],"acf":[],"yoast_head":"<!-- This site is optimized with the Yoast SEO plugin v27.4 - https:\/\/yoast.com\/product\/yoast-seo-wordpress\/ -->\n<title>Liaison avec la Cour sup\u00e9rieure en mati\u00e8re civile - Barreau de Montr&eacute;al<\/title>\n<meta name=\"robots\" content=\"index, follow, max-snippet:-1, max-image-preview:large, max-video-preview:-1\" \/>\n<link rel=\"canonical\" href=\"https:\/\/www.barreaudemontreal.qc.ca\/en\/comites\/liaison-cs-civ\/\" \/>\n<meta property=\"og:locale\" content=\"en_US\" \/>\n<meta property=\"og:type\" content=\"article\" \/>\n<meta property=\"og:title\" content=\"Liaison avec la Cour sup\u00e9rieure en mati\u00e8re civile - Barreau de Montr&eacute;al\" \/>\n<meta property=\"og:description\" content=\"MANDATLe comit\u00e9 a le mandat d&#039;assurer des communications r\u00e9guli\u00e8res entre la Cour sup\u00e9rieure et le Barreau de Montr\u00e9al au cours desquelles diff\u00e9rents probl\u00e8mes sont soulev\u00e9s par les juges et les avocats et des solutions \u00e0 ces probl\u00e8mes sont apport\u00e9es dans la perspective d&#039;une am\u00e9lioration continuelle du fonctionnement de la Cour sup\u00e9rieure.MEMBRES 2020-2021\" \/>\n<meta property=\"og:url\" content=\"https:\/\/www.barreaudemontreal.qc.ca\/en\/comites\/liaison-cs-civ\/\" \/>\n<meta property=\"og:site_name\" content=\"Barreau de Montr&eacute;al\" \/>\n<meta property=\"article:modified_time\" content=\"2025-08-11T20:54:10+00:00\" \/>\n<meta name=\"twitter:card\" content=\"summary_large_image\" \/>\n<meta name=\"twitter:label1\" content=\"Est. reading time\" \/>\n\t<meta name=\"twitter:data1\" content=\"1 minute\" \/>\n<script type=\"application\/ld+json\" class=\"yoast-schema-graph\">{\"@context\":\"https:\\\/\\\/schema.org\",\"@graph\":[{\"@type\":\"WebPage\",\"@id\":\"https:\\\/\\\/www.barreaudemontreal.qc.ca\\\/en\\\/comites\\\/liaison-cs-civ\\\/\",\"url\":\"https:\\\/\\\/www.barreaudemontreal.qc.ca\\\/en\\\/comites\\\/liaison-cs-civ\\\/\",\"name\":\"Liaison avec la Cour sup\u00e9rieure en mati\u00e8re civile - Barreau de Montr&eacute;al\",\"isPartOf\":{\"@id\":\"https:\\\/\\\/www.barreaudemontreal.qc.ca\\\/en\\\/#website\"},\"datePublished\":\"2013-04-11T14:07:03+00:00\",\"dateModified\":\"2025-08-11T20:54:10+00:00\",\"breadcrumb\":{\"@id\":\"https:\\\/\\\/www.barreaudemontreal.qc.ca\\\/en\\\/comites\\\/liaison-cs-civ\\\/#breadcrumb\"},\"inLanguage\":\"en-US\",\"potentialAction\":[{\"@type\":\"ReadAction\",\"target\":[\"https:\\\/\\\/www.barreaudemontreal.qc.ca\\\/en\\\/comites\\\/liaison-cs-civ\\\/\"]}]},{\"@type\":\"BreadcrumbList\",\"@id\":\"https:\\\/\\\/www.barreaudemontreal.qc.ca\\\/en\\\/comites\\\/liaison-cs-civ\\\/#breadcrumb\",\"itemListElement\":[{\"@type\":\"ListItem\",\"position\":1,\"name\":\"Home\",\"item\":\"https:\\\/\\\/www.barreaudemontreal.qc.ca\\\/en\\\/\"},{\"@type\":\"ListItem\",\"position\":2,\"name\":\"Comit\u00e9s\",\"item\":\"https:\\\/\\\/www.barreaudemontreal.qc.ca\\\/en\\\/comites\\\/\"},{\"@type\":\"ListItem\",\"position\":3,\"name\":\"Liaison avec la Cour sup\u00e9rieure en mati\u00e8re civile\"}]},{\"@type\":\"WebSite\",\"@id\":\"https:\\\/\\\/www.barreaudemontreal.qc.ca\\\/en\\\/#website\",\"url\":\"https:\\\/\\\/www.barreaudemontreal.qc.ca\\\/en\\\/\",\"name\":\"Barreau de Montr&eacute;al\",\"description\":\"La plus grande section du Barreau du Qu&eacute;bec\",\"potentialAction\":[{\"@type\":\"SearchAction\",\"target\":{\"@type\":\"EntryPoint\",\"urlTemplate\":\"https:\\\/\\\/www.barreaudemontreal.qc.ca\\\/en\\\/?s={search_term_string}\"},\"query-input\":{\"@type\":\"PropertyValueSpecification\",\"valueRequired\":true,\"valueName\":\"search_term_string\"}}],\"inLanguage\":\"en-US\"}]}<\/script>\n<!-- \/ Yoast SEO plugin. -->","yoast_head_json":{"title":"Liaison avec la Cour sup\u00e9rieure en mati\u00e8re civile - Barreau de Montr&eacute;al","robots":{"index":"index","follow":"follow","max-snippet":"max-snippet:-1","max-image-preview":"max-image-preview:large","max-video-preview":"max-video-preview:-1"},"canonical":"https:\/\/www.barreaudemontreal.qc.ca\/en\/comites\/liaison-cs-civ\/","og_locale":"en_US","og_type":"article","og_title":"Liaison avec la Cour sup\u00e9rieure en mati\u00e8re civile - Barreau de Montr&eacute;al","og_description":"MANDATLe comit\u00e9 a le mandat d'assurer des communications r\u00e9guli\u00e8res entre la Cour sup\u00e9rieure et le Barreau de Montr\u00e9al au cours desquelles diff\u00e9rents probl\u00e8mes sont soulev\u00e9s par les juges et les avocats et des solutions \u00e0 ces probl\u00e8mes sont apport\u00e9es dans la perspective d'une am\u00e9lioration continuelle du fonctionnement de la Cour sup\u00e9rieure.MEMBRES 2020-2021","og_url":"https:\/\/www.barreaudemontreal.qc.ca\/en\/comites\/liaison-cs-civ\/","og_site_name":"Barreau de Montr&eacute;al","article_modified_time":"2025-08-11T20:54:10+00:00","twitter_card":"summary_large_image","twitter_misc":{"Est. reading time":"1 minute"},"schema":{"@context":"https:\/\/schema.org","@graph":[{"@type":"WebPage","@id":"https:\/\/www.barreaudemontreal.qc.ca\/en\/comites\/liaison-cs-civ\/","url":"https:\/\/www.barreaudemontreal.qc.ca\/en\/comites\/liaison-cs-civ\/","name":"Liaison avec la Cour sup\u00e9rieure en mati\u00e8re civile - Barreau de Montr&eacute;al","isPartOf":{"@id":"https:\/\/www.barreaudemontreal.qc.ca\/en\/#website"},"datePublished":"2013-04-11T14:07:03+00:00","dateModified":"2025-08-11T20:54:10+00:00","breadcrumb":{"@id":"https:\/\/www.barreaudemontreal.qc.ca\/en\/comites\/liaison-cs-civ\/#breadcrumb"},"inLanguage":"en-US","potentialAction":[{"@type":"ReadAction","target":["https:\/\/www.barreaudemontreal.qc.ca\/en\/comites\/liaison-cs-civ\/"]}]},{"@type":"BreadcrumbList","@id":"https:\/\/www.barreaudemontreal.qc.ca\/en\/comites\/liaison-cs-civ\/#breadcrumb","itemListElement":[{"@type":"ListItem","position":1,"name":"Home","item":"https:\/\/www.barreaudemontreal.qc.ca\/en\/"},{"@type":"ListItem","position":2,"name":"Comit\u00e9s","item":"https:\/\/www.barreaudemontreal.qc.ca\/en\/comites\/"},{"@type":"ListItem","position":3,"name":"Liaison avec la Cour sup\u00e9rieure en mati\u00e8re civile"}]},{"@type":"WebSite","@id":"https:\/\/www.barreaudemontreal.qc.ca\/en\/#website","url":"https:\/\/www.barreaudemontreal.qc.ca\/en\/","name":"Barreau de Montr&eacute;al","description":"La plus grande section du Barreau du Qu&eacute;bec","potentialAction":[{"@type":"SearchAction","target":{"@type":"EntryPoint","urlTemplate":"https:\/\/www.barreaudemontreal.qc.ca\/en\/?s={search_term_string}"},"query-input":{"@type":"PropertyValueSpecification","valueRequired":true,"valueName":"search_term_string"}}],"inLanguage":"en-US"}]}},"_links":{"self":[{"href":"https:\/\/www.barreaudemontreal.qc.ca\/en\/wp-json\/wp\/v2\/comites\/8561","targetHints":{"allow":["GET"]}}],"collection":[{"href":"https:\/\/www.barreaudemontreal.qc.ca\/en\/wp-json\/wp\/v2\/comites"}],"about":[{"href":"https:\/\/www.barreaudemontreal.qc.ca\/en\/wp-json\/wp\/v2\/types\/comites"}],"author":[{"embeddable":true,"href":"https:\/\/www.barreaudemontreal.qc.ca\/en\/wp-json\/wp\/v2\/users\/30"}],"version-history":[{"count":0,"href":"https:\/\/www.barreaudemontreal.qc.ca\/en\/wp-json\/wp\/v2\/comites\/8561\/revisions"}],"wp:attachment":[{"href":"https:\/\/www.barreaudemontreal.qc.ca\/en\/wp-json\/wp\/v2\/media?parent=8561"}],"wp:term":[{"taxonomy":"comites_category","embeddable":true,"href":"https:\/\/www.barreaudemontreal.qc.ca\/en\/wp-json\/wp\/v2\/comites_category?post=8561"}],"curies":[{"name":"wp","href":"https:\/\/api.w.org\/{rel}","templated":true}]}}