{"id":8548,"date":"2013-05-03T17:16:40","date_gmt":"2013-05-03T17:16:40","guid":{"rendered":"http:\/\/barreau.stagingminimalmtl.com\/fr\/comite\/ethique\/"},"modified":"2025-08-10T21:25:55","modified_gmt":"2025-08-11T01:25:55","slug":"ethique","status":"publish","type":"comites","link":"https:\/\/www.barreaudemontreal.qc.ca\/en\/comites\/ethique\/","title":{"rendered":"\u00c9thique et professionnalisme des avocats"},"content":{"rendered":"\n<p><strong>MANDAT<\/strong><\/p>\n\n\n\n<p>Le comit\u00e9 a pour mandat de promouvoir les pratiques \u00e9thiques et le professionnalisme des avocats. Il vise \u00e9galement \u00e0 renforcer la confiance du public envers les avocats, le syst\u00e8me judiciaire et la justice qu\u00e9b\u00e9coise.<\/p>\n\n\n\n<p><strong>MEMBRES 2025-2026<\/strong><\/p>\n\n\n\n<p><strong>Me\u00a0Annie Rainville,\u00a0<\/strong><em><strong>pr\u00e9sidente<\/strong><\/em>, les honorables Marie-Claude Rigaud (j.c.s.) et Marie-Kettlyne Ruben (j.c.q.), Mes\u00a0Anthony Nicholas Battah, Genevi\u00e8ve Cardinal, J\u00e9r\u00f4me Beaugrand-Champagne, Caroline Chr\u00e9tien, Jenna De Santis, Laurence Hamel, \u00c9liane Jett\u00e9 et Irwin Liebman.<\/p>\n","protected":false},"author":30,"featured_media":0,"template":"","meta":{"_acf_changed":false,"_editorskit_title_hidden":false,"_editorskit_reading_time":1,"_editorskit_is_block_options_detached":false,"_editorskit_block_options_position":"{}","inline_featured_image":false,"ngg_post_thumbnail":0,"footnotes":""},"comites_category":[],"class_list":["post-8548","comites","type-comites","status-publish","hentry"],"acf":[],"yoast_head":"<!-- This site is optimized with the Yoast SEO plugin v27.4 - https:\/\/yoast.com\/product\/yoast-seo-wordpress\/ -->\n<title>\u00c9thique et professionnalisme des avocats - Barreau de Montr&eacute;al<\/title>\n<meta name=\"robots\" content=\"index, follow, max-snippet:-1, max-image-preview:large, max-video-preview:-1\" \/>\n<link rel=\"canonical\" href=\"https:\/\/www.barreaudemontreal.qc.ca\/en\/comites\/ethique\/\" \/>\n<meta property=\"og:locale\" content=\"en_US\" \/>\n<meta property=\"og:type\" content=\"article\" \/>\n<meta property=\"og:title\" content=\"\u00c9thique et professionnalisme des avocats - Barreau de Montr&eacute;al\" \/>\n<meta property=\"og:description\" content=\"MANDATLe comit\u00e9 a pour mandat de promouvoir les pratiques \u00e9thiques et le professionnalisme des avocats. Il vise \u00e9galement \u00e0 favoriser la confiance du public envers les avocats, le syst\u00e8me judiciaire et la justice qu\u00e9b\u00e9coise.MEMBRES 2021-2022\" \/>\n<meta property=\"og:url\" content=\"https:\/\/www.barreaudemontreal.qc.ca\/en\/comites\/ethique\/\" \/>\n<meta property=\"og:site_name\" content=\"Barreau de Montr&eacute;al\" \/>\n<meta property=\"article:modified_time\" content=\"2025-08-11T01:25:55+00:00\" \/>\n<meta name=\"twitter:card\" content=\"summary_large_image\" \/>\n<meta name=\"twitter:label1\" content=\"Est. reading time\" \/>\n\t<meta name=\"twitter:data1\" content=\"1 minute\" \/>\n<script type=\"application\/ld+json\" class=\"yoast-schema-graph\">{\"@context\":\"https:\\\/\\\/schema.org\",\"@graph\":[{\"@type\":\"WebPage\",\"@id\":\"https:\\\/\\\/www.barreaudemontreal.qc.ca\\\/en\\\/comites\\\/ethique\\\/\",\"url\":\"https:\\\/\\\/www.barreaudemontreal.qc.ca\\\/en\\\/comites\\\/ethique\\\/\",\"name\":\"\u00c9thique et professionnalisme des avocats - Barreau de Montr&eacute;al\",\"isPartOf\":{\"@id\":\"https:\\\/\\\/www.barreaudemontreal.qc.ca\\\/en\\\/#website\"},\"datePublished\":\"2013-05-03T17:16:40+00:00\",\"dateModified\":\"2025-08-11T01:25:55+00:00\",\"breadcrumb\":{\"@id\":\"https:\\\/\\\/www.barreaudemontreal.qc.ca\\\/en\\\/comites\\\/ethique\\\/#breadcrumb\"},\"inLanguage\":\"en-US\",\"potentialAction\":[{\"@type\":\"ReadAction\",\"target\":[\"https:\\\/\\\/www.barreaudemontreal.qc.ca\\\/en\\\/comites\\\/ethique\\\/\"]}]},{\"@type\":\"BreadcrumbList\",\"@id\":\"https:\\\/\\\/www.barreaudemontreal.qc.ca\\\/en\\\/comites\\\/ethique\\\/#breadcrumb\",\"itemListElement\":[{\"@type\":\"ListItem\",\"position\":1,\"name\":\"Home\",\"item\":\"https:\\\/\\\/www.barreaudemontreal.qc.ca\\\/en\\\/\"},{\"@type\":\"ListItem\",\"position\":2,\"name\":\"Comit\u00e9s\",\"item\":\"https:\\\/\\\/www.barreaudemontreal.qc.ca\\\/en\\\/comites\\\/\"},{\"@type\":\"ListItem\",\"position\":3,\"name\":\"\u00c9thique et professionnalisme des avocats\"}]},{\"@type\":\"WebSite\",\"@id\":\"https:\\\/\\\/www.barreaudemontreal.qc.ca\\\/en\\\/#website\",\"url\":\"https:\\\/\\\/www.barreaudemontreal.qc.ca\\\/en\\\/\",\"name\":\"Barreau de Montr&eacute;al\",\"description\":\"La plus grande section du Barreau du Qu&eacute;bec\",\"potentialAction\":[{\"@type\":\"SearchAction\",\"target\":{\"@type\":\"EntryPoint\",\"urlTemplate\":\"https:\\\/\\\/www.barreaudemontreal.qc.ca\\\/en\\\/?s={search_term_string}\"},\"query-input\":{\"@type\":\"PropertyValueSpecification\",\"valueRequired\":true,\"valueName\":\"search_term_string\"}}],\"inLanguage\":\"en-US\"}]}<\/script>\n<!-- \/ Yoast SEO plugin. -->","yoast_head_json":{"title":"\u00c9thique et professionnalisme des avocats - Barreau de Montr&eacute;al","robots":{"index":"index","follow":"follow","max-snippet":"max-snippet:-1","max-image-preview":"max-image-preview:large","max-video-preview":"max-video-preview:-1"},"canonical":"https:\/\/www.barreaudemontreal.qc.ca\/en\/comites\/ethique\/","og_locale":"en_US","og_type":"article","og_title":"\u00c9thique et professionnalisme des avocats - Barreau de Montr&eacute;al","og_description":"MANDATLe comit\u00e9 a pour mandat de promouvoir les pratiques \u00e9thiques et le professionnalisme des avocats. Il vise \u00e9galement \u00e0 favoriser la confiance du public envers les avocats, le syst\u00e8me judiciaire et la justice qu\u00e9b\u00e9coise.MEMBRES 2021-2022","og_url":"https:\/\/www.barreaudemontreal.qc.ca\/en\/comites\/ethique\/","og_site_name":"Barreau de Montr&eacute;al","article_modified_time":"2025-08-11T01:25:55+00:00","twitter_card":"summary_large_image","twitter_misc":{"Est. reading time":"1 minute"},"schema":{"@context":"https:\/\/schema.org","@graph":[{"@type":"WebPage","@id":"https:\/\/www.barreaudemontreal.qc.ca\/en\/comites\/ethique\/","url":"https:\/\/www.barreaudemontreal.qc.ca\/en\/comites\/ethique\/","name":"\u00c9thique et professionnalisme des avocats - Barreau de Montr&eacute;al","isPartOf":{"@id":"https:\/\/www.barreaudemontreal.qc.ca\/en\/#website"},"datePublished":"2013-05-03T17:16:40+00:00","dateModified":"2025-08-11T01:25:55+00:00","breadcrumb":{"@id":"https:\/\/www.barreaudemontreal.qc.ca\/en\/comites\/ethique\/#breadcrumb"},"inLanguage":"en-US","potentialAction":[{"@type":"ReadAction","target":["https:\/\/www.barreaudemontreal.qc.ca\/en\/comites\/ethique\/"]}]},{"@type":"BreadcrumbList","@id":"https:\/\/www.barreaudemontreal.qc.ca\/en\/comites\/ethique\/#breadcrumb","itemListElement":[{"@type":"ListItem","position":1,"name":"Home","item":"https:\/\/www.barreaudemontreal.qc.ca\/en\/"},{"@type":"ListItem","position":2,"name":"Comit\u00e9s","item":"https:\/\/www.barreaudemontreal.qc.ca\/en\/comites\/"},{"@type":"ListItem","position":3,"name":"\u00c9thique et professionnalisme des avocats"}]},{"@type":"WebSite","@id":"https:\/\/www.barreaudemontreal.qc.ca\/en\/#website","url":"https:\/\/www.barreaudemontreal.qc.ca\/en\/","name":"Barreau de Montr&eacute;al","description":"La plus grande section du Barreau du Qu&eacute;bec","potentialAction":[{"@type":"SearchAction","target":{"@type":"EntryPoint","urlTemplate":"https:\/\/www.barreaudemontreal.qc.ca\/en\/?s={search_term_string}"},"query-input":{"@type":"PropertyValueSpecification","valueRequired":true,"valueName":"search_term_string"}}],"inLanguage":"en-US"}]}},"_links":{"self":[{"href":"https:\/\/www.barreaudemontreal.qc.ca\/en\/wp-json\/wp\/v2\/comites\/8548","targetHints":{"allow":["GET"]}}],"collection":[{"href":"https:\/\/www.barreaudemontreal.qc.ca\/en\/wp-json\/wp\/v2\/comites"}],"about":[{"href":"https:\/\/www.barreaudemontreal.qc.ca\/en\/wp-json\/wp\/v2\/types\/comites"}],"author":[{"embeddable":true,"href":"https:\/\/www.barreaudemontreal.qc.ca\/en\/wp-json\/wp\/v2\/users\/30"}],"version-history":[{"count":0,"href":"https:\/\/www.barreaudemontreal.qc.ca\/en\/wp-json\/wp\/v2\/comites\/8548\/revisions"}],"wp:attachment":[{"href":"https:\/\/www.barreaudemontreal.qc.ca\/en\/wp-json\/wp\/v2\/media?parent=8548"}],"wp:term":[{"taxonomy":"comites_category","embeddable":true,"href":"https:\/\/www.barreaudemontreal.qc.ca\/en\/wp-json\/wp\/v2\/comites_category?post=8548"}],"curies":[{"name":"wp","href":"https:\/\/api.w.org\/{rel}","templated":true}]}}