{"id":47147,"date":"2026-01-16T11:26:00","date_gmt":"2026-01-16T16:26:00","guid":{"rendered":"https:\/\/www.barreaudemontreal.qc.ca\/?post_type=activite&#038;p=47147"},"modified":"2026-01-19T16:50:24","modified_gmt":"2026-01-19T21:50:24","slug":"pife-une-approche-interdisciplinaire-pour-retablir-le-lien-parent-enfant","status":"publish","type":"activite","link":"https:\/\/www.barreaudemontreal.qc.ca\/en\/activite\/pife-une-approche-interdisciplinaire-pour-retablir-le-lien-parent-enfant\/","title":{"rendered":"PIFE : une approche interdisciplinaire pour r\u00e9tablir le lien parent-enfant"},"content":{"rendered":"\n<div class=\"wp-block-columns is-layout-flex wp-container-core-columns-is-layout-9d6595d7 wp-block-columns-is-layout-flex\">\n<div class=\"wp-block-column is-layout-flow wp-block-column-is-layout-flow\" style=\"flex-basis:66.66%\">\n<p>Les avocats en droit de la famille ou en droit de la jeunesse peuvent \u00eatre confront\u00e9s \u00e0 des situations judiciaires complexes lors de haut conflit de s\u00e9paration ou d\u2019ali\u00e9nation parentale, o\u00f9 l\u2019enfant vit une coupure de contact avec un parent pouvant aller jusqu\u2019\u00e0 une rupture de lien.<br><br>D\u00e9velopp\u00e9 \u00e0 Montr\u00e9al, le processus d\u2019intervention familiale encadr\u00e9e (PIFE) est une pratique novatrice qui n\u00e9cessite d\u00e8s le d\u00e9part un partenariat \u00e9troit psychosocio-juridique. Il d\u00e9montre son efficacit\u00e9 clinique depuis plus de 10 ans dans le r\u00e9tablissement du lien parent-enfant ayant \u00e9t\u00e9 endommag\u00e9 ou rompu de fa\u00e7on injustifi\u00e9e lors du haut conflit de s\u00e9paration. Encr\u00e9 sur des principes syst\u00e9miques et strat\u00e9giques, le PIFE s\u2019appuie sur une approche interdisciplinaire o\u00f9 la collaboration \u00e9troite entre les avocats, le juge et l\u2019intervenant PIFE est essentielle \u00e0 son bon d\u00e9roulement.<br><br>Cette formation a pour objectif de pr\u00e9senter l\u2019intervention PIFE, tout en mettant en \u00e9vidence le r\u00f4le primordial des avocats et l\u2019importance d\u2019une approche collaborative dans le r\u00e9tablissement du lien parent-enfant. Elle inclura \u00e9galement une pr\u00e9sentation de l\u2019Institut PIFE, de son service de r\u00e9f\u00e9rencement pour l\u2019intervention PIFE, ainsi que de l&#8217;offre de formation continue. La s\u00e9ance se conclura par une p\u00e9riode de questions.<\/p>\n\n\n\n<div style=\"height:20px\" aria-hidden=\"true\" class=\"wp-block-spacer\"><\/div>\n\n\n\n<h6 class=\"wp-block-heading\">Conf\u00e9renci\u00e8res :<\/h6>\n\n\n\n<p class=\"icone-users\">Celia Lillo<\/p>\n\n\n\n<p class=\"icone-users\"> Vanessa Richard<\/p>\n\n\n\n<div style=\"height:23px\" aria-hidden=\"true\" class=\"wp-block-spacer\"><\/div>\n\n\n\n<div style=\"height:40px\" aria-hidden=\"true\" class=\"wp-block-spacer\"><\/div>\n\n\n\n<h3 class=\"wp-block-heading title-border-bottom\">Inscriptions<\/h3>\n\n\n\n<p>Pour participer, inscrivez-vous ci-dessous <strong>avant le 17 f\u00e9vrier, 12 h<\/strong>.<\/p>\n\n\n\n<div style=\"height:20px\" aria-hidden=\"true\" class=\"wp-block-spacer\"><\/div>\n\n\n\n<div><span style=\"color:#ffffff;\"><!-- Noscript content for added SEO --><noscript><a href=\"https:\/\/www.eventbrite.com\/e\/inscription-pife-une-approche-interdisciplinaire-pour-retablir-le-lien-parent-enfant-1975666014232\" rel=\"noopener noreferrer\" target=\"_blank\">Buy Tickets on Eventbrite<\/a><\/noscript><!-- You can customize this button any way you like --><\/span>\n<button id=\"eventbrite-widget-modal-trigger-1975666014232\" type=\"button\" class=\"btn\">Inscription<\/button><span style=\"color:#ffffff;\"><script src=\"https:\/\/www.eventbrite.com\/static\/widgets\/eb_widgets.js\"><\/script><\/span><script type=\"text\/javascript\">\n    var exampleCallback = function() {\n        console.log('Order complete!');\n    };\n    window.EBWidgets.createWidget({\n        widgetType: 'checkout',\n        eventId: '1975666014232',\n        modal: true,\n        modalTriggerElementId: 'eventbrite-widget-modal-trigger-1975666014232',\n        onOrderComplete: exampleCallback\n    });\n<\/script><\/div>\n\n\n\n<div class=\"wp-block-group\"><div class=\"wp-block-group__inner-container is-layout-constrained wp-block-group-is-layout-constrained\">\n<div style=\"height:40px\" aria-hidden=\"true\" class=\"wp-block-spacer\"><\/div>\n\n\n\n<hr class=\"wp-block-separator has-alpha-channel-opacity\"\/>\n\n\n\n<h5 class=\"wp-block-heading has-text-align-center\"><em>En savoir plus sur nos conf\u00e9renci\u00e8res :<\/em><\/h5>\n<\/div><\/div>\n\n\n\n<div class=\"wp-block-columns has-background is-layout-flex wp-container-core-columns-is-layout-9d6595d7 wp-block-columns-is-layout-flex\" style=\"background-color:#fafafa\">\n<div class=\"wp-block-column is-layout-flow wp-block-column-is-layout-flow\" style=\"flex-basis:33.33%\">\n<figure class=\"wp-block-image size-full\"><img decoding=\"async\" width=\"473\" height=\"630\" src=\"https:\/\/www.barreaudemontreal.qc.ca\/wp-content\/uploads\/celia-lillo_crop-edited.png\" alt=\"\" class=\"wp-image-47189\" style=\"object-fit:cover\"\/><figcaption class=\"wp-element-caption\"><strong>Celia Lillo<\/strong><\/figcaption><\/figure>\n<\/div>\n\n\n\n<div class=\"wp-block-column is-layout-flow wp-block-column-is-layout-flow\" style=\"flex-basis:66.66%\">\n<p>Celia Lillo est psychologue, m\u00e9diatrice familiale accr\u00e9dit\u00e9e et coordonnatrice parentale. Elle cumule plus de 40 ans d\u2019exp\u00e9rience en pratique de psychologie clinique, l\u00e9gale et organisationnelle. Son exp\u00e9rience en mati\u00e8re d\u2019expertise psycho-l\u00e9gale pour garde d\u2019enfants et en m\u00e9diation familiale lui ont permis de d\u00e9velopper des approches novatrices aupr\u00e8s des familles s\u00e9par\u00e9es. Face aux risques de rupture de lien parent-enfant, elle a conceptualis\u00e9 \u00e0 Montr\u00e9al le processus d&#8217;intervention familiale encadr\u00e9e (PIFE), une approche unique et interdisciplinaire visant \u00e0 r\u00e9tablir le lien parent-enfant dans les situations les plus complexes. Fondatrice de la Clinique de psychologie Celia Lillo, elle est conf\u00e9renci\u00e8re et formatrice internationale, consultante experte-conseil et co-auteure de deux ouvrages portant sur l\u2019intervention PIFE. Mme Lillo s\u2019est impliqu\u00e9e tout au long de sa carri\u00e8re dans de nombreuses associations, notamment en tant que cofondatrice de deux maisons d\u2019h\u00e9bergement pour femmes immigrantes et leurs enfants victimes de violence conjugale. En tant que cofondatrice, directrice clinique et formatrice \u00e0 l&#8217;Institut PIFE, elle se d\u00e9die aujourd&#8217;hui au rayonnement de l\u2019intervention PIFE sur le plan national et international. Elle supervise et assure le d\u00e9veloppement des comp\u00e9tences dans le programme de certification psychosociale pour l&#8217;intervention PIFE.<\/p>\n<\/div>\n<\/div>\n\n\n\n<div style=\"height:10px\" aria-hidden=\"true\" class=\"wp-block-spacer\"><\/div>\n\n\n\n<div class=\"wp-block-columns has-background is-layout-flex wp-container-core-columns-is-layout-9d6595d7 wp-block-columns-is-layout-flex\" style=\"background-color:#fafafa\">\n<div class=\"wp-block-column is-layout-flow wp-block-column-is-layout-flow\" style=\"flex-basis:33.33%\">\n<figure class=\"wp-block-image size-full\"><img decoding=\"async\" width=\"473\" height=\"630\" src=\"https:\/\/www.barreaudemontreal.qc.ca\/wp-content\/uploads\/vanessa-richard_crop-edited.png\" alt=\"\" class=\"wp-image-47191\" style=\"object-fit:cover\"\/><figcaption class=\"wp-element-caption\"><strong>Vanessa Richard<\/strong><\/figcaption><\/figure>\n<\/div>\n\n\n\n<div class=\"wp-block-column is-layout-flow wp-block-column-is-layout-flow\" style=\"flex-basis:66.66%\">\n<p>Vanessa Richard est travailleuse sociale, psychoth\u00e9rapeute et m\u00e9diatrice familiale accr\u00e9dit\u00e9e. Auteure d&#8217;un m\u00e9moire et d&#8217;outils cliniques portant sur la participation des enfants en m\u00e9diation, elle est \u00e9galement co-auteure de chapitres de r\u00e9f\u00e9rence sur le sujet. Depuis 2014, elle d\u00e9veloppe une pratique clinique diversifi\u00e9e aupr\u00e8s des familles s\u00e9par\u00e9es, notamment en protection de la jeunesse, animation de groupes (parents et enfants), m\u00e9diation familiale, psychoth\u00e9rapie et intervention familiale, dont le PIFE en co-intervention avec Celia Lillo. Apr\u00e8s y avoir travaill\u00e9 comme experte psychosociale et m\u00e9diatrice familiale, Mme Richard a occup\u00e9 la fonction de chef du Service d\u2019expertise psychosociale et de m\u00e9diation \u00e0 la famille du CIUSSS Centre-Sud-de-l&#8217;\u00cele-de-Montr\u00e9al. Elle a offert diverses formations et conf\u00e9rences, notamment sur l&#8217;expertise psychosociale, les loyaut\u00e9s familiales et l&#8217;ali\u00e9nation parentale. Depuis 2019, elle est membre du comit\u00e9 de la m\u00e9diation familiale \u00e0 l\u2019Ordre des travailleurs sociaux et th\u00e9rapeutes conjugaux et familiaux du Qu\u00e9bec, pr\u00e9sidente substitut depuis 2025, et a pr\u00e9sid\u00e9 le conseil d\u2019administration de la Maison des parents du Qu\u00e9bec de 2018 \u00e0 2021. En 2025, Mme Richard a cofond\u00e9 l\u2019Institut PIFE, o\u00f9 elle forme les professionnels psychosociaux et juridiques en mati\u00e8re de s\u00e9paration conflictuelle, tout en offrant de la supervision dans le cadre du programme de certification \u00e0 l\u2019intervention PIFE. \u00c0 titre de directrice du d\u00e9veloppement, elle veille \u00e0 la mise en \u0153uvre, \u00e0 la diffusion et au rayonnement du PIFE au sein de la communaut\u00e9.<\/p>\n<\/div>\n<\/div>\n<\/div>\n\n\n\n<div class=\"wp-block-column is-layout-flow wp-block-column-is-layout-flow\" style=\"flex-basis:33.33%\">\n<figure class=\"wp-block-image size-large\"><img decoding=\"async\" width=\"1024\" height=\"512\" src=\"https:\/\/www.barreaudemontreal.qc.ca\/wp-content\/uploads\/webinaires-visuel-eventbrite-1-1024x512.jpg\" alt=\"\" class=\"wp-image-32773\"\/><\/figure>\n\n\n\n<div class=\"wp-block-group sidebarInner\"><div class=\"wp-block-group__inner-container is-layout-flow wp-block-group-is-layout-flow\">\n<h5 class=\"wp-block-heading\">D\u00e9tails<\/h5>\n\n\n\n<figure class=\"wp-block-table tableNoBorder\"><table><tbody><tr><td><img decoding=\"async\" style=\"width: 20px;\" src=\"https:\/\/www.barreaudemontreal.qc.ca\/wp-content\/uploads\/icones\/icone_activite_calendar.svg\" alt=\"\"><\/td><td>18 f\u00e9vrier 2026<br>12 h \u00e0 13 h 30<\/td><\/tr><tr><td><img decoding=\"async\" src=\"https:\/\/www.barreaudemontreal.qc.ca\/wp-content\/uploads\/icones\/icone_activite_video.svg\" alt=\"\"><\/td><td>Conf\u00e9rence en ligne (Zoom)<\/td><\/tr><tr><td><img decoding=\"async\" src=\"https:\/\/www.barreaudemontreal.qc.ca\/wp-content\/uploads\/icones\/icone_activite_tarifs.svg\" alt=\"\"><\/td><td>Tarif allant de 33,75$ \u00e0 58,50$+tx<\/td><\/tr><tr><td><img decoding=\"async\" src=\"https:\/\/www.barreaudemontreal.qc.ca\/wp-content\/uploads\/icones\/icone_activite_phone.svg\" alt=\"\"><\/td><td><a href=\"tel:514 866-9392\">514 866-9392<\/a><\/td><\/tr><tr><td><img decoding=\"async\" src=\"https:\/\/www.barreaudemontreal.qc.ca\/wp-content\/uploads\/icones\/icone_activite_mail.svg\" alt=\"\"><\/td><td><a href=\"mailto:info@barreaudemontreal.qc.ca\" class=\"ek-link\">info@barreaudemontreal.qc.ca<\/a><\/td><\/tr><\/tbody><\/table><\/figure>\n\n\n\n<p class=\"p3\"><a href=\"https:\/\/www.barreaudemontreal.qc.ca\/wp-content\/uploads\/politique-fixation-prix-gratuites-remb-formations.pdf\" target=\"_blank\" rel=\"noreferrer noopener\">Voir la <em>Politique de fixation des prix, gratuit\u00e9s et remboursement des formations<\/em><\/a><br><br><img decoding=\"async\" width=\"1200\" height=\"726\" class=\"wp-image-7756\" style=\"width: 100px; float:left; margin: 8px 8px 0 0\" src=\"https:\/\/www.barreaudemontreal.qc.ca\/wp-content\/uploads\/formation-1h30.jpg\" alt=\"\"><em>*Une attestation de pr\u00e9sence sera transmise dans les semaines suivant l\u2019activit\u00e9.<\/em><\/p>\n<\/div><\/div>\n<\/div>\n<\/div>\n\n\n\n<div style=\"height:40px\" aria-hidden=\"true\" class=\"wp-block-spacer\"><\/div>\n\n\n\n<hr class=\"wp-block-separator has-alpha-channel-opacity\"\/>\n\n\n\n<h6 class=\"wp-block-heading\">Merci \u00e0 nos partenaires<\/h6>\n\n\n\n<div class=\"wp-block-columns is-layout-flex wp-container-core-columns-is-layout-9d6595d7 wp-block-columns-is-layout-flex\">\n<div class=\"wp-block-column is-layout-flow wp-block-column-is-layout-flow\">\n<figure class=\"wp-block-image size-full\"><a href=\"https:\/\/lawyersfinancial.ca\/fr\/assurance\/assurance-auto-habitation?utm_source=Barreau%20de%20Montreal&amp;utm_medium=Website&amp;utm_campaign=Logo\" target=\"_blank\" rel=\"noreferrer noopener\"><img decoding=\"async\" width=\"177\" height=\"82\" src=\"https:\/\/www.barreaudemontreal.qc.ca\/wp-content\/uploads\/hl3.png\" alt=\"\" class=\"wp-image-10840\"\/><\/a><\/figure>\n<\/div>\n\n\n\n<div class=\"wp-block-column is-layout-flow wp-block-column-is-layout-flow\">\n<figure class=\"wp-block-image size-full\"><a href=\"https:\/\/www.medicassurance.ca\/\" target=\"_blank\" rel=\" noreferrer noopener\"><img decoding=\"async\" width=\"286\" height=\"38\" src=\"https:\/\/www.barreaudemontreal.qc.ca\/wp-content\/uploads\/hl4.png\" alt=\"\" class=\"wp-image-10847\"\/><\/a><\/figure>\n<\/div>\n\n\n\n<div class=\"wp-block-column is-layout-flow wp-block-column-is-layout-flow\"><\/div>\n\n\n\n<div class=\"wp-block-column is-layout-flow wp-block-column-is-layout-flow\"><\/div>\n\n\n\n<div class=\"wp-block-column is-layout-flow wp-block-column-is-layout-flow\"><\/div>\n<\/div>\n","protected":false},"author":3,"featured_media":0,"template":"","meta":{"_acf_changed":false,"_editorskit_title_hidden":false,"_editorskit_reading_time":0,"_editorskit_is_block_options_detached":false,"_editorskit_block_options_position":"{}","inline_featured_image":false,"ngg_post_thumbnail":0},"categories":[],"class_list":["post-47147","activite","type-activite","status-publish","hentry"],"acf":[],"yoast_head":"<!-- This site is optimized with the Yoast SEO plugin v27.4 - https:\/\/yoast.com\/product\/yoast-seo-wordpress\/ -->\n<title>PIFE : une approche interdisciplinaire pour r\u00e9tablir le lien parent-enfant - Barreau de Montr&eacute;al<\/title>\n<meta name=\"description\" content=\"Cette formation a pour objectif de pr\u00e9senter l\u2019intervention PIFE, tout en mettant en \u00e9vidence le r\u00f4le primordial des avocats et l\u2019importance d\u2019une approche collaborative dans le r\u00e9tablissement du lien parent-enfant. Elle inclura \u00e9galement une pr\u00e9sentation de l\u2019Institut PIFE, de son service de r\u00e9f\u00e9rencement pour l\u2019intervention PIFE, de l\u2019offre de formation continue La s\u00e9ance se conclura par une p\u00e9riode de questions.\" \/>\n<meta name=\"robots\" content=\"index, follow, max-snippet:-1, max-image-preview:large, max-video-preview:-1\" \/>\n<link rel=\"canonical\" href=\"https:\/\/www.barreaudemontreal.qc.ca\/en\/activite\/pife-une-approche-interdisciplinaire-pour-retablir-le-lien-parent-enfant\/\" \/>\n<meta property=\"og:locale\" content=\"en_US\" \/>\n<meta property=\"og:type\" content=\"article\" \/>\n<meta property=\"og:title\" content=\"PIFE : une approche interdisciplinaire pour r\u00e9tablir le lien parent-enfant - Barreau de Montr&eacute;al\" \/>\n<meta property=\"og:description\" content=\"Cette formation a pour objectif de pr\u00e9senter l\u2019intervention PIFE, tout en mettant en \u00e9vidence le r\u00f4le primordial des avocats et l\u2019importance d\u2019une approche collaborative dans le r\u00e9tablissement du lien parent-enfant. Elle inclura \u00e9galement une pr\u00e9sentation de l\u2019Institut PIFE, de son service de r\u00e9f\u00e9rencement pour l\u2019intervention PIFE, de l\u2019offre de formation continue La s\u00e9ance se conclura par une p\u00e9riode de questions.\" \/>\n<meta property=\"og:url\" content=\"https:\/\/www.barreaudemontreal.qc.ca\/en\/activite\/pife-une-approche-interdisciplinaire-pour-retablir-le-lien-parent-enfant\/\" \/>\n<meta property=\"og:site_name\" content=\"Barreau de Montr&eacute;al\" \/>\n<meta property=\"article:modified_time\" content=\"2026-01-19T21:50:24+00:00\" \/>\n<meta property=\"og:image\" content=\"https:\/\/www.barreaudemontreal.qc.ca\/wp-content\/uploads\/celia-lillo_crop-edited.png\" \/>\n\t<meta property=\"og:image:width\" content=\"473\" \/>\n\t<meta property=\"og:image:height\" content=\"630\" \/>\n\t<meta property=\"og:image:type\" content=\"image\/png\" \/>\n<meta name=\"twitter:card\" content=\"summary_large_image\" \/>\n<meta name=\"twitter:label1\" content=\"Est. reading time\" \/>\n\t<meta name=\"twitter:data1\" content=\"6 minutes\" \/>\n<script type=\"application\/ld+json\" class=\"yoast-schema-graph\">{\"@context\":\"https:\\\/\\\/schema.org\",\"@graph\":[{\"@type\":\"WebPage\",\"@id\":\"https:\\\/\\\/www.barreaudemontreal.qc.ca\\\/en\\\/activite\\\/pife-une-approche-interdisciplinaire-pour-retablir-le-lien-parent-enfant\\\/\",\"url\":\"https:\\\/\\\/www.barreaudemontreal.qc.ca\\\/en\\\/activite\\\/pife-une-approche-interdisciplinaire-pour-retablir-le-lien-parent-enfant\\\/\",\"name\":\"PIFE : une approche interdisciplinaire pour r\u00e9tablir le lien parent-enfant - Barreau de Montr&eacute;al\",\"isPartOf\":{\"@id\":\"https:\\\/\\\/www.barreaudemontreal.qc.ca\\\/en\\\/#website\"},\"primaryImageOfPage\":{\"@id\":\"https:\\\/\\\/www.barreaudemontreal.qc.ca\\\/en\\\/activite\\\/pife-une-approche-interdisciplinaire-pour-retablir-le-lien-parent-enfant\\\/#primaryimage\"},\"image\":{\"@id\":\"https:\\\/\\\/www.barreaudemontreal.qc.ca\\\/en\\\/activite\\\/pife-une-approche-interdisciplinaire-pour-retablir-le-lien-parent-enfant\\\/#primaryimage\"},\"thumbnailUrl\":\"https:\\\/\\\/www.barreaudemontreal.qc.ca\\\/wp-content\\\/uploads\\\/celia-lillo_crop-edited.png\",\"datePublished\":\"2026-01-16T16:26:00+00:00\",\"dateModified\":\"2026-01-19T21:50:24+00:00\",\"description\":\"Cette formation a pour objectif de pr\u00e9senter l\u2019intervention PIFE, tout en mettant en \u00e9vidence le r\u00f4le primordial des avocats et l\u2019importance d\u2019une approche collaborative dans le r\u00e9tablissement du lien parent-enfant. Elle inclura \u00e9galement une pr\u00e9sentation de l\u2019Institut PIFE, de son service de r\u00e9f\u00e9rencement pour l\u2019intervention PIFE, de l\u2019offre de formation continue La s\u00e9ance se conclura par une p\u00e9riode de questions.\",\"breadcrumb\":{\"@id\":\"https:\\\/\\\/www.barreaudemontreal.qc.ca\\\/en\\\/activite\\\/pife-une-approche-interdisciplinaire-pour-retablir-le-lien-parent-enfant\\\/#breadcrumb\"},\"inLanguage\":\"en-US\",\"potentialAction\":[{\"@type\":\"ReadAction\",\"target\":[\"https:\\\/\\\/www.barreaudemontreal.qc.ca\\\/en\\\/activite\\\/pife-une-approche-interdisciplinaire-pour-retablir-le-lien-parent-enfant\\\/\"]}]},{\"@type\":\"ImageObject\",\"inLanguage\":\"en-US\",\"@id\":\"https:\\\/\\\/www.barreaudemontreal.qc.ca\\\/en\\\/activite\\\/pife-une-approche-interdisciplinaire-pour-retablir-le-lien-parent-enfant\\\/#primaryimage\",\"url\":\"https:\\\/\\\/www.barreaudemontreal.qc.ca\\\/wp-content\\\/uploads\\\/celia-lillo_crop-edited.png\",\"contentUrl\":\"https:\\\/\\\/www.barreaudemontreal.qc.ca\\\/wp-content\\\/uploads\\\/celia-lillo_crop-edited.png\"},{\"@type\":\"BreadcrumbList\",\"@id\":\"https:\\\/\\\/www.barreaudemontreal.qc.ca\\\/en\\\/activite\\\/pife-une-approche-interdisciplinaire-pour-retablir-le-lien-parent-enfant\\\/#breadcrumb\",\"itemListElement\":[{\"@type\":\"ListItem\",\"position\":1,\"name\":\"Home\",\"item\":\"https:\\\/\\\/www.barreaudemontreal.qc.ca\\\/en\\\/\"},{\"@type\":\"ListItem\",\"position\":2,\"name\":\"Activit\u00e9s\",\"item\":\"https:\\\/\\\/www.barreaudemontreal.qc.ca\\\/en\\\/activite\\\/\"},{\"@type\":\"ListItem\",\"position\":3,\"name\":\"PIFE : une approche interdisciplinaire pour r\u00e9tablir le lien parent-enfant\"}]},{\"@type\":\"WebSite\",\"@id\":\"https:\\\/\\\/www.barreaudemontreal.qc.ca\\\/en\\\/#website\",\"url\":\"https:\\\/\\\/www.barreaudemontreal.qc.ca\\\/en\\\/\",\"name\":\"Barreau de Montr&eacute;al\",\"description\":\"La plus grande section du Barreau du Qu&eacute;bec\",\"potentialAction\":[{\"@type\":\"SearchAction\",\"target\":{\"@type\":\"EntryPoint\",\"urlTemplate\":\"https:\\\/\\\/www.barreaudemontreal.qc.ca\\\/en\\\/?s={search_term_string}\"},\"query-input\":{\"@type\":\"PropertyValueSpecification\",\"valueRequired\":true,\"valueName\":\"search_term_string\"}}],\"inLanguage\":\"en-US\"}]}<\/script>\n<!-- \/ Yoast SEO plugin. -->","yoast_head_json":{"title":"PIFE : une approche interdisciplinaire pour r\u00e9tablir le lien parent-enfant - Barreau de Montr&eacute;al","description":"Cette formation a pour objectif de pr\u00e9senter l\u2019intervention PIFE, tout en mettant en \u00e9vidence le r\u00f4le primordial des avocats et l\u2019importance d\u2019une approche collaborative dans le r\u00e9tablissement du lien parent-enfant. Elle inclura \u00e9galement une pr\u00e9sentation de l\u2019Institut PIFE, de son service de r\u00e9f\u00e9rencement pour l\u2019intervention PIFE, de l\u2019offre de formation continue La s\u00e9ance se conclura par une p\u00e9riode de questions.","robots":{"index":"index","follow":"follow","max-snippet":"max-snippet:-1","max-image-preview":"max-image-preview:large","max-video-preview":"max-video-preview:-1"},"canonical":"https:\/\/www.barreaudemontreal.qc.ca\/en\/activite\/pife-une-approche-interdisciplinaire-pour-retablir-le-lien-parent-enfant\/","og_locale":"en_US","og_type":"article","og_title":"PIFE : une approche interdisciplinaire pour r\u00e9tablir le lien parent-enfant - Barreau de Montr&eacute;al","og_description":"Cette formation a pour objectif de pr\u00e9senter l\u2019intervention PIFE, tout en mettant en \u00e9vidence le r\u00f4le primordial des avocats et l\u2019importance d\u2019une approche collaborative dans le r\u00e9tablissement du lien parent-enfant. Elle inclura \u00e9galement une pr\u00e9sentation de l\u2019Institut PIFE, de son service de r\u00e9f\u00e9rencement pour l\u2019intervention PIFE, de l\u2019offre de formation continue La s\u00e9ance se conclura par une p\u00e9riode de questions.","og_url":"https:\/\/www.barreaudemontreal.qc.ca\/en\/activite\/pife-une-approche-interdisciplinaire-pour-retablir-le-lien-parent-enfant\/","og_site_name":"Barreau de Montr&eacute;al","article_modified_time":"2026-01-19T21:50:24+00:00","og_image":[{"width":473,"height":630,"url":"https:\/\/www.barreaudemontreal.qc.ca\/wp-content\/uploads\/celia-lillo_crop-edited.png","type":"image\/png"}],"twitter_card":"summary_large_image","twitter_misc":{"Est. reading time":"6 minutes"},"schema":{"@context":"https:\/\/schema.org","@graph":[{"@type":"WebPage","@id":"https:\/\/www.barreaudemontreal.qc.ca\/en\/activite\/pife-une-approche-interdisciplinaire-pour-retablir-le-lien-parent-enfant\/","url":"https:\/\/www.barreaudemontreal.qc.ca\/en\/activite\/pife-une-approche-interdisciplinaire-pour-retablir-le-lien-parent-enfant\/","name":"PIFE : une approche interdisciplinaire pour r\u00e9tablir le lien parent-enfant - Barreau de Montr&eacute;al","isPartOf":{"@id":"https:\/\/www.barreaudemontreal.qc.ca\/en\/#website"},"primaryImageOfPage":{"@id":"https:\/\/www.barreaudemontreal.qc.ca\/en\/activite\/pife-une-approche-interdisciplinaire-pour-retablir-le-lien-parent-enfant\/#primaryimage"},"image":{"@id":"https:\/\/www.barreaudemontreal.qc.ca\/en\/activite\/pife-une-approche-interdisciplinaire-pour-retablir-le-lien-parent-enfant\/#primaryimage"},"thumbnailUrl":"https:\/\/www.barreaudemontreal.qc.ca\/wp-content\/uploads\/celia-lillo_crop-edited.png","datePublished":"2026-01-16T16:26:00+00:00","dateModified":"2026-01-19T21:50:24+00:00","description":"Cette formation a pour objectif de pr\u00e9senter l\u2019intervention PIFE, tout en mettant en \u00e9vidence le r\u00f4le primordial des avocats et l\u2019importance d\u2019une approche collaborative dans le r\u00e9tablissement du lien parent-enfant. Elle inclura \u00e9galement une pr\u00e9sentation de l\u2019Institut PIFE, de son service de r\u00e9f\u00e9rencement pour l\u2019intervention PIFE, de l\u2019offre de formation continue La s\u00e9ance se conclura par une p\u00e9riode de questions.","breadcrumb":{"@id":"https:\/\/www.barreaudemontreal.qc.ca\/en\/activite\/pife-une-approche-interdisciplinaire-pour-retablir-le-lien-parent-enfant\/#breadcrumb"},"inLanguage":"en-US","potentialAction":[{"@type":"ReadAction","target":["https:\/\/www.barreaudemontreal.qc.ca\/en\/activite\/pife-une-approche-interdisciplinaire-pour-retablir-le-lien-parent-enfant\/"]}]},{"@type":"ImageObject","inLanguage":"en-US","@id":"https:\/\/www.barreaudemontreal.qc.ca\/en\/activite\/pife-une-approche-interdisciplinaire-pour-retablir-le-lien-parent-enfant\/#primaryimage","url":"https:\/\/www.barreaudemontreal.qc.ca\/wp-content\/uploads\/celia-lillo_crop-edited.png","contentUrl":"https:\/\/www.barreaudemontreal.qc.ca\/wp-content\/uploads\/celia-lillo_crop-edited.png"},{"@type":"BreadcrumbList","@id":"https:\/\/www.barreaudemontreal.qc.ca\/en\/activite\/pife-une-approche-interdisciplinaire-pour-retablir-le-lien-parent-enfant\/#breadcrumb","itemListElement":[{"@type":"ListItem","position":1,"name":"Home","item":"https:\/\/www.barreaudemontreal.qc.ca\/en\/"},{"@type":"ListItem","position":2,"name":"Activit\u00e9s","item":"https:\/\/www.barreaudemontreal.qc.ca\/en\/activite\/"},{"@type":"ListItem","position":3,"name":"PIFE : une approche interdisciplinaire pour r\u00e9tablir le lien parent-enfant"}]},{"@type":"WebSite","@id":"https:\/\/www.barreaudemontreal.qc.ca\/en\/#website","url":"https:\/\/www.barreaudemontreal.qc.ca\/en\/","name":"Barreau de Montr&eacute;al","description":"La plus grande section du Barreau du Qu&eacute;bec","potentialAction":[{"@type":"SearchAction","target":{"@type":"EntryPoint","urlTemplate":"https:\/\/www.barreaudemontreal.qc.ca\/en\/?s={search_term_string}"},"query-input":{"@type":"PropertyValueSpecification","valueRequired":true,"valueName":"search_term_string"}}],"inLanguage":"en-US"}]}},"_links":{"self":[{"href":"https:\/\/www.barreaudemontreal.qc.ca\/en\/wp-json\/wp\/v2\/activite\/47147","targetHints":{"allow":["GET"]}}],"collection":[{"href":"https:\/\/www.barreaudemontreal.qc.ca\/en\/wp-json\/wp\/v2\/activite"}],"about":[{"href":"https:\/\/www.barreaudemontreal.qc.ca\/en\/wp-json\/wp\/v2\/types\/activite"}],"author":[{"embeddable":true,"href":"https:\/\/www.barreaudemontreal.qc.ca\/en\/wp-json\/wp\/v2\/users\/3"}],"wp:attachment":[{"href":"https:\/\/www.barreaudemontreal.qc.ca\/en\/wp-json\/wp\/v2\/media?parent=47147"}],"wp:term":[{"taxonomy":"category","embeddable":true,"href":"https:\/\/www.barreaudemontreal.qc.ca\/en\/wp-json\/wp\/v2\/categories?post=47147"}],"curies":[{"name":"wp","href":"https:\/\/api.w.org\/{rel}","templated":true}]}}