{"id":42622,"date":"2025-07-13T18:41:50","date_gmt":"2025-07-13T22:41:50","guid":{"rendered":"https:\/\/www.barreaudemontreal.qc.ca\/?post_type=activite&#038;p=42622"},"modified":"2025-11-03T16:37:35","modified_gmt":"2025-11-03T21:37:35","slug":"gestion-de-la-preuve-electronique-en-pratique","status":"publish","type":"activite","link":"https:\/\/www.barreaudemontreal.qc.ca\/en\/activite\/gestion-de-la-preuve-electronique-en-pratique\/","title":{"rendered":"Gestion de la preuve \u00e9lectronique en pratique"},"content":{"rendered":"\n<div class=\"wp-block-columns is-layout-flex wp-container-core-columns-is-layout-9d6595d7 wp-block-columns-is-layout-flex\">\n<div class=\"wp-block-column is-layout-flow wp-block-column-is-layout-flow\" style=\"flex-basis:66.66%\"><div class=\"lightRedBox textBoxNew\">\n\n<p><em>Cette formation&nbsp;<\/em><em>est organis\u00e9e en collaboration avec le comit\u00e9 Int\u00e9gration des technologies.<\/em><\/p>\n<\/div>\n\n\n<p>La formation portera sur les aspects pratiques de la gestion de la preuve \u00e9lectronique dans des contextes litigieux et d\u2019enqu\u00eates. Les diverses \u00e9tapes du mod\u00e8le EDRM (Electronic discovery reference model), de l\u2019identification \u00e0 la production de la preuve, seront abord\u00e9s. Enfin, le formateur adressera certaines techniques relative \u00e0 l\u2019administration de la preuve \u00e9lectronique.<\/p>\n\n\n\n<div style=\"height:20px\" aria-hidden=\"true\" class=\"wp-block-spacer\"><\/div>\n\n\n\n<h6 class=\"wp-block-heading\">Conf\u00e9rencier<\/h6>\n\n\n\n<p class=\"icone-users\"><strong>Me Alexandre G\u00e9linas<\/strong><\/p>\n\n\n\n<div style=\"height:23px\" aria-hidden=\"true\" class=\"wp-block-spacer\"><\/div>\n\n\n\n<h3 class=\"wp-block-heading title-border-bottom\">Inscriptions<\/h3>\n\n\n\n<p>Inscription r\u00e9serv\u00e9e aux professionnels de la communaut\u00e9 juridique.<\/p>\n\n\n\n<p>Pour participer, inscrivez-vous ci-dessous <strong>avant le 15 octobre 2025, 12 h<\/strong>.<\/p>\n\n\n\n<div style=\"height:20px\" aria-hidden=\"true\" class=\"wp-block-spacer\"><\/div>\n\n\n\n<div><span style=\"color:#ffffff;\"><!-- Noscript content for added SEO --><noscript><a href=\"https:\/\/www.eventbrite.ca\/e\/inscription-gestion-de-la-preuve-electronique-en-pratique-1484226464309\" rel=\"noopener noreferrer\" target=\"_blank\">Buy Tickets on Eventbrite<\/a><\/noscript><!-- You can customize this button any way you like --><\/span>\n<button id=\"eventbrite-widget-modal-trigger-1484226464309\" type=\"button\" class=\"btn\">Inscription termin\u00e9e<\/button><span style=\"color:#ffffff;\"><script src=\"https:\/\/www.eventbrite.com\/static\/widgets\/eb_widgets.js\"><\/script><\/span><script type=\"text\/javascript\">\n    var exampleCallback = function() {\n        console.log('Order complete!');\n    };\n    window.EBWidgets.createWidget({\n        widgetType: 'checkout',\n        eventId: '1484226464309',\n        modal: true,\n        modalTriggerElementId: 'eventbrite-widget-modal-trigger-1484226464309',\n        onOrderComplete: exampleCallback\n    });\n<\/script><\/div>\n<\/div>\n\n\n\n<div class=\"wp-block-column is-layout-flow wp-block-column-is-layout-flow\" style=\"flex-basis:33.33%\">\n<figure class=\"wp-block-image size-large\"><img decoding=\"async\" width=\"1024\" height=\"512\" src=\"https:\/\/www.barreaudemontreal.qc.ca\/wp-content\/uploads\/webinaires-visuel-eventbrite-1-1024x512.jpg\" alt=\"\" class=\"wp-image-32773\"\/><\/figure>\n\n\n\n<div class=\"wp-block-group sidebarInner\"><div class=\"wp-block-group__inner-container is-layout-flow wp-block-group-is-layout-flow\">\n<h5 class=\"wp-block-heading\">D\u00e9tails<\/h5>\n\n\n\n<figure class=\"wp-block-table tableNoBorder\"><table><tbody><tr><td><img decoding=\"async\" style=\"width: 20px;\" src=\"https:\/\/www.barreaudemontreal.qc.ca\/wp-content\/uploads\/icones\/icone_activite_calendar.svg\" alt=\"\"><\/td><td>16 octobre 2025<br>12 h \u00e0 13 h 30<\/td><\/tr><tr><td><img decoding=\"async\" src=\"https:\/\/www.barreaudemontreal.qc.ca\/wp-content\/uploads\/icones\/icone_activite_video.svg\" alt=\"\"><\/td><td><a href=\"https:\/\/www.barreaudemontreal.qc.ca\/wp-content\/uploads\/ppt-formation-20251016.pdf\" target=\"_blank\" rel=\"noreferrer noopener\">Pr\u00e9sentation Powerpoint<\/a><\/td><\/tr><tr><td><img decoding=\"async\" src=\"https:\/\/www.barreaudemontreal.qc.ca\/wp-content\/uploads\/icones\/icone_activite_tarifs.svg\" alt=\"\"><\/td><td>Tarif allant de 33,75$ \u00e0 58,50$+tx<\/td><\/tr><tr><td><img decoding=\"async\" src=\"https:\/\/www.barreaudemontreal.qc.ca\/wp-content\/uploads\/icones\/icone_activite_phone.svg\" alt=\"\"><\/td><td><a href=\"tel:514 866-9392\">514 866-9392<\/a><\/td><\/tr><tr><td><img decoding=\"async\" src=\"https:\/\/www.barreaudemontreal.qc.ca\/wp-content\/uploads\/icones\/icone_activite_mail.svg\" alt=\"\"><\/td><td><a href=\"mailto:info@barreaudemontreal.qc.ca\" class=\"ek-link\">info@barreaudemontreal.qc.ca<\/a><\/td><\/tr><\/tbody><\/table><\/figure>\n\n\n\n<p class=\"p3\"><a href=\"https:\/\/www.barreaudemontreal.qc.ca\/wp-content\/uploads\/politique-fixation-prix-gratuites-remb-formations.pdf\" target=\"_blank\" rel=\"noreferrer noopener\">Voir la <em>Politique de fixation des prix, gratuit\u00e9s et remboursement des formations<\/em><\/a><br><br><img decoding=\"async\" width=\"1200\" height=\"726\" class=\"wp-image-7756\" style=\"width: 100px; float:left; margin: 8px 8px 0 0\" src=\"https:\/\/www.barreaudemontreal.qc.ca\/wp-content\/uploads\/formation-1h30.jpg\" alt=\"\"><em>*Une attestation de pr\u00e9sence sera transmise dans les semaines suivant l\u2019activit\u00e9.<\/em><\/p>\n<\/div><\/div>\n<\/div>\n<\/div>\n\n\n\n<p><\/p>\n\n\n\n<div class=\"wp-block-columns is-layout-flex wp-container-core-columns-is-layout-9d6595d7 wp-block-columns-is-layout-flex\">\n<div class=\"wp-block-column is-layout-flow wp-block-column-is-layout-flow\" style=\"flex-basis:66.66%\">\n<div class=\"wp-block-group\"><div class=\"wp-block-group__inner-container is-layout-constrained wp-block-group-is-layout-constrained\">\n<hr class=\"wp-block-separator has-alpha-channel-opacity\"\/>\n\n\n\n<h5 class=\"wp-block-heading has-text-align-center\"><em>En savoir plus sur notre conf\u00e9rencier :<\/em><\/h5>\n\n\n\n<div class=\"wp-block-columns has-background is-layout-flex wp-container-core-columns-is-layout-9d6595d7 wp-block-columns-is-layout-flex\" style=\"background-color:#fafafa\">\n<div class=\"wp-block-column is-layout-flow wp-block-column-is-layout-flow\" style=\"flex-basis:33.33%\">\n<figure class=\"wp-block-image size-full\"><img decoding=\"async\" width=\"640\" height=\"853\" src=\"https:\/\/www.barreaudemontreal.qc.ca\/wp-content\/uploads\/gelinas_alexandre_10080_hd_@benedictebrocard-scaled-1-edited.webp\" alt=\"\" class=\"wp-image-44705\" style=\"object-fit:cover\"\/><figcaption class=\"wp-element-caption\"><strong>Me Alexandre G\u00e9linas<\/strong><\/figcaption><\/figure>\n<\/div>\n\n\n\n<div class=\"wp-block-column is-layout-flow wp-block-column-is-layout-flow\" style=\"flex-basis:66.66%\">\n<p>Alexandre G\u00e9linas agit \u00e0 titre de Directeur de la preuve \u00e9lectronique au sein de notre cabinet. Il joue un r\u00f4le cl\u00e9 dans les dossiers de litige complexes, notamment en mati\u00e8re d\u2019investigation num\u00e9rique (eDiscovery) et de gestion documentaire, o\u00f9 le volume de documents et de donn\u00e9es est particuli\u00e8rement \u00e9lev\u00e9. S\u2019appuyant sur une expertise hautement sp\u00e9cialis\u00e9e, il conseille nos avocats et collabore \u00e9troitement avec l\u2019\u00e9quipe de parajuristes afin de concevoir des solutions sur mesure, align\u00e9es sur les objectifs strat\u00e9giques et budg\u00e9taires de nos clients, assurant ainsi une gestion efficace et cibl\u00e9e des dossiers les plus exigeants.<br><br>Son exp\u00e9rience couvre l\u2019ensemble des phases et des facettes de la gestion et de l\u2019investigation de la preuve num\u00e9rique, de la gouvernance de l\u2019information et de l\u2019analyse de donn\u00e9es structur\u00e9es et non structur\u00e9es. Il a accompagn\u00e9 de nombreux clients et \u00e9quipes juridiques dans la r\u00e9alisation de projets eDiscovery de toutes tailles, tant au Canada et qu\u2019aux \u00c9tats-Unis. Alexandre a dirig\u00e9 de nombreuses initiatives complexes, notamment: la mise en place de processus de r\u00e9vision documentaire optimis\u00e9 pour minimiser l\u2019analyse de documents non pertinents; la conception de flux de travail adapt\u00e9s \u00e0 des besoins techniques sp\u00e9cifiques, int\u00e9grant des outils d\u2019analytique avanc\u00e9e; la coordination de productions massives de documents \u2013 parfois comptant plusieurs dizaines de millions de pi\u00e8ces \u2013 dans le cadre de litiges d\u2019envergure impliquant de multiples parties, cabinets et \u00e9quipes juridiques.<\/p>\n<\/div>\n<\/div>\n<\/div><\/div>\n\n\n\n<div style=\"height:20px\" aria-hidden=\"true\" class=\"wp-block-spacer\"><\/div>\n<\/div>\n<\/div>\n\n\n\n<hr class=\"wp-block-separator has-alpha-channel-opacity\"\/>\n\n\n\n<h6 class=\"wp-block-heading\">Merci \u00e0 nos partenaires<\/h6>\n\n\n\n<div class=\"wp-block-columns is-layout-flex wp-container-core-columns-is-layout-9d6595d7 wp-block-columns-is-layout-flex\">\n<div class=\"wp-block-column is-layout-flow wp-block-column-is-layout-flow\">\n<figure class=\"wp-block-image size-full\"><a href=\"https:\/\/lawyersfinancial.ca\/fr\/assurance\/assurance-auto-habitation?utm_source=Barreau%20de%20Montreal&amp;utm_medium=Website&amp;utm_campaign=Logo\" target=\"_blank\" rel=\"noreferrer noopener\"><img decoding=\"async\" width=\"177\" height=\"82\" src=\"https:\/\/www.barreaudemontreal.qc.ca\/wp-content\/uploads\/hl3.png\" alt=\"\" class=\"wp-image-10840\"\/><\/a><\/figure>\n<\/div>\n\n\n\n<div class=\"wp-block-column is-layout-flow wp-block-column-is-layout-flow\">\n<figure class=\"wp-block-image size-full\"><a href=\"https:\/\/www.medicassurance.ca\/\" target=\"_blank\" rel=\" noreferrer noopener\"><img decoding=\"async\" width=\"286\" height=\"38\" src=\"https:\/\/www.barreaudemontreal.qc.ca\/wp-content\/uploads\/hl4.png\" alt=\"\" class=\"wp-image-10847\"\/><\/a><\/figure>\n<\/div>\n\n\n\n<div class=\"wp-block-column is-layout-flow wp-block-column-is-layout-flow\"><\/div>\n\n\n\n<div class=\"wp-block-column is-layout-flow wp-block-column-is-layout-flow\"><\/div>\n\n\n\n<div class=\"wp-block-column is-layout-flow wp-block-column-is-layout-flow\"><\/div>\n<\/div>\n","protected":false},"author":3,"featured_media":0,"template":"","meta":{"_acf_changed":false,"_editorskit_title_hidden":false,"_editorskit_reading_time":0,"_editorskit_is_block_options_detached":false,"_editorskit_block_options_position":"{}","inline_featured_image":false,"ngg_post_thumbnail":0},"categories":[],"class_list":["post-42622","activite","type-activite","status-publish","hentry"],"acf":[],"yoast_head":"<!-- This site is optimized with the Yoast SEO plugin v27.4 - https:\/\/yoast.com\/product\/yoast-seo-wordpress\/ -->\n<title>Gestion de la preuve \u00e9lectronique en pratique - Barreau de Montr&eacute;al<\/title>\n<meta name=\"robots\" content=\"index, follow, max-snippet:-1, max-image-preview:large, max-video-preview:-1\" \/>\n<link rel=\"canonical\" href=\"https:\/\/www.barreaudemontreal.qc.ca\/en\/activite\/gestion-de-la-preuve-electronique-en-pratique\/\" \/>\n<meta property=\"og:locale\" content=\"en_US\" \/>\n<meta property=\"og:type\" content=\"article\" \/>\n<meta property=\"og:title\" content=\"Gestion de la preuve \u00e9lectronique en pratique - Barreau de Montr&eacute;al\" \/>\n<meta property=\"og:description\" content=\"La formation portera sur les aspects pratiques de la gestion de la preuve \u00e9lectronique dans des contextes litigieux et d\u2019enqu\u00eates. Les diverses \u00e9tapes du mod\u00e8le EDRM (Electronic discovery reference model), [&hellip;]\" \/>\n<meta property=\"og:url\" content=\"https:\/\/www.barreaudemontreal.qc.ca\/en\/activite\/gestion-de-la-preuve-electronique-en-pratique\/\" \/>\n<meta property=\"og:site_name\" content=\"Barreau de Montr&eacute;al\" \/>\n<meta property=\"article:modified_time\" content=\"2025-11-03T21:37:35+00:00\" \/>\n<meta property=\"og:image\" content=\"https:\/\/www.barreaudemontreal.qc.ca\/wp-content\/uploads\/webinaires-visuel-eventbrite-1-scaled.jpg\" \/>\n\t<meta property=\"og:image:width\" content=\"2560\" \/>\n\t<meta property=\"og:image:height\" content=\"1280\" \/>\n\t<meta property=\"og:image:type\" content=\"image\/jpeg\" \/>\n<meta name=\"twitter:card\" content=\"summary_large_image\" \/>\n<meta name=\"twitter:label1\" content=\"Est. reading time\" \/>\n\t<meta name=\"twitter:data1\" content=\"4 minutes\" \/>\n<script type=\"application\/ld+json\" class=\"yoast-schema-graph\">{\"@context\":\"https:\\\/\\\/schema.org\",\"@graph\":[{\"@type\":\"WebPage\",\"@id\":\"https:\\\/\\\/www.barreaudemontreal.qc.ca\\\/en\\\/activite\\\/gestion-de-la-preuve-electronique-en-pratique\\\/\",\"url\":\"https:\\\/\\\/www.barreaudemontreal.qc.ca\\\/en\\\/activite\\\/gestion-de-la-preuve-electronique-en-pratique\\\/\",\"name\":\"Gestion de la preuve \u00e9lectronique en pratique - Barreau de Montr&eacute;al\",\"isPartOf\":{\"@id\":\"https:\\\/\\\/www.barreaudemontreal.qc.ca\\\/en\\\/#website\"},\"primaryImageOfPage\":{\"@id\":\"https:\\\/\\\/www.barreaudemontreal.qc.ca\\\/en\\\/activite\\\/gestion-de-la-preuve-electronique-en-pratique\\\/#primaryimage\"},\"image\":{\"@id\":\"https:\\\/\\\/www.barreaudemontreal.qc.ca\\\/en\\\/activite\\\/gestion-de-la-preuve-electronique-en-pratique\\\/#primaryimage\"},\"thumbnailUrl\":\"https:\\\/\\\/www.barreaudemontreal.qc.ca\\\/wp-content\\\/uploads\\\/webinaires-visuel-eventbrite-1-1024x512.jpg\",\"datePublished\":\"2025-07-13T22:41:50+00:00\",\"dateModified\":\"2025-11-03T21:37:35+00:00\",\"breadcrumb\":{\"@id\":\"https:\\\/\\\/www.barreaudemontreal.qc.ca\\\/en\\\/activite\\\/gestion-de-la-preuve-electronique-en-pratique\\\/#breadcrumb\"},\"inLanguage\":\"en-US\",\"potentialAction\":[{\"@type\":\"ReadAction\",\"target\":[\"https:\\\/\\\/www.barreaudemontreal.qc.ca\\\/en\\\/activite\\\/gestion-de-la-preuve-electronique-en-pratique\\\/\"]}]},{\"@type\":\"ImageObject\",\"inLanguage\":\"en-US\",\"@id\":\"https:\\\/\\\/www.barreaudemontreal.qc.ca\\\/en\\\/activite\\\/gestion-de-la-preuve-electronique-en-pratique\\\/#primaryimage\",\"url\":\"https:\\\/\\\/www.barreaudemontreal.qc.ca\\\/wp-content\\\/uploads\\\/webinaires-visuel-eventbrite-1-1024x512.jpg\",\"contentUrl\":\"https:\\\/\\\/www.barreaudemontreal.qc.ca\\\/wp-content\\\/uploads\\\/webinaires-visuel-eventbrite-1-1024x512.jpg\"},{\"@type\":\"BreadcrumbList\",\"@id\":\"https:\\\/\\\/www.barreaudemontreal.qc.ca\\\/en\\\/activite\\\/gestion-de-la-preuve-electronique-en-pratique\\\/#breadcrumb\",\"itemListElement\":[{\"@type\":\"ListItem\",\"position\":1,\"name\":\"Home\",\"item\":\"https:\\\/\\\/www.barreaudemontreal.qc.ca\\\/en\\\/\"},{\"@type\":\"ListItem\",\"position\":2,\"name\":\"Activit\u00e9s\",\"item\":\"https:\\\/\\\/www.barreaudemontreal.qc.ca\\\/en\\\/activite\\\/\"},{\"@type\":\"ListItem\",\"position\":3,\"name\":\"Gestion de la preuve \u00e9lectronique en pratique\"}]},{\"@type\":\"WebSite\",\"@id\":\"https:\\\/\\\/www.barreaudemontreal.qc.ca\\\/en\\\/#website\",\"url\":\"https:\\\/\\\/www.barreaudemontreal.qc.ca\\\/en\\\/\",\"name\":\"Barreau de Montr&eacute;al\",\"description\":\"La plus grande section du Barreau du Qu&eacute;bec\",\"potentialAction\":[{\"@type\":\"SearchAction\",\"target\":{\"@type\":\"EntryPoint\",\"urlTemplate\":\"https:\\\/\\\/www.barreaudemontreal.qc.ca\\\/en\\\/?s={search_term_string}\"},\"query-input\":{\"@type\":\"PropertyValueSpecification\",\"valueRequired\":true,\"valueName\":\"search_term_string\"}}],\"inLanguage\":\"en-US\"}]}<\/script>\n<!-- \/ Yoast SEO plugin. -->","yoast_head_json":{"title":"Gestion de la preuve \u00e9lectronique en pratique - Barreau de Montr&eacute;al","robots":{"index":"index","follow":"follow","max-snippet":"max-snippet:-1","max-image-preview":"max-image-preview:large","max-video-preview":"max-video-preview:-1"},"canonical":"https:\/\/www.barreaudemontreal.qc.ca\/en\/activite\/gestion-de-la-preuve-electronique-en-pratique\/","og_locale":"en_US","og_type":"article","og_title":"Gestion de la preuve \u00e9lectronique en pratique - Barreau de Montr&eacute;al","og_description":"La formation portera sur les aspects pratiques de la gestion de la preuve \u00e9lectronique dans des contextes litigieux et d\u2019enqu\u00eates. Les diverses \u00e9tapes du mod\u00e8le EDRM (Electronic discovery reference model), [&hellip;]","og_url":"https:\/\/www.barreaudemontreal.qc.ca\/en\/activite\/gestion-de-la-preuve-electronique-en-pratique\/","og_site_name":"Barreau de Montr&eacute;al","article_modified_time":"2025-11-03T21:37:35+00:00","og_image":[{"width":2560,"height":1280,"url":"https:\/\/www.barreaudemontreal.qc.ca\/wp-content\/uploads\/webinaires-visuel-eventbrite-1-scaled.jpg","type":"image\/jpeg"}],"twitter_card":"summary_large_image","twitter_misc":{"Est. reading time":"4 minutes"},"schema":{"@context":"https:\/\/schema.org","@graph":[{"@type":"WebPage","@id":"https:\/\/www.barreaudemontreal.qc.ca\/en\/activite\/gestion-de-la-preuve-electronique-en-pratique\/","url":"https:\/\/www.barreaudemontreal.qc.ca\/en\/activite\/gestion-de-la-preuve-electronique-en-pratique\/","name":"Gestion de la preuve \u00e9lectronique en pratique - Barreau de Montr&eacute;al","isPartOf":{"@id":"https:\/\/www.barreaudemontreal.qc.ca\/en\/#website"},"primaryImageOfPage":{"@id":"https:\/\/www.barreaudemontreal.qc.ca\/en\/activite\/gestion-de-la-preuve-electronique-en-pratique\/#primaryimage"},"image":{"@id":"https:\/\/www.barreaudemontreal.qc.ca\/en\/activite\/gestion-de-la-preuve-electronique-en-pratique\/#primaryimage"},"thumbnailUrl":"https:\/\/www.barreaudemontreal.qc.ca\/wp-content\/uploads\/webinaires-visuel-eventbrite-1-1024x512.jpg","datePublished":"2025-07-13T22:41:50+00:00","dateModified":"2025-11-03T21:37:35+00:00","breadcrumb":{"@id":"https:\/\/www.barreaudemontreal.qc.ca\/en\/activite\/gestion-de-la-preuve-electronique-en-pratique\/#breadcrumb"},"inLanguage":"en-US","potentialAction":[{"@type":"ReadAction","target":["https:\/\/www.barreaudemontreal.qc.ca\/en\/activite\/gestion-de-la-preuve-electronique-en-pratique\/"]}]},{"@type":"ImageObject","inLanguage":"en-US","@id":"https:\/\/www.barreaudemontreal.qc.ca\/en\/activite\/gestion-de-la-preuve-electronique-en-pratique\/#primaryimage","url":"https:\/\/www.barreaudemontreal.qc.ca\/wp-content\/uploads\/webinaires-visuel-eventbrite-1-1024x512.jpg","contentUrl":"https:\/\/www.barreaudemontreal.qc.ca\/wp-content\/uploads\/webinaires-visuel-eventbrite-1-1024x512.jpg"},{"@type":"BreadcrumbList","@id":"https:\/\/www.barreaudemontreal.qc.ca\/en\/activite\/gestion-de-la-preuve-electronique-en-pratique\/#breadcrumb","itemListElement":[{"@type":"ListItem","position":1,"name":"Home","item":"https:\/\/www.barreaudemontreal.qc.ca\/en\/"},{"@type":"ListItem","position":2,"name":"Activit\u00e9s","item":"https:\/\/www.barreaudemontreal.qc.ca\/en\/activite\/"},{"@type":"ListItem","position":3,"name":"Gestion de la preuve \u00e9lectronique en pratique"}]},{"@type":"WebSite","@id":"https:\/\/www.barreaudemontreal.qc.ca\/en\/#website","url":"https:\/\/www.barreaudemontreal.qc.ca\/en\/","name":"Barreau de Montr&eacute;al","description":"La plus grande section du Barreau du Qu&eacute;bec","potentialAction":[{"@type":"SearchAction","target":{"@type":"EntryPoint","urlTemplate":"https:\/\/www.barreaudemontreal.qc.ca\/en\/?s={search_term_string}"},"query-input":{"@type":"PropertyValueSpecification","valueRequired":true,"valueName":"search_term_string"}}],"inLanguage":"en-US"}]}},"_links":{"self":[{"href":"https:\/\/www.barreaudemontreal.qc.ca\/en\/wp-json\/wp\/v2\/activite\/42622","targetHints":{"allow":["GET"]}}],"collection":[{"href":"https:\/\/www.barreaudemontreal.qc.ca\/en\/wp-json\/wp\/v2\/activite"}],"about":[{"href":"https:\/\/www.barreaudemontreal.qc.ca\/en\/wp-json\/wp\/v2\/types\/activite"}],"author":[{"embeddable":true,"href":"https:\/\/www.barreaudemontreal.qc.ca\/en\/wp-json\/wp\/v2\/users\/3"}],"wp:attachment":[{"href":"https:\/\/www.barreaudemontreal.qc.ca\/en\/wp-json\/wp\/v2\/media?parent=42622"}],"wp:term":[{"taxonomy":"category","embeddable":true,"href":"https:\/\/www.barreaudemontreal.qc.ca\/en\/wp-json\/wp\/v2\/categories?post=42622"}],"curies":[{"name":"wp","href":"https:\/\/api.w.org\/{rel}","templated":true}]}}