{"id":39864,"date":"2025-01-24T16:26:04","date_gmt":"2025-01-24T21:26:04","guid":{"rendered":"https:\/\/www.barreaudemontreal.qc.ca\/?post_type=activite&#038;p=39864"},"modified":"2025-04-04T16:16:04","modified_gmt":"2025-04-04T20:16:04","slug":"preservez-la-sante-de-votre-patrimoine-planifier-batir-et-proteger","status":"publish","type":"activite","link":"https:\/\/www.barreaudemontreal.qc.ca\/en\/activite\/preservez-la-sante-de-votre-patrimoine-planifier-batir-et-proteger\/","title":{"rendered":"Pr\u00e9servez la sant\u00e9 de votre patrimoine : Planifier, b\u00e2tir et prot\u00e9ger"},"content":{"rendered":"\n<div class=\"wp-block-columns is-layout-flex wp-container-core-columns-is-layout-9d6595d7 wp-block-columns-is-layout-flex\">\n<div class=\"wp-block-column is-layout-flow wp-block-column-is-layout-flow\" style=\"flex-basis:66.66%\"><div class=\"lightRedBox textBoxNew\">\n\n<p><em>Cette formation est organis\u00e9e en collaboration avec le comit\u00e9 de relations avec les membres.<\/em><\/p>\n<\/div>\n\n\n<p>Natasha Black, planificatrice financi\u00e8re, vous propose un atelier pour explorer trois piliers essentiels afin de b\u00e2tir une sant\u00e9 financi\u00e8re solide et r\u00e9aliser vos ambitions de vie : la planification financi\u00e8re, les placements et l\u2019assurance de personnes. Ces outils, souvent per\u00e7us comme complexes, sont en r\u00e9alit\u00e9 des alli\u00e9s puissants pour prendre le contr\u00f4le de vos finances, prot\u00e9ger vos proches et pr\u00e9parer un avenir prosp\u00e8re.<\/p>\n\n\n\n<p>Ensemble, nous verrons comment la planification financi\u00e8re peut vous aider \u00e0 structurer vos objectifs, comment les placements peuvent faire cro\u00eetre votre patrimoine, et pourquoi l\u2019assurance de personnes est indispensable pour s\u00e9curiser \u00e0 la fois votre vie personnelle et professionnelle. Peu importe votre \u00e2ge ou votre situation, ces concepts sont accessibles \u00e0 tous et peuvent transformer vos d\u00e9fis financiers en opportunit\u00e9s.<\/p>\n\n\n\n<div class=\"wp-block-columns is-layout-flex wp-container-core-columns-is-layout-9d6595d7 wp-block-columns-is-layout-flex\">\n<div class=\"wp-block-column is-layout-flow wp-block-column-is-layout-flow\" style=\"flex-basis:10%\"><\/div>\n<\/div>\n\n\n\n<div style=\"height:20px\" aria-hidden=\"true\" class=\"wp-block-spacer\"><\/div>\n\n\n\n<h6 class=\"wp-block-heading\">Conf\u00e9renci\u00e8re<\/h6>\n\n\n\n<p class=\"icone-users\"><strong>Natasha Black<\/strong><em>, Planificatrice financi\u00e8re<\/em><\/p>\n\n\n\n<div style=\"height:40px\" aria-hidden=\"true\" class=\"wp-block-spacer\"><\/div>\n\n\n\n<h3 class=\"wp-block-heading title-border-bottom\">Inscriptions<\/h3>\n\n\n\n<p>Pour participer, inscrivez-vous ci-dessous <strong>avant le 25 mars 2025, 8 h 30<\/strong>.<\/p>\n\n\n\n<div style=\"height:20px\" aria-hidden=\"true\" class=\"wp-block-spacer\"><\/div>\n\n\n\n<div><span style=\"color:#ffffff;\"><!-- Noscript content for added SEO --><noscript><a href=\"https:\/\/www.eventbrite.ca\/e\/inscription-preservez-la-sante-de-votre-patrimoine-planifier-batir-et-proteger-1222987070249\" rel=\"noopener noreferrer\" target=\"_blank\">Buy Tickets on Eventbrite<\/a><\/noscript><!-- You can customize this button any way you like --><\/span>\n<button id=\"eventbrite-widget-modal-trigger-1222987070249\" type=\"button\" class=\"btn\">Inscription termin\u00e9e<\/button><span style=\"color:#ffffff;\"><script src=\"https:\/\/www.eventbrite.com\/static\/widgets\/eb_widgets.js\"><\/script><\/span><script type=\"text\/javascript\">\n    var exampleCallback = function() {\n        console.log('Order complete!');\n    };\n    window.EBWidgets.createWidget({\n        widgetType: 'checkout',\n        eventId: '1222987070249',\n        modal: true,\n        modalTriggerElementId: 'eventbrite-widget-modal-trigger-1222987070249',\n        onOrderComplete: exampleCallback\n    });\n<\/script><\/div>\n\n\n\n<div style=\"height:40px\" aria-hidden=\"true\" class=\"wp-block-spacer\"><\/div>\n\n\n\n<div class=\"whiteBox textBoxNew textBoxNew\" id=\"textBoxNew-block_90c8f0239eb6e3aab82ed0e76091b89e\">\n\n<p><strong><span class=\"h2\">\u00ab<\/span>&nbsp;<span class=\"h2\">EN-ARGENT<\/span>&nbsp;<span class=\"h2\">\u00bb pour un juste \u00e9quilibre : une campagne sur la sant\u00e9 financi\u00e8re \u00e0 d\u00e9couvrir&nbsp;<\/span><\/strong><\/p>\n<p>De janvier \u00e0 mars, le Barreau de Montr\u00e9al, en collaboration avec le comit\u00e9 de relations avec les membres, vous invite \u00e0 d\u00e9couvrir une s\u00e9rie de trois capsules d\u2019information, b\u00e2ties sur mesure pour les avocats. Anim\u00e9es par <strong>Natasha Black<\/strong>, planificatrice financi\u00e8re, elles offrent des conseils pratiques pour une saine planification&nbsp;financi\u00e8re.<\/p>\n<p><span class=\"bouton\"><a class=\"btntext\" href=\"\/?page_id=39433\" data-cke-saved-href=\"https:\/\/www.barreaudemontreal.qc.ca\/en\/avocats\/outils\/equilibre\/campagne-sur-la-sante-financiere-en-argent\/\">Visionnez les capsules<\/a><\/span><\/p>\n<\/div><\/div>\n\n\n\n<div class=\"wp-block-column is-layout-flow wp-block-column-is-layout-flow\" style=\"flex-basis:33.33%\">\n<figure class=\"wp-block-image size-large\"><img decoding=\"async\" width=\"1024\" height=\"512\" src=\"https:\/\/www.barreaudemontreal.qc.ca\/wp-content\/uploads\/webinaires-visuel-eventbrite-1-1024x512.jpg\" alt=\"\" class=\"wp-image-32773\"\/><\/figure>\n\n\n\n<div class=\"wp-block-group sidebarInner\"><div class=\"wp-block-group__inner-container is-layout-flow wp-block-group-is-layout-flow\">\n<h5 class=\"wp-block-heading\">D\u00e9tails<\/h5>\n\n\n\n<figure class=\"wp-block-table tableNoBorder\"><table><tbody><tr><td><img decoding=\"async\" style=\"width: 20px;\" src=\"https:\/\/www.barreaudemontreal.qc.ca\/wp-content\/uploads\/icones\/icone_activite_calendar.svg\" alt=\"\"><\/td><td>25 mars 2025<br>12 h \u00e0 13 h 30<\/td><\/tr><tr><td><img decoding=\"async\" src=\"https:\/\/www.barreaudemontreal.qc.ca\/wp-content\/uploads\/icones\/icone_activite_video.svg\" alt=\"\"><\/td><td><a href=\"https:\/\/www.barreaudemontreal.qc.ca\/wp-content\/uploads\/ppt-santefinanciere-20250325.pdf\" target=\"_blank\" rel=\"noreferrer noopener\">Pr\u00e9sentation Powerpoint<\/a><\/td><\/tr><tr><td><img decoding=\"async\" src=\"https:\/\/www.barreaudemontreal.qc.ca\/wp-content\/uploads\/icones\/icone_activite_tarifs.svg\" alt=\"\"><\/td><td>Tarif allant de 33,75$ \u00e0 58,50$+tx<\/td><\/tr><tr><td><img decoding=\"async\" src=\"https:\/\/www.barreaudemontreal.qc.ca\/wp-content\/uploads\/icones\/icone_activite_phone.svg\" alt=\"\"><\/td><td><a href=\"tel:514 866-9392\">514 866-9392<\/a><\/td><\/tr><tr><td><img decoding=\"async\" src=\"https:\/\/www.barreaudemontreal.qc.ca\/wp-content\/uploads\/icones\/icone_activite_mail.svg\" alt=\"\"><\/td><td><a href=\"mailto:info@barreaudemontreal.qc.ca\" class=\"ek-link\">info@barreaudemontreal.qc.ca<\/a><\/td><\/tr><\/tbody><\/table><\/figure>\n\n\n\n<p class=\"p3\"><a href=\"https:\/\/www.barreaudemontreal.qc.ca\/wp-content\/uploads\/politique-fixation-prix-gratuites-remb-formations.pdf\" target=\"_blank\" rel=\"noreferrer noopener\">Voir la <em>Politique de fixation des prix, gratuit\u00e9s et remboursement des formations<\/em><\/a><br><br><img decoding=\"async\" width=\"1200\" height=\"726\" class=\"wp-image-7756\" style=\"width: 100px; float:left; margin: 8px 8px 0 0\" src=\"https:\/\/www.barreaudemontreal.qc.ca\/wp-content\/uploads\/formation-1h30.jpg\" alt=\"\"><em>*Une attestation de pr\u00e9sence sera transmise dans les semaines suivant l\u2019activit\u00e9.<\/em><\/p>\n<\/div><\/div>\n<\/div>\n<\/div>\n\n\n\n<div style=\"height:20px\" aria-hidden=\"true\" class=\"wp-block-spacer\"><\/div>\n\n\n\n<div class=\"wp-block-columns is-layout-flex wp-container-core-columns-is-layout-9d6595d7 wp-block-columns-is-layout-flex\">\n<div class=\"wp-block-column is-layout-flow wp-block-column-is-layout-flow\" style=\"flex-basis:66.66%\">\n<div class=\"wp-block-group\"><div class=\"wp-block-group__inner-container is-layout-constrained wp-block-group-is-layout-constrained\">\n<hr class=\"wp-block-separator has-alpha-channel-opacity\"\/>\n\n\n\n<h5 class=\"wp-block-heading has-text-align-center\"><em>En savoir plus sur notre conf\u00e9renci\u00e8re :<\/em><\/h5>\n<\/div><\/div>\n\n\n\n<div class=\"wp-block-columns has-background is-layout-flex wp-container-core-columns-is-layout-9d6595d7 wp-block-columns-is-layout-flex\" style=\"background-color:#fafafa\">\n<div class=\"wp-block-column is-layout-flow wp-block-column-is-layout-flow\" style=\"flex-basis:33.33%\">\n<figure class=\"wp-block-image size-full\"><img decoding=\"async\" width=\"1920\" height=\"2560\" src=\"https:\/\/www.barreaudemontreal.qc.ca\/wp-content\/uploads\/natashablack-photo-edited-scaled.jpg\" alt=\"\" class=\"wp-image-39867\" style=\"object-fit:cover\"\/><figcaption class=\"wp-element-caption\"><strong>Mme Natasha Black<\/strong>, planificatrice financi\u00e8re<\/figcaption><\/figure>\n<\/div>\n\n\n\n<div class=\"wp-block-column is-layout-flow wp-block-column-is-layout-flow\" style=\"flex-basis:66.66%\">\n<p>Natasha Black a termin\u00e9 avec succ\u00e8s le programme d&#8217;\u00e9tudes sup\u00e9rieures de l&#8217;Institut qu\u00e9b\u00e9cois de planification financi\u00e8re (IQPF) en 2019 et a obtenu sa certification de planificatrice financi\u00e8re agr\u00e9\u00e9e (CFP) en 2024. Elle est titulaire d&#8217;un baccalaur\u00e9at en comptabilit\u00e9 et en gestion et apporte \u00e0 son r\u00f4le 14 ans d&#8217;expertise bancaire, notamment en tant qu&#8217;analyste financi\u00e8re.<br>Son inspiration : Maya Angelou. \u00ab Vous ne pouvez devenir v\u00e9ritablement accompli que dans quelque chose que vous aimez. Ne faites pas de l\u2019argent votre objectif. Au lieu de cela, poursuivez les choses que vous aimez faire, puis faites-les si bien que les gens ne peuvent pas vous quitter des yeux. \u00bb<\/p>\n\n\n\n<p>.<\/p>\n<\/div>\n<\/div>\n\n\n\n<div style=\"height:20px\" aria-hidden=\"true\" class=\"wp-block-spacer\"><\/div>\n<\/div>\n<\/div>\n\n\n\n<hr class=\"wp-block-separator has-alpha-channel-opacity\"\/>\n\n\n\n<h6 class=\"wp-block-heading\">Merci \u00e0 nos partenaires<\/h6>\n\n\n\n<div class=\"wp-block-columns is-layout-flex wp-container-core-columns-is-layout-9d6595d7 wp-block-columns-is-layout-flex\">\n<div class=\"wp-block-column is-layout-flow wp-block-column-is-layout-flow\">\n<figure class=\"wp-block-image size-full\"><a href=\"https:\/\/www.caij.qc.ca\" target=\"_blank\" rel=\"noreferrer noopener\"><img decoding=\"async\" width=\"166\" height=\"54\" src=\"https:\/\/www.barreaudemontreal.qc.ca\/wp-content\/uploads\/hl1.png\" alt=\"\" class=\"wp-image-10836\"\/><\/a><\/figure>\n<\/div>\n\n\n\n<div class=\"wp-block-column is-layout-flow wp-block-column-is-layout-flow\">\n<figure class=\"wp-block-image size-full\"><a href=\"https:\/\/lawyersfinancial.ca\/fr\/assurance\/assurance-auto-habitation?utm_source=Barreau%20de%20Montreal&amp;utm_medium=Website&amp;utm_campaign=Logo\" target=\"_blank\" rel=\"noreferrer noopener\"><img decoding=\"async\" width=\"177\" height=\"82\" src=\"https:\/\/www.barreaudemontreal.qc.ca\/wp-content\/uploads\/hl3.png\" alt=\"\" class=\"wp-image-10840\"\/><\/a><\/figure>\n<\/div>\n\n\n\n<div class=\"wp-block-column is-layout-flow wp-block-column-is-layout-flow\">\n<figure class=\"wp-block-image size-full\"><a href=\"https:\/\/www.groupemontpetit.com\" target=\"_blank\" rel=\"noreferrer noopener\"><img decoding=\"async\" width=\"232\" height=\"58\" src=\"https:\/\/www.barreaudemontreal.qc.ca\/wp-content\/uploads\/hl2.png\" alt=\"\" class=\"wp-image-10838\"\/><\/a><\/figure>\n<\/div>\n\n\n\n<div class=\"wp-block-column is-layout-flow wp-block-column-is-layout-flow\"><\/div>\n\n\n\n<div class=\"wp-block-column is-layout-flow wp-block-column-is-layout-flow\"><\/div>\n<\/div>\n","protected":false},"author":3,"featured_media":0,"template":"","meta":{"_acf_changed":false,"_editorskit_title_hidden":false,"_editorskit_reading_time":0,"_editorskit_is_block_options_detached":false,"_editorskit_block_options_position":"{}","inline_featured_image":false,"ngg_post_thumbnail":0},"categories":[],"class_list":["post-39864","activite","type-activite","status-publish","hentry"],"acf":[],"yoast_head":"<!-- This site is optimized with the Yoast SEO plugin v27.4 - https:\/\/yoast.com\/product\/yoast-seo-wordpress\/ -->\n<title>Pr\u00e9servez la sant\u00e9 de votre patrimoine : Planifier, b\u00e2tir et prot\u00e9ger - Barreau de Montr&eacute;al<\/title>\n<meta name=\"robots\" content=\"index, follow, max-snippet:-1, max-image-preview:large, max-video-preview:-1\" \/>\n<link rel=\"canonical\" href=\"https:\/\/www.barreaudemontreal.qc.ca\/en\/activite\/preservez-la-sante-de-votre-patrimoine-planifier-batir-et-proteger\/\" \/>\n<meta property=\"og:locale\" content=\"en_US\" \/>\n<meta property=\"og:type\" content=\"article\" \/>\n<meta property=\"og:title\" content=\"Pr\u00e9servez la sant\u00e9 de votre patrimoine : Planifier, b\u00e2tir et prot\u00e9ger - Barreau de Montr&eacute;al\" \/>\n<meta property=\"og:description\" content=\"Natasha Black, planificatrice financi\u00e8re, vous propose un atelier pour explorer trois piliers essentiels afin de b\u00e2tir une sant\u00e9 financi\u00e8re solide et r\u00e9aliser vos ambitions de vie : la planification financi\u00e8re, [&hellip;]\" \/>\n<meta property=\"og:url\" content=\"https:\/\/www.barreaudemontreal.qc.ca\/en\/activite\/preservez-la-sante-de-votre-patrimoine-planifier-batir-et-proteger\/\" \/>\n<meta property=\"og:site_name\" content=\"Barreau de Montr&eacute;al\" \/>\n<meta property=\"article:modified_time\" content=\"2025-04-04T20:16:04+00:00\" \/>\n<meta property=\"og:image\" content=\"https:\/\/www.barreaudemontreal.qc.ca\/wp-content\/uploads\/webinaires-visuel-eventbrite-1-scaled.jpg\" \/>\n\t<meta property=\"og:image:width\" content=\"2560\" \/>\n\t<meta property=\"og:image:height\" content=\"1280\" \/>\n\t<meta property=\"og:image:type\" content=\"image\/jpeg\" \/>\n<meta name=\"twitter:card\" content=\"summary_large_image\" \/>\n<meta name=\"twitter:label1\" content=\"Est. reading time\" \/>\n\t<meta name=\"twitter:data1\" content=\"4 minutes\" \/>\n<script type=\"application\/ld+json\" class=\"yoast-schema-graph\">{\"@context\":\"https:\\\/\\\/schema.org\",\"@graph\":[{\"@type\":\"WebPage\",\"@id\":\"https:\\\/\\\/www.barreaudemontreal.qc.ca\\\/en\\\/activite\\\/preservez-la-sante-de-votre-patrimoine-planifier-batir-et-proteger\\\/\",\"url\":\"https:\\\/\\\/www.barreaudemontreal.qc.ca\\\/en\\\/activite\\\/preservez-la-sante-de-votre-patrimoine-planifier-batir-et-proteger\\\/\",\"name\":\"Pr\u00e9servez la sant\u00e9 de votre patrimoine : Planifier, b\u00e2tir et prot\u00e9ger - Barreau de Montr&eacute;al\",\"isPartOf\":{\"@id\":\"https:\\\/\\\/www.barreaudemontreal.qc.ca\\\/en\\\/#website\"},\"primaryImageOfPage\":{\"@id\":\"https:\\\/\\\/www.barreaudemontreal.qc.ca\\\/en\\\/activite\\\/preservez-la-sante-de-votre-patrimoine-planifier-batir-et-proteger\\\/#primaryimage\"},\"image\":{\"@id\":\"https:\\\/\\\/www.barreaudemontreal.qc.ca\\\/en\\\/activite\\\/preservez-la-sante-de-votre-patrimoine-planifier-batir-et-proteger\\\/#primaryimage\"},\"thumbnailUrl\":\"https:\\\/\\\/www.barreaudemontreal.qc.ca\\\/wp-content\\\/uploads\\\/webinaires-visuel-eventbrite-1-1024x512.jpg\",\"datePublished\":\"2025-01-24T21:26:04+00:00\",\"dateModified\":\"2025-04-04T20:16:04+00:00\",\"breadcrumb\":{\"@id\":\"https:\\\/\\\/www.barreaudemontreal.qc.ca\\\/en\\\/activite\\\/preservez-la-sante-de-votre-patrimoine-planifier-batir-et-proteger\\\/#breadcrumb\"},\"inLanguage\":\"en-US\",\"potentialAction\":[{\"@type\":\"ReadAction\",\"target\":[\"https:\\\/\\\/www.barreaudemontreal.qc.ca\\\/en\\\/activite\\\/preservez-la-sante-de-votre-patrimoine-planifier-batir-et-proteger\\\/\"]}]},{\"@type\":\"ImageObject\",\"inLanguage\":\"en-US\",\"@id\":\"https:\\\/\\\/www.barreaudemontreal.qc.ca\\\/en\\\/activite\\\/preservez-la-sante-de-votre-patrimoine-planifier-batir-et-proteger\\\/#primaryimage\",\"url\":\"https:\\\/\\\/www.barreaudemontreal.qc.ca\\\/wp-content\\\/uploads\\\/webinaires-visuel-eventbrite-1-1024x512.jpg\",\"contentUrl\":\"https:\\\/\\\/www.barreaudemontreal.qc.ca\\\/wp-content\\\/uploads\\\/webinaires-visuel-eventbrite-1-1024x512.jpg\"},{\"@type\":\"BreadcrumbList\",\"@id\":\"https:\\\/\\\/www.barreaudemontreal.qc.ca\\\/en\\\/activite\\\/preservez-la-sante-de-votre-patrimoine-planifier-batir-et-proteger\\\/#breadcrumb\",\"itemListElement\":[{\"@type\":\"ListItem\",\"position\":1,\"name\":\"Home\",\"item\":\"https:\\\/\\\/www.barreaudemontreal.qc.ca\\\/en\\\/\"},{\"@type\":\"ListItem\",\"position\":2,\"name\":\"Activit\u00e9s\",\"item\":\"https:\\\/\\\/www.barreaudemontreal.qc.ca\\\/en\\\/activite\\\/\"},{\"@type\":\"ListItem\",\"position\":3,\"name\":\"Pr\u00e9servez la sant\u00e9 de votre patrimoine : Planifier, b\u00e2tir et prot\u00e9ger\"}]},{\"@type\":\"WebSite\",\"@id\":\"https:\\\/\\\/www.barreaudemontreal.qc.ca\\\/en\\\/#website\",\"url\":\"https:\\\/\\\/www.barreaudemontreal.qc.ca\\\/en\\\/\",\"name\":\"Barreau de Montr&eacute;al\",\"description\":\"La plus grande section du Barreau du Qu&eacute;bec\",\"potentialAction\":[{\"@type\":\"SearchAction\",\"target\":{\"@type\":\"EntryPoint\",\"urlTemplate\":\"https:\\\/\\\/www.barreaudemontreal.qc.ca\\\/en\\\/?s={search_term_string}\"},\"query-input\":{\"@type\":\"PropertyValueSpecification\",\"valueRequired\":true,\"valueName\":\"search_term_string\"}}],\"inLanguage\":\"en-US\"}]}<\/script>\n<!-- \/ Yoast SEO plugin. -->","yoast_head_json":{"title":"Pr\u00e9servez la sant\u00e9 de votre patrimoine : Planifier, b\u00e2tir et prot\u00e9ger - Barreau de Montr&eacute;al","robots":{"index":"index","follow":"follow","max-snippet":"max-snippet:-1","max-image-preview":"max-image-preview:large","max-video-preview":"max-video-preview:-1"},"canonical":"https:\/\/www.barreaudemontreal.qc.ca\/en\/activite\/preservez-la-sante-de-votre-patrimoine-planifier-batir-et-proteger\/","og_locale":"en_US","og_type":"article","og_title":"Pr\u00e9servez la sant\u00e9 de votre patrimoine : Planifier, b\u00e2tir et prot\u00e9ger - Barreau de Montr&eacute;al","og_description":"Natasha Black, planificatrice financi\u00e8re, vous propose un atelier pour explorer trois piliers essentiels afin de b\u00e2tir une sant\u00e9 financi\u00e8re solide et r\u00e9aliser vos ambitions de vie : la planification financi\u00e8re, [&hellip;]","og_url":"https:\/\/www.barreaudemontreal.qc.ca\/en\/activite\/preservez-la-sante-de-votre-patrimoine-planifier-batir-et-proteger\/","og_site_name":"Barreau de Montr&eacute;al","article_modified_time":"2025-04-04T20:16:04+00:00","og_image":[{"width":2560,"height":1280,"url":"https:\/\/www.barreaudemontreal.qc.ca\/wp-content\/uploads\/webinaires-visuel-eventbrite-1-scaled.jpg","type":"image\/jpeg"}],"twitter_card":"summary_large_image","twitter_misc":{"Est. reading time":"4 minutes"},"schema":{"@context":"https:\/\/schema.org","@graph":[{"@type":"WebPage","@id":"https:\/\/www.barreaudemontreal.qc.ca\/en\/activite\/preservez-la-sante-de-votre-patrimoine-planifier-batir-et-proteger\/","url":"https:\/\/www.barreaudemontreal.qc.ca\/en\/activite\/preservez-la-sante-de-votre-patrimoine-planifier-batir-et-proteger\/","name":"Pr\u00e9servez la sant\u00e9 de votre patrimoine : Planifier, b\u00e2tir et prot\u00e9ger - Barreau de Montr&eacute;al","isPartOf":{"@id":"https:\/\/www.barreaudemontreal.qc.ca\/en\/#website"},"primaryImageOfPage":{"@id":"https:\/\/www.barreaudemontreal.qc.ca\/en\/activite\/preservez-la-sante-de-votre-patrimoine-planifier-batir-et-proteger\/#primaryimage"},"image":{"@id":"https:\/\/www.barreaudemontreal.qc.ca\/en\/activite\/preservez-la-sante-de-votre-patrimoine-planifier-batir-et-proteger\/#primaryimage"},"thumbnailUrl":"https:\/\/www.barreaudemontreal.qc.ca\/wp-content\/uploads\/webinaires-visuel-eventbrite-1-1024x512.jpg","datePublished":"2025-01-24T21:26:04+00:00","dateModified":"2025-04-04T20:16:04+00:00","breadcrumb":{"@id":"https:\/\/www.barreaudemontreal.qc.ca\/en\/activite\/preservez-la-sante-de-votre-patrimoine-planifier-batir-et-proteger\/#breadcrumb"},"inLanguage":"en-US","potentialAction":[{"@type":"ReadAction","target":["https:\/\/www.barreaudemontreal.qc.ca\/en\/activite\/preservez-la-sante-de-votre-patrimoine-planifier-batir-et-proteger\/"]}]},{"@type":"ImageObject","inLanguage":"en-US","@id":"https:\/\/www.barreaudemontreal.qc.ca\/en\/activite\/preservez-la-sante-de-votre-patrimoine-planifier-batir-et-proteger\/#primaryimage","url":"https:\/\/www.barreaudemontreal.qc.ca\/wp-content\/uploads\/webinaires-visuel-eventbrite-1-1024x512.jpg","contentUrl":"https:\/\/www.barreaudemontreal.qc.ca\/wp-content\/uploads\/webinaires-visuel-eventbrite-1-1024x512.jpg"},{"@type":"BreadcrumbList","@id":"https:\/\/www.barreaudemontreal.qc.ca\/en\/activite\/preservez-la-sante-de-votre-patrimoine-planifier-batir-et-proteger\/#breadcrumb","itemListElement":[{"@type":"ListItem","position":1,"name":"Home","item":"https:\/\/www.barreaudemontreal.qc.ca\/en\/"},{"@type":"ListItem","position":2,"name":"Activit\u00e9s","item":"https:\/\/www.barreaudemontreal.qc.ca\/en\/activite\/"},{"@type":"ListItem","position":3,"name":"Pr\u00e9servez la sant\u00e9 de votre patrimoine : Planifier, b\u00e2tir et prot\u00e9ger"}]},{"@type":"WebSite","@id":"https:\/\/www.barreaudemontreal.qc.ca\/en\/#website","url":"https:\/\/www.barreaudemontreal.qc.ca\/en\/","name":"Barreau de Montr&eacute;al","description":"La plus grande section du Barreau du Qu&eacute;bec","potentialAction":[{"@type":"SearchAction","target":{"@type":"EntryPoint","urlTemplate":"https:\/\/www.barreaudemontreal.qc.ca\/en\/?s={search_term_string}"},"query-input":{"@type":"PropertyValueSpecification","valueRequired":true,"valueName":"search_term_string"}}],"inLanguage":"en-US"}]}},"_links":{"self":[{"href":"https:\/\/www.barreaudemontreal.qc.ca\/en\/wp-json\/wp\/v2\/activite\/39864","targetHints":{"allow":["GET"]}}],"collection":[{"href":"https:\/\/www.barreaudemontreal.qc.ca\/en\/wp-json\/wp\/v2\/activite"}],"about":[{"href":"https:\/\/www.barreaudemontreal.qc.ca\/en\/wp-json\/wp\/v2\/types\/activite"}],"author":[{"embeddable":true,"href":"https:\/\/www.barreaudemontreal.qc.ca\/en\/wp-json\/wp\/v2\/users\/3"}],"wp:attachment":[{"href":"https:\/\/www.barreaudemontreal.qc.ca\/en\/wp-json\/wp\/v2\/media?parent=39864"}],"wp:term":[{"taxonomy":"category","embeddable":true,"href":"https:\/\/www.barreaudemontreal.qc.ca\/en\/wp-json\/wp\/v2\/categories?post=39864"}],"curies":[{"name":"wp","href":"https:\/\/api.w.org\/{rel}","templated":true}]}}