{"id":38865,"date":"2024-11-20T14:28:00","date_gmt":"2024-11-20T19:28:00","guid":{"rendered":"https:\/\/www.barreaudemontreal.qc.ca\/?post_type=activite&#038;p=38865"},"modified":"2025-01-07T09:44:12","modified_gmt":"2025-01-07T14:44:12","slug":"evolution-juridique-et-sociale-de-la-communaute-2slgbtq-au-quebec-et-au-canada-luttes-et-avancees","status":"publish","type":"activite","link":"https:\/\/www.barreaudemontreal.qc.ca\/en\/activite\/evolution-juridique-et-sociale-de-la-communaute-2slgbtq-au-quebec-et-au-canada-luttes-et-avancees\/","title":{"rendered":"\u00c9volution juridique et sociale de la Communaut\u00e9 2SLGBTQ+ au Qu\u00e9bec et au Canada : luttes et avanc\u00e9es"},"content":{"rendered":"\n<div class=\"wp-block-columns is-layout-flex wp-container-core-columns-is-layout-9d6595d7 wp-block-columns-is-layout-flex\">\n<div class=\"wp-block-column is-layout-flow wp-block-column-is-layout-flow\" style=\"flex-basis:66.66%\">\n<p><em>En collaboration avec :<\/em><\/p>\n\n\n\n<figure class=\"wp-block-image size-large is-resized\"><img decoding=\"async\" src=\"https:\/\/www.barreaudemontreal.qc.ca\/wp-content\/uploads\/logo-color-175e.svg\" alt=\"\" class=\"wp-image-35205\" style=\"width:250px\"\/><\/figure>\n\n\n\n<div style=\"height:20px\" aria-hidden=\"true\" class=\"wp-block-spacer\"><\/div>\n\n\n\n<p>Cette formation explore l\u2019\u00e9volution juridique et sociale de la communaut\u00e9 2SLGBTQ+ \u00e0 travers ses luttes et les d\u00e9veloppements sociaux, l\u00e9gislatifs et jurisprudentiels. Les conf\u00e9renciers analyseront comment ces aspects interagissent au fil des d\u00e9cennies.<\/p>\n\n\n\n<p>D\u00e9roulement&nbsp;:<\/p>\n\n\n\n<p><strong>Partie 1 : Histoire et luttes<\/strong><\/p>\n\n\n\n<p>D\u00e9veloppements sociaux et l\u00e9gislatifs&nbsp;: Un panorama des avanc\u00e9es et des d\u00e9fis rencontr\u00e9s par la communaut\u00e9.<\/p>\n\n\n\n<p>Jurisprudence&nbsp;: \u00c9tude des d\u00e9cisions judiciaires marquantes.<\/p>\n\n\n\n<p><strong>Partie 2 : Concepts et vocabulaire<\/strong><\/p>\n\n\n\n<p>Diversit\u00e9 de genre et d\u2019orientation sexuelle&nbsp;: Comprendre les diff\u00e9rentes identit\u00e9s et orientations.<\/p>\n\n\n\n<p>Vocabulaire inclusif&nbsp;: Explication des termes cl\u00e9s pour une communication respectueuse.<\/p>\n\n\n\n<p><strong>Partie 3 : Besoins juridiques et recommandations<\/strong><\/p>\n\n\n\n<p>Donn\u00e9es scientifiques&nbsp;: Analyse des besoins juridiques sp\u00e9cifiques de la communaut\u00e9 2SLGBTQ+.<\/p>\n\n\n\n<p>Confiance envers le syst\u00e8me judiciaire&nbsp;: Identifier les obstacles et proposer des solutions pour renforcer la confiance.<\/p>\n\n\n\n<p><strong>Exercice pratique<\/strong><\/p>\n\n\n\n<p>Mise en situation&nbsp;: Atelier pour am\u00e9liorer la communication orale et \u00e9crite des avocat.e.s, incluant l\u2019usage des pronoms avec les personnes trans et non-binaires.<\/p>\n\n\n\n<div style=\"height:20px\" aria-hidden=\"true\" class=\"wp-block-spacer\"><\/div>\n\n\n\n<h6 class=\"wp-block-heading\">Conf\u00e9renciers<\/h6>\n\n\n\n<p class=\"icone-users\"><strong>Me Marie Laure Leclercq<\/strong>, Ad. E.<\/p>\n\n\n\n<p class=\"icone-users\"><strong>Me Steeves Bujold<\/strong>, Ad. E.<br><br><\/p>\n\n\n\n<div style=\"height:10px\" aria-hidden=\"true\" class=\"wp-block-spacer\"><\/div>\n\n\n\n<h3 class=\"wp-block-heading title-border-bottom\">Inscriptions<\/h3>\n\n\n\n<p>Inscription r\u00e9serv\u00e9e aux professionnels de la communaut\u00e9 juridique.<\/p>\n\n\n\n<p>Pour participer, inscrivez-vous ci-dessous :<\/p>\n\n\n\n<div class=\"wp-block-buttons is-layout-flex wp-block-buttons-is-layout-flex\">\n<div class=\"wp-block-button\"><a class=\"wp-block-button__link has-central-palette-6-color has-central-palette-2-background-color has-text-color has-background has-link-color wp-element-button\" href=\"http:\/\/www.barreau.qc.ca\/formation\/activite.jsp?noActiv=3284&amp;namePage=activite.jsp&amp;Langue=fr\" style=\"border-radius:0px\" target=\"_blank\" rel=\"noreferrer noopener\">Inscription<\/a><\/div>\n<\/div>\n\n\n\n<div style=\"height:20px\" aria-hidden=\"true\" class=\"wp-block-spacer\"><\/div>\n\n\n\n<div class=\"wp-block-group\"><div class=\"wp-block-group__inner-container is-layout-constrained wp-block-group-is-layout-constrained\">\n<div style=\"height:40px\" aria-hidden=\"true\" class=\"wp-block-spacer\"><\/div>\n<\/div><\/div>\n\n\n\n<div class=\"wp-block-group\"><div class=\"wp-block-group__inner-container is-layout-constrained wp-block-group-is-layout-constrained\">\n<hr class=\"wp-block-separator has-alpha-channel-opacity\"\/>\n\n\n\n<h5 class=\"wp-block-heading has-text-align-center\"><em>En savoir plus sur nos conf\u00e9renciers :<\/em><\/h5>\n<\/div><\/div>\n\n\n\n<div style=\"height:20px\" aria-hidden=\"true\" class=\"wp-block-spacer\"><\/div>\n\n\n\n<div class=\"wp-block-columns has-background is-layout-flex wp-container-core-columns-is-layout-9d6595d7 wp-block-columns-is-layout-flex\" style=\"background-color:#fafafa\">\n<div class=\"wp-block-column is-layout-flow wp-block-column-is-layout-flow\" style=\"flex-basis:33.33%\">\n<figure class=\"wp-block-image size-full\"><img decoding=\"async\" width=\"206\" height=\"276\" src=\"https:\/\/www.barreaudemontreal.qc.ca\/wp-content\/uploads\/photo-marie-laure-leclercq.jpg\" alt=\"\" class=\"wp-image-38868\" style=\"object-fit:cover\"\/><figcaption class=\"wp-element-caption\"><strong>Me Marie Laure Leclercq, Ad.E.<\/strong><\/figcaption><\/figure>\n<\/div>\n\n\n\n<div class=\"wp-block-column is-layout-flow wp-block-column-is-layout-flow\" style=\"flex-basis:66.66%\">\n<p>Avocate \u00e9m\u00e9rite reconnue par le Barreau du Qu\u00e9bec, Marie Laure Leclercq, Ad.E., est \u00e9galement une pionni\u00e8re et un pilier de la communaut\u00e9 LGBTQ2S+ au Canada. Laur\u00e9ate&nbsp;2016 du prix de l\u2019h\u00e9ro\u00efne du Forum sur l\u2019orientation et l\u2019identit\u00e9 sexuelles, elle est engag\u00e9e depuis plusieurs ann\u00e9es \u00e0 la cause des personnes issues des minorit\u00e9s sexuelles, notamment \u00e0 travers l\u2019Association du Barreau canadien. Ses actions ont fait na\u00eetre diverses initiatives ayant grandement contribu\u00e9 \u00e0 l\u2019avancement de la profession.<\/p>\n\n\n\n<p>Ing\u00e9nieure de formation, Marie Laure voue une v\u00e9ritable passion \u00e0 la technologie. Elle repr\u00e9sente des petites et grandes entreprises, \u00e9voluant dans plusieurs domaines avant-gardistes, en mati\u00e8re de droit des affaires, droit contractuel ainsi que droit de la propri\u00e9t\u00e9 intellectuelle et technologies de l\u2019information. Son excellence professionnelle est par ailleurs reconnue par Best Lawyers in Canada depuis 2016.<\/p>\n\n\n\n<p>\u00c0 travers les ann\u00e9es, Marie Laure s\u2019est impliqu\u00e9e au sein de nombreuses associations sociales et professionnelles. Elle si\u00e8ge actuellement \u00e0 titre de Commissaire \u00e0 la Commission des droits de la personne et des droits de la jeunesse, o\u00f9 elle est une porte-parole de premier ordre en mati\u00e8re de droits de la personne, notamment LGBTQ2S+. Elle a r\u00e9cemment agi \u00e0 titre de co-pr\u00e9sidente du Comit\u00e9 consultatif portant sur les s\u00e9vices commis \u00e0 l\u2019encontre la communaut\u00e9 LGBTQ2S+ par le gouvernement canadien. Leur important travail a men\u00e9 le premier ministre du Canada \u00e0 pr\u00e9senter des excuses nationales en novembre 2017.<\/p>\n\n\n\n<p>Premi\u00e8re femme ayant effectu\u00e9 sa transition tout en exer\u00e7ant dans un cabinet juridique au Qu\u00e9bec, Marie Laure dispose d\u2019un cheminement personnel et d\u2019une implication sans faille qui ont fait d\u2019elle un mod\u00e8le pour l\u2019ensemble de la communaut\u00e9.<\/p>\n<\/div>\n<\/div>\n\n\n\n<div style=\"height:20px\" aria-hidden=\"true\" class=\"wp-block-spacer\"><\/div>\n\n\n\n<div class=\"wp-block-columns has-background is-layout-flex wp-container-core-columns-is-layout-9d6595d7 wp-block-columns-is-layout-flex\" style=\"background-color:#fafafa\">\n<div class=\"wp-block-column is-layout-flow wp-block-column-is-layout-flow\" style=\"flex-basis:33.33%\">\n<figure class=\"wp-block-image size-full\"><img decoding=\"async\" width=\"1500\" height=\"2100\" src=\"https:\/\/www.barreaudemontreal.qc.ca\/wp-content\/uploads\/bujold_steeves_photo.jpg\" alt=\"\" class=\"wp-image-38866\" style=\"object-fit:cover\"\/><figcaption class=\"wp-element-caption\"><strong>Me Steeves Bujold, Ad. E<\/strong>.<\/figcaption><\/figure>\n<\/div>\n\n\n\n<div class=\"wp-block-column is-layout-flow wp-block-column-is-layout-flow\" style=\"flex-basis:66.66%\">\n<p>Me Steeves Bujold, Ad. E. est associ\u00e9 et leader du groupe litige pour le Qu\u00e9bec chez McCarthy T\u00e9trault. Il poss\u00e8de une pratique diversifi\u00e9e en litige et une expertise de pointe en droit de la sant\u00e9, responsabilit\u00e9 m\u00e9dicale et pharmaceutique, ainsi qu&#8217;en droit professionnel. Jusqu&#8217;\u00e0 r\u00e9cemment, il \u00e9tait pr\u00e9sident du groupe d&#8217;action pour la Fiert\u00e9 et, \u00e0 ce titre, le leader national des initiatives de son cabinet en mati\u00e8re de diversit\u00e9 et d&#8217;inclusion pour la communaut\u00e9 2SLGBTQ+. Depuis 2019, il a particip\u00e9 au d\u00e9veloppement du programme prim\u00e9 &#8220;Priorit\u00e9 \u00e0 l\u2019inclusion&#8221; chez McCarthy T\u00e9trault.<\/p>\n\n\n\n<p>Durant son mandat en tant que 94<sup>e<\/sup>&nbsp;pr\u00e9sident de l&#8217;Association du Barreau canadien, et en tant que premi\u00e8re personne avec un conjoint de m\u00eame sexe \u00e0 occuper ce poste, il a \u00e9t\u00e9 un fervent d\u00e9fenseur des droits des membres de la communaut\u00e9 2SLGBTQ+ au Canada et \u00e0 l\u2019\u00e9tranger. Il est officier au Comit\u00e9 LGBTQI+ de l\u2019International Bar Association. Conf\u00e9rencier recherch\u00e9, il \u00e9tait r\u00e9cemment conf\u00e9rencier invit\u00e9 de la Law Society of New South Wales \u00e0 Sydney en Australie et aupr\u00e8s des juges de la Cour du Banc du Roi du Nouveau Brunswick. Il compl\u00e8te un deuxi\u00e8me mandat de membre du Comit\u00e9 consultatif \u00e0 la magistrature f\u00e9d\u00e9rale pour le Qu\u00e9bec Ouest. En 2024, le magazine Canadian Lawyer le classait parmi les 25 avocats les plus influents au pays.<\/p>\n<\/div>\n<\/div>\n<\/div>\n\n\n\n<div class=\"wp-block-column is-layout-flow wp-block-column-is-layout-flow\" style=\"flex-basis:33.33%\">\n<div class=\"wp-block-group sidebarInner\"><div class=\"wp-block-group__inner-container is-layout-flow wp-block-group-is-layout-flow\">\n<h5 class=\"wp-block-heading\">D\u00e9tails<\/h5>\n\n\n\n<figure class=\"wp-block-table tableNoBorder\"><table><tbody><tr><td><img decoding=\"async\" style=\"width: 20px;\" src=\"https:\/\/www.barreaudemontreal.qc.ca\/wp-content\/uploads\/icones\/icone_activite_calendar.svg\" alt=\"\">    <\/td><td>27 janvier 2025<br>9 h \u00e0 12 h<\/td><\/tr><tr><td><img decoding=\"async\" width=\"20\" height=\"20\" class=\"wp-image-32921\" style=\"width: 20px;\" src=\"https:\/\/www.barreaudemontreal.qc.ca\/wp-content\/uploads\/localisation-1.png\" alt=\"\"><\/td><td>Formation en ligne<\/td><\/tr><tr><td><img decoding=\"async\" src=\"https:\/\/www.barreaudemontreal.qc.ca\/wp-content\/uploads\/icones\/icone_activite_tarifs.svg\" alt=\"\"><\/td><td>Tarif allant de 157,50$ \u00e0 273,00$+tx<\/td><\/tr><tr><td><img decoding=\"async\" src=\"https:\/\/www.barreaudemontreal.qc.ca\/wp-content\/uploads\/icones\/icone_activite_phone.svg\" alt=\"\"><\/td><td><a href=\"tel:514 866-9392\">514 866-9392<\/a><\/td><\/tr><tr><td><img decoding=\"async\" src=\"https:\/\/www.barreaudemontreal.qc.ca\/wp-content\/uploads\/icones\/icone_activite_mail.svg\" alt=\"\"><\/td><td><a href=\"mailto:info@barreaudemontreal.qc.ca\" class=\"ek-link\">info@barreaudemontreal.qc.ca<\/a><\/td><\/tr><\/tbody><\/table><\/figure>\n\n\n\n<p><a href=\"https:\/\/www.barreaudemontreal.qc.ca\/wp-content\/uploads\/politique-fixation-prix-gratuites-remb-formations.pdf\" target=\"_blank\" rel=\"noreferrer noopener\">Voir la <em>Politique de fixation des prix, gratuit\u00e9s et remboursement des formations<\/em><\/a><br><br><em>*Une attestation de pr\u00e9sence sera transmise dans les semaines suivant l\u2019activit\u00e9.<\/em><\/p>\n\n\n\n<p>**Les trois heures de cette conf\u00e9rence sont reconnues aux fins de la formation continue obligatoire en \u00e9thique et d\u00e9ontologie.<\/p>\n\n\n<div class=\"wp-block-image\">\n<figure class=\"aligncenter size-full is-resized\"><img decoding=\"async\" width=\"185\" height=\"185\" src=\"https:\/\/www.barreaudemontreal.qc.ca\/wp-content\/uploads\/picto-ethique-deonto.webp\" alt=\"\" class=\"wp-image-35418\" style=\"width:80px;height:auto\"\/><\/figure>\n<\/div><\/div><\/div>\n<\/div>\n<\/div>\n\n\n\n<hr class=\"wp-block-separator has-alpha-channel-opacity\"\/>\n\n\n\n<h6 class=\"wp-block-heading\">Merci \u00e0 nos partenaires<\/h6>\n\n\n\n<div class=\"wp-block-columns is-layout-flex wp-container-core-columns-is-layout-9d6595d7 wp-block-columns-is-layout-flex\">\n<div class=\"wp-block-column is-layout-flow wp-block-column-is-layout-flow\">\n<figure class=\"wp-block-image size-full\"><a href=\"https:\/\/www.caij.qc.ca\" target=\"_blank\" rel=\"noreferrer noopener\"><img decoding=\"async\" width=\"166\" height=\"54\" src=\"https:\/\/www.barreaudemontreal.qc.ca\/wp-content\/uploads\/hl1.png\" alt=\"\" class=\"wp-image-10836\"\/><\/a><\/figure>\n<\/div>\n\n\n\n<div class=\"wp-block-column is-layout-flow wp-block-column-is-layout-flow\">\n<figure class=\"wp-block-image size-full\"><a href=\"https:\/\/lawyersfinancial.ca\/fr\/assurance\/assurance-auto-habitation?utm_source=Barreau%20de%20Montreal&amp;utm_medium=Website&amp;utm_campaign=Logo\" target=\"_blank\" rel=\"noreferrer noopener\"><img decoding=\"async\" width=\"177\" height=\"82\" src=\"https:\/\/www.barreaudemontreal.qc.ca\/wp-content\/uploads\/hl3.png\" alt=\"\" class=\"wp-image-10840\"\/><\/a><\/figure>\n<\/div>\n\n\n\n<div class=\"wp-block-column is-layout-flow wp-block-column-is-layout-flow\">\n<figure class=\"wp-block-image size-full\"><a href=\"https:\/\/www.groupemontpetit.com\" target=\"_blank\" rel=\"noreferrer noopener\"><img decoding=\"async\" width=\"232\" height=\"58\" src=\"https:\/\/www.barreaudemontreal.qc.ca\/wp-content\/uploads\/hl2.png\" alt=\"\" class=\"wp-image-10838\"\/><\/a><\/figure>\n<\/div>\n\n\n\n<div class=\"wp-block-column is-layout-flow wp-block-column-is-layout-flow\"><\/div>\n\n\n\n<div class=\"wp-block-column is-layout-flow wp-block-column-is-layout-flow\"><\/div>\n<\/div>\n","protected":false},"author":3,"featured_media":0,"template":"","meta":{"_acf_changed":false,"_editorskit_title_hidden":false,"_editorskit_reading_time":0,"_editorskit_is_block_options_detached":false,"_editorskit_block_options_position":"{}","inline_featured_image":false,"ngg_post_thumbnail":0},"categories":[],"class_list":["post-38865","activite","type-activite","status-publish","hentry"],"acf":[],"yoast_head":"<!-- This site is optimized with the Yoast SEO plugin v27.4 - https:\/\/yoast.com\/product\/yoast-seo-wordpress\/ -->\n<title>\u00c9volution juridique et sociale de la Communaut\u00e9 2SLGBTQ+ au Qu\u00e9bec et au Canada : luttes et avanc\u00e9es - Barreau de Montr&eacute;al<\/title>\n<meta name=\"robots\" content=\"index, follow, max-snippet:-1, max-image-preview:large, max-video-preview:-1\" \/>\n<link rel=\"canonical\" href=\"https:\/\/www.barreaudemontreal.qc.ca\/en\/activite\/evolution-juridique-et-sociale-de-la-communaute-2slgbtq-au-quebec-et-au-canada-luttes-et-avancees\/\" \/>\n<meta property=\"og:locale\" content=\"en_US\" \/>\n<meta property=\"og:type\" content=\"article\" \/>\n<meta property=\"og:title\" content=\"\u00c9volution juridique et sociale de la Communaut\u00e9 2SLGBTQ+ au Qu\u00e9bec et au Canada : luttes et avanc\u00e9es - Barreau de Montr&eacute;al\" \/>\n<meta property=\"og:description\" content=\"En collaboration avec : Cette formation explore l\u2019\u00e9volution juridique et sociale de la communaut\u00e9 2SLGBTQ+ \u00e0 travers ses luttes et les d\u00e9veloppements sociaux, l\u00e9gislatifs et jurisprudentiels. Les conf\u00e9renciers analyseront comment [&hellip;]\" \/>\n<meta property=\"og:url\" content=\"https:\/\/www.barreaudemontreal.qc.ca\/en\/activite\/evolution-juridique-et-sociale-de-la-communaute-2slgbtq-au-quebec-et-au-canada-luttes-et-avancees\/\" \/>\n<meta property=\"og:site_name\" content=\"Barreau de Montr&eacute;al\" \/>\n<meta property=\"article:modified_time\" content=\"2025-01-07T14:44:12+00:00\" \/>\n<meta name=\"twitter:card\" content=\"summary_large_image\" \/>\n<meta name=\"twitter:label1\" content=\"Est. reading time\" \/>\n\t<meta name=\"twitter:data1\" content=\"7 minutes\" \/>\n<script type=\"application\/ld+json\" class=\"yoast-schema-graph\">{\"@context\":\"https:\\\/\\\/schema.org\",\"@graph\":[{\"@type\":\"WebPage\",\"@id\":\"https:\\\/\\\/www.barreaudemontreal.qc.ca\\\/en\\\/activite\\\/evolution-juridique-et-sociale-de-la-communaute-2slgbtq-au-quebec-et-au-canada-luttes-et-avancees\\\/\",\"url\":\"https:\\\/\\\/www.barreaudemontreal.qc.ca\\\/en\\\/activite\\\/evolution-juridique-et-sociale-de-la-communaute-2slgbtq-au-quebec-et-au-canada-luttes-et-avancees\\\/\",\"name\":\"\u00c9volution juridique et sociale de la Communaut\u00e9 2SLGBTQ+ au Qu\u00e9bec et au Canada : luttes et avanc\u00e9es - Barreau de Montr&eacute;al\",\"isPartOf\":{\"@id\":\"https:\\\/\\\/www.barreaudemontreal.qc.ca\\\/en\\\/#website\"},\"primaryImageOfPage\":{\"@id\":\"https:\\\/\\\/www.barreaudemontreal.qc.ca\\\/en\\\/activite\\\/evolution-juridique-et-sociale-de-la-communaute-2slgbtq-au-quebec-et-au-canada-luttes-et-avancees\\\/#primaryimage\"},\"image\":{\"@id\":\"https:\\\/\\\/www.barreaudemontreal.qc.ca\\\/en\\\/activite\\\/evolution-juridique-et-sociale-de-la-communaute-2slgbtq-au-quebec-et-au-canada-luttes-et-avancees\\\/#primaryimage\"},\"thumbnailUrl\":\"https:\\\/\\\/www.barreaudemontreal.qc.ca\\\/wp-content\\\/uploads\\\/logo-color-175e.svg\",\"datePublished\":\"2024-11-20T19:28:00+00:00\",\"dateModified\":\"2025-01-07T14:44:12+00:00\",\"breadcrumb\":{\"@id\":\"https:\\\/\\\/www.barreaudemontreal.qc.ca\\\/en\\\/activite\\\/evolution-juridique-et-sociale-de-la-communaute-2slgbtq-au-quebec-et-au-canada-luttes-et-avancees\\\/#breadcrumb\"},\"inLanguage\":\"en-US\",\"potentialAction\":[{\"@type\":\"ReadAction\",\"target\":[\"https:\\\/\\\/www.barreaudemontreal.qc.ca\\\/en\\\/activite\\\/evolution-juridique-et-sociale-de-la-communaute-2slgbtq-au-quebec-et-au-canada-luttes-et-avancees\\\/\"]}]},{\"@type\":\"ImageObject\",\"inLanguage\":\"en-US\",\"@id\":\"https:\\\/\\\/www.barreaudemontreal.qc.ca\\\/en\\\/activite\\\/evolution-juridique-et-sociale-de-la-communaute-2slgbtq-au-quebec-et-au-canada-luttes-et-avancees\\\/#primaryimage\",\"url\":\"https:\\\/\\\/www.barreaudemontreal.qc.ca\\\/wp-content\\\/uploads\\\/logo-color-175e.svg\",\"contentUrl\":\"https:\\\/\\\/www.barreaudemontreal.qc.ca\\\/wp-content\\\/uploads\\\/logo-color-175e.svg\"},{\"@type\":\"BreadcrumbList\",\"@id\":\"https:\\\/\\\/www.barreaudemontreal.qc.ca\\\/en\\\/activite\\\/evolution-juridique-et-sociale-de-la-communaute-2slgbtq-au-quebec-et-au-canada-luttes-et-avancees\\\/#breadcrumb\",\"itemListElement\":[{\"@type\":\"ListItem\",\"position\":1,\"name\":\"Home\",\"item\":\"https:\\\/\\\/www.barreaudemontreal.qc.ca\\\/en\\\/\"},{\"@type\":\"ListItem\",\"position\":2,\"name\":\"Activit\u00e9s\",\"item\":\"https:\\\/\\\/www.barreaudemontreal.qc.ca\\\/en\\\/activite\\\/\"},{\"@type\":\"ListItem\",\"position\":3,\"name\":\"\u00c9volution juridique et sociale de la Communaut\u00e9 2SLGBTQ+ au Qu\u00e9bec et au Canada : luttes et avanc\u00e9es\"}]},{\"@type\":\"WebSite\",\"@id\":\"https:\\\/\\\/www.barreaudemontreal.qc.ca\\\/en\\\/#website\",\"url\":\"https:\\\/\\\/www.barreaudemontreal.qc.ca\\\/en\\\/\",\"name\":\"Barreau de Montr&eacute;al\",\"description\":\"La plus grande section du Barreau du Qu&eacute;bec\",\"potentialAction\":[{\"@type\":\"SearchAction\",\"target\":{\"@type\":\"EntryPoint\",\"urlTemplate\":\"https:\\\/\\\/www.barreaudemontreal.qc.ca\\\/en\\\/?s={search_term_string}\"},\"query-input\":{\"@type\":\"PropertyValueSpecification\",\"valueRequired\":true,\"valueName\":\"search_term_string\"}}],\"inLanguage\":\"en-US\"}]}<\/script>\n<!-- \/ Yoast SEO plugin. -->","yoast_head_json":{"title":"\u00c9volution juridique et sociale de la Communaut\u00e9 2SLGBTQ+ au Qu\u00e9bec et au Canada : luttes et avanc\u00e9es - Barreau de Montr&eacute;al","robots":{"index":"index","follow":"follow","max-snippet":"max-snippet:-1","max-image-preview":"max-image-preview:large","max-video-preview":"max-video-preview:-1"},"canonical":"https:\/\/www.barreaudemontreal.qc.ca\/en\/activite\/evolution-juridique-et-sociale-de-la-communaute-2slgbtq-au-quebec-et-au-canada-luttes-et-avancees\/","og_locale":"en_US","og_type":"article","og_title":"\u00c9volution juridique et sociale de la Communaut\u00e9 2SLGBTQ+ au Qu\u00e9bec et au Canada : luttes et avanc\u00e9es - Barreau de Montr&eacute;al","og_description":"En collaboration avec : Cette formation explore l\u2019\u00e9volution juridique et sociale de la communaut\u00e9 2SLGBTQ+ \u00e0 travers ses luttes et les d\u00e9veloppements sociaux, l\u00e9gislatifs et jurisprudentiels. Les conf\u00e9renciers analyseront comment [&hellip;]","og_url":"https:\/\/www.barreaudemontreal.qc.ca\/en\/activite\/evolution-juridique-et-sociale-de-la-communaute-2slgbtq-au-quebec-et-au-canada-luttes-et-avancees\/","og_site_name":"Barreau de Montr&eacute;al","article_modified_time":"2025-01-07T14:44:12+00:00","twitter_card":"summary_large_image","twitter_misc":{"Est. reading time":"7 minutes"},"schema":{"@context":"https:\/\/schema.org","@graph":[{"@type":"WebPage","@id":"https:\/\/www.barreaudemontreal.qc.ca\/en\/activite\/evolution-juridique-et-sociale-de-la-communaute-2slgbtq-au-quebec-et-au-canada-luttes-et-avancees\/","url":"https:\/\/www.barreaudemontreal.qc.ca\/en\/activite\/evolution-juridique-et-sociale-de-la-communaute-2slgbtq-au-quebec-et-au-canada-luttes-et-avancees\/","name":"\u00c9volution juridique et sociale de la Communaut\u00e9 2SLGBTQ+ au Qu\u00e9bec et au Canada : luttes et avanc\u00e9es - Barreau de Montr&eacute;al","isPartOf":{"@id":"https:\/\/www.barreaudemontreal.qc.ca\/en\/#website"},"primaryImageOfPage":{"@id":"https:\/\/www.barreaudemontreal.qc.ca\/en\/activite\/evolution-juridique-et-sociale-de-la-communaute-2slgbtq-au-quebec-et-au-canada-luttes-et-avancees\/#primaryimage"},"image":{"@id":"https:\/\/www.barreaudemontreal.qc.ca\/en\/activite\/evolution-juridique-et-sociale-de-la-communaute-2slgbtq-au-quebec-et-au-canada-luttes-et-avancees\/#primaryimage"},"thumbnailUrl":"https:\/\/www.barreaudemontreal.qc.ca\/wp-content\/uploads\/logo-color-175e.svg","datePublished":"2024-11-20T19:28:00+00:00","dateModified":"2025-01-07T14:44:12+00:00","breadcrumb":{"@id":"https:\/\/www.barreaudemontreal.qc.ca\/en\/activite\/evolution-juridique-et-sociale-de-la-communaute-2slgbtq-au-quebec-et-au-canada-luttes-et-avancees\/#breadcrumb"},"inLanguage":"en-US","potentialAction":[{"@type":"ReadAction","target":["https:\/\/www.barreaudemontreal.qc.ca\/en\/activite\/evolution-juridique-et-sociale-de-la-communaute-2slgbtq-au-quebec-et-au-canada-luttes-et-avancees\/"]}]},{"@type":"ImageObject","inLanguage":"en-US","@id":"https:\/\/www.barreaudemontreal.qc.ca\/en\/activite\/evolution-juridique-et-sociale-de-la-communaute-2slgbtq-au-quebec-et-au-canada-luttes-et-avancees\/#primaryimage","url":"https:\/\/www.barreaudemontreal.qc.ca\/wp-content\/uploads\/logo-color-175e.svg","contentUrl":"https:\/\/www.barreaudemontreal.qc.ca\/wp-content\/uploads\/logo-color-175e.svg"},{"@type":"BreadcrumbList","@id":"https:\/\/www.barreaudemontreal.qc.ca\/en\/activite\/evolution-juridique-et-sociale-de-la-communaute-2slgbtq-au-quebec-et-au-canada-luttes-et-avancees\/#breadcrumb","itemListElement":[{"@type":"ListItem","position":1,"name":"Home","item":"https:\/\/www.barreaudemontreal.qc.ca\/en\/"},{"@type":"ListItem","position":2,"name":"Activit\u00e9s","item":"https:\/\/www.barreaudemontreal.qc.ca\/en\/activite\/"},{"@type":"ListItem","position":3,"name":"\u00c9volution juridique et sociale de la Communaut\u00e9 2SLGBTQ+ au Qu\u00e9bec et au Canada : luttes et avanc\u00e9es"}]},{"@type":"WebSite","@id":"https:\/\/www.barreaudemontreal.qc.ca\/en\/#website","url":"https:\/\/www.barreaudemontreal.qc.ca\/en\/","name":"Barreau de Montr&eacute;al","description":"La plus grande section du Barreau du Qu&eacute;bec","potentialAction":[{"@type":"SearchAction","target":{"@type":"EntryPoint","urlTemplate":"https:\/\/www.barreaudemontreal.qc.ca\/en\/?s={search_term_string}"},"query-input":{"@type":"PropertyValueSpecification","valueRequired":true,"valueName":"search_term_string"}}],"inLanguage":"en-US"}]}},"_links":{"self":[{"href":"https:\/\/www.barreaudemontreal.qc.ca\/en\/wp-json\/wp\/v2\/activite\/38865","targetHints":{"allow":["GET"]}}],"collection":[{"href":"https:\/\/www.barreaudemontreal.qc.ca\/en\/wp-json\/wp\/v2\/activite"}],"about":[{"href":"https:\/\/www.barreaudemontreal.qc.ca\/en\/wp-json\/wp\/v2\/types\/activite"}],"author":[{"embeddable":true,"href":"https:\/\/www.barreaudemontreal.qc.ca\/en\/wp-json\/wp\/v2\/users\/3"}],"wp:attachment":[{"href":"https:\/\/www.barreaudemontreal.qc.ca\/en\/wp-json\/wp\/v2\/media?parent=38865"}],"wp:term":[{"taxonomy":"category","embeddable":true,"href":"https:\/\/www.barreaudemontreal.qc.ca\/en\/wp-json\/wp\/v2\/categories?post=38865"}],"curies":[{"name":"wp","href":"https:\/\/api.w.org\/{rel}","templated":true}]}}