{"id":36529,"date":"2024-04-16T10:34:25","date_gmt":"2024-04-16T14:34:25","guid":{"rendered":"https:\/\/www.barreaudemontreal.qc.ca\/?post_type=activite&#038;p=36529"},"modified":"2025-01-06T23:42:28","modified_gmt":"2025-01-07T04:42:28","slug":"lethique-et-lencadrement-legal-de-lintelligence-artificielle-rediffusion","status":"publish","type":"activite","link":"https:\/\/www.barreaudemontreal.qc.ca\/en\/activite\/lethique-et-lencadrement-legal-de-lintelligence-artificielle-rediffusion\/","title":{"rendered":"L\u2019\u00e9thique et l\u2019encadrement l\u00e9gal de l\u2019intelligence artificielle &#8211; Rediffusion"},"content":{"rendered":"\n<div class=\"wp-block-columns is-layout-flex wp-container-core-columns-is-layout-9d6595d7 wp-block-columns-is-layout-flex\">\n<div class=\"wp-block-column is-layout-flow wp-block-column-is-layout-flow\" style=\"flex-basis:66.66%\">\n<p><em>En collaboration avec :<\/em><\/p>\n\n\n\n<figure class=\"wp-block-image size-large is-resized\"><img decoding=\"async\" src=\"https:\/\/www.barreaudemontreal.qc.ca\/wp-content\/uploads\/logo-color-175e.svg\" alt=\"\" class=\"wp-image-35205\" style=\"width:250px\"\/><\/figure>\n\n\n\n<div style=\"height:20px\" aria-hidden=\"true\" class=\"wp-block-spacer\"><\/div>\n\n\n\n<p>La formation vise \u00e0 d\u00e9mystifier l\u2019intelligence artificielle, sensibiliser les participants aux impacts \u00e9thiques que peut soulever l\u2019IA, ainsi que fournir un aper\u00e7u de l\u2019encadrement l\u00e9gal qu\u00e9b\u00e9cois, canadien et ailleurs dans le monde.<\/p>\n\n\n\n<p>Les pr\u00e9sentateurs fourniront des exemples d\u2019enjeux \u00e9thiques, des cas d\u2019application, dont certains sp\u00e9cifiquement en lien avec la profession juridique, et discuteront des \u00e9l\u00e9ments \u00e0 consid\u00e9rer dans leur prise de d\u00e9cisions \u00e9thiques.<\/p>\n\n\n\n<p>Les pr\u00e9sentateurs aborderont \u00e9galement certaines questions \u00e9thiques pour lesquelles il n\u2019existe pas encore de r\u00e9ponse et pour lesquelles les tribunaux risquent d\u2019avoir \u00e0 trancher en lien avec l\u2019IA.<\/p>\n\n\n\n<div style=\"height:40px\" aria-hidden=\"true\" class=\"wp-block-spacer\"><\/div>\n\n\n\n<h6 class=\"wp-block-heading\">Conf\u00e9renci\u00e8res<\/h6>\n\n\n\n<p class=\"icone-users\"><strong>Me Danielle Ferron, Ad. E.<\/strong>, <em>Langlois avocats<\/em><\/p>\n\n\n\n<p class=\"icone-users\"><strong>Me Christiane Brizard<\/strong>, <em>Langlois avocats<\/em><\/p>\n\n\n\n<p class=\"icone-users\"><strong>Me Alexandra Provost<\/strong>,<em> Langlois avocats <\/em><\/p>\n\n\n\n<p class=\"icone-users\"><strong>Mme Madeleine Martins<\/strong>, <em>SKEMA Canada<\/em><\/p>\n\n\n\n<div style=\"height:60px\" aria-hidden=\"true\" class=\"wp-block-spacer\"><\/div>\n\n\n\n<div class=\"wp-block-buttons is-layout-flex wp-block-buttons-is-layout-flex\">\n<div class=\"wp-block-button\"><a class=\"wp-block-button__link has-central-palette-6-color has-central-palette-2-background-color has-text-color has-background has-link-color wp-element-button\" href=\"https:\/\/www.barreau.qc.ca\/formation\/event.jsp?noActiv=3147&amp;noEv=9009&amp;namePage=event.jsp&amp;Langue=fr\" target=\"_blank\" rel=\"noreferrer noopener\">Inscription<\/a><\/div>\n<\/div>\n\n\n\n<div class=\"wp-block-group\"><div class=\"wp-block-group__inner-container is-layout-constrained wp-block-group-is-layout-constrained\">\n<div style=\"height:20px\" aria-hidden=\"true\" class=\"wp-block-spacer\"><\/div>\n\n\n\n<hr class=\"wp-block-separator has-alpha-channel-opacity\"\/>\n\n\n\n<h5 class=\"wp-block-heading has-text-align-center\"><em>En savoir plus sur nos conf\u00e9renci\u00e8res :<\/em><\/h5>\n\n\n\n<div class=\"wp-block-columns has-background is-layout-flex wp-container-core-columns-is-layout-9d6595d7 wp-block-columns-is-layout-flex\" style=\"background-color:#fafafa\">\n<div class=\"wp-block-column is-layout-flow wp-block-column-is-layout-flow\" style=\"flex-basis:33.33%\">\n<figure class=\"wp-block-image size-full\"><img decoding=\"async\" width=\"251\" height=\"335\" src=\"https:\/\/www.barreaudemontreal.qc.ca\/wp-content\/uploads\/ferrond_b-335x335-1-edited.jpg\" alt=\"\" class=\"wp-image-34934\"\/><figcaption class=\"wp-element-caption\"><br><strong>Me Danielle Ferron, Ad. E.<\/strong>, <em>Langlois avocats<\/em><\/figcaption><\/figure>\n<\/div>\n\n\n\n<div class=\"wp-block-column is-layout-flow wp-block-column-is-layout-flow\" style=\"flex-basis:66.66%\">\n<p>Me Danielle Ferron, Ad. E., est associ\u00e9e du secteur litige au sein du bureau de Langlois Avocats \u00e0 Montr\u00e9al.  <\/p>\n\n\n\n<p>Me Ferron \u0153uvre en litige civil et commercial depuis plus de 25 ans. Sa pratique se concentre particuli\u00e8rement sur les dossiers de litiges commerciaux complexes, la fraude, la lutte contre le piratage, la cybercriminalit\u00e9, les litiges bancaires, les actions collectives, les litiges de propri\u00e9t\u00e9 intellectuelle, les injonctions, les saisies et autres recours urgents et extraordinaires, dont les ordonnances de type Anton Piller (perquisition en mati\u00e8re civile), Mareva et Norwich. Elle assiste les clients quant \u00e0 la gestion de crise \u00e0 la suite d\u2019incidents de cybers\u00e9curit\u00e9 (<em>breach coach<\/em>), mais \u00e9galement en amont en tant qu\u2019avocate-conseil pour pr\u00e9parer la gestion de crise potentielle. Elle est \u00e9galement appel\u00e9e \u00e0 agir comme avocat superviseur ind\u00e9pendant dans des dossiers d\u2019ordonnances Anton Piller ainsi que comme amie de la Cour (<em>amicus curiae<\/em>), entre autres dans le but de prot\u00e9ger les documents couverts par le secret professionnel saisis dans le cadre de dossiers civils, p\u00e9naux ou criminels. Elle poss\u00e8de \u00e9galement de l\u2019exp\u00e9rience en insolvabilit\u00e9 et restructuration, en assurance et en droit des technologies.<\/p>\n<\/div>\n<\/div>\n\n\n\n<div class=\"wp-block-columns has-background is-layout-flex wp-container-core-columns-is-layout-9d6595d7 wp-block-columns-is-layout-flex\" style=\"background-color:#fafafa\">\n<div class=\"wp-block-column is-layout-flow wp-block-column-is-layout-flow\" style=\"flex-basis:33.33%\">\n<figure class=\"wp-block-image size-full\"><img decoding=\"async\" width=\"251\" height=\"335\" src=\"https:\/\/www.barreaudemontreal.qc.ca\/wp-content\/uploads\/brizardc_b-335x335-1-edited.jpg\" alt=\"\" class=\"wp-image-34938\"\/><figcaption class=\"wp-element-caption\"><br><strong>Me Christiane Brizard<\/strong>, <em>Langlois avocats<\/em><\/figcaption><\/figure>\n<\/div>\n\n\n\n<div class=\"wp-block-column is-layout-flow wp-block-column-is-layout-flow\" style=\"flex-basis:66.66%\">\n<p>Christiane Brizard est associ\u00e9e au bureau de Langlois Avocats \u00e0 Montr\u00e9al. Elle exerce principalement dans le domaine de la gouvernance, de l\u2019\u00e9thique et du droit professionnel.<\/p>\n\n\n\n<p>Me&nbsp;Brizard a agi pendant plusieurs ann\u00e9es \u00e0 titre de secr\u00e9taire, vice-pr\u00e9sidente aux affaires juridiques et conseill\u00e8re strat\u00e9gique aupr\u00e8s de l\u2019Ordre des comptables agr\u00e9\u00e9s et l\u2019Ordre des comptables professionnels agr\u00e9\u00e9s. \u00c0 ce titre, elle a conseill\u00e9 la haute direction sur des enjeux \u00e9thiques, juridiques syst\u00e9miques et de gouvernance.<\/p>\n<\/div>\n<\/div>\n\n\n\n<div class=\"wp-block-columns has-background is-layout-flex wp-container-core-columns-is-layout-9d6595d7 wp-block-columns-is-layout-flex\" style=\"background-color:#fafafa\">\n<div class=\"wp-block-column is-layout-flow wp-block-column-is-layout-flow\" style=\"flex-basis:33.33%\">\n<figure class=\"wp-block-image size-full\"><img decoding=\"async\" width=\"251\" height=\"335\" src=\"https:\/\/www.barreaudemontreal.qc.ca\/wp-content\/uploads\/provosta_ab-335x335-1-edited.jpg\" alt=\"\" class=\"wp-image-34942\"\/><figcaption class=\"wp-element-caption\"><br><strong>Me Alexandra Provost<\/strong>,<em> Langlois avocats <\/em><\/figcaption><\/figure>\n<\/div>\n\n\n\n<div class=\"wp-block-column is-layout-flow wp-block-column-is-layout-flow\" style=\"flex-basis:66.66%\">\n<p>M<sup>e<\/sup>&nbsp;Alexandra Provost est avocate au sein du groupe de litige \u00e0 notre bureau de Montr\u00e9al. Elle exerce principalement dans les domaines du litige civil et commercial, de l\u2019assurance et de la responsabilit\u00e9 civile et professionnelle.<\/p>\n\n\n\n<p>M<sup>e&nbsp;<\/sup>Provost est titulaire d\u2019une licence en droit et d\u2019un baccalaur\u00e9at sp\u00e9cialis\u00e9 en d\u00e9veloppement international et mondialisation de l\u2019Universit\u00e9 d\u2019Ottawa. Elle s\u2019est jointe au cabinet \u00e0 titre d\u2019\u00e9tudiante en droit en 2021 et elle y a ensuite effectu\u00e9 son stage du Barreau en 2023.<\/p>\n<\/div>\n<\/div>\n<\/div><\/div>\n\n\n\n<div class=\"wp-block-group\"><div class=\"wp-block-group__inner-container is-layout-constrained wp-block-group-is-layout-constrained\">\n<div class=\"wp-block-columns has-background is-layout-flex wp-container-core-columns-is-layout-9d6595d7 wp-block-columns-is-layout-flex\" style=\"background-color:#fafafa\">\n<div class=\"wp-block-column is-layout-flow wp-block-column-is-layout-flow\" style=\"flex-basis:33.33%\">\n<figure class=\"wp-block-image size-full\"><img decoding=\"async\" width=\"373\" height=\"497\" src=\"https:\/\/www.barreaudemontreal.qc.ca\/wp-content\/uploads\/image-5-edited.png\" alt=\"\" class=\"wp-image-34946\"\/><figcaption class=\"wp-element-caption\"><br><strong>Mme Madeleine Martins<\/strong>, <em>SKEMA Canada<\/em><\/figcaption><\/figure>\n<\/div>\n\n\n\n<div class=\"wp-block-column is-layout-flow wp-block-column-is-layout-flow\" style=\"flex-basis:66.66%\">\n<p>Madeleine Martins est directrice g\u00e9n\u00e9rale de SKEMA \u00e9cole de gestion Canada inc qui est un centre d\u2019innovation en IA, filiale d\u2019une institution internationale d\u2019enseignement sup\u00e9rieur. Cette entreprise d\u00e9veloppe des solutions d\u2019IA et offre des formations aux professionnels pour faciliter la diffusion de l\u2019IA en entreprise.<\/p>\n\n\n\n<p>\u00c9conomiste de formation, Madeleine est une gestionnaire exp\u00e9riment\u00e9e et multidisciplinaire, passionn\u00e9e par l\u2019innovation et la recherche de solutions cr\u00e9atives. Comp\u00e9tences d\u00e9montr\u00e9es en planification strat\u00e9gique, d\u00e9veloppement organisationnel, finances, r\u00e9solution de probl\u00e8mes complexes et gouvernance d\u2019entreprise (ASC). Comp\u00e9tences d\u00e9montr\u00e9es dans les secteurs enseignement sup\u00e9rieur, financier et philanthropie. Elle a conduit des transformations majeures au sein des entreprises o\u00f9 elle a oeuvr\u00e9, dont la Caisse de d\u00e9p\u00f4ts et placements du Qu\u00e9bec et Desjardins.<\/p>\n<\/div>\n<\/div>\n<\/div><\/div>\n<\/div>\n\n\n\n<div class=\"wp-block-column is-layout-flow wp-block-column-is-layout-flow\" style=\"flex-basis:33.33%\">\n<figure class=\"wp-block-image size-large\"><img decoding=\"async\" width=\"1024\" height=\"512\" src=\"https:\/\/www.barreaudemontreal.qc.ca\/wp-content\/uploads\/webinaires-visuel-sitewebeventbrite-1-1024x512.jpg\" alt=\"\" class=\"wp-image-34929\"\/><\/figure>\n\n\n\n<div class=\"wp-block-group sidebarInner\"><div class=\"wp-block-group__inner-container is-layout-flow wp-block-group-is-layout-flow\">\n<h5 class=\"wp-block-heading\">D\u00e9tails<\/h5>\n\n\n\n<figure class=\"wp-block-table tableNoBorder\"><table><tbody><tr><td><img decoding=\"async\" style=\"width: 20px;\" src=\"https:\/\/www.barreaudemontreal.qc.ca\/wp-content\/uploads\/icones\/icone_activite_calendar.svg\" alt=\"\"><\/td><td>Webdiffusion disponible sur le site du Barreau du Qu\u00e9bec<\/td><\/tr><tr><td><img decoding=\"async\" src=\"https:\/\/www.barreaudemontreal.qc.ca\/wp-content\/uploads\/icones\/icone_activite_tarifs.svg\" alt=\"\"><\/td><td><a aria-label=\" (opens in a new tab)\" href=\"https:\/\/www.barreaudemontreal.qc.ca\/wp-content\/uploads\/presentation-formation20240215.pdf\" target=\"_blank\" rel=\"noreferrer noopener\" class=\"ek-link\">Pr\u00e9sentation Powerpoint<\/a><br><a aria-label=\"Sources cit\u00e9es et consult\u00e9es (opens in a new tab)\" href=\"https:\/\/www.barreaudemontreal.qc.ca\/wp-content\/uploads\/sources-formation20240215.pdf\" target=\"_blank\" rel=\"noreferrer noopener\" class=\"ek-link\">&#8211; Sources cit\u00e9es et consult\u00e9es<\/a><\/td><\/tr><tr><td><img decoding=\"async\" src=\"https:\/\/www.barreaudemontreal.qc.ca\/wp-content\/uploads\/icones\/icone_activite_phone.svg\" alt=\"\"><\/td><td><a href=\"tel:514 866-9392\">514 866-9392<\/a><\/td><\/tr><tr><td><img decoding=\"async\" src=\"https:\/\/www.barreaudemontreal.qc.ca\/wp-content\/uploads\/icones\/icone_activite_mail.svg\" alt=\"\"><\/td><td>formation.continue@barreau.qc.ca<\/td><\/tr><\/tbody><\/table><\/figure>\n\n\n\n<p>*Une attestation de pr\u00e9sence sera transmise par courriel dans un d\u00e9lai de 4 \u00e0 8 semaines suivant l\u2019activit\u00e9.<\/p>\n\n\n\n<div class=\"wp-block-group is-nowrap is-layout-flex wp-container-core-group-is-layout-ad2f72ca wp-block-group-is-layout-flex\">\n<p>**Les trois heures de cette conf\u00e9rence hybride son<strong>t reconnues<\/strong> aux fins de la formation continue obligatoire en \u00e9thique et d\u00e9ontologie.<\/p>\n\n\n<div class=\"wp-block-image\">\n<figure class=\"aligncenter size-full is-resized\"><img decoding=\"async\" width=\"185\" height=\"185\" src=\"https:\/\/www.barreaudemontreal.qc.ca\/wp-content\/uploads\/picto-ethique-deonto.webp\" alt=\"\" class=\"wp-image-35418\" style=\"width:80px;height:auto\"\/><\/figure>\n<\/div><\/div>\n<\/div><\/div>\n<\/div>\n<\/div>\n\n\n\n<div style=\"height:20px\" aria-hidden=\"true\" class=\"wp-block-spacer\"><\/div>\n\n\n\n<hr class=\"wp-block-separator has-alpha-channel-opacity\"\/>\n\n\n\n<h6 class=\"wp-block-heading\">Merci \u00e0 nos partenaires<\/h6>\n\n\n\n<div class=\"wp-block-columns is-layout-flex wp-container-core-columns-is-layout-9d6595d7 wp-block-columns-is-layout-flex\">\n<div class=\"wp-block-column is-layout-flow wp-block-column-is-layout-flow\">\n<figure class=\"wp-block-image size-full\"><a href=\"https:\/\/www.caij.qc.ca\" target=\"_blank\" rel=\"noreferrer noopener\"><img decoding=\"async\" width=\"166\" height=\"54\" src=\"https:\/\/www.barreaudemontreal.qc.ca\/wp-content\/uploads\/hl1.png\" alt=\"\" class=\"wp-image-10836\"\/><\/a><\/figure>\n<\/div>\n\n\n\n<div class=\"wp-block-column is-layout-flow wp-block-column-is-layout-flow\">\n<figure class=\"wp-block-image size-full\"><a href=\"https:\/\/lawyersfinancial.ca\/fr\/assurance\/assurance-auto-habitation?utm_source=Barreau%20de%20Montreal&amp;utm_medium=Website&amp;utm_campaign=Logo\" target=\"_blank\" rel=\"noreferrer noopener\"><img decoding=\"async\" width=\"177\" height=\"82\" src=\"https:\/\/www.barreaudemontreal.qc.ca\/wp-content\/uploads\/hl3.png\" alt=\"\" class=\"wp-image-10840\"\/><\/a><\/figure>\n<\/div>\n\n\n\n<div class=\"wp-block-column is-layout-flow wp-block-column-is-layout-flow\">\n<figure class=\"wp-block-image size-full\"><a href=\"https:\/\/www.groupemontpetit.com\" target=\"_blank\" rel=\"noreferrer noopener\"><img decoding=\"async\" width=\"232\" height=\"58\" src=\"https:\/\/www.barreaudemontreal.qc.ca\/wp-content\/uploads\/hl2.png\" alt=\"\" class=\"wp-image-10838\"\/><\/a><\/figure>\n<\/div>\n\n\n\n<div class=\"wp-block-column is-layout-flow wp-block-column-is-layout-flow\"><\/div>\n\n\n\n<div class=\"wp-block-column is-layout-flow wp-block-column-is-layout-flow\"><\/div>\n<\/div>\n","protected":false},"author":3,"featured_media":0,"template":"","meta":{"_acf_changed":true,"_editorskit_title_hidden":false,"_editorskit_reading_time":0,"_editorskit_is_block_options_detached":false,"_editorskit_block_options_position":"{}","inline_featured_image":false,"ngg_post_thumbnail":0},"categories":[],"class_list":["post-36529","activite","type-activite","status-publish","hentry"],"acf":[],"yoast_head":"<!-- This site is optimized with the Yoast SEO plugin v27.4 - https:\/\/yoast.com\/product\/yoast-seo-wordpress\/ -->\n<title>L\u2019\u00e9thique et l\u2019encadrement l\u00e9gal de l\u2019intelligence artificielle - Rediffusion - Barreau de Montr&eacute;al<\/title>\n<meta name=\"robots\" content=\"index, follow, max-snippet:-1, max-image-preview:large, max-video-preview:-1\" \/>\n<link rel=\"canonical\" href=\"https:\/\/www.barreaudemontreal.qc.ca\/en\/activite\/lethique-et-lencadrement-legal-de-lintelligence-artificielle-rediffusion\/\" \/>\n<meta property=\"og:locale\" content=\"en_US\" \/>\n<meta property=\"og:type\" content=\"article\" \/>\n<meta property=\"og:title\" content=\"L\u2019\u00e9thique et l\u2019encadrement l\u00e9gal de l\u2019intelligence artificielle - Rediffusion - Barreau de Montr&eacute;al\" \/>\n<meta property=\"og:description\" content=\"En collaboration avec : La formation vise \u00e0 d\u00e9mystifier l\u2019intelligence artificielle, sensibiliser les participants aux impacts \u00e9thiques que peut soulever l\u2019IA, ainsi que fournir un aper\u00e7u de l\u2019encadrement l\u00e9gal qu\u00e9b\u00e9cois, [&hellip;]\" \/>\n<meta property=\"og:url\" content=\"https:\/\/www.barreaudemontreal.qc.ca\/en\/activite\/lethique-et-lencadrement-legal-de-lintelligence-artificielle-rediffusion\/\" \/>\n<meta property=\"og:site_name\" content=\"Barreau de Montr&eacute;al\" \/>\n<meta property=\"article:modified_time\" content=\"2025-01-07T04:42:28+00:00\" \/>\n<meta name=\"twitter:card\" content=\"summary_large_image\" \/>\n<meta name=\"twitter:label1\" content=\"Est. reading time\" \/>\n\t<meta name=\"twitter:data1\" content=\"7 minutes\" \/>\n<script type=\"application\/ld+json\" class=\"yoast-schema-graph\">{\"@context\":\"https:\\\/\\\/schema.org\",\"@graph\":[{\"@type\":\"WebPage\",\"@id\":\"https:\\\/\\\/www.barreaudemontreal.qc.ca\\\/en\\\/activite\\\/lethique-et-lencadrement-legal-de-lintelligence-artificielle-rediffusion\\\/\",\"url\":\"https:\\\/\\\/www.barreaudemontreal.qc.ca\\\/en\\\/activite\\\/lethique-et-lencadrement-legal-de-lintelligence-artificielle-rediffusion\\\/\",\"name\":\"L\u2019\u00e9thique et l\u2019encadrement l\u00e9gal de l\u2019intelligence artificielle - Rediffusion - Barreau de Montr&eacute;al\",\"isPartOf\":{\"@id\":\"https:\\\/\\\/www.barreaudemontreal.qc.ca\\\/en\\\/#website\"},\"primaryImageOfPage\":{\"@id\":\"https:\\\/\\\/www.barreaudemontreal.qc.ca\\\/en\\\/activite\\\/lethique-et-lencadrement-legal-de-lintelligence-artificielle-rediffusion\\\/#primaryimage\"},\"image\":{\"@id\":\"https:\\\/\\\/www.barreaudemontreal.qc.ca\\\/en\\\/activite\\\/lethique-et-lencadrement-legal-de-lintelligence-artificielle-rediffusion\\\/#primaryimage\"},\"thumbnailUrl\":\"https:\\\/\\\/www.barreaudemontreal.qc.ca\\\/wp-content\\\/uploads\\\/logo-color-175e.svg\",\"datePublished\":\"2024-04-16T14:34:25+00:00\",\"dateModified\":\"2025-01-07T04:42:28+00:00\",\"breadcrumb\":{\"@id\":\"https:\\\/\\\/www.barreaudemontreal.qc.ca\\\/en\\\/activite\\\/lethique-et-lencadrement-legal-de-lintelligence-artificielle-rediffusion\\\/#breadcrumb\"},\"inLanguage\":\"en-US\",\"potentialAction\":[{\"@type\":\"ReadAction\",\"target\":[\"https:\\\/\\\/www.barreaudemontreal.qc.ca\\\/en\\\/activite\\\/lethique-et-lencadrement-legal-de-lintelligence-artificielle-rediffusion\\\/\"]}]},{\"@type\":\"ImageObject\",\"inLanguage\":\"en-US\",\"@id\":\"https:\\\/\\\/www.barreaudemontreal.qc.ca\\\/en\\\/activite\\\/lethique-et-lencadrement-legal-de-lintelligence-artificielle-rediffusion\\\/#primaryimage\",\"url\":\"https:\\\/\\\/www.barreaudemontreal.qc.ca\\\/wp-content\\\/uploads\\\/logo-color-175e.svg\",\"contentUrl\":\"https:\\\/\\\/www.barreaudemontreal.qc.ca\\\/wp-content\\\/uploads\\\/logo-color-175e.svg\"},{\"@type\":\"BreadcrumbList\",\"@id\":\"https:\\\/\\\/www.barreaudemontreal.qc.ca\\\/en\\\/activite\\\/lethique-et-lencadrement-legal-de-lintelligence-artificielle-rediffusion\\\/#breadcrumb\",\"itemListElement\":[{\"@type\":\"ListItem\",\"position\":1,\"name\":\"Home\",\"item\":\"https:\\\/\\\/www.barreaudemontreal.qc.ca\\\/en\\\/\"},{\"@type\":\"ListItem\",\"position\":2,\"name\":\"Activit\u00e9s\",\"item\":\"https:\\\/\\\/www.barreaudemontreal.qc.ca\\\/en\\\/activite\\\/\"},{\"@type\":\"ListItem\",\"position\":3,\"name\":\"L\u2019\u00e9thique et l\u2019encadrement l\u00e9gal de l\u2019intelligence artificielle &#8211; Rediffusion\"}]},{\"@type\":\"WebSite\",\"@id\":\"https:\\\/\\\/www.barreaudemontreal.qc.ca\\\/en\\\/#website\",\"url\":\"https:\\\/\\\/www.barreaudemontreal.qc.ca\\\/en\\\/\",\"name\":\"Barreau de Montr&eacute;al\",\"description\":\"La plus grande section du Barreau du Qu&eacute;bec\",\"potentialAction\":[{\"@type\":\"SearchAction\",\"target\":{\"@type\":\"EntryPoint\",\"urlTemplate\":\"https:\\\/\\\/www.barreaudemontreal.qc.ca\\\/en\\\/?s={search_term_string}\"},\"query-input\":{\"@type\":\"PropertyValueSpecification\",\"valueRequired\":true,\"valueName\":\"search_term_string\"}}],\"inLanguage\":\"en-US\"}]}<\/script>\n<!-- \/ Yoast SEO plugin. -->","yoast_head_json":{"title":"L\u2019\u00e9thique et l\u2019encadrement l\u00e9gal de l\u2019intelligence artificielle - Rediffusion - Barreau de Montr&eacute;al","robots":{"index":"index","follow":"follow","max-snippet":"max-snippet:-1","max-image-preview":"max-image-preview:large","max-video-preview":"max-video-preview:-1"},"canonical":"https:\/\/www.barreaudemontreal.qc.ca\/en\/activite\/lethique-et-lencadrement-legal-de-lintelligence-artificielle-rediffusion\/","og_locale":"en_US","og_type":"article","og_title":"L\u2019\u00e9thique et l\u2019encadrement l\u00e9gal de l\u2019intelligence artificielle - Rediffusion - Barreau de Montr&eacute;al","og_description":"En collaboration avec : La formation vise \u00e0 d\u00e9mystifier l\u2019intelligence artificielle, sensibiliser les participants aux impacts \u00e9thiques que peut soulever l\u2019IA, ainsi que fournir un aper\u00e7u de l\u2019encadrement l\u00e9gal qu\u00e9b\u00e9cois, [&hellip;]","og_url":"https:\/\/www.barreaudemontreal.qc.ca\/en\/activite\/lethique-et-lencadrement-legal-de-lintelligence-artificielle-rediffusion\/","og_site_name":"Barreau de Montr&eacute;al","article_modified_time":"2025-01-07T04:42:28+00:00","twitter_card":"summary_large_image","twitter_misc":{"Est. reading time":"7 minutes"},"schema":{"@context":"https:\/\/schema.org","@graph":[{"@type":"WebPage","@id":"https:\/\/www.barreaudemontreal.qc.ca\/en\/activite\/lethique-et-lencadrement-legal-de-lintelligence-artificielle-rediffusion\/","url":"https:\/\/www.barreaudemontreal.qc.ca\/en\/activite\/lethique-et-lencadrement-legal-de-lintelligence-artificielle-rediffusion\/","name":"L\u2019\u00e9thique et l\u2019encadrement l\u00e9gal de l\u2019intelligence artificielle - Rediffusion - Barreau de Montr&eacute;al","isPartOf":{"@id":"https:\/\/www.barreaudemontreal.qc.ca\/en\/#website"},"primaryImageOfPage":{"@id":"https:\/\/www.barreaudemontreal.qc.ca\/en\/activite\/lethique-et-lencadrement-legal-de-lintelligence-artificielle-rediffusion\/#primaryimage"},"image":{"@id":"https:\/\/www.barreaudemontreal.qc.ca\/en\/activite\/lethique-et-lencadrement-legal-de-lintelligence-artificielle-rediffusion\/#primaryimage"},"thumbnailUrl":"https:\/\/www.barreaudemontreal.qc.ca\/wp-content\/uploads\/logo-color-175e.svg","datePublished":"2024-04-16T14:34:25+00:00","dateModified":"2025-01-07T04:42:28+00:00","breadcrumb":{"@id":"https:\/\/www.barreaudemontreal.qc.ca\/en\/activite\/lethique-et-lencadrement-legal-de-lintelligence-artificielle-rediffusion\/#breadcrumb"},"inLanguage":"en-US","potentialAction":[{"@type":"ReadAction","target":["https:\/\/www.barreaudemontreal.qc.ca\/en\/activite\/lethique-et-lencadrement-legal-de-lintelligence-artificielle-rediffusion\/"]}]},{"@type":"ImageObject","inLanguage":"en-US","@id":"https:\/\/www.barreaudemontreal.qc.ca\/en\/activite\/lethique-et-lencadrement-legal-de-lintelligence-artificielle-rediffusion\/#primaryimage","url":"https:\/\/www.barreaudemontreal.qc.ca\/wp-content\/uploads\/logo-color-175e.svg","contentUrl":"https:\/\/www.barreaudemontreal.qc.ca\/wp-content\/uploads\/logo-color-175e.svg"},{"@type":"BreadcrumbList","@id":"https:\/\/www.barreaudemontreal.qc.ca\/en\/activite\/lethique-et-lencadrement-legal-de-lintelligence-artificielle-rediffusion\/#breadcrumb","itemListElement":[{"@type":"ListItem","position":1,"name":"Home","item":"https:\/\/www.barreaudemontreal.qc.ca\/en\/"},{"@type":"ListItem","position":2,"name":"Activit\u00e9s","item":"https:\/\/www.barreaudemontreal.qc.ca\/en\/activite\/"},{"@type":"ListItem","position":3,"name":"L\u2019\u00e9thique et l\u2019encadrement l\u00e9gal de l\u2019intelligence artificielle &#8211; Rediffusion"}]},{"@type":"WebSite","@id":"https:\/\/www.barreaudemontreal.qc.ca\/en\/#website","url":"https:\/\/www.barreaudemontreal.qc.ca\/en\/","name":"Barreau de Montr&eacute;al","description":"La plus grande section du Barreau du Qu&eacute;bec","potentialAction":[{"@type":"SearchAction","target":{"@type":"EntryPoint","urlTemplate":"https:\/\/www.barreaudemontreal.qc.ca\/en\/?s={search_term_string}"},"query-input":{"@type":"PropertyValueSpecification","valueRequired":true,"valueName":"search_term_string"}}],"inLanguage":"en-US"}]}},"_links":{"self":[{"href":"https:\/\/www.barreaudemontreal.qc.ca\/en\/wp-json\/wp\/v2\/activite\/36529","targetHints":{"allow":["GET"]}}],"collection":[{"href":"https:\/\/www.barreaudemontreal.qc.ca\/en\/wp-json\/wp\/v2\/activite"}],"about":[{"href":"https:\/\/www.barreaudemontreal.qc.ca\/en\/wp-json\/wp\/v2\/types\/activite"}],"author":[{"embeddable":true,"href":"https:\/\/www.barreaudemontreal.qc.ca\/en\/wp-json\/wp\/v2\/users\/3"}],"wp:attachment":[{"href":"https:\/\/www.barreaudemontreal.qc.ca\/en\/wp-json\/wp\/v2\/media?parent=36529"}],"wp:term":[{"taxonomy":"category","embeddable":true,"href":"https:\/\/www.barreaudemontreal.qc.ca\/en\/wp-json\/wp\/v2\/categories?post=36529"}],"curies":[{"name":"wp","href":"https:\/\/api.w.org\/{rel}","templated":true}]}}