{"id":33198,"date":"2023-07-12T16:28:26","date_gmt":"2023-07-12T20:28:26","guid":{"rendered":"https:\/\/www.barreaudemontreal.qc.ca\/?post_type=activite&#038;p=33198"},"modified":"2024-06-20T11:26:33","modified_gmt":"2024-06-20T15:26:33","slug":"rentree-judiciaire-2023","status":"publish","type":"activite","link":"https:\/\/www.barreaudemontreal.qc.ca\/en\/activite\/rentree-judiciaire-2023\/","title":{"rendered":"Rentr\u00e9e judiciaire 2023"},"content":{"rendered":"\n<figure class=\"wp-block-image size-large\"><img decoding=\"async\" src=\"https:\/\/www.barreaudemontreal.qc.ca\/wp-content\/uploads\/bandeau-large-1024x285.jpg\" alt=\"\" class=\"wp-image-33281\"\/><\/figure>\n\n\n\n<div style=\"height:20px\" aria-hidden=\"true\" class=\"wp-block-spacer\"><\/div>\n\n\n\n<h2 class=\"wp-block-heading\"><em>Rentr\u00e9e judiciaire 2023 : Connect\u00e9s<\/em><\/h2>\n\n\n\n<p><em>Par Pierre-Luc Beauchesne, avocat<\/em><\/p>\n\n\n\n<p>Le 7 septembre dernier, la Rentr\u00e9e judiciaire montr\u00e9alaise s\u2019est d\u00e9roul\u00e9e en deux temps, et ce, comme le veut la tradition. Tout d\u2019abord, en matin\u00e9e, lors de l\u2019Ouverture des tribunaux au Palais de justice de Montr\u00e9al, les ministres de la justice et les juges en chef des diff\u00e9rentes cours ont eu la chance de faire le point sur l\u2019ann\u00e9e qui s\u2019est \u00e9coul\u00e9e et de partager leurs projets et priorit\u00e9s pour la prochaine ann\u00e9e judiciaire.<\/p>\n\n\n\n<p>Par la suite, en fin de journ\u00e9e, les invit\u00e9s du b\u00e2tonnier de Montr\u00e9al ont partag\u00e9 leurs r\u00e9flexions sur le th\u00e8me \u00ab Connect\u00e9s \u00bb lors de la C\u00e9r\u00e9monie de la Rentr\u00e9e au Centre Mont-Royal. Me David Ettedgui a \u00e9galement remis la M\u00e9daille du Barreau de Montr\u00e9al \u00e0 Me Manuel Shacter pour sa contribution exceptionnelle \u00e0 la cause de la justice.<\/p>\n\n\n\n<p>Pour ceux et celles qui n\u2019ont pas eu la chance d\u2019assister \u00e0 la Rentr\u00e9e, voici un bref r\u00e9sum\u00e9 des allocutions qui ont \u00e9t\u00e9 pr\u00e9sent\u00e9es. <\/p>\n\n\n\n<div style=\"height:20px\" aria-hidden=\"true\" class=\"wp-block-spacer\"><\/div>\n\n\n\n<h2 class=\"wp-block-heading\">Ouverture des tribunaux<\/h2>\n\n\n\n<p><strong>L\u2019honorable Simon Jolin-Barrette<\/strong> : Souhaitant une justice plus accessible et efficace, le ministre de la Justice du Qu\u00e9bec rappelle les importantes r\u00e9formes mises de l\u2019avant au cours des derniers mois, dont la <em>Loi visant \u00e0 am\u00e9liorer l&#8217;efficacit\u00e9 et l&#8217;accessibilit\u00e9 de la justice<\/em>, qui vise notamment \u00e0 simplifier la proc\u00e9dure civile \u00e0 la Cour du Qu\u00e9bec, et le programme Lexius. Le ministre a aussi fait \u00e9tat de l\u2019ajout de 14 nouveaux juges \u00e0 la Cour du Qu\u00e9bec et des efforts faits afin de combler les postes vacants au sein du minist\u00e8re.<\/p>\n\n\n\n<p><strong>Me Patricia R. Lattanzio<\/strong>: D\u00e9put\u00e9e f\u00e9d\u00e9rale dans Saint-L\u00e9onard &#8211; Saint-Michel, Me Lattanzio repr\u00e9sentait l\u2019honorable Arif Virani, ministre de la Justice et procureur g\u00e9n\u00e9ral du Canada, qui ne pouvait \u00eatre pr\u00e9sent. Des efforts importants sont d\u00e9ploy\u00e9s afin d\u2019\u00e9liminer le racisme et la discrimination au sein du syst\u00e8me de justice et d\u2019assurer un traitement \u00e9quitable pour tous les justiciables. \u00c0 cet effet, un plan d\u2019action relativement \u00e0 la <em>Loi sur la D\u00e9claration des Nations Unies sur les droits des peuples autochtones<\/em> a \u00e9t\u00e9 d\u00e9pos\u00e9 cette ann\u00e9e.<\/p>\n\n\n\n<p><strong>L\u2019honorable Manon Savard <\/strong>: La juge en chef du Qu\u00e9bec a fait part de trois constats 1) La raret\u00e9 de la main d\u2019\u0153uvre et le manque flagrant de personnel sont de nouveaux obstacles qui fragilisent les tribunaux. De meilleures conditions salariales sont n\u00e9cessaires. 2) Une r\u00e9flexion devrait \u00eatre amorc\u00e9e relativement aux risques reli\u00e9s \u00e0 l\u2019intelligence artificielle. Par ailleurs, afin d\u2019acc\u00e9l\u00e9rer la transformation de la justice vers le num\u00e9rique, la Cour d\u2019appel a revu sa r\u00e8glementation en mati\u00e8re civile et exige dor\u00e9navant une version technologique de toutes les proc\u00e9dures. 3) Il faut continuer \u00e0 d\u00e9ployer des efforts afin de rendre le syst\u00e8me de justice plus efficace et de s\u2019adapter aux r\u00e9alit\u00e9s toujours changeantes.<\/p>\n\n\n\n<p><strong><a href=\"https:\/\/www.barreaudemontreal.qc.ca\/wp-content\/uploads\/all-marie-anne-paquette_20230907.pdf\" target=\"_blank\" aria-label=\"L\u2019honorable Marie-Anne Paquette (opens in a new tab)\" rel=\"noreferrer noopener\" class=\"ek-link\">L\u2019honorable Marie-Anne Paquette<\/a><\/strong> : La juge en chef de la Cour sup\u00e9rieure s\u2019est entretenue sur 7 sujets qui la pr\u00e9occupent 1) Pour la juge Paquette, l\u2019heure est grave : le public doit \u00eatre inform\u00e9 du probl\u00e8me d\u2019exode du personnel et de ses cons\u00e9quences sur la sant\u00e9 du syst\u00e8me de justice. 2) Avec la collaboration des HEC Montr\u00e9al, la Cour sup\u00e9rieure mettra en place un chantier de planification strat\u00e9gique afin de se doter d\u2019une structure de gestion moderne et efficace 3) L\u2019ind\u00e9pendance judiciaire est d\u2019une importance capitale pour les citoyens et tout doit \u00eatre mis en \u0153uvre pour que le public n\u2019ait pas de motifs raisonnables d\u2019en douter. 4) Soulignant l\u2019importances des m\u00e9dias pour la sant\u00e9 de notre d\u00e9mocratie, la juge en chef salue le travail des journalistes judicaires qui font preuve de r\u00e9silience dans un contexte souvent difficile. 5) En mati\u00e8re criminelle, le d\u00e9lai de 30 mois est respect\u00e9, mais au prix de sacrifices qui ne seraient pas requis s\u2019il y avait assez d\u2019effectifs. 6) Le projet Lexius est maintenant lanc\u00e9 pour le d\u00e9p\u00f4t de proc\u00e9dures en mati\u00e8re non contentieuse. La Cour devra aussi r\u00e9fl\u00e9chir \u00e0 la fa\u00e7on d\u2019am\u00e9liorer les services offerts \u00e0 la population en int\u00e9grant l\u2019intelligence artificielle \u00e0 ses op\u00e9rations, tout en pr\u00e9servant l\u2019ind\u00e9pendance judiciaire et la confiance du public. 7) La juge en chef souligne que 6 postes de juge demeurent vacants, dont 4 \u00e0 Montr\u00e9al. Un tel retard \u00e0 nommer les juges entra\u00eene des cons\u00e9quences concr\u00e8tes sur la population, privant les justiciables de 66 jours de proc\u00e8s chaque mois.<\/p>\n\n\n\n<p><strong><a href=\"https:\/\/www.barreaudemontreal.qc.ca\/wp-content\/uploads\/all-patrick-boyle_20230907.pdf\" target=\"_blank\" aria-label=\"L\u2019honorable Patrick J. Boyle (opens in a new tab)\" rel=\"noreferrer noopener\" class=\"ek-link\">L\u2019honorable Patrick J. Boyle<\/a> <\/strong>: Le juge en chef adjoint par int\u00e9rim de la Cour canadienne de l\u2019imp\u00f4t annonce la construction d\u2019un nouveau complexe judiciaire pour la Cour f\u00e9d\u00e9rale \u00e0 Montr\u00e9al. De plus, le projet pilote permettant d\u2019intenter des proc\u00e9dures en vertu du <em>Code de proc\u00e9dure civile<\/em> se poursuit, mais aucun dossier n\u2019a \u00e9t\u00e9 ouvert pour l\u2019instant. Le juge Boyle rappelle \u00e9galement que le d\u00e9p\u00f4t \u00e9lectronique de proc\u00e9dures \u00e0 la Cour f\u00e9d\u00e9rale est possible. Il souligne finalement que quelques postes de juges sont toujours \u00e0 pourvoir \u00e0 la Cour canadienne de l\u2019imp\u00f4t.<\/p>\n\n\n\n<p><strong>L\u2019honorable Lucie Rondeau <\/strong>: La juge en chef de la Cour du Qu\u00e9bec veut briser le mythe de \u00ab gouvernement des juges \u00bb, rappelant l\u2019importance des principes de la s\u00e9paration des pouvoirs et de l\u2019ind\u00e9pendance judiciaire. La juge Rondeau souhaite \u00e9galement moderniser le travail des juges afin d\u2019assurer l\u2019optimisation des ressources. Terminant son mandat cette ann\u00e9e, la juge en chef de la Cour du Qu\u00e9bec a \u00e9t\u00e9 applaudie chaleureusement par ses pairs et les avocats pr\u00e9sents.<\/p>\n\n\n\n<div style=\"height:20px\" aria-hidden=\"true\" class=\"wp-block-spacer\"><\/div>\n\n\n\n<h2 class=\"wp-block-heading\">C\u00e9r\u00e9monie de la Rentr\u00e9e judiciaire<\/h2>\n\n\n\n<p>Afin de mettre \u00e0 l\u2019honneur le th\u00e8me de la Rentr\u00e9e judiciaire, le b\u00e2tonnier David Ettedgui a rassembl\u00e9, sous la forme d\u2019un panel, plusieurs invit\u00e9s repr\u00e9sentant la diversit\u00e9 montr\u00e9alaise. Voici un bref aper\u00e7u de leurs r\u00e9flexions :<\/p>\n\n\n\n<ul class=\"wp-block-list\">\n<li><strong>Monsieur le b\u00e2tonnier G\u00e9rald R. Tremblay, C.M., O.Q., c.r., Ad. E. \u2013 <em>Connect\u00e9 au pass\u00e9<\/em><\/strong> : Me Tremblay souligne l\u2019importance de la communication entre le Barreau et la magistrature et de l\u2019enseignement de la d\u00e9ontologie pour les futurs avocats.<\/li>\n<\/ul>\n\n\n\n<ul class=\"wp-block-list\">\n<li><strong>L\u2019honorable Geeta Narang \u2013 <em>Connect\u00e9 \u00e0 sa communaut\u00e9<\/em><\/strong> : Pour la juge Narang, il faut apprendre \u00e0 se d\u00e9connecter du milieu juridique, pour mieux se connecter \u00e0 sa communaut\u00e9 et aux justiciables issus de diff\u00e9rents milieux.<br><\/li>\n\n\n\n<li><strong>Me Anne-Marie Santorineos \u2013 <em>Connect\u00e9 au public<\/em> <\/strong>: Pour demeurer un acteur impliqu\u00e9 au sein de la soci\u00e9t\u00e9, l\u2019avocat doit se reconnecter au public et partager son expertise avec les justiciables qui sont souvent des personnes tr\u00e8s vuln\u00e9rables. <br><\/li>\n\n\n\n<li><strong>Me Nathalie Roy \u2013 <em>Connect\u00e9 \u00e0 l\u2019humain derri\u00e8re les technologies la technologie :<\/em><\/strong> L\u2019avocat doit composer et comprendre la technologie et devenir en quelque sorte un \u00ab juriste augment\u00e9 \u00bb.<br><\/li>\n\n\n\n<li><strong>Me Martine Musau Muele \u2013 <em>Connect\u00e9 \u00e0 sa ville<\/em><\/strong> : La ville de Montr\u00e9al est un \u00ab hub \u00bb exceptionnel o\u00f9 tous les avocats ont un r\u00f4le \u00e0 jouer pour nourrir l\u2019intelligence collective.<br><\/li>\n\n\n\n<li><strong>Me Peter Moraitis \u2013<em> Connect\u00e9 \u00e0 son Barreau <\/em><\/strong>: Me Moraitis invite les avocats montr\u00e9alais \u00e0 se connecter \u00e0 leur Barreau de Montr\u00e9al et ses comit\u00e9s, dont le succ\u00e8s d\u00e9coule de la diversit\u00e9 des membres.<br><\/li>\n\n\n\n<li><strong>Me Isabelle Hach\u00e9 \u2013 <em>Connect\u00e9 \u00e0 la mission du Barreau de Montr\u00e9al<\/em><\/strong> : Le Barreau de Montr\u00e9al a comme principale mission de prot\u00e9ger le public. Il est la seule section du Barreau du Qu\u00e9bec mandat\u00e9e \u00e0 pr\u00e9venir, contr\u00f4ler et sanctionner l\u2019exercice ill\u00e9gal de la profession d\u2019avocat.<br><\/li>\n\n\n\n<li><strong>Emma Ettedgui<\/strong> et <strong>Victoria O\u2019Connell-Lapierre \u2013<em> Connect\u00e9 \u00e0 notre futur<\/em><\/strong> : Emma, fille du b\u00e2tonnier Ettedgui, et Victoria, fille de Me Vanessa O\u2019Connell-Chr\u00e9tien, conseill\u00e8re au Barreau de Montr\u00e9al, invitent les avocats montr\u00e9alais \u00e0 se connecter \u00e0 leur environnement afin de permettre aux futures g\u00e9n\u00e9rations de vivre dans un milieu sain.<\/li>\n<\/ul>\n\n\n\n<p><strong><a href=\"https:\/\/www.barreaudemontreal.qc.ca\/wp-content\/uploads\/all-batonniereqcclaveau_20230907.pdf\" target=\"_blank\" aria-label=\"Madame la b\u00e2tonni\u00e8re Catherine Claveau (opens in a new tab)\" rel=\"noreferrer noopener\" class=\"ek-link\">Madame la b\u00e2tonni\u00e8re Catherine Claveau<\/a><\/strong> : Le Barreau du Qu\u00e9bec f\u00eatera ses 175 ans cette ann\u00e9e et tient plus que jamais \u00e0 se rapprocher des justiciables, notamment avec sa clinique juridique dont les activit\u00e9s d\u00e9buteront bient\u00f4t dans les 4 centres de formation. Pour la b\u00e2tonni\u00e8re du Qu\u00e9bec, le financement de la justice est insuffisant et demeure un enjeu majeur, notamment en ce qui concerne les tarifs d\u2019aide juridique et la justice dans le Nord du Qu\u00e9bec. Pr\u00e9occup\u00e9 par les changements climatiques, le Barreau souhaite \u00e9galement devenir un leader en responsabilit\u00e9 sociale et mettre en \u0153uvre une politique et un plan d\u2019action en ce sens. Soucieux du bien-\u00eatre psychologique de ses membre, le Barreau du Qu\u00e9bec invite, en ce d\u00e9but d\u2019ann\u00e9e judiciaire, tous les avocats \u00e0 faire preuve d\u2019empathie et de bienveillance. <\/p>\n\n\n\n<p><strong>Me Joey Suri <\/strong>: Le pr\u00e9sident du JBM souligne la grande richesse de la profession d\u2019avocat et tente de circonscrire ce qui connecte ses membres, dont la passion de la justice, le d\u00e9fi intellectuel et le d\u00e9sir d\u2019aider les autres. Plus que jamais, le JBM est pr\u00eat \u00e0 relever de nouveaux d\u00e9fis et surtout \u00e0 rester connect\u00e9 au service des autres. Pour Me Suri, le droit est le meilleur moyen pour d\u00e9fendre ce qui nous tient \u00e0 c\u0153ur. La m\u00e9daille du Barreau de Montr\u00e9al a \u00e9t\u00e9 remise cette ann\u00e9e \u00e0 Me Manuel Shacter, un v\u00e9ritable pionnier qui a pratiqu\u00e9 le droit pendant plus de 75 ans. Pour en conna\u00eetre plus sur Me Shacter, vous pouvez lire la figure de ma\u00eetre qui lui a \u00e9t\u00e9 consacr\u00e9e en <a href=\"https:\/\/www.barreaudemontreal.qc.ca\/communications\/figure-de-maitre-me-manuel-schacter\/\" target=\"_blank\" aria-label=\"cliquant ici (opens in a new tab)\" rel=\"noreferrer noopener\" class=\"ek-link\">cliquant ici<\/a>.<\/p>\n\n\n\n<p><strong>Me David Ettedgui <\/strong>: Le b\u00e2tonnier de Montr\u00e9al est en bonne voie pour concr\u00e9tiser son programme annonc\u00e9 lors de la derni\u00e8re AGA. Comme il l\u2019avait annonc\u00e9, la premi\u00e8re journ\u00e9e des stagiaires, qui consistait notamment \u00e0 une visite du palais de justice et de la Cour d\u2019appel, s\u2019est d\u00e9roul\u00e9e le 16 ao\u00fbt dernier et a connu un succ\u00e8s retentissant. Le Barreau a \u00e9galement lanc\u00e9 son calendrier communautaire qui regroupera toutes les activit\u00e9s de la communaut\u00e9 juridique montr\u00e9alaise. Afin de mieux se connecter \u00e0 l\u2019international, le Barreau de Montr\u00e9al sera l\u2019h\u00f4te de la prochaine \u00e9dition du <em>World City Bar Leaders <\/em>qui se tiendra du 15 au 18 octobre 2023.<\/p>\n\n\n\n<p>Le Barreau de Montr\u00e9al f\u00eatera l\u2019ann\u00e9e prochaine ses 175 ans notamment lors d\u2019un \u00e9v\u00e9nement qui aura lieu le 30 mai 2024 : r\u00e9servez la date \u00e0 vos agendas. Me Ettedgui continuera \u00e9galement l\u2019initiative lanc\u00e9e par la b\u00e2tonni\u00e8re Julie Mousseau, soit <em>Les Grands entretiens<\/em>, et accueillera le 13 novembre prochain Mes Mitch Garber et Anne-Marie Boucher. Le Barreau de Montr\u00e9al remercie l\u2019animateur de la C\u00e9r\u00e9monie, le toujours spirituel Me Joey Hanna, et ses partenaires qui ont rendu possible l\u2019\u00e9v\u00e9nement, soit le <strong>Centre d&#8217;acc\u00e8s \u00e0 l&#8217;information juridique (CAIJ)<\/strong>, la <strong>Financi\u00e8re des avocates et avocats<\/strong>, <strong>DiliTrust<\/strong>; et le groupe <strong>Montpetit \u2013 Ressources humaines<\/strong> qui f\u00eate cette ann\u00e9e ses 40 ans. <\/p>\n\n\n\n<p>Pour voir les photos de la Rentr\u00e9e judiciaire, vous pouvez <a href=\"https:\/\/www.barreaudemontreal.qc.ca\/la-rentree-judiciaire-2023-en-images\" target=\"_blank\" aria-label=\"cliquer ici (opens in a new tab)\" rel=\"noreferrer noopener\" class=\"ek-link\">cliquer ici<\/a>.<\/p>\n\n\n\n<p>La prochaine Rentr\u00e9e aura lieu le 5 septembre 2024. <\/p>\n\n\n\n<div style=\"height:40px\" aria-hidden=\"true\" class=\"wp-block-spacer\"><\/div>\n\n\n\n<div class=\"wp-block-columns is-layout-flex wp-container-core-columns-is-layout-9d6595d7 wp-block-columns-is-layout-flex\">\n<div class=\"wp-block-column is-layout-flow wp-block-column-is-layout-flow\">\n<figure class=\"wp-block-image size-full\"><a href=\"https:\/\/www.caij.qc.ca\" target=\"_blank\" rel=\"noreferrer noopener\"><img decoding=\"async\" width=\"166\" height=\"54\" src=\"https:\/\/www.barreaudemontreal.qc.ca\/wp-content\/uploads\/hl1.png\" alt=\"\" class=\"wp-image-10836\"\/><\/a><\/figure>\n<\/div>\n\n\n\n<div class=\"wp-block-column is-layout-flow wp-block-column-is-layout-flow\">\n<figure class=\"wp-block-image size-full\"><a href=\"https:\/\/lawyersfinancial.ca\/fr\/assurance\/assurance-auto-habitation?utm_source=Barreau%20de%20Montreal&amp;utm_medium=Website&amp;utm_campaign=Logo\" target=\"_blank\" rel=\"noreferrer noopener\"><img decoding=\"async\" width=\"177\" height=\"82\" src=\"https:\/\/www.barreaudemontreal.qc.ca\/wp-content\/uploads\/hl3.png\" alt=\"\" class=\"wp-image-10840\"\/><\/a><\/figure>\n<\/div>\n\n\n\n<div class=\"wp-block-column is-layout-flow wp-block-column-is-layout-flow\">\n<figure class=\"wp-block-image size-full\"><a href=\"https:\/\/www.groupemontpetit.com\" target=\"_blank\" rel=\"noreferrer noopener\"><img decoding=\"async\" width=\"232\" height=\"58\" src=\"https:\/\/www.barreaudemontreal.qc.ca\/wp-content\/uploads\/hl2.png\" alt=\"\" class=\"wp-image-10838\"\/><\/a><\/figure>\n<\/div>\n\n\n\n<div class=\"wp-block-column is-layout-flow wp-block-column-is-layout-flow\">\n<figure class=\"wp-block-image size-full\"><a href=\"https:\/\/www.dilitrust.com\" target=\"_blank\" rel=\"noreferrer noopener\"><img decoding=\"async\" width=\"300\" height=\"88\" src=\"https:\/\/www.barreaudemontreal.qc.ca\/wp-content\/uploads\/logo_dilitrust_horizontal_rgb_black_canada-nb.png\" alt=\"\" class=\"wp-image-33279\"\/><\/a><\/figure>\n<\/div>\n\n\n\n<div class=\"wp-block-column is-layout-flow wp-block-column-is-layout-flow\"><\/div>\n<\/div>\n\n\n\n<div style=\"height:40px\" aria-hidden=\"true\" class=\"wp-block-spacer\"><\/div>\n","protected":false},"author":3,"featured_media":0,"template":"","meta":{"_acf_changed":false,"_editorskit_title_hidden":false,"_editorskit_reading_time":0,"_editorskit_is_block_options_detached":false,"_editorskit_block_options_position":"{}","inline_featured_image":false,"ngg_post_thumbnail":0},"categories":[1],"class_list":["post-33198","activite","type-activite","status-publish","hentry","category-non-classifiee"],"acf":[],"yoast_head":"<!-- This site is optimized with the Yoast SEO plugin v27.4 - https:\/\/yoast.com\/product\/yoast-seo-wordpress\/ -->\n<title>Rentr\u00e9e judiciaire 2023 - Barreau de Montr&eacute;al<\/title>\n<meta name=\"robots\" content=\"index, follow, max-snippet:-1, max-image-preview:large, max-video-preview:-1\" \/>\n<link rel=\"canonical\" href=\"https:\/\/www.barreaudemontreal.qc.ca\/en\/activite\/rentree-judiciaire-2023\/\" \/>\n<meta property=\"og:locale\" content=\"en_US\" \/>\n<meta property=\"og:type\" content=\"article\" \/>\n<meta property=\"og:title\" content=\"Rentr\u00e9e judiciaire 2023 - Barreau de Montr&eacute;al\" \/>\n<meta property=\"og:description\" content=\"Rentr\u00e9e judiciaire 2023 : Connect\u00e9s Par Pierre-Luc Beauchesne, avocat Le 7 septembre dernier, la Rentr\u00e9e judiciaire montr\u00e9alaise s\u2019est d\u00e9roul\u00e9e en deux temps, et ce, comme le veut la tradition. Tout [&hellip;]\" \/>\n<meta property=\"og:url\" content=\"https:\/\/www.barreaudemontreal.qc.ca\/en\/activite\/rentree-judiciaire-2023\/\" \/>\n<meta property=\"og:site_name\" content=\"Barreau de Montr&eacute;al\" \/>\n<meta property=\"article:modified_time\" content=\"2024-06-20T15:26:33+00:00\" \/>\n<meta property=\"og:image\" content=\"https:\/\/www.barreaudemontreal.qc.ca\/wp-content\/uploads\/bandeau-large-1024x285.jpg\" \/>\n<meta name=\"twitter:card\" content=\"summary_large_image\" \/>\n<meta name=\"twitter:label1\" content=\"Est. reading time\" \/>\n\t<meta name=\"twitter:data1\" content=\"10 minutes\" \/>\n<script type=\"application\/ld+json\" class=\"yoast-schema-graph\">{\"@context\":\"https:\\\/\\\/schema.org\",\"@graph\":[{\"@type\":\"WebPage\",\"@id\":\"https:\\\/\\\/www.barreaudemontreal.qc.ca\\\/en\\\/activite\\\/rentree-judiciaire-2023\\\/\",\"url\":\"https:\\\/\\\/www.barreaudemontreal.qc.ca\\\/en\\\/activite\\\/rentree-judiciaire-2023\\\/\",\"name\":\"Rentr\u00e9e judiciaire 2023 - Barreau de Montr&eacute;al\",\"isPartOf\":{\"@id\":\"https:\\\/\\\/www.barreaudemontreal.qc.ca\\\/en\\\/#website\"},\"primaryImageOfPage\":{\"@id\":\"https:\\\/\\\/www.barreaudemontreal.qc.ca\\\/en\\\/activite\\\/rentree-judiciaire-2023\\\/#primaryimage\"},\"image\":{\"@id\":\"https:\\\/\\\/www.barreaudemontreal.qc.ca\\\/en\\\/activite\\\/rentree-judiciaire-2023\\\/#primaryimage\"},\"thumbnailUrl\":\"https:\\\/\\\/www.barreaudemontreal.qc.ca\\\/wp-content\\\/uploads\\\/bandeau-large-1024x285.jpg\",\"datePublished\":\"2023-07-12T20:28:26+00:00\",\"dateModified\":\"2024-06-20T15:26:33+00:00\",\"breadcrumb\":{\"@id\":\"https:\\\/\\\/www.barreaudemontreal.qc.ca\\\/en\\\/activite\\\/rentree-judiciaire-2023\\\/#breadcrumb\"},\"inLanguage\":\"en-US\",\"potentialAction\":[{\"@type\":\"ReadAction\",\"target\":[\"https:\\\/\\\/www.barreaudemontreal.qc.ca\\\/en\\\/activite\\\/rentree-judiciaire-2023\\\/\"]}]},{\"@type\":\"ImageObject\",\"inLanguage\":\"en-US\",\"@id\":\"https:\\\/\\\/www.barreaudemontreal.qc.ca\\\/en\\\/activite\\\/rentree-judiciaire-2023\\\/#primaryimage\",\"url\":\"https:\\\/\\\/www.barreaudemontreal.qc.ca\\\/wp-content\\\/uploads\\\/bandeau-large-1024x285.jpg\",\"contentUrl\":\"https:\\\/\\\/www.barreaudemontreal.qc.ca\\\/wp-content\\\/uploads\\\/bandeau-large-1024x285.jpg\"},{\"@type\":\"BreadcrumbList\",\"@id\":\"https:\\\/\\\/www.barreaudemontreal.qc.ca\\\/en\\\/activite\\\/rentree-judiciaire-2023\\\/#breadcrumb\",\"itemListElement\":[{\"@type\":\"ListItem\",\"position\":1,\"name\":\"Home\",\"item\":\"https:\\\/\\\/www.barreaudemontreal.qc.ca\\\/en\\\/\"},{\"@type\":\"ListItem\",\"position\":2,\"name\":\"Activit\u00e9s\",\"item\":\"https:\\\/\\\/www.barreaudemontreal.qc.ca\\\/en\\\/activite\\\/\"},{\"@type\":\"ListItem\",\"position\":3,\"name\":\"Rentr\u00e9e judiciaire 2023\"}]},{\"@type\":\"WebSite\",\"@id\":\"https:\\\/\\\/www.barreaudemontreal.qc.ca\\\/en\\\/#website\",\"url\":\"https:\\\/\\\/www.barreaudemontreal.qc.ca\\\/en\\\/\",\"name\":\"Barreau de Montr&eacute;al\",\"description\":\"La plus grande section du Barreau du Qu&eacute;bec\",\"potentialAction\":[{\"@type\":\"SearchAction\",\"target\":{\"@type\":\"EntryPoint\",\"urlTemplate\":\"https:\\\/\\\/www.barreaudemontreal.qc.ca\\\/en\\\/?s={search_term_string}\"},\"query-input\":{\"@type\":\"PropertyValueSpecification\",\"valueRequired\":true,\"valueName\":\"search_term_string\"}}],\"inLanguage\":\"en-US\"}]}<\/script>\n<!-- \/ Yoast SEO plugin. -->","yoast_head_json":{"title":"Rentr\u00e9e judiciaire 2023 - Barreau de Montr&eacute;al","robots":{"index":"index","follow":"follow","max-snippet":"max-snippet:-1","max-image-preview":"max-image-preview:large","max-video-preview":"max-video-preview:-1"},"canonical":"https:\/\/www.barreaudemontreal.qc.ca\/en\/activite\/rentree-judiciaire-2023\/","og_locale":"en_US","og_type":"article","og_title":"Rentr\u00e9e judiciaire 2023 - Barreau de Montr&eacute;al","og_description":"Rentr\u00e9e judiciaire 2023 : Connect\u00e9s Par Pierre-Luc Beauchesne, avocat Le 7 septembre dernier, la Rentr\u00e9e judiciaire montr\u00e9alaise s\u2019est d\u00e9roul\u00e9e en deux temps, et ce, comme le veut la tradition. Tout [&hellip;]","og_url":"https:\/\/www.barreaudemontreal.qc.ca\/en\/activite\/rentree-judiciaire-2023\/","og_site_name":"Barreau de Montr&eacute;al","article_modified_time":"2024-06-20T15:26:33+00:00","og_image":[{"url":"https:\/\/www.barreaudemontreal.qc.ca\/wp-content\/uploads\/bandeau-large-1024x285.jpg","type":"","width":"","height":""}],"twitter_card":"summary_large_image","twitter_misc":{"Est. reading time":"10 minutes"},"schema":{"@context":"https:\/\/schema.org","@graph":[{"@type":"WebPage","@id":"https:\/\/www.barreaudemontreal.qc.ca\/en\/activite\/rentree-judiciaire-2023\/","url":"https:\/\/www.barreaudemontreal.qc.ca\/en\/activite\/rentree-judiciaire-2023\/","name":"Rentr\u00e9e judiciaire 2023 - Barreau de Montr&eacute;al","isPartOf":{"@id":"https:\/\/www.barreaudemontreal.qc.ca\/en\/#website"},"primaryImageOfPage":{"@id":"https:\/\/www.barreaudemontreal.qc.ca\/en\/activite\/rentree-judiciaire-2023\/#primaryimage"},"image":{"@id":"https:\/\/www.barreaudemontreal.qc.ca\/en\/activite\/rentree-judiciaire-2023\/#primaryimage"},"thumbnailUrl":"https:\/\/www.barreaudemontreal.qc.ca\/wp-content\/uploads\/bandeau-large-1024x285.jpg","datePublished":"2023-07-12T20:28:26+00:00","dateModified":"2024-06-20T15:26:33+00:00","breadcrumb":{"@id":"https:\/\/www.barreaudemontreal.qc.ca\/en\/activite\/rentree-judiciaire-2023\/#breadcrumb"},"inLanguage":"en-US","potentialAction":[{"@type":"ReadAction","target":["https:\/\/www.barreaudemontreal.qc.ca\/en\/activite\/rentree-judiciaire-2023\/"]}]},{"@type":"ImageObject","inLanguage":"en-US","@id":"https:\/\/www.barreaudemontreal.qc.ca\/en\/activite\/rentree-judiciaire-2023\/#primaryimage","url":"https:\/\/www.barreaudemontreal.qc.ca\/wp-content\/uploads\/bandeau-large-1024x285.jpg","contentUrl":"https:\/\/www.barreaudemontreal.qc.ca\/wp-content\/uploads\/bandeau-large-1024x285.jpg"},{"@type":"BreadcrumbList","@id":"https:\/\/www.barreaudemontreal.qc.ca\/en\/activite\/rentree-judiciaire-2023\/#breadcrumb","itemListElement":[{"@type":"ListItem","position":1,"name":"Home","item":"https:\/\/www.barreaudemontreal.qc.ca\/en\/"},{"@type":"ListItem","position":2,"name":"Activit\u00e9s","item":"https:\/\/www.barreaudemontreal.qc.ca\/en\/activite\/"},{"@type":"ListItem","position":3,"name":"Rentr\u00e9e judiciaire 2023"}]},{"@type":"WebSite","@id":"https:\/\/www.barreaudemontreal.qc.ca\/en\/#website","url":"https:\/\/www.barreaudemontreal.qc.ca\/en\/","name":"Barreau de Montr&eacute;al","description":"La plus grande section du Barreau du Qu&eacute;bec","potentialAction":[{"@type":"SearchAction","target":{"@type":"EntryPoint","urlTemplate":"https:\/\/www.barreaudemontreal.qc.ca\/en\/?s={search_term_string}"},"query-input":{"@type":"PropertyValueSpecification","valueRequired":true,"valueName":"search_term_string"}}],"inLanguage":"en-US"}]}},"_links":{"self":[{"href":"https:\/\/www.barreaudemontreal.qc.ca\/en\/wp-json\/wp\/v2\/activite\/33198","targetHints":{"allow":["GET"]}}],"collection":[{"href":"https:\/\/www.barreaudemontreal.qc.ca\/en\/wp-json\/wp\/v2\/activite"}],"about":[{"href":"https:\/\/www.barreaudemontreal.qc.ca\/en\/wp-json\/wp\/v2\/types\/activite"}],"author":[{"embeddable":true,"href":"https:\/\/www.barreaudemontreal.qc.ca\/en\/wp-json\/wp\/v2\/users\/3"}],"wp:attachment":[{"href":"https:\/\/www.barreaudemontreal.qc.ca\/en\/wp-json\/wp\/v2\/media?parent=33198"}],"wp:term":[{"taxonomy":"category","embeddable":true,"href":"https:\/\/www.barreaudemontreal.qc.ca\/en\/wp-json\/wp\/v2\/categories?post=33198"}],"curies":[{"name":"wp","href":"https:\/\/api.w.org\/{rel}","templated":true}]}}